{"id":93,"date":"2017-12-23T11:41:46","date_gmt":"2017-12-23T10:41:46","guid":{"rendered":"http:\/\/schmalz-kuenstler.ch\/?page_id=93"},"modified":"2018-03-24T17:28:23","modified_gmt":"2018-03-24T16:28:23","slug":"sein-leben-2","status":"publish","type":"page","link":"https:\/\/schmalz-kuenstler.ch\/?page_id=93","title":{"rendered":"Sein Leben"},"content":{"rendered":"<div class=\"fusion-fullwidth fullwidth-box fusion-builder-row-1 nonhundred-percent-fullwidth non-hundred-percent-height-scrolling\" style=\"--awb-border-radius-top-left:0px;--awb-border-radius-top-right:0px;--awb-border-radius-bottom-right:0px;--awb-border-radius-bottom-left:0px;--awb-flex-wrap:wrap;\" ><div class=\"fusion-builder-row fusion-row\"><div class=\"fusion-layout-column fusion_builder_column fusion-builder-column-0 fusion_builder_column_1_1 1_1 fusion-one-full fusion-column-first fusion-column-last\" style=\"--awb-bg-size:cover;\"><div class=\"fusion-column-wrapper fusion-flex-column-wrapper-legacy\"><div class=\"fusion-title title fusion-title-1 fusion-sep-none fusion-title-text fusion-title-size-one\"><h1 class=\"fusion-title-heading title-heading-left\" style=\"margin:0;\"><h1>Sein Leben<\/h1><\/h1><\/div><div class=\"fusion-text fusion-text-1\"><p>Sein Leben \u2013 ein Weg vom Sch\u00fcler, der nach seiner Schulzeit einen k\u00fcnstlerischen Beruf ergreifen wollte, zum vielseitigen hart arbeitenden, sich immer weiter entwickelnden\u00a0 K\u00fcnstler,\u00a0 einem Schaffer und Sch\u00f6pfer in dessen Werken ein breites Wissen aus verschiedensten Lebensbereichen \u2013 gepaart mit grosser Sensibilit\u00e4t \u2013 ausstrahlen.<\/p>\n<p>C. A. Schmalz wohnte und wirkte im Rebli in Heimberg, wo er zusammen mit seiner Frau, zwei T\u00f6chtern und einem Sohn als Kleinbauer und aus Berufung als K\u00fcnstler wirkte.<\/p>\n<p>Das abseits gelegene Rebli war ihm\u00a0 Paradies und Heimat. Hier war er geerdet. Hier sprudelte in seinem Alltag die Quelle zum vielgestaltigen Leben als K\u00fcnstler.<\/p>\n<p>Dieses wurde erg\u00e4nzt und bereichert durch einzelne Reisen im In- und Ausland.<\/p>\n<p>Kontakte mit verschiedenen K\u00fcnstlern und die Arbeit in mehreren Betrieben erm\u00f6glichten reiche Erfahrungen. Seine zahlreichen Kontakte zu Pers\u00f6nlichkeiten aus Politik und Wirtschaft, aber auch zu seinen Fischerfreunden und den Jodlern erweiterten seinen Horizont \u00fcber das Rebli hinaus.<\/p>\n<p>Schmalz beschreibt sich als schlechten Kaufmann. Viele seiner Werke sind wohl wirklich rein um der Kunst Willen, ohne jeglichen Gedanken an den materiellen Wert entstanden. Ein Galerist fehlte. Dies d\u00fcrfte auch der Grund sein, weshalb C. A. Schmalz bisher wenig Beachtung fand.<\/p>\n<p>Im Buch \u201eC. A. Schmalz 1887 \u2013 1966 Leben und Werk mit Pinsel, Stift und Lehm\u201c finden sich ausf\u00fchrlichere Angaben zum Leben des K\u00fcnstlers<\/p>\n<\/div><div class=\"fusion-image-carousel fusion-image-carousel-auto fusion-image-carousel-1 lightbox-enabled fusion-carousel-border\"><div class=\"awb-carousel awb-swiper awb-swiper-carousel\" data-autoplay=\"no\" data-columns=\"3\" data-itemmargin=\"13\" data-itemwidth=\"180\" data-touchscroll=\"no\" data-imagesize=\"auto\" style=\"--awb-columns:3;\"><div class=\"swiper-wrapper awb-image-carousel-wrapper fusion-flex-align-items-center\"><div class=\"swiper-slide\"><div class=\"fusion-carousel-item-wrapper\"><div class=\"fusion-image-wrapper hover-type-none\"><a data-rel=\"iLightbox[image_carousel_1]\" data-title=\"Geburtshaus\" aria-label=\"Geburtshaus\" href=\"https:\/\/schmalz-kuenstler.ch\/wp-content\/uploads\/2018\/02\/Geburtshaus-1.jpg\" target=\"_self\"><img decoding=\"async\" width=\"800\" height=\"531\" src=\"https:\/\/schmalz-kuenstler.ch\/wp-content\/uploads\/2018\/02\/Geburtshaus-1.jpg\" class=\"attachment-full size-full\" alt=\"\" srcset=\"https:\/\/schmalz-kuenstler.ch\/wp-content\/uploads\/2018\/02\/Geburtshaus-1-200x133.jpg 200w, https:\/\/schmalz-kuenstler.ch\/wp-content\/uploads\/2018\/02\/Geburtshaus-1-400x266.jpg 400w, https:\/\/schmalz-kuenstler.ch\/wp-content\/uploads\/2018\/02\/Geburtshaus-1-600x398.jpg 600w, https:\/\/schmalz-kuenstler.ch\/wp-content\/uploads\/2018\/02\/Geburtshaus-1.jpg 800w\" sizes=\"(min-width: 2200px) 100vw, (min-width: 784px) 391px, (min-width: 712px) 587px, (min-width: 640px) 712px, \" \/><\/a><\/div><\/div><\/div><div class=\"swiper-slide\"><div class=\"fusion-carousel-item-wrapper\"><div class=\"fusion-image-wrapper hover-type-none\"><a data-rel=\"iLightbox[image_carousel_1]\" data-title=\"Kaufvertrag\" aria-label=\"Kaufvertrag\" href=\"https:\/\/schmalz-kuenstler.ch\/wp-content\/uploads\/2018\/02\/Kaufvertrag-1.jpeg\" target=\"_self\"><img decoding=\"async\" width=\"800\" height=\"531\" src=\"https:\/\/schmalz-kuenstler.ch\/wp-content\/uploads\/2018\/02\/Kaufvertrag-1.jpeg\" class=\"attachment-full size-full\" alt=\"\" srcset=\"https:\/\/schmalz-kuenstler.ch\/wp-content\/uploads\/2018\/02\/Kaufvertrag-1-200x133.jpeg 200w, https:\/\/schmalz-kuenstler.ch\/wp-content\/uploads\/2018\/02\/Kaufvertrag-1-400x266.jpeg 400w, https:\/\/schmalz-kuenstler.ch\/wp-content\/uploads\/2018\/02\/Kaufvertrag-1-600x398.jpeg 600w, https:\/\/schmalz-kuenstler.ch\/wp-content\/uploads\/2018\/02\/Kaufvertrag-1.jpeg 800w\" sizes=\"(min-width: 2200px) 100vw, (min-width: 784px) 391px, (min-width: 712px) 587px, (min-width: 640px) 712px, \" \/><\/a><\/div><\/div><\/div><div class=\"swiper-slide\"><div class=\"fusion-carousel-item-wrapper\"><div class=\"fusion-image-wrapper hover-type-none\"><a data-rel=\"iLightbox[image_carousel_1]\" data-caption=\"Familie Schmalz 1924\" data-title=\"Familie Schmalz 1924\" aria-label=\"Familie Schmalz 1924\" href=\"https:\/\/schmalz-kuenstler.ch\/wp-content\/uploads\/2018\/02\/Familie-Schmalz-1924.jpg\" target=\"_self\"><img decoding=\"async\" width=\"800\" height=\"531\" src=\"https:\/\/schmalz-kuenstler.ch\/wp-content\/uploads\/2018\/02\/Familie-Schmalz-1924.jpg\" class=\"attachment-full size-full\" alt=\"\" srcset=\"https:\/\/schmalz-kuenstler.ch\/wp-content\/uploads\/2018\/02\/Familie-Schmalz-1924-200x133.jpg 200w, https:\/\/schmalz-kuenstler.ch\/wp-content\/uploads\/2018\/02\/Familie-Schmalz-1924-400x266.jpg 400w, https:\/\/schmalz-kuenstler.ch\/wp-content\/uploads\/2018\/02\/Familie-Schmalz-1924-600x398.jpg 600w, https:\/\/schmalz-kuenstler.ch\/wp-content\/uploads\/2018\/02\/Familie-Schmalz-1924.jpg 800w\" sizes=\"(min-width: 2200px) 100vw, (min-width: 784px) 391px, (min-width: 712px) 587px, (min-width: 640px) 712px, \" \/><\/a><\/div><\/div><\/div><div class=\"swiper-slide\"><div class=\"fusion-carousel-item-wrapper\"><div class=\"fusion-image-wrapper hover-type-none\"><a data-rel=\"iLightbox[image_carousel_1]\" data-title=\"Familie-Schmalz-im-Rebli\" aria-label=\"Familie-Schmalz-im-Rebli\" href=\"https:\/\/schmalz-kuenstler.ch\/wp-content\/uploads\/2018\/02\/Familie-Schmalz-im-Rebli-1.jpeg\" target=\"_self\"><img decoding=\"async\" width=\"800\" height=\"531\" src=\"https:\/\/schmalz-kuenstler.ch\/wp-content\/uploads\/2018\/02\/Familie-Schmalz-im-Rebli-1.jpeg\" class=\"attachment-full size-full\" alt=\"\" srcset=\"https:\/\/schmalz-kuenstler.ch\/wp-content\/uploads\/2018\/02\/Familie-Schmalz-im-Rebli-1-200x133.jpeg 200w, https:\/\/schmalz-kuenstler.ch\/wp-content\/uploads\/2018\/02\/Familie-Schmalz-im-Rebli-1-400x266.jpeg 400w, https:\/\/schmalz-kuenstler.ch\/wp-content\/uploads\/2018\/02\/Familie-Schmalz-im-Rebli-1-600x398.jpeg 600w, https:\/\/schmalz-kuenstler.ch\/wp-content\/uploads\/2018\/02\/Familie-Schmalz-im-Rebli-1.jpeg 800w\" sizes=\"(min-width: 2200px) 100vw, (min-width: 784px) 391px, (min-width: 712px) 587px, (min-width: 640px) 712px, \" \/><\/a><\/div><\/div><\/div><div class=\"swiper-slide\"><div class=\"fusion-carousel-item-wrapper\"><div class=\"fusion-image-wrapper hover-type-none\"><a data-rel=\"iLightbox[image_carousel_1]\" data-title=\"Der K\u00fcnstler im Atelier\" aria-label=\"Der K\u00fcnstler im Atelier\" href=\"https:\/\/schmalz-kuenstler.ch\/wp-content\/uploads\/2018\/02\/K\u00fcnstler-im-Atelier-f.jpg\" target=\"_self\"><img decoding=\"async\" width=\"800\" height=\"531\" src=\"https:\/\/schmalz-kuenstler.ch\/wp-content\/uploads\/2018\/02\/K\u00fcnstler-im-Atelier-f.jpg\" class=\"attachment-full size-full\" alt=\"\" srcset=\"https:\/\/schmalz-kuenstler.ch\/wp-content\/uploads\/2018\/02\/K\u00fcnstler-im-Atelier-f-200x133.jpg 200w, https:\/\/schmalz-kuenstler.ch\/wp-content\/uploads\/2018\/02\/K\u00fcnstler-im-Atelier-f-400x266.jpg 400w, https:\/\/schmalz-kuenstler.ch\/wp-content\/uploads\/2018\/02\/K\u00fcnstler-im-Atelier-f-600x398.jpg 600w, https:\/\/schmalz-kuenstler.ch\/wp-content\/uploads\/2018\/02\/K\u00fcnstler-im-Atelier-f.jpg 800w\" sizes=\"(min-width: 2200px) 100vw, (min-width: 784px) 391px, (min-width: 712px) 587px, (min-width: 640px) 712px, \" \/><\/a><\/div><\/div><\/div><div class=\"swiper-slide\"><div class=\"fusion-carousel-item-wrapper\"><div class=\"fusion-image-wrapper hover-type-none\"><a data-rel=\"iLightbox[image_carousel_1]\" data-title=\"Rebli\" aria-label=\"Rebli\" href=\"https:\/\/schmalz-kuenstler.ch\/wp-content\/uploads\/2018\/02\/Rebli.jpg\" target=\"_self\"><img decoding=\"async\" width=\"800\" height=\"531\" src=\"https:\/\/schmalz-kuenstler.ch\/wp-content\/uploads\/2018\/02\/Rebli.jpg\" class=\"attachment-full size-full\" alt=\"\" srcset=\"https:\/\/schmalz-kuenstler.ch\/wp-content\/uploads\/2018\/02\/Rebli-200x133.jpg 200w, https:\/\/schmalz-kuenstler.ch\/wp-content\/uploads\/2018\/02\/Rebli-400x266.jpg 400w, https:\/\/schmalz-kuenstler.ch\/wp-content\/uploads\/2018\/02\/Rebli-600x398.jpg 600w, https:\/\/schmalz-kuenstler.ch\/wp-content\/uploads\/2018\/02\/Rebli.jpg 800w\" sizes=\"(min-width: 2200px) 100vw, (min-width: 784px) 391px, (min-width: 712px) 587px, (min-width: 640px) 712px, \" \/><\/a><\/div><\/div><\/div><div class=\"swiper-slide\"><div class=\"fusion-carousel-item-wrapper\"><div class=\"fusion-image-wrapper hover-type-none\"><a data-rel=\"iLightbox[image_carousel_1]\" data-caption=\"CAS, Hans Schmalz, Martin Hesse\" data-title=\"Im Rebli mit Mosaik jpg\" aria-label=\"Im Rebli mit Mosaik jpg\" href=\"https:\/\/schmalz-kuenstler.ch\/wp-content\/uploads\/2018\/02\/Im-Rebli-mit-Mosaik-jpg.jpg\" target=\"_self\"><img decoding=\"async\" width=\"800\" height=\"531\" src=\"https:\/\/schmalz-kuenstler.ch\/wp-content\/uploads\/2018\/02\/Im-Rebli-mit-Mosaik-jpg.jpg\" class=\"attachment-full size-full\" alt=\"\" srcset=\"https:\/\/schmalz-kuenstler.ch\/wp-content\/uploads\/2018\/02\/Im-Rebli-mit-Mosaik-jpg-200x133.jpg 200w, https:\/\/schmalz-kuenstler.ch\/wp-content\/uploads\/2018\/02\/Im-Rebli-mit-Mosaik-jpg-400x266.jpg 400w, https:\/\/schmalz-kuenstler.ch\/wp-content\/uploads\/2018\/02\/Im-Rebli-mit-Mosaik-jpg-600x398.jpg 600w, https:\/\/schmalz-kuenstler.ch\/wp-content\/uploads\/2018\/02\/Im-Rebli-mit-Mosaik-jpg.jpg 800w\" sizes=\"(min-width: 2200px) 100vw, (min-width: 784px) 391px, (min-width: 712px) 587px, (min-width: 640px) 712px, \" \/><\/a><\/div><\/div><\/div><div class=\"swiper-slide\"><div class=\"fusion-carousel-item-wrapper\"><div class=\"fusion-image-wrapper hover-type-none\"><a data-rel=\"iLightbox[image_carousel_1]\" data-caption=\"Ehefrau des K\u00fcnstlers im Garten\" data-title=\"Schmalz-Engel Liseli\" aria-label=\"Schmalz-Engel Liseli\" href=\"https:\/\/schmalz-kuenstler.ch\/wp-content\/uploads\/2018\/02\/Schmalz-Engel-Liseli.jpg\" target=\"_self\"><img decoding=\"async\" width=\"800\" height=\"531\" src=\"https:\/\/schmalz-kuenstler.ch\/wp-content\/uploads\/2018\/02\/Schmalz-Engel-Liseli.jpg\" class=\"attachment-full size-full\" alt=\"\" srcset=\"https:\/\/schmalz-kuenstler.ch\/wp-content\/uploads\/2018\/02\/Schmalz-Engel-Liseli-200x133.jpg 200w, https:\/\/schmalz-kuenstler.ch\/wp-content\/uploads\/2018\/02\/Schmalz-Engel-Liseli-400x266.jpg 400w, https:\/\/schmalz-kuenstler.ch\/wp-content\/uploads\/2018\/02\/Schmalz-Engel-Liseli-600x398.jpg 600w, https:\/\/schmalz-kuenstler.ch\/wp-content\/uploads\/2018\/02\/Schmalz-Engel-Liseli.jpg 800w\" sizes=\"(min-width: 2200px) 100vw, (min-width: 784px) 391px, (min-width: 712px) 587px, (min-width: 640px) 712px, \" \/><\/a><\/div><\/div><\/div><div class=\"swiper-slide\"><div class=\"fusion-carousel-item-wrapper\"><div class=\"fusion-image-wrapper hover-type-none\"><a data-rel=\"iLightbox[image_carousel_1]\" data-title=\"Der Imker beobachtet\" aria-label=\"Der Imker beobachtet\" href=\"https:\/\/schmalz-kuenstler.ch\/wp-content\/uploads\/2018\/02\/Der-Imker.jpg\" target=\"_self\"><img decoding=\"async\" width=\"800\" height=\"531\" src=\"https:\/\/schmalz-kuenstler.ch\/wp-content\/uploads\/2018\/02\/Der-Imker.jpg\" class=\"attachment-full size-full\" alt=\"\" srcset=\"https:\/\/schmalz-kuenstler.ch\/wp-content\/uploads\/2018\/02\/Der-Imker-200x133.jpg 200w, https:\/\/schmalz-kuenstler.ch\/wp-content\/uploads\/2018\/02\/Der-Imker-400x266.jpg 400w, https:\/\/schmalz-kuenstler.ch\/wp-content\/uploads\/2018\/02\/Der-Imker-600x398.jpg 600w, https:\/\/schmalz-kuenstler.ch\/wp-content\/uploads\/2018\/02\/Der-Imker.jpg 800w\" sizes=\"(min-width: 2200px) 100vw, (min-width: 784px) 391px, (min-width: 712px) 587px, (min-width: 640px) 712px, \" \/><\/a><\/div><\/div><\/div><div class=\"swiper-slide\"><div class=\"fusion-carousel-item-wrapper\"><div class=\"fusion-image-wrapper hover-type-none\"><a data-rel=\"iLightbox[image_carousel_1]\" data-caption=\"Steine behauen f\u00fcr das Mosaik &quot;Der Kreislauf des Wassers im Innern\" data-title=\"Vor dem Pumpenhaus\" aria-label=\"Vor dem Pumpenhaus\" href=\"https:\/\/schmalz-kuenstler.ch\/wp-content\/uploads\/2018\/02\/Bei-der-Wasserfassung.jpg\" target=\"_self\"><img decoding=\"async\" width=\"800\" height=\"531\" src=\"https:\/\/schmalz-kuenstler.ch\/wp-content\/uploads\/2018\/02\/Bei-der-Wasserfassung.jpg\" class=\"attachment-full size-full\" alt=\"\" srcset=\"https:\/\/schmalz-kuenstler.ch\/wp-content\/uploads\/2018\/02\/Bei-der-Wasserfassung-200x133.jpg 200w, https:\/\/schmalz-kuenstler.ch\/wp-content\/uploads\/2018\/02\/Bei-der-Wasserfassung-400x266.jpg 400w, https:\/\/schmalz-kuenstler.ch\/wp-content\/uploads\/2018\/02\/Bei-der-Wasserfassung-600x398.jpg 600w, https:\/\/schmalz-kuenstler.ch\/wp-content\/uploads\/2018\/02\/Bei-der-Wasserfassung.jpg 800w\" sizes=\"(min-width: 2200px) 100vw, (min-width: 784px) 391px, (min-width: 712px) 587px, (min-width: 640px) 712px, \" \/><\/a><\/div><\/div><\/div><div class=\"swiper-slide\"><div class=\"fusion-carousel-item-wrapper\"><div class=\"fusion-image-wrapper hover-type-none\"><a data-rel=\"iLightbox[image_carousel_1]\" data-title=\"Blick vom Rebli auf die Aare\" aria-label=\"Blick vom Rebli auf die Aare\" href=\"https:\/\/schmalz-kuenstler.ch\/wp-content\/uploads\/2018\/02\/Blick-vom-Rebli-auf-die-Aare-1.jpg\" target=\"_self\"><img decoding=\"async\" width=\"800\" height=\"531\" src=\"https:\/\/schmalz-kuenstler.ch\/wp-content\/uploads\/2018\/02\/Blick-vom-Rebli-auf-die-Aare-1.jpg\" class=\"attachment-full size-full\" alt=\"\" srcset=\"https:\/\/schmalz-kuenstler.ch\/wp-content\/uploads\/2018\/02\/Blick-vom-Rebli-auf-die-Aare-1-200x133.jpg 200w, https:\/\/schmalz-kuenstler.ch\/wp-content\/uploads\/2018\/02\/Blick-vom-Rebli-auf-die-Aare-1-400x266.jpg 400w, https:\/\/schmalz-kuenstler.ch\/wp-content\/uploads\/2018\/02\/Blick-vom-Rebli-auf-die-Aare-1-600x398.jpg 600w, https:\/\/schmalz-kuenstler.ch\/wp-content\/uploads\/2018\/02\/Blick-vom-Rebli-auf-die-Aare-1.jpg 800w\" sizes=\"(min-width: 2200px) 100vw, (min-width: 784px) 391px, (min-width: 712px) 587px, (min-width: 640px) 712px, \" \/><\/a><\/div><\/div><\/div><div class=\"swiper-slide\"><div class=\"fusion-carousel-item-wrapper\"><div class=\"fusion-image-wrapper hover-type-none\"><a data-rel=\"iLightbox[image_carousel_1]\" data-title=\"Der Fischer\" aria-label=\"Der Fischer\" href=\"https:\/\/schmalz-kuenstler.ch\/wp-content\/uploads\/2018\/02\/Der-Fischer.jpg\" target=\"_self\"><img decoding=\"async\" width=\"800\" height=\"531\" src=\"https:\/\/schmalz-kuenstler.ch\/wp-content\/uploads\/2018\/02\/Der-Fischer.jpg\" class=\"attachment-full size-full\" alt=\"\" srcset=\"https:\/\/schmalz-kuenstler.ch\/wp-content\/uploads\/2018\/02\/Der-Fischer-200x133.jpg 200w, https:\/\/schmalz-kuenstler.ch\/wp-content\/uploads\/2018\/02\/Der-Fischer-400x266.jpg 400w, https:\/\/schmalz-kuenstler.ch\/wp-content\/uploads\/2018\/02\/Der-Fischer-600x398.jpg 600w, https:\/\/schmalz-kuenstler.ch\/wp-content\/uploads\/2018\/02\/Der-Fischer.jpg 800w\" sizes=\"(min-width: 2200px) 100vw, (min-width: 784px) 391px, (min-width: 712px) 587px, (min-width: 640px) 712px, \" \/><\/a><\/div><\/div><\/div><div class=\"swiper-slide\"><div class=\"fusion-carousel-item-wrapper\"><div class=\"fusion-image-wrapper hover-type-none\"><a data-rel=\"iLightbox[image_carousel_1]\" data-title=\"Karte von der Grenze\" aria-label=\"Karte von der Grenze\" href=\"https:\/\/schmalz-kuenstler.ch\/wp-content\/uploads\/2018\/02\/Karte-von-der-Grenzepsd.jpg\" target=\"_self\"><img decoding=\"async\" width=\"800\" height=\"531\" src=\"https:\/\/schmalz-kuenstler.ch\/wp-content\/uploads\/2018\/02\/Karte-von-der-Grenzepsd.jpg\" class=\"attachment-full size-full\" alt=\"\" srcset=\"https:\/\/schmalz-kuenstler.ch\/wp-content\/uploads\/2018\/02\/Karte-von-der-Grenzepsd-200x133.jpg 200w, https:\/\/schmalz-kuenstler.ch\/wp-content\/uploads\/2018\/02\/Karte-von-der-Grenzepsd-400x266.jpg 400w, https:\/\/schmalz-kuenstler.ch\/wp-content\/uploads\/2018\/02\/Karte-von-der-Grenzepsd-600x398.jpg 600w, https:\/\/schmalz-kuenstler.ch\/wp-content\/uploads\/2018\/02\/Karte-von-der-Grenzepsd.jpg 800w\" sizes=\"(min-width: 2200px) 100vw, (min-width: 784px) 391px, (min-width: 712px) 587px, (min-width: 640px) 712px, \" \/><\/a><\/div><\/div><\/div><div class=\"swiper-slide\"><div class=\"fusion-carousel-item-wrapper\"><div class=\"fusion-image-wrapper hover-type-none\"><a data-rel=\"iLightbox[image_carousel_1]\" data-title=\"Brief aus Spanien\" aria-label=\"Brief aus Spanien\" href=\"https:\/\/schmalz-kuenstler.ch\/wp-content\/uploads\/2018\/02\/Brief-aus-SpanienUnbenannt-1.jpg\" target=\"_self\"><img decoding=\"async\" width=\"800\" height=\"531\" src=\"https:\/\/schmalz-kuenstler.ch\/wp-content\/uploads\/2018\/02\/Brief-aus-SpanienUnbenannt-1.jpg\" class=\"attachment-full size-full\" alt=\"\" srcset=\"https:\/\/schmalz-kuenstler.ch\/wp-content\/uploads\/2018\/02\/Brief-aus-SpanienUnbenannt-1-200x133.jpg 200w, https:\/\/schmalz-kuenstler.ch\/wp-content\/uploads\/2018\/02\/Brief-aus-SpanienUnbenannt-1-400x266.jpg 400w, https:\/\/schmalz-kuenstler.ch\/wp-content\/uploads\/2018\/02\/Brief-aus-SpanienUnbenannt-1-600x398.jpg 600w, https:\/\/schmalz-kuenstler.ch\/wp-content\/uploads\/2018\/02\/Brief-aus-SpanienUnbenannt-1.jpg 800w\" sizes=\"(min-width: 2200px) 100vw, (min-width: 784px) 391px, (min-width: 712px) 587px, (min-width: 640px) 712px, \" \/><\/a><\/div><\/div><\/div><div class=\"swiper-slide\"><div class=\"fusion-carousel-item-wrapper\"><div class=\"fusion-image-wrapper hover-type-none\"><a data-rel=\"iLightbox[image_carousel_1]\" data-caption=\"K\u00fcnstlersignatur aus der Zeit als Aquarellmaler bei Lachenal in Paris\" data-title=\"Signatur Deberue\" aria-label=\"Signatur Deberue\" href=\"https:\/\/schmalz-kuenstler.ch\/wp-content\/uploads\/2018\/02\/Signatur-Deberue.jpg\" target=\"_self\"><img decoding=\"async\" width=\"800\" height=\"531\" src=\"https:\/\/schmalz-kuenstler.ch\/wp-content\/uploads\/2018\/02\/Signatur-Deberue.jpg\" class=\"attachment-full size-full\" alt=\"\" srcset=\"https:\/\/schmalz-kuenstler.ch\/wp-content\/uploads\/2018\/02\/Signatur-Deberue-200x133.jpg 200w, https:\/\/schmalz-kuenstler.ch\/wp-content\/uploads\/2018\/02\/Signatur-Deberue-400x266.jpg 400w, https:\/\/schmalz-kuenstler.ch\/wp-content\/uploads\/2018\/02\/Signatur-Deberue-600x398.jpg 600w, https:\/\/schmalz-kuenstler.ch\/wp-content\/uploads\/2018\/02\/Signatur-Deberue.jpg 800w\" sizes=\"(min-width: 2200px) 100vw, (min-width: 784px) 391px, (min-width: 712px) 587px, (min-width: 640px) 712px, \" \/><\/a><\/div><\/div><\/div><div class=\"swiper-slide\"><div class=\"fusion-carousel-item-wrapper\"><div class=\"fusion-image-wrapper hover-type-none\"><a data-rel=\"iLightbox[image_carousel_1]\" data-caption=\"Ausstellungsbericht\" data-title=\"aus der Zeitung\" aria-label=\"aus der Zeitung\" href=\"https:\/\/schmalz-kuenstler.ch\/wp-content\/uploads\/2018\/02\/aus-der-Zeitung.jpg\" target=\"_self\"><img decoding=\"async\" width=\"800\" height=\"531\" src=\"https:\/\/schmalz-kuenstler.ch\/wp-content\/uploads\/2018\/02\/aus-der-Zeitung.jpg\" class=\"attachment-full size-full\" alt=\"\" srcset=\"https:\/\/schmalz-kuenstler.ch\/wp-content\/uploads\/2018\/02\/aus-der-Zeitung-200x133.jpg 200w, https:\/\/schmalz-kuenstler.ch\/wp-content\/uploads\/2018\/02\/aus-der-Zeitung-400x266.jpg 400w, https:\/\/schmalz-kuenstler.ch\/wp-content\/uploads\/2018\/02\/aus-der-Zeitung-600x398.jpg 600w, https:\/\/schmalz-kuenstler.ch\/wp-content\/uploads\/2018\/02\/aus-der-Zeitung.jpg 800w\" sizes=\"(min-width: 2200px) 100vw, (min-width: 784px) 391px, (min-width: 712px) 587px, (min-width: 640px) 712px, \" \/><\/a><\/div><\/div><\/div><div class=\"swiper-slide\"><div class=\"fusion-carousel-item-wrapper\"><div class=\"fusion-image-wrapper hover-type-none\"><a data-rel=\"iLightbox[image_carousel_1]\" data-caption=\"Handschriftlich beschriftet R\u00fcckseite:\n\u00e9cole ceram. chavannes\" data-title=\"\u00e9cole de ceramique\" aria-label=\"\u00e9cole de ceramique\" href=\"https:\/\/schmalz-kuenstler.ch\/wp-content\/uploads\/2018\/03\/\u00e9cole-de-ceramique-400x266.jpg\" target=\"_self\"><img decoding=\"async\" width=\"800\" height=\"531\" src=\"https:\/\/schmalz-kuenstler.ch\/wp-content\/uploads\/2018\/03\/\u00e9cole-de-ceramique.jpg\" class=\"attachment-full size-full\" alt=\"\" srcset=\"https:\/\/schmalz-kuenstler.ch\/wp-content\/uploads\/2018\/03\/\u00e9cole-de-ceramique-200x133.jpg 200w, https:\/\/schmalz-kuenstler.ch\/wp-content\/uploads\/2018\/03\/\u00e9cole-de-ceramique-400x266.jpg 400w, https:\/\/schmalz-kuenstler.ch\/wp-content\/uploads\/2018\/03\/\u00e9cole-de-ceramique-600x398.jpg 600w, https:\/\/schmalz-kuenstler.ch\/wp-content\/uploads\/2018\/03\/\u00e9cole-de-ceramique.jpg 800w\" sizes=\"(min-width: 2200px) 100vw, (min-width: 784px) 391px, (min-width: 712px) 587px, (min-width: 640px) 712px, \" \/><\/a><\/div><\/div><\/div><div class=\"swiper-slide\"><div class=\"fusion-carousel-item-wrapper\"><div class=\"fusion-image-wrapper hover-type-none\"><a data-rel=\"iLightbox[image_carousel_1]\" data-caption=\"Reise mit Fischerkollegen\" data-title=\"Gruss aus D\u00e4emark\" aria-label=\"Gruss aus D\u00e4emark\" href=\"https:\/\/schmalz-kuenstler.ch\/wp-content\/uploads\/2018\/02\/Gruss-aus-D\u00e4emark.jpg\" target=\"_self\"><img decoding=\"async\" width=\"800\" height=\"531\" src=\"https:\/\/schmalz-kuenstler.ch\/wp-content\/uploads\/2018\/02\/Gruss-aus-D\u00e4emark.jpg\" class=\"attachment-full size-full\" alt=\"\" srcset=\"https:\/\/schmalz-kuenstler.ch\/wp-content\/uploads\/2018\/02\/Gruss-aus-D\u00e4emark-200x133.jpg 200w, https:\/\/schmalz-kuenstler.ch\/wp-content\/uploads\/2018\/02\/Gruss-aus-D\u00e4emark-400x266.jpg 400w, https:\/\/schmalz-kuenstler.ch\/wp-content\/uploads\/2018\/02\/Gruss-aus-D\u00e4emark-600x398.jpg 600w, https:\/\/schmalz-kuenstler.ch\/wp-content\/uploads\/2018\/02\/Gruss-aus-D\u00e4emark.jpg 800w\" sizes=\"(min-width: 2200px) 100vw, (min-width: 784px) 391px, (min-width: 712px) 587px, (min-width: 640px) 712px, \" \/><\/a><\/div><\/div><\/div><div class=\"swiper-slide\"><div class=\"fusion-carousel-item-wrapper\"><div class=\"fusion-image-wrapper hover-type-none\"><a data-rel=\"iLightbox[image_carousel_1]\" data-caption=\"Reise mitFischerkollegen\n1963\" data-title=\"Norwegen Renntiere\" aria-label=\"Norwegen Renntiere\" href=\"https:\/\/schmalz-kuenstler.ch\/wp-content\/uploads\/2018\/02\/Norwegen-Renntere.jpg\" target=\"_self\"><img decoding=\"async\" width=\"800\" height=\"531\" src=\"https:\/\/schmalz-kuenstler.ch\/wp-content\/uploads\/2018\/02\/Norwegen-Renntere.jpg\" class=\"attachment-full size-full\" alt=\"\" srcset=\"https:\/\/schmalz-kuenstler.ch\/wp-content\/uploads\/2018\/02\/Norwegen-Renntere-200x133.jpg 200w, https:\/\/schmalz-kuenstler.ch\/wp-content\/uploads\/2018\/02\/Norwegen-Renntere-400x266.jpg 400w, https:\/\/schmalz-kuenstler.ch\/wp-content\/uploads\/2018\/02\/Norwegen-Renntere-600x398.jpg 600w, https:\/\/schmalz-kuenstler.ch\/wp-content\/uploads\/2018\/02\/Norwegen-Renntere.jpg 800w\" sizes=\"(min-width: 2200px) 100vw, (min-width: 784px) 391px, (min-width: 712px) 587px, (min-width: 640px) 712px, \" \/><\/a><\/div><\/div><\/div><div class=\"swiper-slide\"><div class=\"fusion-carousel-item-wrapper\"><div class=\"fusion-image-wrapper hover-type-none\"><a data-rel=\"iLightbox[image_carousel_1]\" data-title=\"Identit\u00e4tskarte\" aria-label=\"Identit\u00e4tskarte\" href=\"https:\/\/schmalz-kuenstler.ch\/wp-content\/uploads\/2018\/02\/Identit\u00e4tskarte.jpg\" target=\"_self\"><img decoding=\"async\" width=\"800\" height=\"531\" src=\"https:\/\/schmalz-kuenstler.ch\/wp-content\/uploads\/2018\/02\/Identit\u00e4tskarte.jpg\" class=\"attachment-full size-full\" alt=\"\" srcset=\"https:\/\/schmalz-kuenstler.ch\/wp-content\/uploads\/2018\/02\/Identit\u00e4tskarte-200x133.jpg 200w, https:\/\/schmalz-kuenstler.ch\/wp-content\/uploads\/2018\/02\/Identit\u00e4tskarte-400x266.jpg 400w, https:\/\/schmalz-kuenstler.ch\/wp-content\/uploads\/2018\/02\/Identit\u00e4tskarte-600x398.jpg 600w, https:\/\/schmalz-kuenstler.ch\/wp-content\/uploads\/2018\/02\/Identit\u00e4tskarte.jpg 800w\" sizes=\"(min-width: 2200px) 100vw, (min-width: 784px) 391px, (min-width: 712px) 587px, (min-width: 640px) 712px, \" \/><\/a><\/div><\/div><\/div><div class=\"swiper-slide\"><div class=\"fusion-carousel-item-wrapper\"><div class=\"fusion-image-wrapper hover-type-none\"><a data-rel=\"iLightbox[image_carousel_1]\" data-caption=\"Freundfschaft aus der Gesellenzeit\" data-title=\"Gruss von Freund Lachenal\" aria-label=\"Gruss von Freund Lachenal\" href=\"https:\/\/schmalz-kuenstler.ch\/wp-content\/uploads\/2018\/02\/Gruss-von-Freund-Lachenal.jpg\" target=\"_self\"><img decoding=\"async\" width=\"800\" height=\"351\" src=\"https:\/\/schmalz-kuenstler.ch\/wp-content\/uploads\/2018\/02\/Gruss-von-Freund-Lachenal.jpg\" class=\"attachment-full size-full\" alt=\"\" srcset=\"https:\/\/schmalz-kuenstler.ch\/wp-content\/uploads\/2018\/02\/Gruss-von-Freund-Lachenal-200x88.jpg 200w, https:\/\/schmalz-kuenstler.ch\/wp-content\/uploads\/2018\/02\/Gruss-von-Freund-Lachenal-400x176.jpg 400w, https:\/\/schmalz-kuenstler.ch\/wp-content\/uploads\/2018\/02\/Gruss-von-Freund-Lachenal-600x263.jpg 600w, https:\/\/schmalz-kuenstler.ch\/wp-content\/uploads\/2018\/02\/Gruss-von-Freund-Lachenal.jpg 800w\" sizes=\"(min-width: 2200px) 100vw, (min-width: 784px) 391px, (min-width: 712px) 587px, (min-width: 640px) 712px, \" \/><\/a><\/div><\/div><\/div><div class=\"swiper-slide\"><div class=\"fusion-carousel-item-wrapper\"><div class=\"fusion-image-wrapper hover-type-none\"><a data-rel=\"iLightbox[image_carousel_1]\" data-caption=\"Familiengrab Friedhof Heimberg mit\nSkulptur von CAS\" data-title=\"Grab\" aria-label=\"Grab\" href=\"https:\/\/schmalz-kuenstler.ch\/wp-content\/uploads\/2018\/03\/Grab.jpg\" target=\"_self\"><img decoding=\"async\" width=\"800\" height=\"531\" src=\"https:\/\/schmalz-kuenstler.ch\/wp-content\/uploads\/2018\/03\/Grab.jpg\" class=\"attachment-full size-full\" alt=\"\" srcset=\"https:\/\/schmalz-kuenstler.ch\/wp-content\/uploads\/2018\/03\/Grab-200x133.jpg 200w, https:\/\/schmalz-kuenstler.ch\/wp-content\/uploads\/2018\/03\/Grab-400x266.jpg 400w, https:\/\/schmalz-kuenstler.ch\/wp-content\/uploads\/2018\/03\/Grab-600x398.jpg 600w, https:\/\/schmalz-kuenstler.ch\/wp-content\/uploads\/2018\/03\/Grab.jpg 800w\" sizes=\"(min-width: 2200px) 100vw, (min-width: 784px) 391px, (min-width: 712px) 587px, (min-width: 640px) 712px, \" \/><\/a><\/div><\/div><\/div><\/div><div class=\"awb-swiper-button awb-swiper-button-prev\"><i class=\"awb-icon-angle-left\" aria-hidden=\"true\"><\/i><\/div><div class=\"awb-swiper-button awb-swiper-button-next\"><i class=\"awb-icon-angle-right\" aria-hidden=\"true\"><\/i><\/div><\/div><\/div><div class=\"fusion-clearfix\"><\/div><\/div><\/div><\/div><\/div>\n","protected":false},"excerpt":{"rendered":"","protected":false},"author":2,"featured_media":0,"parent":0,"menu_order":0,"comment_status":"closed","ping_status":"closed","template":"","meta":{"footnotes":""},"class_list":["post-93","page","type-page","status-publish","hentry"],"_links":{"self":[{"href":"https:\/\/schmalz-kuenstler.ch\/index.php?rest_route=\/wp\/v2\/pages\/93","targetHints":{"allow":["GET"]}}],"collection":[{"href":"https:\/\/schmalz-kuenstler.ch\/index.php?rest_route=\/wp\/v2\/pages"}],"about":[{"href":"https:\/\/schmalz-kuenstler.ch\/index.php?rest_route=\/wp\/v2\/types\/page"}],"author":[{"embeddable":true,"href":"https:\/\/schmalz-kuenstler.ch\/index.php?rest_route=\/wp\/v2\/users\/2"}],"replies":[{"embeddable":true,"href":"https:\/\/schmalz-kuenstler.ch\/index.php?rest_route=%2Fwp%2Fv2%2Fcomments&post=93"}],"version-history":[{"count":28,"href":"https:\/\/schmalz-kuenstler.ch\/index.php?rest_route=\/wp\/v2\/pages\/93\/revisions"}],"predecessor-version":[{"id":616,"href":"https:\/\/schmalz-kuenstler.ch\/index.php?rest_route=\/wp\/v2\/pages\/93\/revisions\/616"}],"wp:attachment":[{"href":"https:\/\/schmalz-kuenstler.ch\/index.php?rest_route=%2Fwp%2Fv2%2Fmedia&parent=93"}],"curies":[{"name":"wp","href":"https:\/\/api.w.org\/{rel}","templated":true}]}}