{"id":8,"date":"2017-11-05T12:33:17","date_gmt":"2017-11-05T11:33:17","guid":{"rendered":"http:\/\/schmalz-kuenstler.ch\/?page_id=8"},"modified":"2018-03-05T17:27:23","modified_gmt":"2018-03-05T16:27:23","slug":"als-kunstmaler","status":"publish","type":"page","link":"https:\/\/schmalz-kuenstler.ch\/?page_id=8","title":{"rendered":"der Kunstmaler"},"content":{"rendered":"<div class=\"fusion-fullwidth fullwidth-box fusion-builder-row-1 nonhundred-percent-fullwidth non-hundred-percent-height-scrolling\" style=\"--awb-border-radius-top-left:0px;--awb-border-radius-top-right:0px;--awb-border-radius-bottom-right:0px;--awb-border-radius-bottom-left:0px;--awb-flex-wrap:wrap;\" ><div class=\"fusion-builder-row fusion-row\"><div class=\"fusion-layout-column fusion_builder_column fusion-builder-column-0 fusion_builder_column_1_1 1_1 fusion-one-full fusion-column-first fusion-column-last\" style=\"--awb-bg-size:cover;\"><div class=\"fusion-column-wrapper fusion-flex-column-wrapper-legacy\"><div class=\"fusion-title title fusion-title-1 fusion-sep-none fusion-title-text fusion-title-size-one\"><h1 class=\"fusion-title-heading title-heading-left\" style=\"margin:0;\"><h1>der Kunstmaler<\/h1><\/h1><\/div><div class=\"fusion-text fusion-text-1\"><p>\u00abDas Zeichen und Malen bei ihm (Lehrer Wanzenried) machte mir am meisten Freude.\u00bb<\/p>\n<p>Das Zitat aus dem Lebenslauf von C. A. Schmalz markiert den Beginn seines Schaffens als Kunstmaler. Die Malutensilien begleiteten ihn lebenslang in allen Lebenslagen. Die dabei entstanden Werke ergeben einen Lebenslauf in Bildern.<\/p>\n<p>Weder Stil noch Maltechnik lassen sich in bestimmte Kategorien einordnen; sie sind Ausdruck der jeweiligen Lebenssituation.\u00a0 Wo f\u00fcr den K\u00fcnstler notwendig, steht mal die realistische naturgetreue Wiedergabe, mal das Ausdr\u00fccken seiner Gef\u00fchle im Vordergrund.<\/p>\n<p>Seine hohe Kunstfertigkeit als Maler tritt auch in den bis ins kleinste Detail gemalten Entw\u00fcrfen f\u00fcr seine keramischen Arbeiten und Mosaike zu Tage. Bemalte Plastiken und Portr\u00e4ts bestechen durch eindr\u00fcckliche starke Ausstrahlung.<\/p>\n<p>Die Malerei von C. A. Schmalz ist spontan. Als Malgrund und Farbe eignet sich fast alles was verf\u00fcgbar ist; Leinw\u00e4nde und \u00d6lfarben waren nur selten verf\u00fcgbar.<\/p>\n<p>W\u00e4hren seiner Gesellenzeit in Frankreich arbeitete Schmalz als Aquarellmaler; die Bilder wurden durch Lachenals vertrieben. Signiert waren die Bilder mit \u00abDeberue\u201c\u00bb.<\/p>\n<p>Diese d\u00fcrften wohl die einzigen je von Schmalz als Auftragsarbeiten gefertigten Werke sein. Es ist wohl kein Zufall, dass sie in Frankreich geblieben sind. Geld verdienen mit Malen entsprach offensichtlich nicht dem Selbstverst\u00e4ndnis von C. A. Schmalz.<\/p>\n<\/div><div class=\"fusion-image-carousel fusion-image-carousel-auto fusion-image-carousel-1 lightbox-enabled fusion-carousel-border\"><div class=\"awb-carousel awb-swiper awb-swiper-carousel\" data-autoplay=\"no\" data-columns=\"3\" data-itemmargin=\"13\" data-itemwidth=\"180\" data-touchscroll=\"no\" data-imagesize=\"auto\" style=\"--awb-columns:3;\"><div class=\"swiper-wrapper awb-image-carousel-wrapper fusion-flex-align-items-center\"><div class=\"swiper-slide\"><div class=\"fusion-carousel-item-wrapper\"><div class=\"fusion-image-wrapper hover-type-none\"><a data-rel=\"iLightbox[image_carousel_1]\" data-caption=\"Des K\u00fcnstler Zuhause\" data-title=\"Rebli\" aria-label=\"Rebli\" href=\"https:\/\/schmalz-kuenstler.ch\/wp-content\/uploads\/2018\/02\/Rebli-1.jpg\" target=\"_self\"><img decoding=\"async\" width=\"800\" height=\"531\" src=\"https:\/\/schmalz-kuenstler.ch\/wp-content\/uploads\/2018\/02\/Rebli-1.jpg\" class=\"attachment-full size-full\" alt=\"\" srcset=\"https:\/\/schmalz-kuenstler.ch\/wp-content\/uploads\/2018\/02\/Rebli-1-200x133.jpg 200w, https:\/\/schmalz-kuenstler.ch\/wp-content\/uploads\/2018\/02\/Rebli-1-400x266.jpg 400w, https:\/\/schmalz-kuenstler.ch\/wp-content\/uploads\/2018\/02\/Rebli-1-600x398.jpg 600w, https:\/\/schmalz-kuenstler.ch\/wp-content\/uploads\/2018\/02\/Rebli-1.jpg 800w\" sizes=\"(min-width: 2200px) 100vw, (min-width: 784px) 391px, (min-width: 712px) 587px, (min-width: 640px) 712px, \" \/><\/a><\/div><\/div><\/div><div class=\"swiper-slide\"><div class=\"fusion-carousel-item-wrapper\"><div class=\"fusion-image-wrapper hover-type-none\"><a data-rel=\"iLightbox[image_carousel_1]\" data-title=\"Blick vom Rebli auf die Aare\" aria-label=\"Blick vom Rebli auf die Aare\" href=\"https:\/\/schmalz-kuenstler.ch\/wp-content\/uploads\/2018\/02\/Blick-vom-Rebli-auf-die-Aare.jpg\" target=\"_self\"><img decoding=\"async\" width=\"800\" height=\"531\" src=\"https:\/\/schmalz-kuenstler.ch\/wp-content\/uploads\/2018\/02\/Blick-vom-Rebli-auf-die-Aare.jpg\" class=\"attachment-full size-full\" alt=\"\" srcset=\"https:\/\/schmalz-kuenstler.ch\/wp-content\/uploads\/2018\/02\/Blick-vom-Rebli-auf-die-Aare-200x133.jpg 200w, https:\/\/schmalz-kuenstler.ch\/wp-content\/uploads\/2018\/02\/Blick-vom-Rebli-auf-die-Aare-400x266.jpg 400w, https:\/\/schmalz-kuenstler.ch\/wp-content\/uploads\/2018\/02\/Blick-vom-Rebli-auf-die-Aare-600x398.jpg 600w, https:\/\/schmalz-kuenstler.ch\/wp-content\/uploads\/2018\/02\/Blick-vom-Rebli-auf-die-Aare.jpg 800w\" sizes=\"(min-width: 2200px) 100vw, (min-width: 784px) 391px, (min-width: 712px) 587px, (min-width: 640px) 712px, \" \/><\/a><\/div><\/div><\/div><div class=\"swiper-slide\"><div class=\"fusion-carousel-item-wrapper\"><div class=\"fusion-image-wrapper hover-type-none\"><a data-rel=\"iLightbox[image_carousel_1]\" data-title=\"An der Aare mit Niesen\" aria-label=\"An der Aare mit Niesen\" href=\"https:\/\/schmalz-kuenstler.ch\/wp-content\/uploads\/2018\/02\/An-der-Aare-mit-Niesen.jpg\" target=\"_self\"><img decoding=\"async\" width=\"800\" height=\"531\" src=\"https:\/\/schmalz-kuenstler.ch\/wp-content\/uploads\/2018\/02\/An-der-Aare-mit-Niesen.jpg\" class=\"attachment-full size-full\" alt=\"\" srcset=\"https:\/\/schmalz-kuenstler.ch\/wp-content\/uploads\/2018\/02\/An-der-Aare-mit-Niesen-200x133.jpg 200w, https:\/\/schmalz-kuenstler.ch\/wp-content\/uploads\/2018\/02\/An-der-Aare-mit-Niesen-400x266.jpg 400w, https:\/\/schmalz-kuenstler.ch\/wp-content\/uploads\/2018\/02\/An-der-Aare-mit-Niesen-600x398.jpg 600w, https:\/\/schmalz-kuenstler.ch\/wp-content\/uploads\/2018\/02\/An-der-Aare-mit-Niesen.jpg 800w\" sizes=\"(min-width: 2200px) 100vw, (min-width: 784px) 391px, (min-width: 712px) 587px, (min-width: 640px) 712px, \" \/><\/a><\/div><\/div><\/div><div class=\"swiper-slide\"><div class=\"fusion-carousel-item-wrapper\"><div class=\"fusion-image-wrapper hover-type-none\"><a data-rel=\"iLightbox[image_carousel_1]\" data-caption=\"Keramikmalerei, 1949, \n245 x 265 mmPrivatbesitz Familien Linder und Marville\" data-title=\"Selbstbildnis\" aria-label=\"Selbstbildnis\" href=\"https:\/\/schmalz-kuenstler.ch\/wp-content\/uploads\/2018\/02\/Selbstbildnis.jpg\" target=\"_self\"><img decoding=\"async\" width=\"800\" height=\"531\" src=\"https:\/\/schmalz-kuenstler.ch\/wp-content\/uploads\/2018\/02\/Selbstbildnis.jpg\" class=\"attachment-full size-full\" alt=\"\" srcset=\"https:\/\/schmalz-kuenstler.ch\/wp-content\/uploads\/2018\/02\/Selbstbildnis-200x133.jpg 200w, https:\/\/schmalz-kuenstler.ch\/wp-content\/uploads\/2018\/02\/Selbstbildnis-400x266.jpg 400w, https:\/\/schmalz-kuenstler.ch\/wp-content\/uploads\/2018\/02\/Selbstbildnis-600x398.jpg 600w, https:\/\/schmalz-kuenstler.ch\/wp-content\/uploads\/2018\/02\/Selbstbildnis.jpg 800w\" sizes=\"(min-width: 2200px) 100vw, (min-width: 784px) 391px, (min-width: 712px) 587px, (min-width: 640px) 712px, \" \/><\/a><\/div><\/div><\/div><div class=\"swiper-slide\"><div class=\"fusion-carousel-item-wrapper\"><div class=\"fusion-image-wrapper hover-type-none\"><a data-rel=\"iLightbox[image_carousel_1]\" data-caption=\"Aquarelle, 700 x520 mm\nPrivatbesitz Erbengemeinschaft Oskar Friedrich und Hedi Schmalz-Maurer\" data-title=\"Fr\u00fcehlig\" aria-label=\"Fr\u00fcehlig\" href=\"https:\/\/schmalz-kuenstler.ch\/wp-content\/uploads\/2018\/02\/Fr\u00fcehlig.jpg\" target=\"_self\"><img decoding=\"async\" width=\"800\" height=\"531\" src=\"https:\/\/schmalz-kuenstler.ch\/wp-content\/uploads\/2018\/02\/Fr\u00fcehlig.jpg\" class=\"attachment-full size-full\" alt=\"\" srcset=\"https:\/\/schmalz-kuenstler.ch\/wp-content\/uploads\/2018\/02\/Fr\u00fcehlig-200x133.jpg 200w, https:\/\/schmalz-kuenstler.ch\/wp-content\/uploads\/2018\/02\/Fr\u00fcehlig-400x266.jpg 400w, https:\/\/schmalz-kuenstler.ch\/wp-content\/uploads\/2018\/02\/Fr\u00fcehlig-600x398.jpg 600w, https:\/\/schmalz-kuenstler.ch\/wp-content\/uploads\/2018\/02\/Fr\u00fcehlig.jpg 800w\" sizes=\"(min-width: 2200px) 100vw, (min-width: 784px) 391px, (min-width: 712px) 587px, (min-width: 640px) 712px, \" \/><\/a><\/div><\/div><\/div><div class=\"swiper-slide\"><div class=\"fusion-carousel-item-wrapper\"><div class=\"fusion-image-wrapper hover-type-none\"><a data-rel=\"iLightbox[image_carousel_1]\" data-caption=\"Aquarell, 1916, \n205 x280 mm\nPrivatbesitz Familien Linder und Marville\" data-title=\"Wachtposten am Rhein\" aria-label=\"Wachtposten am Rhein\" href=\"https:\/\/schmalz-kuenstler.ch\/wp-content\/uploads\/2018\/03\/Wachtposten-am-Rhein.jpg\" target=\"_self\"><img decoding=\"async\" width=\"800\" height=\"531\" src=\"https:\/\/schmalz-kuenstler.ch\/wp-content\/uploads\/2018\/03\/Wachtposten-am-Rhein.jpg\" class=\"attachment-full size-full\" alt=\"\" srcset=\"https:\/\/schmalz-kuenstler.ch\/wp-content\/uploads\/2018\/03\/Wachtposten-am-Rhein-200x133.jpg 200w, https:\/\/schmalz-kuenstler.ch\/wp-content\/uploads\/2018\/03\/Wachtposten-am-Rhein-400x266.jpg 400w, https:\/\/schmalz-kuenstler.ch\/wp-content\/uploads\/2018\/03\/Wachtposten-am-Rhein-600x398.jpg 600w, https:\/\/schmalz-kuenstler.ch\/wp-content\/uploads\/2018\/03\/Wachtposten-am-Rhein.jpg 800w\" sizes=\"(min-width: 2200px) 100vw, (min-width: 784px) 391px, (min-width: 712px) 587px, (min-width: 640px) 712px, \" \/><\/a><\/div><\/div><\/div><div class=\"swiper-slide\"><div class=\"fusion-carousel-item-wrapper\"><div class=\"fusion-image-wrapper hover-type-none\"><a data-rel=\"iLightbox[image_carousel_1]\" data-caption=\"Aquarell, 170 x 230 mm\nPrivatbesitz Familien Linder und Marville\" data-title=\"M\u00e4dchen mit Buch\" aria-label=\"M\u00e4dchen mit Buch\" href=\"https:\/\/schmalz-kuenstler.ch\/wp-content\/uploads\/2018\/03\/M\u00e4dchen-mit-Buch.jpg\" target=\"_self\"><img decoding=\"async\" width=\"800\" height=\"531\" src=\"https:\/\/schmalz-kuenstler.ch\/wp-content\/uploads\/2018\/03\/M\u00e4dchen-mit-Buch.jpg\" class=\"attachment-full size-full\" alt=\"\" srcset=\"https:\/\/schmalz-kuenstler.ch\/wp-content\/uploads\/2018\/03\/M\u00e4dchen-mit-Buch-200x133.jpg 200w, https:\/\/schmalz-kuenstler.ch\/wp-content\/uploads\/2018\/03\/M\u00e4dchen-mit-Buch-400x266.jpg 400w, https:\/\/schmalz-kuenstler.ch\/wp-content\/uploads\/2018\/03\/M\u00e4dchen-mit-Buch-600x398.jpg 600w, https:\/\/schmalz-kuenstler.ch\/wp-content\/uploads\/2018\/03\/M\u00e4dchen-mit-Buch.jpg 800w\" sizes=\"(min-width: 2200px) 100vw, (min-width: 784px) 391px, (min-width: 712px) 587px, (min-width: 640px) 712px, \" \/><\/a><\/div><\/div><\/div><div class=\"swiper-slide\"><div class=\"fusion-carousel-item-wrapper\"><div class=\"fusion-image-wrapper hover-type-none\"><a data-rel=\"iLightbox[image_carousel_1]\" data-caption=\"Aquarellierte Zeichnung\n600 x 320 mm\nUmgesetzt als Sgraffito im Erweiterungsbau\nSchulhaus Heimberg\nPrivatbesitz Familien Linder und Marville\" data-title=\"Die letzte alt Heimbergert\u00f6pferei Kunz\" aria-label=\"Die letzte alt Heimbergert\u00f6pferei Kunz\" href=\"https:\/\/schmalz-kuenstler.ch\/wp-content\/uploads\/2018\/03\/Die-letzte-alt-Heimbergert\u00f6pferei-Kunz.jpg\" target=\"_self\"><img decoding=\"async\" width=\"800\" height=\"531\" src=\"https:\/\/schmalz-kuenstler.ch\/wp-content\/uploads\/2018\/03\/Die-letzte-alt-Heimbergert\u00f6pferei-Kunz.jpg\" class=\"attachment-full size-full\" alt=\"\" srcset=\"https:\/\/schmalz-kuenstler.ch\/wp-content\/uploads\/2018\/03\/Die-letzte-alt-Heimbergert\u00f6pferei-Kunz-200x133.jpg 200w, https:\/\/schmalz-kuenstler.ch\/wp-content\/uploads\/2018\/03\/Die-letzte-alt-Heimbergert\u00f6pferei-Kunz-400x266.jpg 400w, https:\/\/schmalz-kuenstler.ch\/wp-content\/uploads\/2018\/03\/Die-letzte-alt-Heimbergert\u00f6pferei-Kunz-600x398.jpg 600w, https:\/\/schmalz-kuenstler.ch\/wp-content\/uploads\/2018\/03\/Die-letzte-alt-Heimbergert\u00f6pferei-Kunz.jpg 800w\" sizes=\"(min-width: 2200px) 100vw, (min-width: 784px) 391px, (min-width: 712px) 587px, (min-width: 640px) 712px, \" \/><\/a><\/div><\/div><\/div><div class=\"swiper-slide\"><div class=\"fusion-carousel-item-wrapper\"><div class=\"fusion-image-wrapper hover-type-none\"><a data-rel=\"iLightbox[image_carousel_1]\" data-caption=\"Aquarell, 240 x 300 mm\nPrivatbesitz Paul Schmalz,\nKonolfingen\" data-title=\"Grasfuhre\" aria-label=\"Grasfuhre\" href=\"https:\/\/schmalz-kuenstler.ch\/wp-content\/uploads\/2018\/03\/Grasfuhre.jpg\" target=\"_self\"><img decoding=\"async\" width=\"800\" height=\"531\" src=\"https:\/\/schmalz-kuenstler.ch\/wp-content\/uploads\/2018\/03\/Grasfuhre.jpg\" class=\"attachment-full size-full\" alt=\"\" srcset=\"https:\/\/schmalz-kuenstler.ch\/wp-content\/uploads\/2018\/03\/Grasfuhre-200x133.jpg 200w, https:\/\/schmalz-kuenstler.ch\/wp-content\/uploads\/2018\/03\/Grasfuhre-400x266.jpg 400w, https:\/\/schmalz-kuenstler.ch\/wp-content\/uploads\/2018\/03\/Grasfuhre-600x398.jpg 600w, https:\/\/schmalz-kuenstler.ch\/wp-content\/uploads\/2018\/03\/Grasfuhre.jpg 800w\" sizes=\"(min-width: 2200px) 100vw, (min-width: 784px) 391px, (min-width: 712px) 587px, (min-width: 640px) 712px, \" \/><\/a><\/div><\/div><\/div><div class=\"swiper-slide\"><div class=\"fusion-carousel-item-wrapper\"><div class=\"fusion-image-wrapper hover-type-none\"><a data-rel=\"iLightbox[image_carousel_1]\" data-caption=\"kolorierte Zeichnung,\n10. Juli 1905\n480 x 340 mm\nPrivatbesitz Familie Marville\" data-title=\"Gsteig- Saanen\" aria-label=\"Gsteig- Saanen\" href=\"https:\/\/schmalz-kuenstler.ch\/wp-content\/uploads\/2018\/03\/Gsteig-Saanen.jpg\" target=\"_self\"><img decoding=\"async\" width=\"800\" height=\"531\" src=\"https:\/\/schmalz-kuenstler.ch\/wp-content\/uploads\/2018\/03\/Gsteig-Saanen.jpg\" class=\"attachment-full size-full\" alt=\"\" srcset=\"https:\/\/schmalz-kuenstler.ch\/wp-content\/uploads\/2018\/03\/Gsteig-Saanen-200x133.jpg 200w, https:\/\/schmalz-kuenstler.ch\/wp-content\/uploads\/2018\/03\/Gsteig-Saanen-400x266.jpg 400w, https:\/\/schmalz-kuenstler.ch\/wp-content\/uploads\/2018\/03\/Gsteig-Saanen-600x398.jpg 600w, https:\/\/schmalz-kuenstler.ch\/wp-content\/uploads\/2018\/03\/Gsteig-Saanen.jpg 800w\" sizes=\"(min-width: 2200px) 100vw, (min-width: 784px) 391px, (min-width: 712px) 587px, (min-width: 640px) 712px, \" \/><\/a><\/div><\/div><\/div><div class=\"swiper-slide\"><div class=\"fusion-carousel-item-wrapper\"><div class=\"fusion-image-wrapper hover-type-none\"><a data-rel=\"iLightbox[image_carousel_1]\" data-caption=\"Zeichnung koloriert\n180 x260 mm\nPrivatbesitz Marville\" data-title=\"Signau\" aria-label=\"Signau\" href=\"https:\/\/schmalz-kuenstler.ch\/wp-content\/uploads\/2018\/03\/Signau.jpg\" target=\"_self\"><img decoding=\"async\" width=\"800\" height=\"531\" src=\"https:\/\/schmalz-kuenstler.ch\/wp-content\/uploads\/2018\/03\/Signau.jpg\" class=\"attachment-full size-full\" alt=\"\" srcset=\"https:\/\/schmalz-kuenstler.ch\/wp-content\/uploads\/2018\/03\/Signau-200x133.jpg 200w, https:\/\/schmalz-kuenstler.ch\/wp-content\/uploads\/2018\/03\/Signau-400x266.jpg 400w, https:\/\/schmalz-kuenstler.ch\/wp-content\/uploads\/2018\/03\/Signau-600x398.jpg 600w, https:\/\/schmalz-kuenstler.ch\/wp-content\/uploads\/2018\/03\/Signau.jpg 800w\" sizes=\"(min-width: 2200px) 100vw, (min-width: 784px) 391px, (min-width: 712px) 587px, (min-width: 640px) 712px, \" \/><\/a><\/div><\/div><\/div><div class=\"swiper-slide\"><div class=\"fusion-carousel-item-wrapper\"><div class=\"fusion-image-wrapper hover-type-none\"><a data-rel=\"iLightbox[image_carousel_1]\" data-caption=\"Aquarell 410 x310 mm\nPrivatbesitz\nPaul Schmalz, Konolfingen\" data-title=\"Rebeli im Winter\" aria-label=\"Rebeli im Winter\" href=\"https:\/\/schmalz-kuenstler.ch\/wp-content\/uploads\/2018\/03\/Rebeli-im-Winter.jpg\" target=\"_self\"><img decoding=\"async\" width=\"800\" height=\"531\" src=\"https:\/\/schmalz-kuenstler.ch\/wp-content\/uploads\/2018\/03\/Rebeli-im-Winter.jpg\" class=\"attachment-full size-full\" alt=\"\" srcset=\"https:\/\/schmalz-kuenstler.ch\/wp-content\/uploads\/2018\/03\/Rebeli-im-Winter-200x133.jpg 200w, https:\/\/schmalz-kuenstler.ch\/wp-content\/uploads\/2018\/03\/Rebeli-im-Winter-400x266.jpg 400w, https:\/\/schmalz-kuenstler.ch\/wp-content\/uploads\/2018\/03\/Rebeli-im-Winter-600x398.jpg 600w, https:\/\/schmalz-kuenstler.ch\/wp-content\/uploads\/2018\/03\/Rebeli-im-Winter.jpg 800w\" sizes=\"(min-width: 2200px) 100vw, (min-width: 784px) 391px, (min-width: 712px) 587px, (min-width: 640px) 712px, \" \/><\/a><\/div><\/div><\/div><div class=\"swiper-slide\"><div class=\"fusion-carousel-item-wrapper\"><div class=\"fusion-image-wrapper hover-type-none\"><a data-rel=\"iLightbox[image_carousel_1]\" data-caption=\"Aquarell, 1906, \n235 x 270 mm\nPrivatbesitz Familien Linder und Marville\" data-title=\"Bauernhaus\" aria-label=\"Bauernhaus\" href=\"https:\/\/schmalz-kuenstler.ch\/wp-content\/uploads\/2018\/03\/Bauernhaus.jpg\" target=\"_self\"><img decoding=\"async\" width=\"800\" height=\"531\" src=\"https:\/\/schmalz-kuenstler.ch\/wp-content\/uploads\/2018\/03\/Bauernhaus.jpg\" class=\"attachment-full size-full\" alt=\"\" srcset=\"https:\/\/schmalz-kuenstler.ch\/wp-content\/uploads\/2018\/03\/Bauernhaus-200x133.jpg 200w, https:\/\/schmalz-kuenstler.ch\/wp-content\/uploads\/2018\/03\/Bauernhaus-400x266.jpg 400w, https:\/\/schmalz-kuenstler.ch\/wp-content\/uploads\/2018\/03\/Bauernhaus-600x398.jpg 600w, https:\/\/schmalz-kuenstler.ch\/wp-content\/uploads\/2018\/03\/Bauernhaus.jpg 800w\" sizes=\"(min-width: 2200px) 100vw, (min-width: 784px) 391px, (min-width: 712px) 587px, (min-width: 640px) 712px, \" \/><\/a><\/div><\/div><\/div><div class=\"swiper-slide\"><div class=\"fusion-carousel-item-wrapper\"><div class=\"fusion-image-wrapper hover-type-none\"><a data-rel=\"iLightbox[image_carousel_1]\" data-caption=\"Aquarell, 275 x 210 mm\nPrivatbesitz Familien Linder und Marville\" data-title=\"Schloss H\u00fcnigen\" aria-label=\"Schloss H\u00fcnigen\" href=\"https:\/\/schmalz-kuenstler.ch\/wp-content\/uploads\/2018\/03\/Schloss-H\u00fcnigen.jpg\" target=\"_self\"><img decoding=\"async\" width=\"800\" height=\"531\" src=\"https:\/\/schmalz-kuenstler.ch\/wp-content\/uploads\/2018\/03\/Schloss-H\u00fcnigen.jpg\" class=\"attachment-full size-full\" alt=\"\" srcset=\"https:\/\/schmalz-kuenstler.ch\/wp-content\/uploads\/2018\/03\/Schloss-H\u00fcnigen-200x133.jpg 200w, https:\/\/schmalz-kuenstler.ch\/wp-content\/uploads\/2018\/03\/Schloss-H\u00fcnigen-400x266.jpg 400w, https:\/\/schmalz-kuenstler.ch\/wp-content\/uploads\/2018\/03\/Schloss-H\u00fcnigen-600x398.jpg 600w, https:\/\/schmalz-kuenstler.ch\/wp-content\/uploads\/2018\/03\/Schloss-H\u00fcnigen.jpg 800w\" sizes=\"(min-width: 2200px) 100vw, (min-width: 784px) 391px, (min-width: 712px) 587px, (min-width: 640px) 712px, \" \/><\/a><\/div><\/div><\/div><div class=\"swiper-slide\"><div class=\"fusion-carousel-item-wrapper\"><div class=\"fusion-image-wrapper hover-type-none\"><a data-rel=\"iLightbox[image_carousel_1]\" data-caption=\"Aquarell, 240 x 150 mm\nPrivatbesitz Familien Linder und Marville\" data-title=\"Hofstatt mit verdecktem Haus\" aria-label=\"Hofstatt mit verdecktem Haus\" href=\"https:\/\/schmalz-kuenstler.ch\/wp-content\/uploads\/2018\/02\/Hofstatt-mit-verdecktem-Haus.jpg\" target=\"_self\"><img decoding=\"async\" width=\"800\" height=\"531\" src=\"https:\/\/schmalz-kuenstler.ch\/wp-content\/uploads\/2018\/02\/Hofstatt-mit-verdecktem-Haus.jpg\" class=\"attachment-full size-full\" alt=\"\" srcset=\"https:\/\/schmalz-kuenstler.ch\/wp-content\/uploads\/2018\/02\/Hofstatt-mit-verdecktem-Haus-200x133.jpg 200w, https:\/\/schmalz-kuenstler.ch\/wp-content\/uploads\/2018\/02\/Hofstatt-mit-verdecktem-Haus-400x266.jpg 400w, https:\/\/schmalz-kuenstler.ch\/wp-content\/uploads\/2018\/02\/Hofstatt-mit-verdecktem-Haus-600x398.jpg 600w, https:\/\/schmalz-kuenstler.ch\/wp-content\/uploads\/2018\/02\/Hofstatt-mit-verdecktem-Haus.jpg 800w\" sizes=\"(min-width: 2200px) 100vw, (min-width: 784px) 391px, (min-width: 712px) 587px, (min-width: 640px) 712px, \" \/><\/a><\/div><\/div><\/div><div class=\"swiper-slide\"><div class=\"fusion-carousel-item-wrapper\"><div class=\"fusion-image-wrapper hover-type-none\"><a data-rel=\"iLightbox[image_carousel_1]\" data-caption=\"kolorierte Zeichnung, \n155 x 120 mm\nPrivatbesitz Familie Marville\" data-title=\"Haus zu Steffisburg L.Graf\" aria-label=\"Haus zu Steffisburg L.Graf\" href=\"https:\/\/schmalz-kuenstler.ch\/wp-content\/uploads\/2018\/03\/Haus-zu-Steffisburg-J.jpg\" target=\"_self\"><img decoding=\"async\" width=\"800\" height=\"531\" src=\"https:\/\/schmalz-kuenstler.ch\/wp-content\/uploads\/2018\/03\/Haus-zu-Steffisburg-J.jpg\" class=\"attachment-full size-full\" alt=\"\" srcset=\"https:\/\/schmalz-kuenstler.ch\/wp-content\/uploads\/2018\/03\/Haus-zu-Steffisburg-J-200x133.jpg 200w, https:\/\/schmalz-kuenstler.ch\/wp-content\/uploads\/2018\/03\/Haus-zu-Steffisburg-J-400x266.jpg 400w, https:\/\/schmalz-kuenstler.ch\/wp-content\/uploads\/2018\/03\/Haus-zu-Steffisburg-J-600x398.jpg 600w, https:\/\/schmalz-kuenstler.ch\/wp-content\/uploads\/2018\/03\/Haus-zu-Steffisburg-J.jpg 800w\" sizes=\"(min-width: 2200px) 100vw, (min-width: 784px) 391px, (min-width: 712px) 587px, (min-width: 640px) 712px, \" \/><\/a><\/div><\/div><\/div><div class=\"swiper-slide\"><div class=\"fusion-carousel-item-wrapper\"><div class=\"fusion-image-wrapper hover-type-none\"><a data-rel=\"iLightbox[image_carousel_1]\" data-caption=\"Aquarell, 280 x 170 mm\nPrivatbesitz Familie Marville\" data-title=\"B\u00e4ren Steffisburg\" aria-label=\"B\u00e4ren Steffisburg\" href=\"https:\/\/schmalz-kuenstler.ch\/wp-content\/uploads\/2018\/03\/B\u00e4ren-Steffisburg.jpg\" target=\"_self\"><img decoding=\"async\" width=\"800\" height=\"531\" src=\"https:\/\/schmalz-kuenstler.ch\/wp-content\/uploads\/2018\/03\/B\u00e4ren-Steffisburg.jpg\" class=\"attachment-full size-full\" alt=\"\" srcset=\"https:\/\/schmalz-kuenstler.ch\/wp-content\/uploads\/2018\/03\/B\u00e4ren-Steffisburg-200x133.jpg 200w, https:\/\/schmalz-kuenstler.ch\/wp-content\/uploads\/2018\/03\/B\u00e4ren-Steffisburg-400x266.jpg 400w, https:\/\/schmalz-kuenstler.ch\/wp-content\/uploads\/2018\/03\/B\u00e4ren-Steffisburg-600x398.jpg 600w, https:\/\/schmalz-kuenstler.ch\/wp-content\/uploads\/2018\/03\/B\u00e4ren-Steffisburg.jpg 800w\" sizes=\"(min-width: 2200px) 100vw, (min-width: 784px) 391px, (min-width: 712px) 587px, (min-width: 640px) 712px, \" \/><\/a><\/div><\/div><\/div><div class=\"swiper-slide\"><div class=\"fusion-carousel-item-wrapper\"><div class=\"fusion-image-wrapper hover-type-none\"><a data-rel=\"iLightbox[image_carousel_1]\" data-caption=\"aquarellierte Zeichnung,\n290 x 220 mm\nPrivatbesitz Paul Schmalz\nKonolfingen\" data-title=\"Speicher Freimettigen\" aria-label=\"Speicher Freimettigen\" href=\"https:\/\/schmalz-kuenstler.ch\/wp-content\/uploads\/2018\/02\/Speicher-Freimettigen.jpg\" target=\"_self\"><img decoding=\"async\" width=\"800\" height=\"531\" src=\"https:\/\/schmalz-kuenstler.ch\/wp-content\/uploads\/2018\/02\/Speicher-Freimettigen.jpg\" class=\"attachment-full size-full\" alt=\"\" srcset=\"https:\/\/schmalz-kuenstler.ch\/wp-content\/uploads\/2018\/02\/Speicher-Freimettigen-200x133.jpg 200w, https:\/\/schmalz-kuenstler.ch\/wp-content\/uploads\/2018\/02\/Speicher-Freimettigen-400x266.jpg 400w, https:\/\/schmalz-kuenstler.ch\/wp-content\/uploads\/2018\/02\/Speicher-Freimettigen-600x398.jpg 600w, https:\/\/schmalz-kuenstler.ch\/wp-content\/uploads\/2018\/02\/Speicher-Freimettigen.jpg 800w\" sizes=\"(min-width: 2200px) 100vw, (min-width: 784px) 391px, (min-width: 712px) 587px, (min-width: 640px) 712px, \" \/><\/a><\/div><\/div><\/div><div class=\"swiper-slide\"><div class=\"fusion-carousel-item-wrapper\"><div class=\"fusion-image-wrapper hover-type-none\"><a data-rel=\"iLightbox[image_carousel_1]\" data-caption=\"aquarellierte Zeichnung\n270 x 185 mm\nPrivatbesitz Familie Marville\" data-title=\"Speicher in Nd.H\u00fcnigen\" aria-label=\"Speicher in Nd.H\u00fcnigen\" href=\"https:\/\/schmalz-kuenstler.ch\/wp-content\/uploads\/2018\/02\/DSC6794-Kopie.jpg\" target=\"_self\"><img decoding=\"async\" width=\"785\" height=\"531\" src=\"https:\/\/schmalz-kuenstler.ch\/wp-content\/uploads\/2018\/02\/DSC6794-Kopie.jpg\" class=\"attachment-full size-full\" alt=\"\" srcset=\"https:\/\/schmalz-kuenstler.ch\/wp-content\/uploads\/2018\/02\/DSC6794-Kopie-200x135.jpg 200w, https:\/\/schmalz-kuenstler.ch\/wp-content\/uploads\/2018\/02\/DSC6794-Kopie-400x271.jpg 400w, https:\/\/schmalz-kuenstler.ch\/wp-content\/uploads\/2018\/02\/DSC6794-Kopie-600x406.jpg 600w, https:\/\/schmalz-kuenstler.ch\/wp-content\/uploads\/2018\/02\/DSC6794-Kopie.jpg 785w\" sizes=\"(min-width: 2200px) 100vw, (min-width: 784px) 391px, (min-width: 712px) 587px, (min-width: 640px) 712px, \" \/><\/a><\/div><\/div><\/div><div class=\"swiper-slide\"><div class=\"fusion-carousel-item-wrapper\"><div class=\"fusion-image-wrapper hover-type-none\"><a data-rel=\"iLightbox[image_carousel_1]\" data-caption=\"Aquarell, 297 x 200 mm Privatbesitz Familien Linder und Marville\" data-title=\"Bewaldetes Aareufer\" aria-label=\"Bewaldetes Aareufer\" href=\"https:\/\/schmalz-kuenstler.ch\/wp-content\/uploads\/2018\/03\/Bewaldetes-Aareufer.jpg\" target=\"_self\"><img decoding=\"async\" width=\"800\" height=\"531\" src=\"https:\/\/schmalz-kuenstler.ch\/wp-content\/uploads\/2018\/03\/Bewaldetes-Aareufer.jpg\" class=\"attachment-full size-full\" alt=\"\" srcset=\"https:\/\/schmalz-kuenstler.ch\/wp-content\/uploads\/2018\/03\/Bewaldetes-Aareufer-200x133.jpg 200w, https:\/\/schmalz-kuenstler.ch\/wp-content\/uploads\/2018\/03\/Bewaldetes-Aareufer-400x266.jpg 400w, https:\/\/schmalz-kuenstler.ch\/wp-content\/uploads\/2018\/03\/Bewaldetes-Aareufer-600x398.jpg 600w, https:\/\/schmalz-kuenstler.ch\/wp-content\/uploads\/2018\/03\/Bewaldetes-Aareufer.jpg 800w\" sizes=\"(min-width: 2200px) 100vw, (min-width: 784px) 391px, (min-width: 712px) 587px, (min-width: 640px) 712px, \" \/><\/a><\/div><\/div><\/div><div class=\"swiper-slide\"><div class=\"fusion-carousel-item-wrapper\"><div class=\"fusion-image-wrapper hover-type-none\"><a data-rel=\"iLightbox[image_carousel_1]\" data-caption=\"Aquarell, 800 x 550 mm\nPrivatbesitz Familien Linder und Marville\" data-title=\"Herbst an der Aare\" aria-label=\"Herbst an der Aare\" href=\"https:\/\/schmalz-kuenstler.ch\/wp-content\/uploads\/2018\/03\/Herbst-an-der-Aare.jpg\" target=\"_self\"><img decoding=\"async\" width=\"800\" height=\"531\" src=\"https:\/\/schmalz-kuenstler.ch\/wp-content\/uploads\/2018\/03\/Herbst-an-der-Aare.jpg\" class=\"attachment-full size-full\" alt=\"\" srcset=\"https:\/\/schmalz-kuenstler.ch\/wp-content\/uploads\/2018\/03\/Herbst-an-der-Aare-200x133.jpg 200w, https:\/\/schmalz-kuenstler.ch\/wp-content\/uploads\/2018\/03\/Herbst-an-der-Aare-400x266.jpg 400w, https:\/\/schmalz-kuenstler.ch\/wp-content\/uploads\/2018\/03\/Herbst-an-der-Aare-600x398.jpg 600w, https:\/\/schmalz-kuenstler.ch\/wp-content\/uploads\/2018\/03\/Herbst-an-der-Aare.jpg 800w\" sizes=\"(min-width: 2200px) 100vw, (min-width: 784px) 391px, (min-width: 712px) 587px, (min-width: 640px) 712px, \" \/><\/a><\/div><\/div><\/div><div class=\"swiper-slide\"><div class=\"fusion-carousel-item-wrapper\"><div class=\"fusion-image-wrapper hover-type-none\"><a data-rel=\"iLightbox[image_carousel_1]\" data-caption=\"Aquarell, 297 x210 mm\nPrivatbesitz Familien Linder und Marville\" data-title=\"Thunersee mit Niesen und Bl\u00fcmlisalp\" aria-label=\"Thunersee mit Niesen und Bl\u00fcmlisalp\" href=\"https:\/\/schmalz-kuenstler.ch\/wp-content\/uploads\/2018\/02\/Thunersee-mit-Niesen-und-Bl\u00fcmlisalp.jpg\" target=\"_self\"><img decoding=\"async\" width=\"800\" height=\"531\" src=\"https:\/\/schmalz-kuenstler.ch\/wp-content\/uploads\/2018\/02\/Thunersee-mit-Niesen-und-Bl\u00fcmlisalp.jpg\" class=\"attachment-full size-full\" alt=\"\" srcset=\"https:\/\/schmalz-kuenstler.ch\/wp-content\/uploads\/2018\/02\/Thunersee-mit-Niesen-und-Bl\u00fcmlisalp-200x133.jpg 200w, https:\/\/schmalz-kuenstler.ch\/wp-content\/uploads\/2018\/02\/Thunersee-mit-Niesen-und-Bl\u00fcmlisalp-400x266.jpg 400w, https:\/\/schmalz-kuenstler.ch\/wp-content\/uploads\/2018\/02\/Thunersee-mit-Niesen-und-Bl\u00fcmlisalp-600x398.jpg 600w, https:\/\/schmalz-kuenstler.ch\/wp-content\/uploads\/2018\/02\/Thunersee-mit-Niesen-und-Bl\u00fcmlisalp.jpg 800w\" sizes=\"(min-width: 2200px) 100vw, (min-width: 784px) 391px, (min-width: 712px) 587px, (min-width: 640px) 712px, \" \/><\/a><\/div><\/div><\/div><div class=\"swiper-slide\"><div class=\"fusion-carousel-item-wrapper\"><div class=\"fusion-image-wrapper hover-type-none\"><a data-rel=\"iLightbox[image_carousel_1]\" data-caption=\"Aquarell, 310 x230 mm\nPrivatbesitz Familien Linder und Marville\" data-title=\"Herbstliche Aare mit Niesen und Bl\u00fcmlisalp\" aria-label=\"Herbstliche Aare mit Niesen und Bl\u00fcmlisalp\" href=\"https:\/\/schmalz-kuenstler.ch\/wp-content\/uploads\/2018\/03\/Herbstliche-Aare-mit-Niesen-und-Bl\u00fcmlisalp.jpg\" target=\"_self\"><img decoding=\"async\" width=\"800\" height=\"531\" src=\"https:\/\/schmalz-kuenstler.ch\/wp-content\/uploads\/2018\/03\/Herbstliche-Aare-mit-Niesen-und-Bl\u00fcmlisalp.jpg\" class=\"attachment-full size-full\" alt=\"\" srcset=\"https:\/\/schmalz-kuenstler.ch\/wp-content\/uploads\/2018\/03\/Herbstliche-Aare-mit-Niesen-und-Bl\u00fcmlisalp-200x133.jpg 200w, https:\/\/schmalz-kuenstler.ch\/wp-content\/uploads\/2018\/03\/Herbstliche-Aare-mit-Niesen-und-Bl\u00fcmlisalp-400x266.jpg 400w, https:\/\/schmalz-kuenstler.ch\/wp-content\/uploads\/2018\/03\/Herbstliche-Aare-mit-Niesen-und-Bl\u00fcmlisalp-600x398.jpg 600w, https:\/\/schmalz-kuenstler.ch\/wp-content\/uploads\/2018\/03\/Herbstliche-Aare-mit-Niesen-und-Bl\u00fcmlisalp.jpg 800w\" sizes=\"(min-width: 2200px) 100vw, (min-width: 784px) 391px, (min-width: 712px) 587px, (min-width: 640px) 712px, \" \/><\/a><\/div><\/div><\/div><div class=\"swiper-slide\"><div class=\"fusion-carousel-item-wrapper\"><div class=\"fusion-image-wrapper hover-type-none\"><a data-rel=\"iLightbox[image_carousel_1]\" data-caption=\"Aquarell, aufgezogen auf Karton, 215 x150 mm\nPrivatbesitz Familien Linder und Marville\" data-title=\"Blick \u00fcber Konolfingen zur Stockhorkette\" aria-label=\"Blick \u00fcber Konolfingen zur Stockhorkette\" href=\"https:\/\/schmalz-kuenstler.ch\/wp-content\/uploads\/2018\/02\/Blick-\u00fcber-Konolfingen-zur-Stockhorkette.jpg\" target=\"_self\"><img decoding=\"async\" width=\"800\" height=\"531\" src=\"https:\/\/schmalz-kuenstler.ch\/wp-content\/uploads\/2018\/02\/Blick-\u00fcber-Konolfingen-zur-Stockhorkette.jpg\" class=\"attachment-full size-full\" alt=\"\" srcset=\"https:\/\/schmalz-kuenstler.ch\/wp-content\/uploads\/2018\/02\/Blick-\u00fcber-Konolfingen-zur-Stockhorkette-200x133.jpg 200w, https:\/\/schmalz-kuenstler.ch\/wp-content\/uploads\/2018\/02\/Blick-\u00fcber-Konolfingen-zur-Stockhorkette-400x266.jpg 400w, https:\/\/schmalz-kuenstler.ch\/wp-content\/uploads\/2018\/02\/Blick-\u00fcber-Konolfingen-zur-Stockhorkette-600x398.jpg 600w, https:\/\/schmalz-kuenstler.ch\/wp-content\/uploads\/2018\/02\/Blick-\u00fcber-Konolfingen-zur-Stockhorkette.jpg 800w\" sizes=\"(min-width: 2200px) 100vw, (min-width: 784px) 391px, (min-width: 712px) 587px, (min-width: 640px) 712px, \" \/><\/a><\/div><\/div><\/div><div class=\"swiper-slide\"><div class=\"fusion-carousel-item-wrapper\"><div class=\"fusion-image-wrapper hover-type-none\"><a data-rel=\"iLightbox[image_carousel_1]\" data-caption=\"Aquarell, 460 x235 mm\nPrivatbesitz \nPaul Schmalz Konolfingen\" data-title=\"Stalden i.E\" aria-label=\"Stalden i.E\" href=\"https:\/\/schmalz-kuenstler.ch\/wp-content\/uploads\/2018\/03\/Stalden-i.E.jpg\" target=\"_self\"><img decoding=\"async\" width=\"800\" height=\"531\" src=\"https:\/\/schmalz-kuenstler.ch\/wp-content\/uploads\/2018\/03\/Stalden-i.E.jpg\" class=\"attachment-full size-full\" alt=\"\" srcset=\"https:\/\/schmalz-kuenstler.ch\/wp-content\/uploads\/2018\/03\/Stalden-i.E-200x133.jpg 200w, https:\/\/schmalz-kuenstler.ch\/wp-content\/uploads\/2018\/03\/Stalden-i.E-400x266.jpg 400w, https:\/\/schmalz-kuenstler.ch\/wp-content\/uploads\/2018\/03\/Stalden-i.E-600x398.jpg 600w, https:\/\/schmalz-kuenstler.ch\/wp-content\/uploads\/2018\/03\/Stalden-i.E.jpg 800w\" sizes=\"(min-width: 2200px) 100vw, (min-width: 784px) 391px, (min-width: 712px) 587px, (min-width: 640px) 712px, \" \/><\/a><\/div><\/div><\/div><div class=\"swiper-slide\"><div class=\"fusion-carousel-item-wrapper\"><div class=\"fusion-image-wrapper hover-type-none\"><a data-rel=\"iLightbox[image_carousel_1]\" data-caption=\"Aquarell, 295 x 225 mm\nPrivatbesitz Familien Linder und Marville\" data-title=\"Tiefblick Richtung Gurnigel\" aria-label=\"Tiefblick Richtung Gurnigel\" href=\"https:\/\/schmalz-kuenstler.ch\/wp-content\/uploads\/2018\/03\/Tiefblick-Richtung-Gurnigel.jpg\" target=\"_self\"><img decoding=\"async\" width=\"800\" height=\"531\" src=\"https:\/\/schmalz-kuenstler.ch\/wp-content\/uploads\/2018\/03\/Tiefblick-Richtung-Gurnigel.jpg\" class=\"attachment-full size-full\" alt=\"\" srcset=\"https:\/\/schmalz-kuenstler.ch\/wp-content\/uploads\/2018\/03\/Tiefblick-Richtung-Gurnigel-200x133.jpg 200w, https:\/\/schmalz-kuenstler.ch\/wp-content\/uploads\/2018\/03\/Tiefblick-Richtung-Gurnigel-400x266.jpg 400w, https:\/\/schmalz-kuenstler.ch\/wp-content\/uploads\/2018\/03\/Tiefblick-Richtung-Gurnigel-600x398.jpg 600w, https:\/\/schmalz-kuenstler.ch\/wp-content\/uploads\/2018\/03\/Tiefblick-Richtung-Gurnigel.jpg 800w\" sizes=\"(min-width: 2200px) 100vw, (min-width: 784px) 391px, (min-width: 712px) 587px, (min-width: 640px) 712px, \" \/><\/a><\/div><\/div><\/div><div class=\"swiper-slide\"><div class=\"fusion-carousel-item-wrapper\"><div class=\"fusion-image-wrapper hover-type-none\"><a data-rel=\"iLightbox[image_carousel_1]\" data-caption=\"Aquarell, 220 x 290 mm\nPrivatbesitz Familien Linder und Marville\" data-title=\"Blumengarten\" aria-label=\"Blumengarten\" href=\"https:\/\/schmalz-kuenstler.ch\/wp-content\/uploads\/2018\/03\/Blumengarten.jpg\" target=\"_self\"><img decoding=\"async\" width=\"800\" height=\"531\" src=\"https:\/\/schmalz-kuenstler.ch\/wp-content\/uploads\/2018\/03\/Blumengarten.jpg\" class=\"attachment-full size-full\" alt=\"\" srcset=\"https:\/\/schmalz-kuenstler.ch\/wp-content\/uploads\/2018\/03\/Blumengarten-200x133.jpg 200w, https:\/\/schmalz-kuenstler.ch\/wp-content\/uploads\/2018\/03\/Blumengarten-400x266.jpg 400w, https:\/\/schmalz-kuenstler.ch\/wp-content\/uploads\/2018\/03\/Blumengarten-600x398.jpg 600w, https:\/\/schmalz-kuenstler.ch\/wp-content\/uploads\/2018\/03\/Blumengarten.jpg 800w\" sizes=\"(min-width: 2200px) 100vw, (min-width: 784px) 391px, (min-width: 712px) 587px, (min-width: 640px) 712px, \" \/><\/a><\/div><\/div><\/div><div class=\"swiper-slide\"><div class=\"fusion-carousel-item-wrapper\"><div class=\"fusion-image-wrapper hover-type-none\"><a data-rel=\"iLightbox[image_carousel_1]\" data-caption=\"Aquarell, 220 x290 mm\nPrivatbesitz Familien Linder und Marville\" data-title=\"Im Park\" aria-label=\"Im Park\" href=\"https:\/\/schmalz-kuenstler.ch\/wp-content\/uploads\/2018\/03\/Im-Park.jpg\" target=\"_self\"><img decoding=\"async\" width=\"800\" height=\"531\" src=\"https:\/\/schmalz-kuenstler.ch\/wp-content\/uploads\/2018\/03\/Im-Park.jpg\" class=\"attachment-full size-full\" alt=\"\" srcset=\"https:\/\/schmalz-kuenstler.ch\/wp-content\/uploads\/2018\/03\/Im-Park-200x133.jpg 200w, https:\/\/schmalz-kuenstler.ch\/wp-content\/uploads\/2018\/03\/Im-Park-400x266.jpg 400w, https:\/\/schmalz-kuenstler.ch\/wp-content\/uploads\/2018\/03\/Im-Park-600x398.jpg 600w, https:\/\/schmalz-kuenstler.ch\/wp-content\/uploads\/2018\/03\/Im-Park.jpg 800w\" sizes=\"(min-width: 2200px) 100vw, (min-width: 784px) 391px, (min-width: 712px) 587px, (min-width: 640px) 712px, \" \/><\/a><\/div><\/div><\/div><div class=\"swiper-slide\"><div class=\"fusion-carousel-item-wrapper\"><div class=\"fusion-image-wrapper hover-type-none\"><a data-rel=\"iLightbox[image_carousel_1]\" data-caption=\"\u00d6l auf Pavatex \n260 x140 mm\nPrivatbesitz Erika Gugger Heimberg\" data-title=\"Bauernhaus Streit Thungschneit\" aria-label=\"Bauernhaus Streit Thungschneit\" href=\"https:\/\/schmalz-kuenstler.ch\/wp-content\/uploads\/2018\/02\/Bauernhaus-Streit-Thungschneit-1.jpg\" target=\"_self\"><img decoding=\"async\" width=\"800\" height=\"531\" src=\"https:\/\/schmalz-kuenstler.ch\/wp-content\/uploads\/2018\/02\/Bauernhaus-Streit-Thungschneit-1.jpg\" class=\"attachment-full size-full\" alt=\"\" srcset=\"https:\/\/schmalz-kuenstler.ch\/wp-content\/uploads\/2018\/02\/Bauernhaus-Streit-Thungschneit-1-200x133.jpg 200w, https:\/\/schmalz-kuenstler.ch\/wp-content\/uploads\/2018\/02\/Bauernhaus-Streit-Thungschneit-1-400x266.jpg 400w, https:\/\/schmalz-kuenstler.ch\/wp-content\/uploads\/2018\/02\/Bauernhaus-Streit-Thungschneit-1-600x398.jpg 600w, https:\/\/schmalz-kuenstler.ch\/wp-content\/uploads\/2018\/02\/Bauernhaus-Streit-Thungschneit-1.jpg 800w\" sizes=\"(min-width: 2200px) 100vw, (min-width: 784px) 391px, (min-width: 712px) 587px, (min-width: 640px) 712px, \" \/><\/a><\/div><\/div><\/div><\/div><div class=\"awb-swiper-button awb-swiper-button-prev\"><i class=\"awb-icon-angle-left\" aria-hidden=\"true\"><\/i><\/div><div class=\"awb-swiper-button awb-swiper-button-next\"><i class=\"awb-icon-angle-right\" aria-hidden=\"true\"><\/i><\/div><\/div><\/div><div class=\"fusion-clearfix\"><\/div><\/div><\/div><\/div><\/div>\n","protected":false},"excerpt":{"rendered":"","protected":false},"author":2,"featured_media":0,"parent":0,"menu_order":0,"comment_status":"closed","ping_status":"closed","template":"","meta":{"footnotes":""},"class_list":["post-8","page","type-page","status-publish","hentry"],"_links":{"self":[{"href":"https:\/\/schmalz-kuenstler.ch\/index.php?rest_route=\/wp\/v2\/pages\/8","targetHints":{"allow":["GET"]}}],"collection":[{"href":"https:\/\/schmalz-kuenstler.ch\/index.php?rest_route=\/wp\/v2\/pages"}],"about":[{"href":"https:\/\/schmalz-kuenstler.ch\/index.php?rest_route=\/wp\/v2\/types\/page"}],"author":[{"embeddable":true,"href":"https:\/\/schmalz-kuenstler.ch\/index.php?rest_route=\/wp\/v2\/users\/2"}],"replies":[{"embeddable":true,"href":"https:\/\/schmalz-kuenstler.ch\/index.php?rest_route=%2Fwp%2Fv2%2Fcomments&post=8"}],"version-history":[{"count":37,"href":"https:\/\/schmalz-kuenstler.ch\/index.php?rest_route=\/wp\/v2\/pages\/8\/revisions"}],"predecessor-version":[{"id":404,"href":"https:\/\/schmalz-kuenstler.ch\/index.php?rest_route=\/wp\/v2\/pages\/8\/revisions\/404"}],"wp:attachment":[{"href":"https:\/\/schmalz-kuenstler.ch\/index.php?rest_route=%2Fwp%2Fv2%2Fmedia&parent=8"}],"curies":[{"name":"wp","href":"https:\/\/api.w.org\/{rel}","templated":true}]}}