{"id":23,"date":"2017-11-05T13:11:49","date_gmt":"2017-11-05T12:11:49","guid":{"rendered":"http:\/\/schmalz-kuenstler.ch\/?page_id=23"},"modified":"2018-03-15T18:54:11","modified_gmt":"2018-03-15T17:54:11","slug":"als-mosaikkuenstler","status":"publish","type":"page","link":"https:\/\/schmalz-kuenstler.ch\/?page_id=23","title":{"rendered":"der Mosaikk\u00fcnstler"},"content":{"rendered":"<div class=\"fusion-fullwidth fullwidth-box fusion-builder-row-1 nonhundred-percent-fullwidth non-hundred-percent-height-scrolling\" style=\"--awb-border-radius-top-left:0px;--awb-border-radius-top-right:0px;--awb-border-radius-bottom-right:0px;--awb-border-radius-bottom-left:0px;--awb-flex-wrap:wrap;\" ><div class=\"fusion-builder-row fusion-row\"><div class=\"fusion-layout-column fusion_builder_column fusion-builder-column-0 fusion_builder_column_1_1 1_1 fusion-one-full fusion-column-first fusion-column-last\" style=\"--awb-bg-size:cover;\"><div class=\"fusion-column-wrapper fusion-flex-column-wrapper-legacy\"><div class=\"fusion-title title fusion-title-1 fusion-sep-none fusion-title-text fusion-title-size-one\"><h1 class=\"fusion-title-heading title-heading-left\" style=\"margin:0;\"><h1>der Mosaikk\u00fcnstler<\/h1><\/h1><\/div><div class=\"fusion-text fusion-text-1\"><p>In der \u00abKunst der bunten Steine\u00bb er\u00f6ffnete sich C. A. Schmalz ein weites Experimentierfeld, das er vom kleinen Bild mit quadratischen Pl\u00e4ttchen bis zum grossformatigen Werk an \u00f6ffentlichen Geb\u00e4uden \u2013 gef\u00fcgt aus Natursteinen \u2013 immer weiter entwickelte.<\/p>\n<p>Seine \u00abSteine\u00bb kamen zuerst als einfarbige gleich grosse Pl\u00e4ttchen in alter Glasflusstechnik aus dem eigenen Brennofen; eine Spezialit\u00e4t: die goldfarbenen. Diese wurden dann zu Puzzleteilen \u2013 jedes in eigener Form \u2013, die passend bemalt dem K\u00fcnstler eine gr\u00f6ssere Gestaltungsm\u00f6glichkeit boten. Bilder malen mit keramischen Pl\u00e4ttchen.<\/p>\n<p>In der weiteren Entwicklung ersetzte Schmalz die Keramik-Pl\u00e4ttchen durch Steine aus der Natur, naheliegend aus der Aare. So entstanden aus Aarekieseln in verschiedensten Naturfarben \u2013 falls notwendig mit Hammer und Meissel in Handarbeit in die richtige Form gebracht \u2013 weitere beeindruckende Bilder.<\/p>\n<p>F\u00fcr Auftr\u00e4ge im \u00f6ffentlichen Raum entwickelte Schmalz verschiedenste Kombinationen und Abwandlungen seiner Mosaiktechniken bis hin zu keramischen Bildern oder gar Sgraffiti.<\/p>\n<p>Von den beiden grossformatigen Natursteinarbeiten \u00abKreuzigung\u00bb und \u00abAuferstehung\u00bb konnte sich Schmalz wahrscheinlich nicht trennen. Sie warten im Rebli auf einen Platz, wo sie vielen Betrachtern zug\u00e4nglich gemacht werden k\u00f6nnten.<\/p>\n<p>Das Schaffen von C. A. Schmalz als Mosaikk\u00fcnstler zeigt eine schier grenzenlose Experimentierfreude und beharrliche Eigenst\u00e4ndigkeit.<\/p>\n<\/div><div class=\"fusion-image-carousel fusion-image-carousel-auto fusion-image-carousel-1 lightbox-enabled fusion-carousel-border\"><div class=\"awb-carousel awb-swiper awb-swiper-carousel\" data-autoplay=\"no\" data-columns=\"3\" data-itemmargin=\"13\" data-itemwidth=\"180\" data-touchscroll=\"no\" data-imagesize=\"auto\" style=\"--awb-columns:3;\"><div class=\"swiper-wrapper awb-image-carousel-wrapper fusion-flex-align-items-center\"><div class=\"swiper-slide\"><div class=\"fusion-carousel-item-wrapper\"><div class=\"fusion-image-wrapper hover-type-none\"><a data-rel=\"iLightbox[image_carousel_1]\" data-caption=\"Keramik-Mosaik, \n200x220 cm\nEingang Kirche Heimberg\" data-title=\"Der verlorene Sohn\" aria-label=\"Der verlorene Sohn\" href=\"https:\/\/schmalz-kuenstler.ch\/wp-content\/uploads\/2018\/02\/Der-verlorene-Sohn-1.jpg\" target=\"_self\"><img decoding=\"async\" width=\"800\" height=\"531\" src=\"https:\/\/schmalz-kuenstler.ch\/wp-content\/uploads\/2018\/02\/Der-verlorene-Sohn-1.jpg\" class=\"attachment-full size-full\" alt=\"\" srcset=\"https:\/\/schmalz-kuenstler.ch\/wp-content\/uploads\/2018\/02\/Der-verlorene-Sohn-1-200x133.jpg 200w, https:\/\/schmalz-kuenstler.ch\/wp-content\/uploads\/2018\/02\/Der-verlorene-Sohn-1-400x266.jpg 400w, https:\/\/schmalz-kuenstler.ch\/wp-content\/uploads\/2018\/02\/Der-verlorene-Sohn-1-600x398.jpg 600w, https:\/\/schmalz-kuenstler.ch\/wp-content\/uploads\/2018\/02\/Der-verlorene-Sohn-1.jpg 800w\" sizes=\"(min-width: 2200px) 100vw, (min-width: 784px) 391px, (min-width: 712px) 587px, (min-width: 640px) 712px, \" \/><\/a><\/div><\/div><\/div><div class=\"swiper-slide\"><div class=\"fusion-carousel-item-wrapper\"><div class=\"fusion-image-wrapper hover-type-none\"><a data-rel=\"iLightbox[image_carousel_1]\" data-caption=\"Wandmosaik zu Brunnen\nSch\u00f6nau Bern\nWasserverbund Region Bern AG\" data-title=\"Satyr\" aria-label=\"Satyr\" href=\"https:\/\/schmalz-kuenstler.ch\/wp-content\/uploads\/2018\/02\/Satyr.jpg\" target=\"_self\"><img decoding=\"async\" width=\"800\" height=\"531\" src=\"https:\/\/schmalz-kuenstler.ch\/wp-content\/uploads\/2018\/02\/Satyr.jpg\" class=\"attachment-full size-full\" alt=\"\" srcset=\"https:\/\/schmalz-kuenstler.ch\/wp-content\/uploads\/2018\/02\/Satyr-200x133.jpg 200w, https:\/\/schmalz-kuenstler.ch\/wp-content\/uploads\/2018\/02\/Satyr-400x266.jpg 400w, https:\/\/schmalz-kuenstler.ch\/wp-content\/uploads\/2018\/02\/Satyr-600x398.jpg 600w, https:\/\/schmalz-kuenstler.ch\/wp-content\/uploads\/2018\/02\/Satyr.jpg 800w\" sizes=\"(min-width: 2200px) 100vw, (min-width: 784px) 391px, (min-width: 712px) 587px, (min-width: 640px) 712px, \" \/><\/a><\/div><\/div><\/div><div class=\"swiper-slide\"><div class=\"fusion-carousel-item-wrapper\"><div class=\"fusion-image-wrapper hover-type-none\"><a data-rel=\"iLightbox[image_carousel_1]\" data-caption=\"Mosaik\nBesitzer M.Schmalz, Zweisimmen\" data-title=\"Karneval\" aria-label=\"Karneval\" href=\"https:\/\/schmalz-kuenstler.ch\/wp-content\/uploads\/2018\/03\/Karneval-400x266.jpg\" target=\"_self\"><img decoding=\"async\" width=\"800\" height=\"531\" src=\"https:\/\/schmalz-kuenstler.ch\/wp-content\/uploads\/2018\/03\/Karneval.jpg\" class=\"attachment-full size-full\" alt=\"\" srcset=\"https:\/\/schmalz-kuenstler.ch\/wp-content\/uploads\/2018\/03\/Karneval-200x133.jpg 200w, https:\/\/schmalz-kuenstler.ch\/wp-content\/uploads\/2018\/03\/Karneval-400x266.jpg 400w, https:\/\/schmalz-kuenstler.ch\/wp-content\/uploads\/2018\/03\/Karneval-600x398.jpg 600w, https:\/\/schmalz-kuenstler.ch\/wp-content\/uploads\/2018\/03\/Karneval.jpg 800w\" sizes=\"(min-width: 2200px) 100vw, (min-width: 784px) 391px, (min-width: 712px) 587px, (min-width: 640px) 712px, \" \/><\/a><\/div><\/div><\/div><div class=\"swiper-slide\"><div class=\"fusion-carousel-item-wrapper\"><div class=\"fusion-image-wrapper hover-type-none\"><a data-rel=\"iLightbox[image_carousel_1]\" data-caption=\"Mosaik aus Aaresteieren\nca. 6x4.5m Wasserfassung der Stadt Bern\n\" data-title=\"Kreislauf des Wassers\" aria-label=\"Kreislauf des Wassers\" href=\"https:\/\/schmalz-kuenstler.ch\/wp-content\/uploads\/2018\/02\/Kreislauf-des-Wassers.jpg\" target=\"_self\"><img decoding=\"async\" width=\"800\" height=\"531\" src=\"https:\/\/schmalz-kuenstler.ch\/wp-content\/uploads\/2018\/02\/Kreislauf-des-Wassers.jpg\" class=\"attachment-full size-full\" alt=\"\" srcset=\"https:\/\/schmalz-kuenstler.ch\/wp-content\/uploads\/2018\/02\/Kreislauf-des-Wassers-200x133.jpg 200w, https:\/\/schmalz-kuenstler.ch\/wp-content\/uploads\/2018\/02\/Kreislauf-des-Wassers-400x266.jpg 400w, https:\/\/schmalz-kuenstler.ch\/wp-content\/uploads\/2018\/02\/Kreislauf-des-Wassers-600x398.jpg 600w, https:\/\/schmalz-kuenstler.ch\/wp-content\/uploads\/2018\/02\/Kreislauf-des-Wassers.jpg 800w\" sizes=\"(min-width: 2200px) 100vw, (min-width: 784px) 391px, (min-width: 712px) 587px, (min-width: 640px) 712px, \" \/><\/a><\/div><\/div><\/div><div class=\"swiper-slide\"><div class=\"fusion-carousel-item-wrapper\"><div class=\"fusion-image-wrapper hover-type-none\"><a data-rel=\"iLightbox[image_carousel_1]\" data-caption=\"Keramik -Mosaik 1956\n300x250 cm\nSchulhaus Linden\" data-title=\"Der S\u00e4mann\" aria-label=\"Der S\u00e4mann\" href=\"https:\/\/schmalz-kuenstler.ch\/wp-content\/uploads\/2018\/02\/S\u00e4mann.jpg\" target=\"_self\"><img decoding=\"async\" width=\"800\" height=\"531\" src=\"https:\/\/schmalz-kuenstler.ch\/wp-content\/uploads\/2018\/02\/S\u00e4mann.jpg\" class=\"attachment-full size-full\" alt=\"\" srcset=\"https:\/\/schmalz-kuenstler.ch\/wp-content\/uploads\/2018\/02\/S\u00e4mann-200x133.jpg 200w, https:\/\/schmalz-kuenstler.ch\/wp-content\/uploads\/2018\/02\/S\u00e4mann-400x266.jpg 400w, https:\/\/schmalz-kuenstler.ch\/wp-content\/uploads\/2018\/02\/S\u00e4mann-600x398.jpg 600w, https:\/\/schmalz-kuenstler.ch\/wp-content\/uploads\/2018\/02\/S\u00e4mann.jpg 800w\" sizes=\"(min-width: 2200px) 100vw, (min-width: 784px) 391px, (min-width: 712px) 587px, (min-width: 640px) 712px, \" \/><\/a><\/div><\/div><\/div><div class=\"swiper-slide\"><div class=\"fusion-carousel-item-wrapper\"><div class=\"fusion-image-wrapper hover-type-none\"><a data-rel=\"iLightbox[image_carousel_1]\" data-caption=\"Keramik Mosaik\n460 x480 mm\nin Privathaus, Lausanne\" data-title=\"Mann mit Hut\" aria-label=\"Mann mit Hut\" href=\"https:\/\/schmalz-kuenstler.ch\/wp-content\/uploads\/2018\/02\/Mann-mit-Hut.jpg\" target=\"_self\"><img decoding=\"async\" width=\"800\" height=\"531\" src=\"https:\/\/schmalz-kuenstler.ch\/wp-content\/uploads\/2018\/02\/Mann-mit-Hut.jpg\" class=\"attachment-full size-full\" alt=\"\" srcset=\"https:\/\/schmalz-kuenstler.ch\/wp-content\/uploads\/2018\/02\/Mann-mit-Hut-200x133.jpg 200w, https:\/\/schmalz-kuenstler.ch\/wp-content\/uploads\/2018\/02\/Mann-mit-Hut-400x266.jpg 400w, https:\/\/schmalz-kuenstler.ch\/wp-content\/uploads\/2018\/02\/Mann-mit-Hut-600x398.jpg 600w, https:\/\/schmalz-kuenstler.ch\/wp-content\/uploads\/2018\/02\/Mann-mit-Hut.jpg 800w\" sizes=\"(min-width: 2200px) 100vw, (min-width: 784px) 391px, (min-width: 712px) 587px, (min-width: 640px) 712px, \" \/><\/a><\/div><\/div><\/div><div class=\"swiper-slide\"><div class=\"fusion-carousel-item-wrapper\"><div class=\"fusion-image-wrapper hover-type-none\"><a data-rel=\"iLightbox[image_carousel_1]\" data-caption=\"Keramik-Mosaik\n50x120 cm\naltes Pfarrhaus Heimberg\" data-title=\"Stillende Mutter\" aria-label=\"Stillende Mutter\" href=\"https:\/\/schmalz-kuenstler.ch\/wp-content\/uploads\/2018\/02\/Stillende-Mutter.jpg\" target=\"_self\"><img decoding=\"async\" width=\"800\" height=\"531\" src=\"https:\/\/schmalz-kuenstler.ch\/wp-content\/uploads\/2018\/02\/Stillende-Mutter.jpg\" class=\"attachment-full size-full\" alt=\"\" srcset=\"https:\/\/schmalz-kuenstler.ch\/wp-content\/uploads\/2018\/02\/Stillende-Mutter-200x133.jpg 200w, https:\/\/schmalz-kuenstler.ch\/wp-content\/uploads\/2018\/02\/Stillende-Mutter-400x266.jpg 400w, https:\/\/schmalz-kuenstler.ch\/wp-content\/uploads\/2018\/02\/Stillende-Mutter-600x398.jpg 600w, https:\/\/schmalz-kuenstler.ch\/wp-content\/uploads\/2018\/02\/Stillende-Mutter.jpg 800w\" sizes=\"(min-width: 2200px) 100vw, (min-width: 784px) 391px, (min-width: 712px) 587px, (min-width: 640px) 712px, \" \/><\/a><\/div><\/div><\/div><div class=\"swiper-slide\"><div class=\"fusion-carousel-item-wrapper\"><div class=\"fusion-image-wrapper hover-type-none\"><a data-rel=\"iLightbox[image_carousel_1]\" data-caption=\"Keramik-Mosaik an\nFassade Geb\u00e4ude ehemals\nDr.Graf\" data-title=\"Enten im Flug\" aria-label=\"Enten im Flug\" href=\"https:\/\/schmalz-kuenstler.ch\/wp-content\/uploads\/2018\/02\/Enten-im-Flug.jpg\" target=\"_self\"><img decoding=\"async\" width=\"800\" height=\"531\" src=\"https:\/\/schmalz-kuenstler.ch\/wp-content\/uploads\/2018\/02\/Enten-im-Flug.jpg\" class=\"attachment-full size-full\" alt=\"\" srcset=\"https:\/\/schmalz-kuenstler.ch\/wp-content\/uploads\/2018\/02\/Enten-im-Flug-200x133.jpg 200w, https:\/\/schmalz-kuenstler.ch\/wp-content\/uploads\/2018\/02\/Enten-im-Flug-400x266.jpg 400w, https:\/\/schmalz-kuenstler.ch\/wp-content\/uploads\/2018\/02\/Enten-im-Flug-600x398.jpg 600w, https:\/\/schmalz-kuenstler.ch\/wp-content\/uploads\/2018\/02\/Enten-im-Flug.jpg 800w\" sizes=\"(min-width: 2200px) 100vw, (min-width: 784px) 391px, (min-width: 712px) 587px, (min-width: 640px) 712px, \" \/><\/a><\/div><\/div><\/div><div class=\"swiper-slide\"><div class=\"fusion-carousel-item-wrapper\"><div class=\"fusion-image-wrapper hover-type-none\"><a data-rel=\"iLightbox[image_carousel_1]\" data-caption=\"Keramik-Mosaik\n450x515 cm\nPrivatbesitz Linder Marville\" data-title=\"Frau\" aria-label=\"Frau\" href=\"https:\/\/schmalz-kuenstler.ch\/wp-content\/uploads\/2018\/02\/Frau.jpg\" target=\"_self\"><img decoding=\"async\" width=\"800\" height=\"531\" src=\"https:\/\/schmalz-kuenstler.ch\/wp-content\/uploads\/2018\/02\/Frau.jpg\" class=\"attachment-full size-full\" alt=\"\" srcset=\"https:\/\/schmalz-kuenstler.ch\/wp-content\/uploads\/2018\/02\/Frau-200x133.jpg 200w, https:\/\/schmalz-kuenstler.ch\/wp-content\/uploads\/2018\/02\/Frau-400x266.jpg 400w, https:\/\/schmalz-kuenstler.ch\/wp-content\/uploads\/2018\/02\/Frau-600x398.jpg 600w, https:\/\/schmalz-kuenstler.ch\/wp-content\/uploads\/2018\/02\/Frau.jpg 800w\" sizes=\"(min-width: 2200px) 100vw, (min-width: 784px) 391px, (min-width: 712px) 587px, (min-width: 640px) 712px, \" \/><\/a><\/div><\/div><\/div><div class=\"swiper-slide\"><div class=\"fusion-carousel-item-wrapper\"><div class=\"fusion-image-wrapper hover-type-none\"><a data-rel=\"iLightbox[image_carousel_1]\" data-caption=\"Keramik-Mosaik\n104x133\nHotel B\u00e4ren Bern\" data-title=\"B\u00e4r\" aria-label=\"B\u00e4r\" href=\"https:\/\/schmalz-kuenstler.ch\/wp-content\/uploads\/2018\/02\/B\u00e4r.jpg\" target=\"_self\"><img decoding=\"async\" width=\"800\" height=\"531\" src=\"https:\/\/schmalz-kuenstler.ch\/wp-content\/uploads\/2018\/02\/B\u00e4r.jpg\" class=\"attachment-full size-full\" alt=\"\" srcset=\"https:\/\/schmalz-kuenstler.ch\/wp-content\/uploads\/2018\/02\/B\u00e4r-200x133.jpg 200w, https:\/\/schmalz-kuenstler.ch\/wp-content\/uploads\/2018\/02\/B\u00e4r-400x266.jpg 400w, https:\/\/schmalz-kuenstler.ch\/wp-content\/uploads\/2018\/02\/B\u00e4r-600x398.jpg 600w, https:\/\/schmalz-kuenstler.ch\/wp-content\/uploads\/2018\/02\/B\u00e4r.jpg 800w\" sizes=\"(min-width: 2200px) 100vw, (min-width: 784px) 391px, (min-width: 712px) 587px, (min-width: 640px) 712px, \" \/><\/a><\/div><\/div><\/div><div class=\"swiper-slide\"><div class=\"fusion-carousel-item-wrapper\"><div class=\"fusion-image-wrapper hover-type-none\"><a data-rel=\"iLightbox[image_carousel_1]\" data-caption=\"Mosaik an Atelier Fassade\n107x140 cm\nPrivatbesitz Linder Marville\" data-title=\"Jagdg\u00f6ttin Diana\" aria-label=\"Jagdg\u00f6ttin Diana\" href=\"https:\/\/schmalz-kuenstler.ch\/wp-content\/uploads\/2018\/02\/Jagdg\u00f6ttin-Diana.jpg\" target=\"_self\"><img decoding=\"async\" width=\"800\" height=\"531\" src=\"https:\/\/schmalz-kuenstler.ch\/wp-content\/uploads\/2018\/02\/Jagdg\u00f6ttin-Diana.jpg\" class=\"attachment-full size-full\" alt=\"\" srcset=\"https:\/\/schmalz-kuenstler.ch\/wp-content\/uploads\/2018\/02\/Jagdg\u00f6ttin-Diana-200x133.jpg 200w, https:\/\/schmalz-kuenstler.ch\/wp-content\/uploads\/2018\/02\/Jagdg\u00f6ttin-Diana-400x266.jpg 400w, https:\/\/schmalz-kuenstler.ch\/wp-content\/uploads\/2018\/02\/Jagdg\u00f6ttin-Diana-600x398.jpg 600w, https:\/\/schmalz-kuenstler.ch\/wp-content\/uploads\/2018\/02\/Jagdg\u00f6ttin-Diana.jpg 800w\" sizes=\"(min-width: 2200px) 100vw, (min-width: 784px) 391px, (min-width: 712px) 587px, (min-width: 640px) 712px, \" \/><\/a><\/div><\/div><\/div><div class=\"swiper-slide\"><div class=\"fusion-carousel-item-wrapper\"><div class=\"fusion-image-wrapper hover-type-none\"><a data-rel=\"iLightbox[image_carousel_1]\" data-caption=\"Keramik-Mosaik, \naltes Schwesternhaus Spital Oberdiessbach\nStiftung Kastanienpark\" data-title=\"Sonnenblume mit Vogel\" aria-label=\"Sonnenblume mit Vogel\" href=\"https:\/\/schmalz-kuenstler.ch\/wp-content\/uploads\/2018\/03\/Sonnenblume-mit-Vogel.jpg\" target=\"_self\"><img decoding=\"async\" width=\"800\" height=\"531\" src=\"https:\/\/schmalz-kuenstler.ch\/wp-content\/uploads\/2018\/03\/Sonnenblume-mit-Vogel.jpg\" class=\"attachment-full size-full\" alt=\"\" srcset=\"https:\/\/schmalz-kuenstler.ch\/wp-content\/uploads\/2018\/03\/Sonnenblume-mit-Vogel-200x133.jpg 200w, https:\/\/schmalz-kuenstler.ch\/wp-content\/uploads\/2018\/03\/Sonnenblume-mit-Vogel-400x266.jpg 400w, https:\/\/schmalz-kuenstler.ch\/wp-content\/uploads\/2018\/03\/Sonnenblume-mit-Vogel-600x398.jpg 600w, https:\/\/schmalz-kuenstler.ch\/wp-content\/uploads\/2018\/03\/Sonnenblume-mit-Vogel.jpg 800w\" sizes=\"(min-width: 2200px) 100vw, (min-width: 784px) 391px, (min-width: 712px) 587px, (min-width: 640px) 712px, \" \/><\/a><\/div><\/div><\/div><div class=\"swiper-slide\"><div class=\"fusion-carousel-item-wrapper\"><div class=\"fusion-image-wrapper hover-type-none\"><a data-rel=\"iLightbox[image_carousel_1]\" data-caption=\"Keramik \nan Nordfassade Rebli Privatbesitz Familien Linder und Marville\" data-title=\"Fusswaschung\" aria-label=\"Fusswaschung\" href=\"https:\/\/schmalz-kuenstler.ch\/wp-content\/uploads\/2018\/03\/Fusswaschung.jpg\" target=\"_self\"><img decoding=\"async\" width=\"800\" height=\"531\" src=\"https:\/\/schmalz-kuenstler.ch\/wp-content\/uploads\/2018\/03\/Fusswaschung.jpg\" class=\"attachment-full size-full\" alt=\"\" srcset=\"https:\/\/schmalz-kuenstler.ch\/wp-content\/uploads\/2018\/03\/Fusswaschung-200x133.jpg 200w, https:\/\/schmalz-kuenstler.ch\/wp-content\/uploads\/2018\/03\/Fusswaschung-400x266.jpg 400w, https:\/\/schmalz-kuenstler.ch\/wp-content\/uploads\/2018\/03\/Fusswaschung-600x398.jpg 600w, https:\/\/schmalz-kuenstler.ch\/wp-content\/uploads\/2018\/03\/Fusswaschung.jpg 800w\" sizes=\"(min-width: 2200px) 100vw, (min-width: 784px) 391px, (min-width: 712px) 587px, (min-width: 640px) 712px, \" \/><\/a><\/div><\/div><\/div><div class=\"swiper-slide\"><div class=\"fusion-carousel-item-wrapper\"><div class=\"fusion-image-wrapper hover-type-none\"><a data-rel=\"iLightbox[image_carousel_1]\" data-caption=\"Keramik-Mosaik, \n180 x 124 cm\nPrivatbesitz Familien Linder und Marville\" data-title=\"Tanzende\" aria-label=\"Tanzende\" href=\"https:\/\/schmalz-kuenstler.ch\/wp-content\/uploads\/2018\/03\/Tanzende.jpg\" target=\"_self\"><img decoding=\"async\" width=\"800\" height=\"531\" src=\"https:\/\/schmalz-kuenstler.ch\/wp-content\/uploads\/2018\/03\/Tanzende.jpg\" class=\"attachment-full size-full\" alt=\"\" srcset=\"https:\/\/schmalz-kuenstler.ch\/wp-content\/uploads\/2018\/03\/Tanzende-200x133.jpg 200w, https:\/\/schmalz-kuenstler.ch\/wp-content\/uploads\/2018\/03\/Tanzende-400x266.jpg 400w, https:\/\/schmalz-kuenstler.ch\/wp-content\/uploads\/2018\/03\/Tanzende-600x398.jpg 600w, https:\/\/schmalz-kuenstler.ch\/wp-content\/uploads\/2018\/03\/Tanzende.jpg 800w\" sizes=\"(min-width: 2200px) 100vw, (min-width: 784px) 391px, (min-width: 712px) 587px, (min-width: 640px) 712px, \" \/><\/a><\/div><\/div><\/div><div class=\"swiper-slide\"><div class=\"fusion-carousel-item-wrapper\"><div class=\"fusion-image-wrapper hover-type-none\"><a data-rel=\"iLightbox[image_carousel_1]\" data-caption=\"Naturstein-Mosaik\n180 x 124 cm\nPrivatbesitz Familien Linder und Marville\" data-title=\"Totentanz\" aria-label=\"Totentanz\" href=\"https:\/\/schmalz-kuenstler.ch\/wp-content\/uploads\/2018\/03\/Totentanz.jpg\" target=\"_self\"><img decoding=\"async\" width=\"800\" height=\"531\" src=\"https:\/\/schmalz-kuenstler.ch\/wp-content\/uploads\/2018\/03\/Totentanz.jpg\" class=\"attachment-full size-full\" alt=\"\" srcset=\"https:\/\/schmalz-kuenstler.ch\/wp-content\/uploads\/2018\/03\/Totentanz-200x133.jpg 200w, https:\/\/schmalz-kuenstler.ch\/wp-content\/uploads\/2018\/03\/Totentanz-400x266.jpg 400w, https:\/\/schmalz-kuenstler.ch\/wp-content\/uploads\/2018\/03\/Totentanz-600x398.jpg 600w, https:\/\/schmalz-kuenstler.ch\/wp-content\/uploads\/2018\/03\/Totentanz.jpg 800w\" sizes=\"(min-width: 2200px) 100vw, (min-width: 784px) 391px, (min-width: 712px) 587px, (min-width: 640px) 712px, \" \/><\/a><\/div><\/div><\/div><div class=\"swiper-slide\"><div class=\"fusion-carousel-item-wrapper\"><div class=\"fusion-image-wrapper hover-type-none\"><a data-rel=\"iLightbox[image_carousel_1]\" data-caption=\"Naturstein-Mosaik,\n670 x 780 mm\nPrivatbesitz Familien Linder und Marville\" data-title=\"Ritter mit Schlosst\u00fcrmen\" aria-label=\"Ritter mit Schlosst\u00fcrmen\" href=\"https:\/\/schmalz-kuenstler.ch\/wp-content\/uploads\/2018\/03\/Ritter-mit-Schlosst\u00fcrmen.jpg\" target=\"_self\"><img decoding=\"async\" width=\"800\" height=\"531\" src=\"https:\/\/schmalz-kuenstler.ch\/wp-content\/uploads\/2018\/03\/Ritter-mit-Schlosst\u00fcrmen.jpg\" class=\"attachment-full size-full\" alt=\"aus Distanz zu betrachten\" srcset=\"https:\/\/schmalz-kuenstler.ch\/wp-content\/uploads\/2018\/03\/Ritter-mit-Schlosst\u00fcrmen-200x133.jpg 200w, https:\/\/schmalz-kuenstler.ch\/wp-content\/uploads\/2018\/03\/Ritter-mit-Schlosst\u00fcrmen-400x266.jpg 400w, https:\/\/schmalz-kuenstler.ch\/wp-content\/uploads\/2018\/03\/Ritter-mit-Schlosst\u00fcrmen-600x398.jpg 600w, https:\/\/schmalz-kuenstler.ch\/wp-content\/uploads\/2018\/03\/Ritter-mit-Schlosst\u00fcrmen.jpg 800w\" sizes=\"(min-width: 2200px) 100vw, (min-width: 784px) 391px, (min-width: 712px) 587px, (min-width: 640px) 712px, \" \/><\/a><\/div><\/div><\/div><div class=\"swiper-slide\"><div class=\"fusion-carousel-item-wrapper\"><div class=\"fusion-image-wrapper hover-type-none\"><a data-rel=\"iLightbox[image_carousel_1]\" data-caption=\"Keramik-Mosaik, 1953,\n250 x 180 mm,\nSchulhaus Ubtere Au\nHeimberg\" data-title=\"M\u00fctter\" aria-label=\"M\u00fctter\" href=\"https:\/\/schmalz-kuenstler.ch\/wp-content\/uploads\/2018\/03\/M\u00fctter.jpg\" target=\"_self\"><img decoding=\"async\" width=\"800\" height=\"531\" src=\"https:\/\/schmalz-kuenstler.ch\/wp-content\/uploads\/2018\/03\/M\u00fctter.jpg\" class=\"attachment-full size-full\" alt=\"Zugunsten einer Wandisolationmit M\u00f6rtel abgedeckt\" srcset=\"https:\/\/schmalz-kuenstler.ch\/wp-content\/uploads\/2018\/03\/M\u00fctter-200x133.jpg 200w, https:\/\/schmalz-kuenstler.ch\/wp-content\/uploads\/2018\/03\/M\u00fctter-400x266.jpg 400w, https:\/\/schmalz-kuenstler.ch\/wp-content\/uploads\/2018\/03\/M\u00fctter-600x398.jpg 600w, https:\/\/schmalz-kuenstler.ch\/wp-content\/uploads\/2018\/03\/M\u00fctter.jpg 800w\" sizes=\"(min-width: 2200px) 100vw, (min-width: 784px) 391px, (min-width: 712px) 587px, (min-width: 640px) 712px, \" \/><\/a><\/div><\/div><\/div><div class=\"swiper-slide\"><div class=\"fusion-carousel-item-wrapper\"><div class=\"fusion-image-wrapper hover-type-none\"><a data-rel=\"iLightbox[image_carousel_1]\" data-caption=\"Keramik-Mosaik, 1933,\n600 x 600 cm\nSternbild 4. Mai 1900\nAdelboden, durch Brand zerst\u00f6rt\" data-title=\"Sternenhimmel\" aria-label=\"Sternenhimmel\" href=\"https:\/\/schmalz-kuenstler.ch\/wp-content\/uploads\/2018\/03\/Sternenhimmel.jpg\" target=\"_self\"><img decoding=\"async\" width=\"800\" height=\"531\" src=\"https:\/\/schmalz-kuenstler.ch\/wp-content\/uploads\/2018\/03\/Sternenhimmel.jpg\" class=\"attachment-full size-full\" alt=\"\" srcset=\"https:\/\/schmalz-kuenstler.ch\/wp-content\/uploads\/2018\/03\/Sternenhimmel-200x133.jpg 200w, https:\/\/schmalz-kuenstler.ch\/wp-content\/uploads\/2018\/03\/Sternenhimmel-400x266.jpg 400w, https:\/\/schmalz-kuenstler.ch\/wp-content\/uploads\/2018\/03\/Sternenhimmel-600x398.jpg 600w, https:\/\/schmalz-kuenstler.ch\/wp-content\/uploads\/2018\/03\/Sternenhimmel.jpg 800w\" sizes=\"(min-width: 2200px) 100vw, (min-width: 784px) 391px, (min-width: 712px) 587px, (min-width: 640px) 712px, \" \/><\/a><\/div><\/div><\/div><div class=\"swiper-slide\"><div class=\"fusion-carousel-item-wrapper\"><div class=\"fusion-image-wrapper hover-type-none\"><a data-rel=\"iLightbox[image_carousel_1]\" data-caption=\"Keramik-Mosaik,\n140 x 120 cm\nFoto-R\u00fcckseite &quot;Bes. Lanz jun. Rohrbach i-E-&quot;\" data-title=\"Pferd und Reiter\" aria-label=\"Pferd und Reiter\" href=\"https:\/\/schmalz-kuenstler.ch\/wp-content\/uploads\/2018\/03\/Pferd-und-Reiter.jpg\" target=\"_self\"><img decoding=\"async\" width=\"800\" height=\"531\" src=\"https:\/\/schmalz-kuenstler.ch\/wp-content\/uploads\/2018\/03\/Pferd-und-Reiter.jpg\" class=\"attachment-full size-full\" alt=\"Nachsuche durch Gemeindeverwaltung erfolglos\" srcset=\"https:\/\/schmalz-kuenstler.ch\/wp-content\/uploads\/2018\/03\/Pferd-und-Reiter-200x133.jpg 200w, https:\/\/schmalz-kuenstler.ch\/wp-content\/uploads\/2018\/03\/Pferd-und-Reiter-400x266.jpg 400w, https:\/\/schmalz-kuenstler.ch\/wp-content\/uploads\/2018\/03\/Pferd-und-Reiter-600x398.jpg 600w, https:\/\/schmalz-kuenstler.ch\/wp-content\/uploads\/2018\/03\/Pferd-und-Reiter.jpg 800w\" sizes=\"(min-width: 2200px) 100vw, (min-width: 784px) 391px, (min-width: 712px) 587px, (min-width: 640px) 712px, \" \/><\/a><\/div><\/div><\/div><div class=\"swiper-slide\"><div class=\"fusion-carousel-item-wrapper\"><div class=\"fusion-image-wrapper hover-type-none\"><a data-rel=\"iLightbox[image_carousel_1]\" data-caption=\"Mosaik, \nabgedeckt erhalten\nSchulhaus Oberh\u00fcnigen\" data-title=\"Der gute Hirte\" aria-label=\"Der gute Hirte\" href=\"https:\/\/schmalz-kuenstler.ch\/wp-content\/uploads\/2018\/03\/Der-gute-Hirte.jpg\" target=\"_self\"><img decoding=\"async\" width=\"800\" height=\"531\" src=\"https:\/\/schmalz-kuenstler.ch\/wp-content\/uploads\/2018\/03\/Der-gute-Hirte.jpg\" class=\"attachment-full size-full\" alt=\"\" srcset=\"https:\/\/schmalz-kuenstler.ch\/wp-content\/uploads\/2018\/03\/Der-gute-Hirte-200x133.jpg 200w, https:\/\/schmalz-kuenstler.ch\/wp-content\/uploads\/2018\/03\/Der-gute-Hirte-400x266.jpg 400w, https:\/\/schmalz-kuenstler.ch\/wp-content\/uploads\/2018\/03\/Der-gute-Hirte-600x398.jpg 600w, https:\/\/schmalz-kuenstler.ch\/wp-content\/uploads\/2018\/03\/Der-gute-Hirte.jpg 800w\" sizes=\"(min-width: 2200px) 100vw, (min-width: 784px) 391px, (min-width: 712px) 587px, (min-width: 640px) 712px, \" \/><\/a><\/div><\/div><\/div><div class=\"swiper-slide\"><div class=\"fusion-carousel-item-wrapper\"><div class=\"fusion-image-wrapper hover-type-none\"><a data-rel=\"iLightbox[image_carousel_1]\" data-caption=\"Keramik Mosaik,\nErsparniskasse Oberdiessbach,\nzerst\u00f6rt beim Umbau\" data-title=\"Bukephalos Streitross von Alexanderdem Grossen\" aria-label=\"Bukephalos Streitross von Alexanderdem Grossen\" href=\"https:\/\/schmalz-kuenstler.ch\/wp-content\/uploads\/2018\/03\/Bukephalos-Streitross-von-Alexanderdem-Grossen.jpg\" target=\"_self\"><img decoding=\"async\" width=\"800\" height=\"531\" src=\"https:\/\/schmalz-kuenstler.ch\/wp-content\/uploads\/2018\/03\/Bukephalos-Streitross-von-Alexanderdem-Grossen.jpg\" class=\"attachment-full size-full\" alt=\"\" srcset=\"https:\/\/schmalz-kuenstler.ch\/wp-content\/uploads\/2018\/03\/Bukephalos-Streitross-von-Alexanderdem-Grossen-200x133.jpg 200w, https:\/\/schmalz-kuenstler.ch\/wp-content\/uploads\/2018\/03\/Bukephalos-Streitross-von-Alexanderdem-Grossen-400x266.jpg 400w, https:\/\/schmalz-kuenstler.ch\/wp-content\/uploads\/2018\/03\/Bukephalos-Streitross-von-Alexanderdem-Grossen-600x398.jpg 600w, https:\/\/schmalz-kuenstler.ch\/wp-content\/uploads\/2018\/03\/Bukephalos-Streitross-von-Alexanderdem-Grossen.jpg 800w\" sizes=\"(min-width: 2200px) 100vw, (min-width: 784px) 391px, (min-width: 712px) 587px, (min-width: 640px) 712px, \" \/><\/a><\/div><\/div><\/div><div class=\"swiper-slide\"><div class=\"fusion-carousel-item-wrapper\"><div class=\"fusion-image-wrapper hover-type-none\"><a data-rel=\"iLightbox[image_carousel_1]\" data-caption=\"Sgraffito, 1958,\n313 x 156 cm\nerster Erweiterungsbau Primarschule untere Au\nHeimberg\" data-title=\"Der letzte T\u00f6pfer\" aria-label=\"Der letzte T\u00f6pfer\" href=\"https:\/\/schmalz-kuenstler.ch\/wp-content\/uploads\/2018\/03\/Der-letzte-T\u00f6pfer.jpg\" target=\"_self\"><img decoding=\"async\" width=\"800\" height=\"531\" src=\"https:\/\/schmalz-kuenstler.ch\/wp-content\/uploads\/2018\/03\/Der-letzte-T\u00f6pfer.jpg\" class=\"attachment-full size-full\" alt=\"\" srcset=\"https:\/\/schmalz-kuenstler.ch\/wp-content\/uploads\/2018\/03\/Der-letzte-T\u00f6pfer-200x133.jpg 200w, https:\/\/schmalz-kuenstler.ch\/wp-content\/uploads\/2018\/03\/Der-letzte-T\u00f6pfer-400x266.jpg 400w, https:\/\/schmalz-kuenstler.ch\/wp-content\/uploads\/2018\/03\/Der-letzte-T\u00f6pfer-600x398.jpg 600w, https:\/\/schmalz-kuenstler.ch\/wp-content\/uploads\/2018\/03\/Der-letzte-T\u00f6pfer.jpg 800w\" sizes=\"(min-width: 2200px) 100vw, (min-width: 784px) 391px, (min-width: 712px) 587px, (min-width: 640px) 712px, \" \/><\/a><\/div><\/div><\/div><div class=\"swiper-slide\"><div class=\"fusion-carousel-item-wrapper\"><div class=\"fusion-image-wrapper hover-type-none\"><a data-rel=\"iLightbox[image_carousel_1]\" data-caption=\"Sgraffito, abgedeckt\nerhalten\nSchulhaus Niederh\u00fcnigen\" data-title=\"Atomzeitalter\" aria-label=\"Atomzeitalter\" href=\"https:\/\/schmalz-kuenstler.ch\/wp-content\/uploads\/2018\/03\/Atomzeitalter.jpg\" target=\"_self\"><img decoding=\"async\" width=\"800\" height=\"531\" src=\"https:\/\/schmalz-kuenstler.ch\/wp-content\/uploads\/2018\/03\/Atomzeitalter.jpg\" class=\"attachment-full size-full\" alt=\"\" srcset=\"https:\/\/schmalz-kuenstler.ch\/wp-content\/uploads\/2018\/03\/Atomzeitalter-200x133.jpg 200w, https:\/\/schmalz-kuenstler.ch\/wp-content\/uploads\/2018\/03\/Atomzeitalter-400x266.jpg 400w, https:\/\/schmalz-kuenstler.ch\/wp-content\/uploads\/2018\/03\/Atomzeitalter-600x398.jpg 600w, https:\/\/schmalz-kuenstler.ch\/wp-content\/uploads\/2018\/03\/Atomzeitalter.jpg 800w\" sizes=\"(min-width: 2200px) 100vw, (min-width: 784px) 391px, (min-width: 712px) 587px, (min-width: 640px) 712px, \" \/><\/a><\/div><\/div><\/div><div class=\"swiper-slide\"><div class=\"fusion-carousel-item-wrapper\"><div class=\"fusion-image-wrapper hover-type-none\"><a data-rel=\"iLightbox[image_carousel_1]\" data-caption=\"Fenster Kirche Konolfingen, 1938C. A. Schmalz,\nAusf\u00fchrung \nEd. Boss, Bern\" data-title=\"Glasmalerei\" aria-label=\"Glasmalerei\" href=\"https:\/\/schmalz-kuenstler.ch\/wp-content\/uploads\/2018\/03\/Glasmalerei.jpg\" target=\"_self\"><img decoding=\"async\" width=\"800\" height=\"531\" src=\"https:\/\/schmalz-kuenstler.ch\/wp-content\/uploads\/2018\/03\/Glasmalerei.jpg\" class=\"attachment-full size-full\" alt=\"\" srcset=\"https:\/\/schmalz-kuenstler.ch\/wp-content\/uploads\/2018\/03\/Glasmalerei-200x133.jpg 200w, https:\/\/schmalz-kuenstler.ch\/wp-content\/uploads\/2018\/03\/Glasmalerei-400x266.jpg 400w, https:\/\/schmalz-kuenstler.ch\/wp-content\/uploads\/2018\/03\/Glasmalerei-600x398.jpg 600w, https:\/\/schmalz-kuenstler.ch\/wp-content\/uploads\/2018\/03\/Glasmalerei.jpg 800w\" sizes=\"(min-width: 2200px) 100vw, (min-width: 784px) 391px, (min-width: 712px) 587px, (min-width: 640px) 712px, \" \/><\/a><\/div><\/div><\/div><div class=\"swiper-slide\"><div class=\"fusion-carousel-item-wrapper\"><div class=\"fusion-image-wrapper hover-type-none\"><a data-rel=\"iLightbox[image_carousel_1]\" data-caption=\"Mosaik aus farbigen Aaresteinen,\n150 x 240 cm\nPrivatbesitz Familien Linder und Marville\" data-title=\"Kreuzigung\" aria-label=\"Kreuzigung\" href=\"https:\/\/schmalz-kuenstler.ch\/wp-content\/uploads\/2018\/03\/Kreuzigung.jpg\" target=\"_self\"><img decoding=\"async\" width=\"800\" height=\"531\" src=\"https:\/\/schmalz-kuenstler.ch\/wp-content\/uploads\/2018\/03\/Kreuzigung.jpg\" class=\"attachment-full size-full\" alt=\"\" srcset=\"https:\/\/schmalz-kuenstler.ch\/wp-content\/uploads\/2018\/03\/Kreuzigung-200x133.jpg 200w, https:\/\/schmalz-kuenstler.ch\/wp-content\/uploads\/2018\/03\/Kreuzigung-400x266.jpg 400w, https:\/\/schmalz-kuenstler.ch\/wp-content\/uploads\/2018\/03\/Kreuzigung-600x398.jpg 600w, https:\/\/schmalz-kuenstler.ch\/wp-content\/uploads\/2018\/03\/Kreuzigung.jpg 800w\" sizes=\"(min-width: 2200px) 100vw, (min-width: 784px) 391px, (min-width: 712px) 587px, (min-width: 640px) 712px, \" \/><\/a><\/div><\/div><\/div><div class=\"swiper-slide\"><div class=\"fusion-carousel-item-wrapper\"><div class=\"fusion-image-wrapper hover-type-none\"><a data-rel=\"iLightbox[image_carousel_1]\" data-caption=\"Mosaik aus farbigen \nAaresteinen, \n150 x 240cm \nPrivatbesitz Familien Linder und Marville\" data-title=\"Auferstehung\" aria-label=\"Auferstehung\" href=\"https:\/\/schmalz-kuenstler.ch\/wp-content\/uploads\/2018\/03\/Auferstehung.jpg\" target=\"_self\"><img decoding=\"async\" width=\"800\" height=\"531\" src=\"https:\/\/schmalz-kuenstler.ch\/wp-content\/uploads\/2018\/03\/Auferstehung.jpg\" class=\"attachment-full size-full\" alt=\"\" srcset=\"https:\/\/schmalz-kuenstler.ch\/wp-content\/uploads\/2018\/03\/Auferstehung-200x133.jpg 200w, https:\/\/schmalz-kuenstler.ch\/wp-content\/uploads\/2018\/03\/Auferstehung-400x266.jpg 400w, https:\/\/schmalz-kuenstler.ch\/wp-content\/uploads\/2018\/03\/Auferstehung-600x398.jpg 600w, https:\/\/schmalz-kuenstler.ch\/wp-content\/uploads\/2018\/03\/Auferstehung.jpg 800w\" sizes=\"(min-width: 2200px) 100vw, (min-width: 784px) 391px, (min-width: 712px) 587px, (min-width: 640px) 712px, \" \/><\/a><\/div><\/div><\/div><\/div><div class=\"awb-swiper-button awb-swiper-button-prev\"><i class=\"awb-icon-angle-left\" aria-hidden=\"true\"><\/i><\/div><div class=\"awb-swiper-button awb-swiper-button-next\"><i class=\"awb-icon-angle-right\" aria-hidden=\"true\"><\/i><\/div><\/div><\/div><div class=\"fusion-clearfix\"><\/div><\/div><\/div><\/div><\/div>\n","protected":false},"excerpt":{"rendered":"","protected":false},"author":2,"featured_media":0,"parent":0,"menu_order":0,"comment_status":"closed","ping_status":"closed","template":"","meta":{"footnotes":""},"class_list":["post-23","page","type-page","status-publish","hentry"],"_links":{"self":[{"href":"https:\/\/schmalz-kuenstler.ch\/index.php?rest_route=\/wp\/v2\/pages\/23","targetHints":{"allow":["GET"]}}],"collection":[{"href":"https:\/\/schmalz-kuenstler.ch\/index.php?rest_route=\/wp\/v2\/pages"}],"about":[{"href":"https:\/\/schmalz-kuenstler.ch\/index.php?rest_route=\/wp\/v2\/types\/page"}],"author":[{"embeddable":true,"href":"https:\/\/schmalz-kuenstler.ch\/index.php?rest_route=\/wp\/v2\/users\/2"}],"replies":[{"embeddable":true,"href":"https:\/\/schmalz-kuenstler.ch\/index.php?rest_route=%2Fwp%2Fv2%2Fcomments&post=23"}],"version-history":[{"count":31,"href":"https:\/\/schmalz-kuenstler.ch\/index.php?rest_route=\/wp\/v2\/pages\/23\/revisions"}],"predecessor-version":[{"id":603,"href":"https:\/\/schmalz-kuenstler.ch\/index.php?rest_route=\/wp\/v2\/pages\/23\/revisions\/603"}],"wp:attachment":[{"href":"https:\/\/schmalz-kuenstler.ch\/index.php?rest_route=%2Fwp%2Fv2%2Fmedia&parent=23"}],"curies":[{"name":"wp","href":"https:\/\/api.w.org\/{rel}","templated":true}]}}