{"id":20,"date":"2017-11-05T13:11:32","date_gmt":"2017-11-05T12:11:32","guid":{"rendered":"http:\/\/schmalz-kuenstler.ch\/?page_id=20"},"modified":"2018-05-04T18:30:05","modified_gmt":"2018-05-04T16:30:05","slug":"als-plastiker","status":"publish","type":"page","link":"https:\/\/schmalz-kuenstler.ch\/?page_id=20","title":{"rendered":"der Plastiker"},"content":{"rendered":"<div class=\"fusion-fullwidth fullwidth-box fusion-builder-row-1 nonhundred-percent-fullwidth non-hundred-percent-height-scrolling\" style=\"--awb-border-radius-top-left:0px;--awb-border-radius-top-right:0px;--awb-border-radius-bottom-right:0px;--awb-border-radius-bottom-left:0px;--awb-flex-wrap:wrap;\" ><div class=\"fusion-builder-row fusion-row\"><div class=\"fusion-layout-column fusion_builder_column fusion-builder-column-0 fusion_builder_column_1_1 1_1 fusion-one-full fusion-column-first fusion-column-last\" style=\"--awb-bg-size:cover;\"><div class=\"fusion-column-wrapper fusion-flex-column-wrapper-legacy\"><div class=\"fusion-title title fusion-title-1 fusion-sep-none fusion-title-text fusion-title-size-one\"><h1 class=\"fusion-title-heading title-heading-left\" style=\"margin:0;\"><h1>der Plastiker<\/h1><\/h1><\/div><div class=\"fusion-text fusion-text-1\"><p>Ulrich Amstutz beschreibt den Plastiker C. A. Schmalz:<\/p>\n<p>\u00abSein klares und sicheres Formgef\u00fchl sowie sein Streben nach einer Darstellung der inneren Sammlung und empfindsamen Gedanklichkeit, ohne der \u00e4usseren Form Gewalt anzutun, verdient h\u00f6chste Beachtung. Dabei besticht seine Kunst nicht etwa durch Zugest\u00e4ndnisse an den Zeitgeschmack oder besondere \u00e4ussere Eleganz. Sie ist viel mehr ganz ruhig und still und sachlich. Sie will auch gar nicht bestricken. Aber sie begl\u00fcckt. Einmal durch ihr bescheidenes Ausmass, andererseits zieht es jeden aufmerksamen Beobachter durch die frohm\u00fctige und kr\u00e4ftige Frische ihrer Formbew\u00e4ltigung in ihren Bann.\u00bb \u00abHinkender Bote\u00bb 1931 \/ S. 52 \u2013 54)<\/p>\n<p>Die Begegnung mit\u00a0 Auguste Rodin in Paris pr\u00e4gte sein dreidimensionales Arbeiten.<\/p>\n<p>Schmalz formt seine Werke fast ausschliesslich aus dem einheimischen Ton.<\/p>\n<p>W\u00e4hrend gewisse St\u00fccke im gebrannten Naturton wirken, erhalten andere eine kunstvolle meisterhafte Bemalung. Diese Technik macht\u00a0 bei gegossenen Arbeiten aus jedem \u00abserienm\u00e4ssig\u00bb hergestellten St\u00fcck ein wertvolles Unikat.<\/p>\n<p>C. A. Schmalz hat eine reichhaltige Keramikwelt zu unterschiedlichsten Themen in verschiedensten Gr\u00f6ssen erschaffen.<\/p>\n<p>In jeder einzelnen Arbeit aber vereinigen sich breitgef\u00e4cherte Begabung und grosses handwerkliches K\u00f6nnen. Seine Werke leben; sie sprechen zum Betrachter und vermitteln so die Botschaft des K\u00fcnstlers.<\/p>\n<\/div><div class=\"fusion-image-carousel fusion-image-carousel-auto fusion-image-carousel-1 lightbox-enabled fusion-carousel-border\"><div class=\"awb-carousel awb-swiper awb-swiper-carousel\" data-autoplay=\"no\" data-columns=\"3\" data-itemmargin=\"13\" data-itemwidth=\"180\" data-touchscroll=\"no\" data-imagesize=\"auto\" style=\"--awb-columns:3;\"><div class=\"swiper-wrapper awb-image-carousel-wrapper fusion-flex-align-items-center\"><div class=\"swiper-slide\"><div class=\"fusion-carousel-item-wrapper\"><div class=\"fusion-image-wrapper hover-type-none\"><a data-rel=\"iLightbox[image_carousel_1]\" data-caption=\"Terrakotta bemalt 290 mm\nMus\u00e9e historique de Lausanne\" data-title=\"Kartoffelgr\u00e4ber\" aria-label=\"Kartoffelgr\u00e4ber\" href=\"https:\/\/schmalz-kuenstler.ch\/wp-content\/uploads\/2018\/02\/Kartoffelgr\u00e4ber.jpg\" target=\"_self\"><img decoding=\"async\" width=\"800\" height=\"531\" src=\"https:\/\/schmalz-kuenstler.ch\/wp-content\/uploads\/2018\/02\/Kartoffelgr\u00e4ber.jpg\" class=\"attachment-full size-full\" alt=\"\" srcset=\"https:\/\/schmalz-kuenstler.ch\/wp-content\/uploads\/2018\/02\/Kartoffelgr\u00e4ber-200x133.jpg 200w, https:\/\/schmalz-kuenstler.ch\/wp-content\/uploads\/2018\/02\/Kartoffelgr\u00e4ber-400x266.jpg 400w, https:\/\/schmalz-kuenstler.ch\/wp-content\/uploads\/2018\/02\/Kartoffelgr\u00e4ber-600x398.jpg 600w, https:\/\/schmalz-kuenstler.ch\/wp-content\/uploads\/2018\/02\/Kartoffelgr\u00e4ber.jpg 800w\" sizes=\"(min-width: 2200px) 100vw, (min-width: 784px) 391px, (min-width: 712px) 587px, (min-width: 640px) 712px, \" \/><\/a><\/div><\/div><\/div><div class=\"swiper-slide\"><div class=\"fusion-carousel-item-wrapper\"><div class=\"fusion-image-wrapper hover-type-none\"><a data-rel=\"iLightbox[image_carousel_1]\" data-caption=\"Terrakotta 118 cm\nAufbahrungshalle \nFriedhof Heimberg\" data-title=\"Christusfigur\" aria-label=\"Christusfigur\" href=\"https:\/\/schmalz-kuenstler.ch\/wp-content\/uploads\/2018\/02\/Christsfigur.jpg\" target=\"_self\"><img decoding=\"async\" width=\"800\" height=\"531\" src=\"https:\/\/schmalz-kuenstler.ch\/wp-content\/uploads\/2018\/02\/Christsfigur.jpg\" class=\"attachment-full size-full\" alt=\"\" srcset=\"https:\/\/schmalz-kuenstler.ch\/wp-content\/uploads\/2018\/02\/Christsfigur-200x133.jpg 200w, https:\/\/schmalz-kuenstler.ch\/wp-content\/uploads\/2018\/02\/Christsfigur-400x266.jpg 400w, https:\/\/schmalz-kuenstler.ch\/wp-content\/uploads\/2018\/02\/Christsfigur-600x398.jpg 600w, https:\/\/schmalz-kuenstler.ch\/wp-content\/uploads\/2018\/02\/Christsfigur.jpg 800w\" sizes=\"(min-width: 2200px) 100vw, (min-width: 784px) 391px, (min-width: 712px) 587px, (min-width: 640px) 712px, \" \/><\/a><\/div><\/div><\/div><div class=\"swiper-slide\"><div class=\"fusion-carousel-item-wrapper\"><div class=\"fusion-image-wrapper hover-type-none\"><a data-rel=\"iLightbox[image_carousel_1]\" data-caption=\"Variante Mantel schwarz\" data-title=\"Niklaus Friedrich von Steiger\" aria-label=\"Niklaus Friedrich von Steiger\" href=\"https:\/\/schmalz-kuenstler.ch\/wp-content\/uploads\/2018\/02\/Niklaus-Friedrich-von-Steiger.jpg\" target=\"_self\"><img decoding=\"async\" width=\"800\" height=\"531\" src=\"https:\/\/schmalz-kuenstler.ch\/wp-content\/uploads\/2018\/02\/Niklaus-Friedrich-von-Steiger.jpg\" class=\"attachment-full size-full\" alt=\"\" srcset=\"https:\/\/schmalz-kuenstler.ch\/wp-content\/uploads\/2018\/02\/Niklaus-Friedrich-von-Steiger-200x133.jpg 200w, https:\/\/schmalz-kuenstler.ch\/wp-content\/uploads\/2018\/02\/Niklaus-Friedrich-von-Steiger-400x266.jpg 400w, https:\/\/schmalz-kuenstler.ch\/wp-content\/uploads\/2018\/02\/Niklaus-Friedrich-von-Steiger-600x398.jpg 600w, https:\/\/schmalz-kuenstler.ch\/wp-content\/uploads\/2018\/02\/Niklaus-Friedrich-von-Steiger.jpg 800w\" sizes=\"(min-width: 2200px) 100vw, (min-width: 784px) 391px, (min-width: 712px) 587px, (min-width: 640px) 712px, \" \/><\/a><\/div><\/div><\/div><div class=\"swiper-slide\"><div class=\"fusion-carousel-item-wrapper\"><div class=\"fusion-image-wrapper hover-type-none\"><a data-rel=\"iLightbox[image_carousel_1]\" data-caption=\"Terrakotta einfarbig bemalt\n370 x300 mm\nSammlung Hanna Reusser,\nSteffisburg\" data-title=\"Stillende Mutter\" aria-label=\"Stillende Mutter\" href=\"https:\/\/schmalz-kuenstler.ch\/wp-content\/uploads\/2018\/02\/Stillende-Mutter-1.jpg\" target=\"_self\"><img decoding=\"async\" width=\"800\" height=\"531\" src=\"https:\/\/schmalz-kuenstler.ch\/wp-content\/uploads\/2018\/02\/Stillende-Mutter-1.jpg\" class=\"attachment-full size-full\" alt=\"\" srcset=\"https:\/\/schmalz-kuenstler.ch\/wp-content\/uploads\/2018\/02\/Stillende-Mutter-1-200x133.jpg 200w, https:\/\/schmalz-kuenstler.ch\/wp-content\/uploads\/2018\/02\/Stillende-Mutter-1-400x266.jpg 400w, https:\/\/schmalz-kuenstler.ch\/wp-content\/uploads\/2018\/02\/Stillende-Mutter-1-600x398.jpg 600w, https:\/\/schmalz-kuenstler.ch\/wp-content\/uploads\/2018\/02\/Stillende-Mutter-1.jpg 800w\" sizes=\"(min-width: 2200px) 100vw, (min-width: 784px) 391px, (min-width: 712px) 587px, (min-width: 640px) 712px, \" \/><\/a><\/div><\/div><\/div><div class=\"swiper-slide\"><div class=\"fusion-carousel-item-wrapper\"><div class=\"fusion-image-wrapper hover-type-none\"><a data-rel=\"iLightbox[image_carousel_1]\" data-caption=\"Terrakotta, einfarbig bemalt, 270 mm\nPrivatbesitz Erbengemeinschaft Dori und Ren\u00e9 Graf\" data-title=\"Morchelsucher\" aria-label=\"Morchelsucher\" href=\"https:\/\/schmalz-kuenstler.ch\/wp-content\/uploads\/2018\/02\/Morchelsucher.jpg\" target=\"_self\"><img decoding=\"async\" width=\"800\" height=\"531\" src=\"https:\/\/schmalz-kuenstler.ch\/wp-content\/uploads\/2018\/02\/Morchelsucher.jpg\" class=\"attachment-full size-full\" alt=\"\" srcset=\"https:\/\/schmalz-kuenstler.ch\/wp-content\/uploads\/2018\/02\/Morchelsucher-200x133.jpg 200w, https:\/\/schmalz-kuenstler.ch\/wp-content\/uploads\/2018\/02\/Morchelsucher-400x266.jpg 400w, https:\/\/schmalz-kuenstler.ch\/wp-content\/uploads\/2018\/02\/Morchelsucher-600x398.jpg 600w, https:\/\/schmalz-kuenstler.ch\/wp-content\/uploads\/2018\/02\/Morchelsucher.jpg 800w\" sizes=\"(min-width: 2200px) 100vw, (min-width: 784px) 391px, (min-width: 712px) 587px, (min-width: 640px) 712px, \" \/><\/a><\/div><\/div><\/div><div class=\"swiper-slide\"><div class=\"fusion-carousel-item-wrapper\"><div class=\"fusion-image-wrapper hover-type-none\"><a data-rel=\"iLightbox[image_carousel_1]\" data-caption=\"Terrakotta bemalt\n630 x 330 mm\nprivatbeitz Familien Linder und Marville\" data-title=\"Barmherziger\" aria-label=\"Barmherziger\" href=\"https:\/\/schmalz-kuenstler.ch\/wp-content\/uploads\/2018\/02\/Barmherziger.jpg\" target=\"_self\"><img decoding=\"async\" width=\"800\" height=\"531\" src=\"https:\/\/schmalz-kuenstler.ch\/wp-content\/uploads\/2018\/02\/Barmherziger.jpg\" class=\"attachment-full size-full\" alt=\"\" srcset=\"https:\/\/schmalz-kuenstler.ch\/wp-content\/uploads\/2018\/02\/Barmherziger-200x133.jpg 200w, https:\/\/schmalz-kuenstler.ch\/wp-content\/uploads\/2018\/02\/Barmherziger-400x266.jpg 400w, https:\/\/schmalz-kuenstler.ch\/wp-content\/uploads\/2018\/02\/Barmherziger-600x398.jpg 600w, https:\/\/schmalz-kuenstler.ch\/wp-content\/uploads\/2018\/02\/Barmherziger.jpg 800w\" sizes=\"(min-width: 2200px) 100vw, (min-width: 784px) 391px, (min-width: 712px) 587px, (min-width: 640px) 712px, \" \/><\/a><\/div><\/div><\/div><div class=\"swiper-slide\"><div class=\"fusion-carousel-item-wrapper\"><div class=\"fusion-image-wrapper hover-type-none\"><a data-rel=\"iLightbox[image_carousel_1]\" data-caption=\"Terrakotta, bemalt\n380 mm\nPrivatbesitz Paul Schmalz Konolfingen\" data-title=\"Bauernpaare im Gleichschritt\" aria-label=\"Bauernpaare im Gleichschritt\" href=\"https:\/\/schmalz-kuenstler.ch\/wp-content\/uploads\/2018\/02\/Bauernpaare-im-Gleichschritt.jpg\" target=\"_self\"><img decoding=\"async\" width=\"800\" height=\"531\" src=\"https:\/\/schmalz-kuenstler.ch\/wp-content\/uploads\/2018\/02\/Bauernpaare-im-Gleichschritt.jpg\" class=\"attachment-full size-full\" alt=\"\" srcset=\"https:\/\/schmalz-kuenstler.ch\/wp-content\/uploads\/2018\/02\/Bauernpaare-im-Gleichschritt-200x133.jpg 200w, https:\/\/schmalz-kuenstler.ch\/wp-content\/uploads\/2018\/02\/Bauernpaare-im-Gleichschritt-400x266.jpg 400w, https:\/\/schmalz-kuenstler.ch\/wp-content\/uploads\/2018\/02\/Bauernpaare-im-Gleichschritt-600x398.jpg 600w, https:\/\/schmalz-kuenstler.ch\/wp-content\/uploads\/2018\/02\/Bauernpaare-im-Gleichschritt.jpg 800w\" sizes=\"(min-width: 2200px) 100vw, (min-width: 784px) 391px, (min-width: 712px) 587px, (min-width: 640px) 712px, \" \/><\/a><\/div><\/div><\/div><div class=\"swiper-slide\"><div class=\"fusion-carousel-item-wrapper\"><div class=\"fusion-image-wrapper hover-type-none\"><a data-rel=\"iLightbox[image_carousel_1]\" data-caption=\"Terrakotta, 700 x 650 mm,Privatbesitz Familien Linder und Marville\" data-title=\"Liebe, Leben, Vergehen\" aria-label=\"Liebe, Leben, Vergehen\" href=\"https:\/\/schmalz-kuenstler.ch\/wp-content\/uploads\/2018\/02\/Liebe-Leben-Vergehen.jpg\" target=\"_self\"><img decoding=\"async\" width=\"800\" height=\"531\" src=\"https:\/\/schmalz-kuenstler.ch\/wp-content\/uploads\/2018\/02\/Liebe-Leben-Vergehen.jpg\" class=\"attachment-full size-full\" alt=\"\" srcset=\"https:\/\/schmalz-kuenstler.ch\/wp-content\/uploads\/2018\/02\/Liebe-Leben-Vergehen-200x133.jpg 200w, https:\/\/schmalz-kuenstler.ch\/wp-content\/uploads\/2018\/02\/Liebe-Leben-Vergehen-400x266.jpg 400w, https:\/\/schmalz-kuenstler.ch\/wp-content\/uploads\/2018\/02\/Liebe-Leben-Vergehen-600x398.jpg 600w, https:\/\/schmalz-kuenstler.ch\/wp-content\/uploads\/2018\/02\/Liebe-Leben-Vergehen.jpg 800w\" sizes=\"(min-width: 2200px) 100vw, (min-width: 784px) 391px, (min-width: 712px) 587px, (min-width: 640px) 712px, \" \/><\/a><\/div><\/div><\/div><div class=\"swiper-slide\"><div class=\"fusion-carousel-item-wrapper\"><div class=\"fusion-image-wrapper hover-type-none\"><a data-rel=\"iLightbox[image_carousel_1]\" data-caption=\"Terrakotta bemalt, 175 mm\n Sammlung Hanna Reusser, Steffisburg\" data-title=\"Quid juris\" aria-label=\"Quid juris\" href=\"https:\/\/schmalz-kuenstler.ch\/wp-content\/uploads\/2018\/02\/Quid-juris.jpg\" target=\"_self\"><img decoding=\"async\" width=\"800\" height=\"531\" src=\"https:\/\/schmalz-kuenstler.ch\/wp-content\/uploads\/2018\/02\/Quid-juris.jpg\" class=\"attachment-full size-full\" alt=\"\" srcset=\"https:\/\/schmalz-kuenstler.ch\/wp-content\/uploads\/2018\/02\/Quid-juris-200x133.jpg 200w, https:\/\/schmalz-kuenstler.ch\/wp-content\/uploads\/2018\/02\/Quid-juris-400x266.jpg 400w, https:\/\/schmalz-kuenstler.ch\/wp-content\/uploads\/2018\/02\/Quid-juris-600x398.jpg 600w, https:\/\/schmalz-kuenstler.ch\/wp-content\/uploads\/2018\/02\/Quid-juris.jpg 800w\" sizes=\"(min-width: 2200px) 100vw, (min-width: 784px) 391px, (min-width: 712px) 587px, (min-width: 640px) 712px, \" \/><\/a><\/div><\/div><\/div><div class=\"swiper-slide\"><div class=\"fusion-carousel-item-wrapper\"><div class=\"fusion-image-wrapper hover-type-none\"><a data-rel=\"iLightbox[image_carousel_1]\" data-caption=\"Bemalte Keramik\nKunstGut AG, Triengen\nWerner Gut\" data-title=\"Quid juris rot 2\" aria-label=\"Quid juris rot 2\" href=\"https:\/\/schmalz-kuenstler.ch\/wp-content\/uploads\/2018\/04\/Quid-juris-rot-2.jpg\" target=\"_self\"><img decoding=\"async\" width=\"800\" height=\"531\" src=\"https:\/\/schmalz-kuenstler.ch\/wp-content\/uploads\/2018\/04\/Quid-juris-rot-2.jpg\" class=\"attachment-full size-full\" alt=\"\" srcset=\"https:\/\/schmalz-kuenstler.ch\/wp-content\/uploads\/2018\/04\/Quid-juris-rot-2-200x133.jpg 200w, https:\/\/schmalz-kuenstler.ch\/wp-content\/uploads\/2018\/04\/Quid-juris-rot-2-400x266.jpg 400w, https:\/\/schmalz-kuenstler.ch\/wp-content\/uploads\/2018\/04\/Quid-juris-rot-2-600x398.jpg 600w, https:\/\/schmalz-kuenstler.ch\/wp-content\/uploads\/2018\/04\/Quid-juris-rot-2.jpg 800w\" sizes=\"(min-width: 2200px) 100vw, (min-width: 784px) 391px, (min-width: 712px) 587px, (min-width: 640px) 712px, \" \/><\/a><\/div><\/div><\/div><div class=\"swiper-slide\"><div class=\"fusion-carousel-item-wrapper\"><div class=\"fusion-image-wrapper hover-type-none\"><a data-rel=\"iLightbox[image_carousel_1]\" data-caption=\"Terrakotta bemalt, \n185 mm, 1927,sig. C A S\nCh\u00fcechlihus Langnau\" data-title=\"Elsi die seltsame Magd\" aria-label=\"Elsi die seltsame Magd\" href=\"https:\/\/schmalz-kuenstler.ch\/wp-content\/uploads\/2018\/02\/Elsi-die-seltsame-MagdUnbenannt-1.jpg\" target=\"_self\"><img decoding=\"async\" width=\"800\" height=\"531\" src=\"https:\/\/schmalz-kuenstler.ch\/wp-content\/uploads\/2018\/02\/Elsi-die-seltsame-MagdUnbenannt-1.jpg\" class=\"attachment-full size-full\" alt=\"\" srcset=\"https:\/\/schmalz-kuenstler.ch\/wp-content\/uploads\/2018\/02\/Elsi-die-seltsame-MagdUnbenannt-1-200x133.jpg 200w, https:\/\/schmalz-kuenstler.ch\/wp-content\/uploads\/2018\/02\/Elsi-die-seltsame-MagdUnbenannt-1-400x266.jpg 400w, https:\/\/schmalz-kuenstler.ch\/wp-content\/uploads\/2018\/02\/Elsi-die-seltsame-MagdUnbenannt-1-600x398.jpg 600w, https:\/\/schmalz-kuenstler.ch\/wp-content\/uploads\/2018\/02\/Elsi-die-seltsame-MagdUnbenannt-1.jpg 800w\" sizes=\"(min-width: 2200px) 100vw, (min-width: 784px) 391px, (min-width: 712px) 587px, (min-width: 640px) 712px, \" \/><\/a><\/div><\/div><\/div><div class=\"swiper-slide\"><div class=\"fusion-carousel-item-wrapper\"><div class=\"fusion-image-wrapper hover-type-none\"><a data-rel=\"iLightbox[image_carousel_1]\" data-caption=\"Terrakotta bemalt,\n210 mm\nDorfmuseum Konolfinen\" data-title=\"Sch\u00fcppach Micheli\" aria-label=\"Sch\u00fcppach Micheli\" href=\"https:\/\/schmalz-kuenstler.ch\/wp-content\/uploads\/2018\/02\/Sch\u00fcppach-Micheli.jpg\" target=\"_self\"><img decoding=\"async\" width=\"800\" height=\"531\" src=\"https:\/\/schmalz-kuenstler.ch\/wp-content\/uploads\/2018\/02\/Sch\u00fcppach-Micheli.jpg\" class=\"attachment-full size-full\" alt=\"\" srcset=\"https:\/\/schmalz-kuenstler.ch\/wp-content\/uploads\/2018\/02\/Sch\u00fcppach-Micheli-200x133.jpg 200w, https:\/\/schmalz-kuenstler.ch\/wp-content\/uploads\/2018\/02\/Sch\u00fcppach-Micheli-400x266.jpg 400w, https:\/\/schmalz-kuenstler.ch\/wp-content\/uploads\/2018\/02\/Sch\u00fcppach-Micheli-600x398.jpg 600w, https:\/\/schmalz-kuenstler.ch\/wp-content\/uploads\/2018\/02\/Sch\u00fcppach-Micheli.jpg 800w\" sizes=\"(min-width: 2200px) 100vw, (min-width: 784px) 391px, (min-width: 712px) 587px, (min-width: 640px) 712px, \" \/><\/a><\/div><\/div><\/div><div class=\"swiper-slide\"><div class=\"fusion-carousel-item-wrapper\"><div class=\"fusion-image-wrapper hover-type-none\"><a data-rel=\"iLightbox[image_carousel_1]\" data-caption=\"Teraakotta, 620 x400 mm\nSammlung Hanna Reusser\nSteffisburg\" data-title=\"e Nacht byr B\u00fcrgerwehr\" aria-label=\"e Nacht byr B\u00fcrgerwehr\" href=\"https:\/\/schmalz-kuenstler.ch\/wp-content\/uploads\/2018\/02\/e-Nacht-byr-B\u00fcrgerwehr.jpg\" target=\"_self\"><img decoding=\"async\" width=\"800\" height=\"531\" src=\"https:\/\/schmalz-kuenstler.ch\/wp-content\/uploads\/2018\/02\/e-Nacht-byr-B\u00fcrgerwehr.jpg\" class=\"attachment-full size-full\" alt=\"\" srcset=\"https:\/\/schmalz-kuenstler.ch\/wp-content\/uploads\/2018\/02\/e-Nacht-byr-B\u00fcrgerwehr-200x133.jpg 200w, https:\/\/schmalz-kuenstler.ch\/wp-content\/uploads\/2018\/02\/e-Nacht-byr-B\u00fcrgerwehr-400x266.jpg 400w, https:\/\/schmalz-kuenstler.ch\/wp-content\/uploads\/2018\/02\/e-Nacht-byr-B\u00fcrgerwehr-600x398.jpg 600w, https:\/\/schmalz-kuenstler.ch\/wp-content\/uploads\/2018\/02\/e-Nacht-byr-B\u00fcrgerwehr.jpg 800w\" sizes=\"(min-width: 2200px) 100vw, (min-width: 784px) 391px, (min-width: 712px) 587px, (min-width: 640px) 712px, \" \/><\/a><\/div><\/div><\/div><div class=\"swiper-slide\"><div class=\"fusion-carousel-item-wrapper\"><div class=\"fusion-image-wrapper hover-type-none\"><a data-rel=\"iLightbox[image_carousel_1]\" data-caption=\"Terrakotta, bemalt, 1945\n240 x260 mm\nPrivatbesitz Familien Linder und Marville\" data-title=\"Anbau\" aria-label=\"Anbau\" href=\"https:\/\/schmalz-kuenstler.ch\/wp-content\/uploads\/2018\/03\/Anbau.jpg\" target=\"_self\"><img decoding=\"async\" width=\"800\" height=\"531\" src=\"https:\/\/schmalz-kuenstler.ch\/wp-content\/uploads\/2018\/03\/Anbau.jpg\" class=\"attachment-full size-full\" alt=\"\" srcset=\"https:\/\/schmalz-kuenstler.ch\/wp-content\/uploads\/2018\/03\/Anbau-200x133.jpg 200w, https:\/\/schmalz-kuenstler.ch\/wp-content\/uploads\/2018\/03\/Anbau-400x266.jpg 400w, https:\/\/schmalz-kuenstler.ch\/wp-content\/uploads\/2018\/03\/Anbau-600x398.jpg 600w, https:\/\/schmalz-kuenstler.ch\/wp-content\/uploads\/2018\/03\/Anbau.jpg 800w\" sizes=\"(min-width: 2200px) 100vw, (min-width: 784px) 391px, (min-width: 712px) 587px, (min-width: 640px) 712px, \" \/><\/a><\/div><\/div><\/div><div class=\"swiper-slide\"><div class=\"fusion-carousel-item-wrapper\"><div class=\"fusion-image-wrapper hover-type-none\"><a data-rel=\"iLightbox[image_carousel_1]\" data-caption=\"Terrakotta einfarbig bemalt\n370 x300 mm\nSammlung Hanna Reusser,\nSteffisburg\" data-title=\"Stillende Mutter\" aria-label=\"Stillende Mutter\" href=\"https:\/\/schmalz-kuenstler.ch\/wp-content\/uploads\/2018\/02\/Stillende-Mutter-1.jpg\" target=\"_self\"><img decoding=\"async\" width=\"800\" height=\"531\" src=\"https:\/\/schmalz-kuenstler.ch\/wp-content\/uploads\/2018\/02\/Stillende-Mutter-1.jpg\" class=\"attachment-full size-full\" alt=\"\" srcset=\"https:\/\/schmalz-kuenstler.ch\/wp-content\/uploads\/2018\/02\/Stillende-Mutter-1-200x133.jpg 200w, https:\/\/schmalz-kuenstler.ch\/wp-content\/uploads\/2018\/02\/Stillende-Mutter-1-400x266.jpg 400w, https:\/\/schmalz-kuenstler.ch\/wp-content\/uploads\/2018\/02\/Stillende-Mutter-1-600x398.jpg 600w, https:\/\/schmalz-kuenstler.ch\/wp-content\/uploads\/2018\/02\/Stillende-Mutter-1.jpg 800w\" sizes=\"(min-width: 2200px) 100vw, (min-width: 784px) 391px, (min-width: 712px) 587px, (min-width: 640px) 712px, \" \/><\/a><\/div><\/div><\/div><div class=\"swiper-slide\"><div class=\"fusion-carousel-item-wrapper\"><div class=\"fusion-image-wrapper hover-type-none\"><a data-rel=\"iLightbox[image_carousel_1]\" data-caption=\"Variante Mantel schwarz\" data-title=\"Niklaus Friedrich von Steiger\" aria-label=\"Niklaus Friedrich von Steiger\" href=\"https:\/\/schmalz-kuenstler.ch\/wp-content\/uploads\/2018\/02\/Niklaus-Friedrich-von-Steiger.jpg\" target=\"_self\"><img decoding=\"async\" width=\"800\" height=\"531\" src=\"https:\/\/schmalz-kuenstler.ch\/wp-content\/uploads\/2018\/02\/Niklaus-Friedrich-von-Steiger.jpg\" class=\"attachment-full size-full\" alt=\"\" srcset=\"https:\/\/schmalz-kuenstler.ch\/wp-content\/uploads\/2018\/02\/Niklaus-Friedrich-von-Steiger-200x133.jpg 200w, https:\/\/schmalz-kuenstler.ch\/wp-content\/uploads\/2018\/02\/Niklaus-Friedrich-von-Steiger-400x266.jpg 400w, https:\/\/schmalz-kuenstler.ch\/wp-content\/uploads\/2018\/02\/Niklaus-Friedrich-von-Steiger-600x398.jpg 600w, https:\/\/schmalz-kuenstler.ch\/wp-content\/uploads\/2018\/02\/Niklaus-Friedrich-von-Steiger.jpg 800w\" sizes=\"(min-width: 2200px) 100vw, (min-width: 784px) 391px, (min-width: 712px) 587px, (min-width: 640px) 712px, \" \/><\/a><\/div><\/div><\/div><div class=\"swiper-slide\"><div class=\"fusion-carousel-item-wrapper\"><div class=\"fusion-image-wrapper hover-type-none\"><a data-rel=\"iLightbox[image_carousel_1]\" data-caption=\"terrakotta, bemalt, 350 mm\nPrivatbesitz Familien Linder und Marville\" data-title=\"Major Davel\" aria-label=\"Major Davel\" href=\"https:\/\/schmalz-kuenstler.ch\/wp-content\/uploads\/2018\/03\/Major-Davel.jpg\" target=\"_self\"><img decoding=\"async\" width=\"800\" height=\"531\" src=\"https:\/\/schmalz-kuenstler.ch\/wp-content\/uploads\/2018\/03\/Major-Davel.jpg\" class=\"attachment-full size-full\" alt=\"\" srcset=\"https:\/\/schmalz-kuenstler.ch\/wp-content\/uploads\/2018\/03\/Major-Davel-200x133.jpg 200w, https:\/\/schmalz-kuenstler.ch\/wp-content\/uploads\/2018\/03\/Major-Davel-400x266.jpg 400w, https:\/\/schmalz-kuenstler.ch\/wp-content\/uploads\/2018\/03\/Major-Davel-600x398.jpg 600w, https:\/\/schmalz-kuenstler.ch\/wp-content\/uploads\/2018\/03\/Major-Davel.jpg 800w\" sizes=\"(min-width: 2200px) 100vw, (min-width: 784px) 391px, (min-width: 712px) 587px, (min-width: 640px) 712px, \" \/><\/a><\/div><\/div><\/div><div class=\"swiper-slide\"><div class=\"fusion-carousel-item-wrapper\"><div class=\"fusion-image-wrapper hover-type-none\"><a data-rel=\"iLightbox[image_carousel_1]\" data-caption=\"Terrakotta bemalt\n270 mm\nPrivatbesitz Paul Schmalz,\nKonolfingen\" data-title=\"Andacht\" aria-label=\"Andacht\" href=\"https:\/\/schmalz-kuenstler.ch\/wp-content\/uploads\/2018\/02\/Andacht.jpg\" target=\"_self\"><img decoding=\"async\" width=\"800\" height=\"531\" src=\"https:\/\/schmalz-kuenstler.ch\/wp-content\/uploads\/2018\/02\/Andacht.jpg\" class=\"attachment-full size-full\" alt=\"\" srcset=\"https:\/\/schmalz-kuenstler.ch\/wp-content\/uploads\/2018\/02\/Andacht-200x133.jpg 200w, https:\/\/schmalz-kuenstler.ch\/wp-content\/uploads\/2018\/02\/Andacht-400x266.jpg 400w, https:\/\/schmalz-kuenstler.ch\/wp-content\/uploads\/2018\/02\/Andacht-600x398.jpg 600w, https:\/\/schmalz-kuenstler.ch\/wp-content\/uploads\/2018\/02\/Andacht.jpg 800w\" sizes=\"(min-width: 2200px) 100vw, (min-width: 784px) 391px, (min-width: 712px) 587px, (min-width: 640px) 712px, \" \/><\/a><\/div><\/div><\/div><div class=\"swiper-slide\"><div class=\"fusion-carousel-item-wrapper\"><div class=\"fusion-image-wrapper hover-type-none\"><a data-rel=\"iLightbox[image_carousel_1]\" data-caption=\"Terrakotta roh, 330 mm\nPrivatbesitz Marianne Schmalz, Muri\" data-title=\"Marianne\" aria-label=\"Marianne\" href=\"https:\/\/schmalz-kuenstler.ch\/wp-content\/uploads\/2018\/03\/Marianne.jpg\" target=\"_self\"><img decoding=\"async\" width=\"800\" height=\"531\" src=\"https:\/\/schmalz-kuenstler.ch\/wp-content\/uploads\/2018\/03\/Marianne.jpg\" class=\"attachment-full size-full\" alt=\"\" srcset=\"https:\/\/schmalz-kuenstler.ch\/wp-content\/uploads\/2018\/03\/Marianne-200x133.jpg 200w, https:\/\/schmalz-kuenstler.ch\/wp-content\/uploads\/2018\/03\/Marianne-400x266.jpg 400w, https:\/\/schmalz-kuenstler.ch\/wp-content\/uploads\/2018\/03\/Marianne-600x398.jpg 600w, https:\/\/schmalz-kuenstler.ch\/wp-content\/uploads\/2018\/03\/Marianne.jpg 800w\" sizes=\"(min-width: 2200px) 100vw, (min-width: 784px) 391px, (min-width: 712px) 587px, (min-width: 640px) 712px, \" \/><\/a><\/div><\/div><\/div><div class=\"swiper-slide\"><div class=\"fusion-carousel-item-wrapper\"><div class=\"fusion-image-wrapper hover-type-none\"><a data-rel=\"iLightbox[image_carousel_1]\" data-caption=\"Terrakotta bemalt 365 mm\nPrivatbesitz Familien Linder und Marville\" data-title=\"s&#8217;M\u00fceti bim Ch\u00f6le\" aria-label=\"s&#8217;M\u00fceti bim Ch\u00f6le\" href=\"https:\/\/schmalz-kuenstler.ch\/wp-content\/uploads\/2018\/03\/sM\u00fceti-bim-Ch\u00f6le-1.jpg\" target=\"_self\"><img decoding=\"async\" width=\"800\" height=\"531\" src=\"https:\/\/schmalz-kuenstler.ch\/wp-content\/uploads\/2018\/03\/sM\u00fceti-bim-Ch\u00f6le-1.jpg\" class=\"attachment-full size-full\" alt=\"\" srcset=\"https:\/\/schmalz-kuenstler.ch\/wp-content\/uploads\/2018\/03\/sM\u00fceti-bim-Ch\u00f6le-1-200x133.jpg 200w, https:\/\/schmalz-kuenstler.ch\/wp-content\/uploads\/2018\/03\/sM\u00fceti-bim-Ch\u00f6le-1-400x266.jpg 400w, https:\/\/schmalz-kuenstler.ch\/wp-content\/uploads\/2018\/03\/sM\u00fceti-bim-Ch\u00f6le-1-600x398.jpg 600w, https:\/\/schmalz-kuenstler.ch\/wp-content\/uploads\/2018\/03\/sM\u00fceti-bim-Ch\u00f6le-1.jpg 800w\" sizes=\"(min-width: 2200px) 100vw, (min-width: 784px) 391px, (min-width: 712px) 587px, (min-width: 640px) 712px, \" \/><\/a><\/div><\/div><\/div><div class=\"swiper-slide\"><div class=\"fusion-carousel-item-wrapper\"><div class=\"fusion-image-wrapper hover-type-none\"><a data-rel=\"iLightbox[image_carousel_1]\" data-caption=\"Betonfigur 100 x 30 cm\nPrivatbesitz \nHansruedi K\u00fcnzi, Stalden\" data-title=\"Badende\" aria-label=\"Badende\" href=\"https:\/\/schmalz-kuenstler.ch\/wp-content\/uploads\/2018\/03\/Badende-1.jpg\" target=\"_self\"><img decoding=\"async\" width=\"800\" height=\"531\" src=\"https:\/\/schmalz-kuenstler.ch\/wp-content\/uploads\/2018\/03\/Badende-1.jpg\" class=\"attachment-full size-full\" alt=\"\" srcset=\"https:\/\/schmalz-kuenstler.ch\/wp-content\/uploads\/2018\/03\/Badende-1-200x133.jpg 200w, https:\/\/schmalz-kuenstler.ch\/wp-content\/uploads\/2018\/03\/Badende-1-400x266.jpg 400w, https:\/\/schmalz-kuenstler.ch\/wp-content\/uploads\/2018\/03\/Badende-1-600x398.jpg 600w, https:\/\/schmalz-kuenstler.ch\/wp-content\/uploads\/2018\/03\/Badende-1.jpg 800w\" sizes=\"(min-width: 2200px) 100vw, (min-width: 784px) 391px, (min-width: 712px) 587px, (min-width: 640px) 712px, \" \/><\/a><\/div><\/div><\/div><div class=\"swiper-slide\"><div class=\"fusion-carousel-item-wrapper\"><div class=\"fusion-image-wrapper hover-type-none\"><a data-rel=\"iLightbox[image_carousel_1]\" data-caption=\"Terrakotta auf Holzsockel\n400 x0250 mmPrivatbesitz Familie Hirschi, Heimberg\" data-title=\"Springendes Pferd\" aria-label=\"Springendes Pferd\" href=\"https:\/\/schmalz-kuenstler.ch\/wp-content\/uploads\/2018\/03\/Springendes-Pferd.jpg\" target=\"_self\"><img decoding=\"async\" width=\"800\" height=\"531\" src=\"https:\/\/schmalz-kuenstler.ch\/wp-content\/uploads\/2018\/03\/Springendes-Pferd.jpg\" class=\"attachment-full size-full\" alt=\"\" srcset=\"https:\/\/schmalz-kuenstler.ch\/wp-content\/uploads\/2018\/03\/Springendes-Pferd-200x133.jpg 200w, https:\/\/schmalz-kuenstler.ch\/wp-content\/uploads\/2018\/03\/Springendes-Pferd-400x266.jpg 400w, https:\/\/schmalz-kuenstler.ch\/wp-content\/uploads\/2018\/03\/Springendes-Pferd-600x398.jpg 600w, https:\/\/schmalz-kuenstler.ch\/wp-content\/uploads\/2018\/03\/Springendes-Pferd.jpg 800w\" sizes=\"(min-width: 2200px) 100vw, (min-width: 784px) 391px, (min-width: 712px) 587px, (min-width: 640px) 712px, \" \/><\/a><\/div><\/div><\/div><div class=\"swiper-slide\"><div class=\"fusion-carousel-item-wrapper\"><div class=\"fusion-image-wrapper hover-type-none\"><a data-rel=\"iLightbox[image_carousel_1]\" data-caption=\"Terrakotta, bemalt, \n410 mm\nSammlung \nHanna Reusser, Steffisburg\" data-title=\"Fischer mit Rute\" aria-label=\"Fischer mit Rute\" href=\"https:\/\/schmalz-kuenstler.ch\/wp-content\/uploads\/2018\/03\/Fischer-mit-Rute.jpg\" target=\"_self\"><img decoding=\"async\" width=\"800\" height=\"531\" src=\"https:\/\/schmalz-kuenstler.ch\/wp-content\/uploads\/2018\/03\/Fischer-mit-Rute.jpg\" class=\"attachment-full size-full\" alt=\"\" srcset=\"https:\/\/schmalz-kuenstler.ch\/wp-content\/uploads\/2018\/03\/Fischer-mit-Rute-200x133.jpg 200w, https:\/\/schmalz-kuenstler.ch\/wp-content\/uploads\/2018\/03\/Fischer-mit-Rute-400x266.jpg 400w, https:\/\/schmalz-kuenstler.ch\/wp-content\/uploads\/2018\/03\/Fischer-mit-Rute-600x398.jpg 600w, https:\/\/schmalz-kuenstler.ch\/wp-content\/uploads\/2018\/03\/Fischer-mit-Rute.jpg 800w\" sizes=\"(min-width: 2200px) 100vw, (min-width: 784px) 391px, (min-width: 712px) 587px, (min-width: 640px) 712px, \" \/><\/a><\/div><\/div><\/div><div class=\"swiper-slide\"><div class=\"fusion-carousel-item-wrapper\"><div class=\"fusion-image-wrapper hover-type-none\"><a data-rel=\"iLightbox[image_carousel_1]\" data-caption=\"1958, Terrakotta roh\n330 mm\nsig Grossvater Schmalz\nPrivatbesitz Familie Linder\" data-title=\"B\u00fcste Christine\" aria-label=\"B\u00fcste Christine\" href=\"https:\/\/schmalz-kuenstler.ch\/wp-content\/uploads\/2018\/03\/B\u00fcste-22Christine22.jpg\" target=\"_self\"><img decoding=\"async\" width=\"800\" height=\"531\" src=\"https:\/\/schmalz-kuenstler.ch\/wp-content\/uploads\/2018\/03\/B\u00fcste-22Christine22.jpg\" class=\"attachment-full size-full\" alt=\"\" srcset=\"https:\/\/schmalz-kuenstler.ch\/wp-content\/uploads\/2018\/03\/B\u00fcste-22Christine22-200x133.jpg 200w, https:\/\/schmalz-kuenstler.ch\/wp-content\/uploads\/2018\/03\/B\u00fcste-22Christine22-400x266.jpg 400w, https:\/\/schmalz-kuenstler.ch\/wp-content\/uploads\/2018\/03\/B\u00fcste-22Christine22-600x398.jpg 600w, https:\/\/schmalz-kuenstler.ch\/wp-content\/uploads\/2018\/03\/B\u00fcste-22Christine22.jpg 800w\" sizes=\"(min-width: 2200px) 100vw, (min-width: 784px) 391px, (min-width: 712px) 587px, (min-width: 640px) 712px, \" \/><\/a><\/div><\/div><\/div><div class=\"swiper-slide\"><div class=\"fusion-carousel-item-wrapper\"><div class=\"fusion-image-wrapper hover-type-none\"><a data-rel=\"iLightbox[image_carousel_1]\" data-caption=\"Terrakotta, 420 mm\nPrivatbesitz Familien Linder und Marville\" data-title=\"Nachdenklicher\" aria-label=\"Nachdenklicher\" href=\"https:\/\/schmalz-kuenstler.ch\/wp-content\/uploads\/2018\/03\/Nachdenklicher-1.jpg\" target=\"_self\"><img decoding=\"async\" width=\"800\" height=\"531\" src=\"https:\/\/schmalz-kuenstler.ch\/wp-content\/uploads\/2018\/03\/Nachdenklicher-1.jpg\" class=\"attachment-full size-full\" alt=\"\" srcset=\"https:\/\/schmalz-kuenstler.ch\/wp-content\/uploads\/2018\/03\/Nachdenklicher-1-200x133.jpg 200w, https:\/\/schmalz-kuenstler.ch\/wp-content\/uploads\/2018\/03\/Nachdenklicher-1-400x266.jpg 400w, https:\/\/schmalz-kuenstler.ch\/wp-content\/uploads\/2018\/03\/Nachdenklicher-1-600x398.jpg 600w, https:\/\/schmalz-kuenstler.ch\/wp-content\/uploads\/2018\/03\/Nachdenklicher-1.jpg 800w\" sizes=\"(min-width: 2200px) 100vw, (min-width: 784px) 391px, (min-width: 712px) 587px, (min-width: 640px) 712px, \" \/><\/a><\/div><\/div><\/div><div class=\"swiper-slide\"><div class=\"fusion-carousel-item-wrapper\"><div class=\"fusion-image-wrapper hover-type-none\"><a data-rel=\"iLightbox[image_carousel_1]\" data-caption=\"Terrakotta,300 x600 mm\nPrivatbesitz Familien Linder und Marville\" data-title=\"Auf drei Schultern\" aria-label=\"Auf drei Schultern\" href=\"https:\/\/schmalz-kuenstler.ch\/wp-content\/uploads\/2018\/03\/Auf-drei-Schultern.jpg\" target=\"_self\"><img decoding=\"async\" width=\"800\" height=\"531\" src=\"https:\/\/schmalz-kuenstler.ch\/wp-content\/uploads\/2018\/03\/Auf-drei-Schultern.jpg\" class=\"attachment-full size-full\" alt=\"\" srcset=\"https:\/\/schmalz-kuenstler.ch\/wp-content\/uploads\/2018\/03\/Auf-drei-Schultern-200x133.jpg 200w, https:\/\/schmalz-kuenstler.ch\/wp-content\/uploads\/2018\/03\/Auf-drei-Schultern-400x266.jpg 400w, https:\/\/schmalz-kuenstler.ch\/wp-content\/uploads\/2018\/03\/Auf-drei-Schultern-600x398.jpg 600w, https:\/\/schmalz-kuenstler.ch\/wp-content\/uploads\/2018\/03\/Auf-drei-Schultern.jpg 800w\" sizes=\"(min-width: 2200px) 100vw, (min-width: 784px) 391px, (min-width: 712px) 587px, (min-width: 640px) 712px, \" \/><\/a><\/div><\/div><\/div><div class=\"swiper-slide\"><div class=\"fusion-carousel-item-wrapper\"><div class=\"fusion-image-wrapper hover-type-none\"><a data-rel=\"iLightbox[image_carousel_1]\" data-caption=\"Terrakotta, 270 600 mm\nPrivatbesitz Familie Marville\" data-title=\"Hinaus ins Leben\" aria-label=\"Hinaus ins Leben\" href=\"https:\/\/schmalz-kuenstler.ch\/wp-content\/uploads\/2018\/03\/Hinaus-ins-Leben.jpg\" target=\"_self\"><img decoding=\"async\" width=\"800\" height=\"531\" src=\"https:\/\/schmalz-kuenstler.ch\/wp-content\/uploads\/2018\/03\/Hinaus-ins-Leben.jpg\" class=\"attachment-full size-full\" alt=\"\" srcset=\"https:\/\/schmalz-kuenstler.ch\/wp-content\/uploads\/2018\/03\/Hinaus-ins-Leben-200x133.jpg 200w, https:\/\/schmalz-kuenstler.ch\/wp-content\/uploads\/2018\/03\/Hinaus-ins-Leben-400x266.jpg 400w, https:\/\/schmalz-kuenstler.ch\/wp-content\/uploads\/2018\/03\/Hinaus-ins-Leben-600x398.jpg 600w, https:\/\/schmalz-kuenstler.ch\/wp-content\/uploads\/2018\/03\/Hinaus-ins-Leben.jpg 800w\" sizes=\"(min-width: 2200px) 100vw, (min-width: 784px) 391px, (min-width: 712px) 587px, (min-width: 640px) 712px, \" \/><\/a><\/div><\/div><\/div><div class=\"swiper-slide\"><div class=\"fusion-carousel-item-wrapper\"><div class=\"fusion-image-wrapper hover-type-none\"><a data-rel=\"iLightbox[image_carousel_1]\" data-caption=\"1951,350 mm\nOskar Friedrich Schmalz zum 70. Geburtstag\nErbengemeinschaft Oskar Friedrich und Hedi Schmalz-Maurer\" data-title=\"Ds Jodellied\" aria-label=\"Ds Jodellied\" href=\"https:\/\/schmalz-kuenstler.ch\/wp-content\/uploads\/2018\/03\/Ds-Jodellied.jpg\" target=\"_self\"><img decoding=\"async\" width=\"800\" height=\"531\" src=\"https:\/\/schmalz-kuenstler.ch\/wp-content\/uploads\/2018\/03\/Ds-Jodellied.jpg\" class=\"attachment-full size-full\" alt=\"\" srcset=\"https:\/\/schmalz-kuenstler.ch\/wp-content\/uploads\/2018\/03\/Ds-Jodellied-200x133.jpg 200w, https:\/\/schmalz-kuenstler.ch\/wp-content\/uploads\/2018\/03\/Ds-Jodellied-400x266.jpg 400w, https:\/\/schmalz-kuenstler.ch\/wp-content\/uploads\/2018\/03\/Ds-Jodellied-600x398.jpg 600w, https:\/\/schmalz-kuenstler.ch\/wp-content\/uploads\/2018\/03\/Ds-Jodellied.jpg 800w\" sizes=\"(min-width: 2200px) 100vw, (min-width: 784px) 391px, (min-width: 712px) 587px, (min-width: 640px) 712px, \" \/><\/a><\/div><\/div><\/div><div class=\"swiper-slide\"><div class=\"fusion-carousel-item-wrapper\"><div class=\"fusion-image-wrapper hover-type-none\"><a data-rel=\"iLightbox[image_carousel_1]\" data-caption=\"Terrakotta, 570 x 250 mm\nPrivatbesitz Hansruedi K\u00fcnzi, Stalden\" data-title=\"Tierarzt\" aria-label=\"Tierarzt\" href=\"https:\/\/schmalz-kuenstler.ch\/wp-content\/uploads\/2018\/03\/Tierarzt.jpg\" target=\"_self\"><img decoding=\"async\" width=\"800\" height=\"531\" src=\"https:\/\/schmalz-kuenstler.ch\/wp-content\/uploads\/2018\/03\/Tierarzt.jpg\" class=\"attachment-full size-full\" alt=\"\" srcset=\"https:\/\/schmalz-kuenstler.ch\/wp-content\/uploads\/2018\/03\/Tierarzt-200x133.jpg 200w, https:\/\/schmalz-kuenstler.ch\/wp-content\/uploads\/2018\/03\/Tierarzt-400x266.jpg 400w, https:\/\/schmalz-kuenstler.ch\/wp-content\/uploads\/2018\/03\/Tierarzt-600x398.jpg 600w, https:\/\/schmalz-kuenstler.ch\/wp-content\/uploads\/2018\/03\/Tierarzt.jpg 800w\" sizes=\"(min-width: 2200px) 100vw, (min-width: 784px) 391px, (min-width: 712px) 587px, (min-width: 640px) 712px, \" \/><\/a><\/div><\/div><\/div><div class=\"swiper-slide\"><div class=\"fusion-carousel-item-wrapper\"><div class=\"fusion-image-wrapper hover-type-none\"><a data-rel=\"iLightbox[image_carousel_1]\" data-caption=\"Terrakotta, 340 x360 mm\nErbengemeinschaft Oskar Friedrich und Hedi Schmalz-Maurer\" data-title=\"Dorfschmied\" aria-label=\"Dorfschmied\" href=\"https:\/\/schmalz-kuenstler.ch\/wp-content\/uploads\/2018\/03\/Dorfschmied.jpg\" target=\"_self\"><img decoding=\"async\" width=\"800\" height=\"531\" src=\"https:\/\/schmalz-kuenstler.ch\/wp-content\/uploads\/2018\/03\/Dorfschmied.jpg\" class=\"attachment-full size-full\" alt=\"\" srcset=\"https:\/\/schmalz-kuenstler.ch\/wp-content\/uploads\/2018\/03\/Dorfschmied-200x133.jpg 200w, https:\/\/schmalz-kuenstler.ch\/wp-content\/uploads\/2018\/03\/Dorfschmied-400x266.jpg 400w, https:\/\/schmalz-kuenstler.ch\/wp-content\/uploads\/2018\/03\/Dorfschmied-600x398.jpg 600w, https:\/\/schmalz-kuenstler.ch\/wp-content\/uploads\/2018\/03\/Dorfschmied.jpg 800w\" sizes=\"(min-width: 2200px) 100vw, (min-width: 784px) 391px, (min-width: 712px) 587px, (min-width: 640px) 712px, \" \/><\/a><\/div><\/div><\/div><div class=\"swiper-slide\"><div class=\"fusion-carousel-item-wrapper\"><div class=\"fusion-image-wrapper hover-type-none\"><a data-rel=\"iLightbox[image_carousel_1]\" data-caption=\"Terrakotta, bemalt \n400 x 320 mm\nPrivatbesitz Erika Gugger,\nHeimberg\" data-title=\"Pferd auf Sockel\" aria-label=\"Pferd auf Sockel\" href=\"https:\/\/schmalz-kuenstler.ch\/wp-content\/uploads\/2018\/03\/Pferd-auf-Sockel.jpg\" target=\"_self\"><img decoding=\"async\" width=\"800\" height=\"531\" src=\"https:\/\/schmalz-kuenstler.ch\/wp-content\/uploads\/2018\/03\/Pferd-auf-Sockel.jpg\" class=\"attachment-full size-full\" alt=\"\" srcset=\"https:\/\/schmalz-kuenstler.ch\/wp-content\/uploads\/2018\/03\/Pferd-auf-Sockel-200x133.jpg 200w, https:\/\/schmalz-kuenstler.ch\/wp-content\/uploads\/2018\/03\/Pferd-auf-Sockel-400x266.jpg 400w, https:\/\/schmalz-kuenstler.ch\/wp-content\/uploads\/2018\/03\/Pferd-auf-Sockel-600x398.jpg 600w, https:\/\/schmalz-kuenstler.ch\/wp-content\/uploads\/2018\/03\/Pferd-auf-Sockel.jpg 800w\" sizes=\"(min-width: 2200px) 100vw, (min-width: 784px) 391px, (min-width: 712px) 587px, (min-width: 640px) 712px, \" \/><\/a><\/div><\/div><\/div><div class=\"swiper-slide\"><div class=\"fusion-carousel-item-wrapper\"><div class=\"fusion-image-wrapper hover-type-none\"><a data-rel=\"iLightbox[image_carousel_1]\" data-caption=\"Terrakotta, bemalt und glasiert, 300 x 230 mm\nPrivatbesitz Familien Linder und Marville\" data-title=\"Zwei Airedale-Terrier\" aria-label=\"Zwei Airedale-Terrier\" href=\"https:\/\/schmalz-kuenstler.ch\/wp-content\/uploads\/2018\/03\/Zwei-Airedale-Terrier.jpg\" target=\"_self\"><img decoding=\"async\" width=\"800\" height=\"531\" src=\"https:\/\/schmalz-kuenstler.ch\/wp-content\/uploads\/2018\/03\/Zwei-Airedale-Terrier.jpg\" class=\"attachment-full size-full\" alt=\"\" srcset=\"https:\/\/schmalz-kuenstler.ch\/wp-content\/uploads\/2018\/03\/Zwei-Airedale-Terrier-200x133.jpg 200w, https:\/\/schmalz-kuenstler.ch\/wp-content\/uploads\/2018\/03\/Zwei-Airedale-Terrier-400x266.jpg 400w, https:\/\/schmalz-kuenstler.ch\/wp-content\/uploads\/2018\/03\/Zwei-Airedale-Terrier-600x398.jpg 600w, https:\/\/schmalz-kuenstler.ch\/wp-content\/uploads\/2018\/03\/Zwei-Airedale-Terrier.jpg 800w\" sizes=\"(min-width: 2200px) 100vw, (min-width: 784px) 391px, (min-width: 712px) 587px, (min-width: 640px) 712px, \" \/><\/a><\/div><\/div><\/div><div class=\"swiper-slide\"><div class=\"fusion-carousel-item-wrapper\"><div class=\"fusion-image-wrapper hover-type-none\"><a data-rel=\"iLightbox[image_carousel_1]\" data-caption=\"Terrakotta, bemalt,\n380 mm\nPrivatbesitz Familien Linder und Marville\" data-title=\"G\u00fcggel\" aria-label=\"G\u00fcggel\" href=\"https:\/\/schmalz-kuenstler.ch\/wp-content\/uploads\/2018\/03\/G\u00fcggel.jpg\" target=\"_self\"><img decoding=\"async\" width=\"800\" height=\"531\" src=\"https:\/\/schmalz-kuenstler.ch\/wp-content\/uploads\/2018\/03\/G\u00fcggel.jpg\" class=\"attachment-full size-full\" alt=\"\" srcset=\"https:\/\/schmalz-kuenstler.ch\/wp-content\/uploads\/2018\/03\/G\u00fcggel-200x133.jpg 200w, https:\/\/schmalz-kuenstler.ch\/wp-content\/uploads\/2018\/03\/G\u00fcggel-400x266.jpg 400w, https:\/\/schmalz-kuenstler.ch\/wp-content\/uploads\/2018\/03\/G\u00fcggel-600x398.jpg 600w, https:\/\/schmalz-kuenstler.ch\/wp-content\/uploads\/2018\/03\/G\u00fcggel.jpg 800w\" sizes=\"(min-width: 2200px) 100vw, (min-width: 784px) 391px, (min-width: 712px) 587px, (min-width: 640px) 712px, \" \/><\/a><\/div><\/div><\/div><div class=\"swiper-slide\"><div class=\"fusion-carousel-item-wrapper\"><div class=\"fusion-image-wrapper hover-type-none\"><a data-rel=\"iLightbox[image_carousel_1]\" data-caption=\"Terrakotta bemalt, \n600 x 330 mm\nPrivatbesitz Familien Linder und Marville\" data-title=\"K\u00e4mpfende Katzen\" aria-label=\"K\u00e4mpfende Katzen\" href=\"https:\/\/schmalz-kuenstler.ch\/wp-content\/uploads\/2018\/03\/K\u00e4mpfende-Katzen.jpg\" target=\"_self\"><img decoding=\"async\" width=\"800\" height=\"531\" src=\"https:\/\/schmalz-kuenstler.ch\/wp-content\/uploads\/2018\/03\/K\u00e4mpfende-Katzen.jpg\" class=\"attachment-full size-full\" alt=\"\" srcset=\"https:\/\/schmalz-kuenstler.ch\/wp-content\/uploads\/2018\/03\/K\u00e4mpfende-Katzen-200x133.jpg 200w, https:\/\/schmalz-kuenstler.ch\/wp-content\/uploads\/2018\/03\/K\u00e4mpfende-Katzen-400x266.jpg 400w, https:\/\/schmalz-kuenstler.ch\/wp-content\/uploads\/2018\/03\/K\u00e4mpfende-Katzen-600x398.jpg 600w, https:\/\/schmalz-kuenstler.ch\/wp-content\/uploads\/2018\/03\/K\u00e4mpfende-Katzen.jpg 800w\" sizes=\"(min-width: 2200px) 100vw, (min-width: 784px) 391px, (min-width: 712px) 587px, (min-width: 640px) 712px, \" \/><\/a><\/div><\/div><\/div><div class=\"swiper-slide\"><div class=\"fusion-carousel-item-wrapper\"><div class=\"fusion-image-wrapper hover-type-none\"><a data-rel=\"iLightbox[image_carousel_1]\" data-caption=\"Terrakotta bemalt,\n330 x 660 mm\nPrivatbesitz Familien Linder und Marville\" data-title=\"T\u00f6pfer\" aria-label=\"T\u00f6pfer\" href=\"https:\/\/schmalz-kuenstler.ch\/wp-content\/uploads\/2018\/03\/T\u00f6pfer.jpg\" target=\"_self\"><img decoding=\"async\" width=\"800\" height=\"531\" src=\"https:\/\/schmalz-kuenstler.ch\/wp-content\/uploads\/2018\/03\/T\u00f6pfer.jpg\" class=\"attachment-full size-full\" alt=\"\" srcset=\"https:\/\/schmalz-kuenstler.ch\/wp-content\/uploads\/2018\/03\/T\u00f6pfer-200x133.jpg 200w, https:\/\/schmalz-kuenstler.ch\/wp-content\/uploads\/2018\/03\/T\u00f6pfer-400x266.jpg 400w, https:\/\/schmalz-kuenstler.ch\/wp-content\/uploads\/2018\/03\/T\u00f6pfer-600x398.jpg 600w, https:\/\/schmalz-kuenstler.ch\/wp-content\/uploads\/2018\/03\/T\u00f6pfer.jpg 800w\" sizes=\"(min-width: 2200px) 100vw, (min-width: 784px) 391px, (min-width: 712px) 587px, (min-width: 640px) 712px, \" \/><\/a><\/div><\/div><\/div><div class=\"swiper-slide\"><div class=\"fusion-carousel-item-wrapper\"><div class=\"fusion-image-wrapper hover-type-none\"><a data-rel=\"iLightbox[image_carousel_1]\" data-caption=\"Terrakotta eibfarbig bemalt,\n1930,\n550 x 450 mm\nErbengemeinschaft Oskar Friedrich und Hedi Schmalz-Maurer\" data-title=\"Liseli im Garten\" aria-label=\"Liseli im Garten\" href=\"https:\/\/schmalz-kuenstler.ch\/wp-content\/uploads\/2018\/03\/Liseli-im-Garten-1.jpg\" target=\"_self\"><img decoding=\"async\" width=\"800\" height=\"531\" src=\"https:\/\/schmalz-kuenstler.ch\/wp-content\/uploads\/2018\/03\/Liseli-im-Garten-1.jpg\" class=\"attachment-full size-full\" alt=\"\" srcset=\"https:\/\/schmalz-kuenstler.ch\/wp-content\/uploads\/2018\/03\/Liseli-im-Garten-1-200x133.jpg 200w, https:\/\/schmalz-kuenstler.ch\/wp-content\/uploads\/2018\/03\/Liseli-im-Garten-1-400x266.jpg 400w, https:\/\/schmalz-kuenstler.ch\/wp-content\/uploads\/2018\/03\/Liseli-im-Garten-1-600x398.jpg 600w, https:\/\/schmalz-kuenstler.ch\/wp-content\/uploads\/2018\/03\/Liseli-im-Garten-1.jpg 800w\" sizes=\"(min-width: 2200px) 100vw, (min-width: 784px) 391px, (min-width: 712px) 587px, (min-width: 640px) 712px, \" \/><\/a><\/div><\/div><\/div><div class=\"swiper-slide\"><div class=\"fusion-carousel-item-wrapper\"><div class=\"fusion-image-wrapper hover-type-none\"><a data-rel=\"iLightbox[image_carousel_1]\" data-caption=\"Terrakotta, einfarbig bemalt, 560 x 360 mm\nPrivatbesitz Familien Linder und Marville\" data-title=\"Eva\" aria-label=\"Eva\" href=\"https:\/\/schmalz-kuenstler.ch\/wp-content\/uploads\/2018\/03\/Eva.jpg\" target=\"_self\"><img decoding=\"async\" width=\"800\" height=\"531\" src=\"https:\/\/schmalz-kuenstler.ch\/wp-content\/uploads\/2018\/03\/Eva.jpg\" class=\"attachment-full size-full\" alt=\"\" srcset=\"https:\/\/schmalz-kuenstler.ch\/wp-content\/uploads\/2018\/03\/Eva-200x133.jpg 200w, https:\/\/schmalz-kuenstler.ch\/wp-content\/uploads\/2018\/03\/Eva-400x266.jpg 400w, https:\/\/schmalz-kuenstler.ch\/wp-content\/uploads\/2018\/03\/Eva-600x398.jpg 600w, https:\/\/schmalz-kuenstler.ch\/wp-content\/uploads\/2018\/03\/Eva.jpg 800w\" sizes=\"(min-width: 2200px) 100vw, (min-width: 784px) 391px, (min-width: 712px) 587px, (min-width: 640px) 712px, \" \/><\/a><\/div><\/div><\/div><div class=\"swiper-slide\"><div class=\"fusion-carousel-item-wrapper\"><div class=\"fusion-image-wrapper hover-type-none\"><a data-rel=\"iLightbox[image_carousel_1]\" data-caption=\"Terrakotta, \neinfarbig bemalt 350 mm\nPrivatbesitz Familien Linder und Marville\" data-title=\"Frau Sorge\" aria-label=\"Frau Sorge\" href=\"https:\/\/schmalz-kuenstler.ch\/wp-content\/uploads\/2018\/03\/Frau-Sorge.jpg\" target=\"_self\"><img decoding=\"async\" width=\"800\" height=\"531\" src=\"https:\/\/schmalz-kuenstler.ch\/wp-content\/uploads\/2018\/03\/Frau-Sorge.jpg\" class=\"attachment-full size-full\" alt=\"\" srcset=\"https:\/\/schmalz-kuenstler.ch\/wp-content\/uploads\/2018\/03\/Frau-Sorge-200x133.jpg 200w, https:\/\/schmalz-kuenstler.ch\/wp-content\/uploads\/2018\/03\/Frau-Sorge-400x266.jpg 400w, https:\/\/schmalz-kuenstler.ch\/wp-content\/uploads\/2018\/03\/Frau-Sorge-600x398.jpg 600w, https:\/\/schmalz-kuenstler.ch\/wp-content\/uploads\/2018\/03\/Frau-Sorge.jpg 800w\" sizes=\"(min-width: 2200px) 100vw, (min-width: 784px) 391px, (min-width: 712px) 587px, (min-width: 640px) 712px, \" \/><\/a><\/div><\/div><\/div><div class=\"swiper-slide\"><div class=\"fusion-carousel-item-wrapper\"><div class=\"fusion-image-wrapper hover-type-none\"><a data-rel=\"iLightbox[image_carousel_1]\" data-caption=\"Terrakotta, bemalt, \n350 mm\nPrivatbesitz Familien Linder und Marville\" data-title=\"Nachdenkliche\" aria-label=\"Nachdenkliche\" href=\"https:\/\/schmalz-kuenstler.ch\/wp-content\/uploads\/2018\/03\/Nachdenkliche-1.jpg\" target=\"_self\"><img decoding=\"async\" width=\"800\" height=\"531\" src=\"https:\/\/schmalz-kuenstler.ch\/wp-content\/uploads\/2018\/03\/Nachdenkliche-1.jpg\" class=\"attachment-full size-full\" alt=\"\" srcset=\"https:\/\/schmalz-kuenstler.ch\/wp-content\/uploads\/2018\/03\/Nachdenkliche-1-200x133.jpg 200w, https:\/\/schmalz-kuenstler.ch\/wp-content\/uploads\/2018\/03\/Nachdenkliche-1-400x266.jpg 400w, https:\/\/schmalz-kuenstler.ch\/wp-content\/uploads\/2018\/03\/Nachdenkliche-1-600x398.jpg 600w, https:\/\/schmalz-kuenstler.ch\/wp-content\/uploads\/2018\/03\/Nachdenkliche-1.jpg 800w\" sizes=\"(min-width: 2200px) 100vw, (min-width: 784px) 391px, (min-width: 712px) 587px, (min-width: 640px) 712px, \" \/><\/a><\/div><\/div><\/div><div class=\"swiper-slide\"><div class=\"fusion-carousel-item-wrapper\"><div class=\"fusion-image-wrapper hover-type-none\"><a data-rel=\"iLightbox[image_carousel_1]\" data-caption=\"Terrakotta bemalt,\n350 mm x 540 mm\nPrivatbesitz Familien Linder und Marville\" data-title=\"In Satans Hand\" aria-label=\"In Satans Hand\" href=\"https:\/\/schmalz-kuenstler.ch\/wp-content\/uploads\/2018\/03\/In-Satans-Hand.jpg\" target=\"_self\"><img decoding=\"async\" width=\"800\" height=\"531\" src=\"https:\/\/schmalz-kuenstler.ch\/wp-content\/uploads\/2018\/03\/In-Satans-Hand.jpg\" class=\"attachment-full size-full\" alt=\"\" srcset=\"https:\/\/schmalz-kuenstler.ch\/wp-content\/uploads\/2018\/03\/In-Satans-Hand-200x133.jpg 200w, https:\/\/schmalz-kuenstler.ch\/wp-content\/uploads\/2018\/03\/In-Satans-Hand-400x266.jpg 400w, https:\/\/schmalz-kuenstler.ch\/wp-content\/uploads\/2018\/03\/In-Satans-Hand-600x398.jpg 600w, https:\/\/schmalz-kuenstler.ch\/wp-content\/uploads\/2018\/03\/In-Satans-Hand.jpg 800w\" sizes=\"(min-width: 2200px) 100vw, (min-width: 784px) 391px, (min-width: 712px) 587px, (min-width: 640px) 712px, \" \/><\/a><\/div><\/div><\/div><div class=\"swiper-slide\"><div class=\"fusion-carousel-item-wrapper\"><div class=\"fusion-image-wrapper hover-type-none\"><a data-rel=\"iLightbox[image_carousel_1]\" data-caption=\"Terrakotta bemalt\n200 x 400 mm\nKunstGut AG, Triengen\nWerner Gut\" data-title=\"Steinst\u00f6sser\" aria-label=\"Steinst\u00f6sser\" href=\"https:\/\/schmalz-kuenstler.ch\/wp-content\/uploads\/2018\/05\/Steinst\u00f6sser.jpg\" target=\"_self\"><img decoding=\"async\" width=\"800\" height=\"531\" src=\"https:\/\/schmalz-kuenstler.ch\/wp-content\/uploads\/2018\/05\/Steinst\u00f6sser.jpg\" class=\"attachment-full size-full\" alt=\"\" srcset=\"https:\/\/schmalz-kuenstler.ch\/wp-content\/uploads\/2018\/05\/Steinst\u00f6sser-200x133.jpg 200w, https:\/\/schmalz-kuenstler.ch\/wp-content\/uploads\/2018\/05\/Steinst\u00f6sser-400x266.jpg 400w, https:\/\/schmalz-kuenstler.ch\/wp-content\/uploads\/2018\/05\/Steinst\u00f6sser-600x398.jpg 600w, https:\/\/schmalz-kuenstler.ch\/wp-content\/uploads\/2018\/05\/Steinst\u00f6sser.jpg 800w\" sizes=\"(min-width: 2200px) 100vw, (min-width: 784px) 391px, (min-width: 712px) 587px, (min-width: 640px) 712px, \" \/><\/a><\/div><\/div><\/div><div class=\"swiper-slide\"><div class=\"fusion-carousel-item-wrapper\"><div class=\"fusion-image-wrapper hover-type-none\"><a data-rel=\"iLightbox[image_carousel_1]\" data-caption=\"Terrakotta bemalt, 200 mm\nSammlung Hanna reusser Steffisburg\nverkauft an Herrn Bucher, Niederwenigen Z\u00fcrich 1929, Bucher Landmaschinen\" data-title=\"D\u00e4ngeler\" aria-label=\"D\u00e4ngeler\" href=\"https:\/\/schmalz-kuenstler.ch\/wp-content\/uploads\/2018\/03\/D\u00e4ngeler-1.jpg\" target=\"_self\"><img decoding=\"async\" width=\"800\" height=\"531\" src=\"https:\/\/schmalz-kuenstler.ch\/wp-content\/uploads\/2018\/03\/D\u00e4ngeler-1.jpg\" class=\"attachment-full size-full\" alt=\"\" srcset=\"https:\/\/schmalz-kuenstler.ch\/wp-content\/uploads\/2018\/03\/D\u00e4ngeler-1-200x133.jpg 200w, https:\/\/schmalz-kuenstler.ch\/wp-content\/uploads\/2018\/03\/D\u00e4ngeler-1-400x266.jpg 400w, https:\/\/schmalz-kuenstler.ch\/wp-content\/uploads\/2018\/03\/D\u00e4ngeler-1-600x398.jpg 600w, https:\/\/schmalz-kuenstler.ch\/wp-content\/uploads\/2018\/03\/D\u00e4ngeler-1.jpg 800w\" sizes=\"(min-width: 2200px) 100vw, (min-width: 784px) 391px, (min-width: 712px) 587px, (min-width: 640px) 712px, \" \/><\/a><\/div><\/div><\/div><div class=\"swiper-slide\"><div class=\"fusion-carousel-item-wrapper\"><div class=\"fusion-image-wrapper hover-type-none\"><a data-rel=\"iLightbox[image_carousel_1]\" data-caption=\"Terrakotta, bemalt, \n370 mm\nSammlung Hanna Reusser Steffisburg\" data-title=\"Hexe\" aria-label=\"Hexe\" href=\"https:\/\/schmalz-kuenstler.ch\/wp-content\/uploads\/2018\/03\/Hexe.jpg\" target=\"_self\"><img decoding=\"async\" width=\"800\" height=\"531\" src=\"https:\/\/schmalz-kuenstler.ch\/wp-content\/uploads\/2018\/03\/Hexe.jpg\" class=\"attachment-full size-full\" alt=\"\" srcset=\"https:\/\/schmalz-kuenstler.ch\/wp-content\/uploads\/2018\/03\/Hexe-200x133.jpg 200w, https:\/\/schmalz-kuenstler.ch\/wp-content\/uploads\/2018\/03\/Hexe-400x266.jpg 400w, https:\/\/schmalz-kuenstler.ch\/wp-content\/uploads\/2018\/03\/Hexe-600x398.jpg 600w, https:\/\/schmalz-kuenstler.ch\/wp-content\/uploads\/2018\/03\/Hexe.jpg 800w\" sizes=\"(min-width: 2200px) 100vw, (min-width: 784px) 391px, (min-width: 712px) 587px, (min-width: 640px) 712px, \" \/><\/a><\/div><\/div><\/div><div class=\"swiper-slide\"><div class=\"fusion-carousel-item-wrapper\"><div class=\"fusion-image-wrapper hover-type-none\"><a data-rel=\"iLightbox[image_carousel_1]\" data-caption=\"F\u00fcnffigurige Terrakottagruppe glasiert,\n260 mm x 300 mm\nSammlung Schlossmuseum Thun\" data-title=\"Hochzeitsgesellschaft\" aria-label=\"Hochzeitsgesellschaft\" href=\"https:\/\/schmalz-kuenstler.ch\/wp-content\/uploads\/2018\/03\/Hochzeitsgesellschaft.jpg\" target=\"_self\"><img decoding=\"async\" width=\"800\" height=\"531\" src=\"https:\/\/schmalz-kuenstler.ch\/wp-content\/uploads\/2018\/03\/Hochzeitsgesellschaft.jpg\" class=\"attachment-full size-full\" alt=\"\" srcset=\"https:\/\/schmalz-kuenstler.ch\/wp-content\/uploads\/2018\/03\/Hochzeitsgesellschaft-200x133.jpg 200w, https:\/\/schmalz-kuenstler.ch\/wp-content\/uploads\/2018\/03\/Hochzeitsgesellschaft-400x266.jpg 400w, https:\/\/schmalz-kuenstler.ch\/wp-content\/uploads\/2018\/03\/Hochzeitsgesellschaft-600x398.jpg 600w, https:\/\/schmalz-kuenstler.ch\/wp-content\/uploads\/2018\/03\/Hochzeitsgesellschaft.jpg 800w\" sizes=\"(min-width: 2200px) 100vw, (min-width: 784px) 391px, (min-width: 712px) 587px, (min-width: 640px) 712px, \" \/><\/a><\/div><\/div><\/div><div class=\"swiper-slide\"><div class=\"fusion-carousel-item-wrapper\"><div class=\"fusion-image-wrapper hover-type-none\"><a data-rel=\"iLightbox[image_carousel_1]\" data-caption=\"Terrakotta-Gruppe, bemalt,\n480 x 330 mm\nPrivatbesitz Familien Linder und Marville\" data-title=\"Beerdigung\" aria-label=\"Beerdigung\" href=\"https:\/\/schmalz-kuenstler.ch\/wp-content\/uploads\/2018\/03\/Beerdigung.jpg\" target=\"_self\"><img decoding=\"async\" width=\"800\" height=\"531\" src=\"https:\/\/schmalz-kuenstler.ch\/wp-content\/uploads\/2018\/03\/Beerdigung.jpg\" class=\"attachment-full size-full\" alt=\"\" srcset=\"https:\/\/schmalz-kuenstler.ch\/wp-content\/uploads\/2018\/03\/Beerdigung-200x133.jpg 200w, https:\/\/schmalz-kuenstler.ch\/wp-content\/uploads\/2018\/03\/Beerdigung-400x266.jpg 400w, https:\/\/schmalz-kuenstler.ch\/wp-content\/uploads\/2018\/03\/Beerdigung-600x398.jpg 600w, https:\/\/schmalz-kuenstler.ch\/wp-content\/uploads\/2018\/03\/Beerdigung.jpg 800w\" sizes=\"(min-width: 2200px) 100vw, (min-width: 784px) 391px, (min-width: 712px) 587px, (min-width: 640px) 712px, \" \/><\/a><\/div><\/div><\/div><div class=\"swiper-slide\"><div class=\"fusion-carousel-item-wrapper\"><div class=\"fusion-image-wrapper hover-type-none\"><a data-rel=\"iLightbox[image_carousel_1]\" data-caption=\"Terrakotta-Gruppe, bemalt,\n360 x 280 mm\nPrivatbesitz Familien Linder und Marville\" data-title=\"Taufe\" aria-label=\"Taufe\" href=\"https:\/\/schmalz-kuenstler.ch\/wp-content\/uploads\/2018\/03\/Taufe.jpg\" target=\"_self\"><img decoding=\"async\" width=\"800\" height=\"531\" src=\"https:\/\/schmalz-kuenstler.ch\/wp-content\/uploads\/2018\/03\/Taufe.jpg\" class=\"attachment-full size-full\" alt=\"\" srcset=\"https:\/\/schmalz-kuenstler.ch\/wp-content\/uploads\/2018\/03\/Taufe-200x133.jpg 200w, https:\/\/schmalz-kuenstler.ch\/wp-content\/uploads\/2018\/03\/Taufe-400x266.jpg 400w, https:\/\/schmalz-kuenstler.ch\/wp-content\/uploads\/2018\/03\/Taufe-600x398.jpg 600w, https:\/\/schmalz-kuenstler.ch\/wp-content\/uploads\/2018\/03\/Taufe.jpg 800w\" sizes=\"(min-width: 2200px) 100vw, (min-width: 784px) 391px, (min-width: 712px) 587px, (min-width: 640px) 712px, \" \/><\/a><\/div><\/div><\/div><div class=\"swiper-slide\"><div class=\"fusion-carousel-item-wrapper\"><div class=\"fusion-image-wrapper hover-type-none\"><a data-rel=\"iLightbox[image_carousel_1]\" data-caption=\"Terrakotta, bemalt, \n530 mm\nPrivatbesitz Paul Schmalz, Konolfingen\" data-title=\"Trachtenfrau\" aria-label=\"Trachtenfrau\" href=\"https:\/\/schmalz-kuenstler.ch\/wp-content\/uploads\/2018\/03\/Trachtenfrau.jpg\" target=\"_self\"><img decoding=\"async\" width=\"800\" height=\"531\" src=\"https:\/\/schmalz-kuenstler.ch\/wp-content\/uploads\/2018\/03\/Trachtenfrau.jpg\" class=\"attachment-full size-full\" alt=\"\" srcset=\"https:\/\/schmalz-kuenstler.ch\/wp-content\/uploads\/2018\/03\/Trachtenfrau-200x133.jpg 200w, https:\/\/schmalz-kuenstler.ch\/wp-content\/uploads\/2018\/03\/Trachtenfrau-400x266.jpg 400w, https:\/\/schmalz-kuenstler.ch\/wp-content\/uploads\/2018\/03\/Trachtenfrau-600x398.jpg 600w, https:\/\/schmalz-kuenstler.ch\/wp-content\/uploads\/2018\/03\/Trachtenfrau.jpg 800w\" sizes=\"(min-width: 2200px) 100vw, (min-width: 784px) 391px, (min-width: 712px) 587px, (min-width: 640px) 712px, \" \/><\/a><\/div><\/div><\/div><div class=\"swiper-slide\"><div class=\"fusion-carousel-item-wrapper\"><div class=\"fusion-image-wrapper hover-type-none\"><a data-rel=\"iLightbox[image_carousel_1]\" data-caption=\"Terrakotta bemalt\n220 x 100 mm\nKunstGut AG, Triengen\nWerner Gut\" data-title=\"B\u00fcchelbl\u00e4ser\" aria-label=\"B\u00fcchelbl\u00e4ser\" href=\"https:\/\/schmalz-kuenstler.ch\/wp-content\/uploads\/2018\/05\/B\u00fcchelbl\u00e4ser.jpg\" target=\"_self\"><img decoding=\"async\" width=\"800\" height=\"531\" src=\"https:\/\/schmalz-kuenstler.ch\/wp-content\/uploads\/2018\/05\/B\u00fcchelbl\u00e4ser.jpg\" class=\"attachment-full size-full\" alt=\"\" srcset=\"https:\/\/schmalz-kuenstler.ch\/wp-content\/uploads\/2018\/05\/B\u00fcchelbl\u00e4ser-200x133.jpg 200w, https:\/\/schmalz-kuenstler.ch\/wp-content\/uploads\/2018\/05\/B\u00fcchelbl\u00e4ser-400x266.jpg 400w, https:\/\/schmalz-kuenstler.ch\/wp-content\/uploads\/2018\/05\/B\u00fcchelbl\u00e4ser-600x398.jpg 600w, https:\/\/schmalz-kuenstler.ch\/wp-content\/uploads\/2018\/05\/B\u00fcchelbl\u00e4ser.jpg 800w\" sizes=\"(min-width: 2200px) 100vw, (min-width: 784px) 391px, (min-width: 712px) 587px, (min-width: 640px) 712px, \" \/><\/a><\/div><\/div><\/div><div class=\"swiper-slide\"><div class=\"fusion-carousel-item-wrapper\"><div class=\"fusion-image-wrapper hover-type-none\"><a data-rel=\"iLightbox[image_carousel_1]\" data-caption=\"Terrakotta bemalt, 310 mm\nSammlung\nHanna Reusser, Steffisburg\" data-title=\"Liebespaar\" aria-label=\"Liebespaar\" href=\"https:\/\/schmalz-kuenstler.ch\/wp-content\/uploads\/2018\/03\/Liebespaar.jpg\" target=\"_self\"><img decoding=\"async\" width=\"800\" height=\"531\" src=\"https:\/\/schmalz-kuenstler.ch\/wp-content\/uploads\/2018\/03\/Liebespaar.jpg\" class=\"attachment-full size-full\" alt=\"\" srcset=\"https:\/\/schmalz-kuenstler.ch\/wp-content\/uploads\/2018\/03\/Liebespaar-200x133.jpg 200w, https:\/\/schmalz-kuenstler.ch\/wp-content\/uploads\/2018\/03\/Liebespaar-400x266.jpg 400w, https:\/\/schmalz-kuenstler.ch\/wp-content\/uploads\/2018\/03\/Liebespaar-600x398.jpg 600w, https:\/\/schmalz-kuenstler.ch\/wp-content\/uploads\/2018\/03\/Liebespaar.jpg 800w\" sizes=\"(min-width: 2200px) 100vw, (min-width: 784px) 391px, (min-width: 712px) 587px, (min-width: 640px) 712px, \" \/><\/a><\/div><\/div><\/div><div class=\"swiper-slide\"><div class=\"fusion-carousel-item-wrapper\"><div class=\"fusion-image-wrapper hover-type-none\"><a data-rel=\"iLightbox[image_carousel_1]\" data-caption=\"Terrakotta bemalt, \n320 x 580 mm\nPrivatbesitz Familien Linder und Marville\" data-title=\"Abgewandt\" aria-label=\"Abgewandt\" href=\"https:\/\/schmalz-kuenstler.ch\/wp-content\/uploads\/2018\/03\/Abgewandt.jpg\" target=\"_self\"><img decoding=\"async\" width=\"800\" height=\"531\" src=\"https:\/\/schmalz-kuenstler.ch\/wp-content\/uploads\/2018\/03\/Abgewandt.jpg\" class=\"attachment-full size-full\" alt=\"\" srcset=\"https:\/\/schmalz-kuenstler.ch\/wp-content\/uploads\/2018\/03\/Abgewandt-200x133.jpg 200w, https:\/\/schmalz-kuenstler.ch\/wp-content\/uploads\/2018\/03\/Abgewandt-400x266.jpg 400w, https:\/\/schmalz-kuenstler.ch\/wp-content\/uploads\/2018\/03\/Abgewandt-600x398.jpg 600w, https:\/\/schmalz-kuenstler.ch\/wp-content\/uploads\/2018\/03\/Abgewandt.jpg 800w\" sizes=\"(min-width: 2200px) 100vw, (min-width: 784px) 391px, (min-width: 712px) 587px, (min-width: 640px) 712px, \" \/><\/a><\/div><\/div><\/div><div class=\"swiper-slide\"><div class=\"fusion-carousel-item-wrapper\"><div class=\"fusion-image-wrapper hover-type-none\"><a data-rel=\"iLightbox[image_carousel_1]\" data-caption=\"Terrakotta bemalt, 320 mm\nPrivatbesitz Familien Linder und Marville\" data-title=\"Tante Lina\" aria-label=\"Tante Lina\" href=\"https:\/\/schmalz-kuenstler.ch\/wp-content\/uploads\/2018\/03\/Tante-Lina.jpg\" target=\"_self\"><img decoding=\"async\" width=\"800\" height=\"531\" src=\"https:\/\/schmalz-kuenstler.ch\/wp-content\/uploads\/2018\/03\/Tante-Lina.jpg\" class=\"attachment-full size-full\" alt=\"\" srcset=\"https:\/\/schmalz-kuenstler.ch\/wp-content\/uploads\/2018\/03\/Tante-Lina-200x133.jpg 200w, https:\/\/schmalz-kuenstler.ch\/wp-content\/uploads\/2018\/03\/Tante-Lina-400x266.jpg 400w, https:\/\/schmalz-kuenstler.ch\/wp-content\/uploads\/2018\/03\/Tante-Lina-600x398.jpg 600w, https:\/\/schmalz-kuenstler.ch\/wp-content\/uploads\/2018\/03\/Tante-Lina.jpg 800w\" sizes=\"(min-width: 2200px) 100vw, (min-width: 784px) 391px, (min-width: 712px) 587px, (min-width: 640px) 712px, \" \/><\/a><\/div><\/div><\/div><div class=\"swiper-slide\"><div class=\"fusion-carousel-item-wrapper\"><div class=\"fusion-image-wrapper hover-type-none\"><a data-rel=\"iLightbox[image_carousel_1]\" data-caption=\"Terrakotta, bemalt, \n410 mm\nDorfmuseum Konolfingen\" data-title=\"Oskar Friedrich Schmalz\" aria-label=\"Oskar Friedrich Schmalz\" href=\"https:\/\/schmalz-kuenstler.ch\/wp-content\/uploads\/2018\/03\/Oskar-Friedrich-Schmalz.jpg\" target=\"_self\"><img decoding=\"async\" width=\"800\" height=\"531\" src=\"https:\/\/schmalz-kuenstler.ch\/wp-content\/uploads\/2018\/03\/Oskar-Friedrich-Schmalz.jpg\" class=\"attachment-full size-full\" alt=\"\" srcset=\"https:\/\/schmalz-kuenstler.ch\/wp-content\/uploads\/2018\/03\/Oskar-Friedrich-Schmalz-200x133.jpg 200w, https:\/\/schmalz-kuenstler.ch\/wp-content\/uploads\/2018\/03\/Oskar-Friedrich-Schmalz-400x266.jpg 400w, https:\/\/schmalz-kuenstler.ch\/wp-content\/uploads\/2018\/03\/Oskar-Friedrich-Schmalz-600x398.jpg 600w, https:\/\/schmalz-kuenstler.ch\/wp-content\/uploads\/2018\/03\/Oskar-Friedrich-Schmalz.jpg 800w\" sizes=\"(min-width: 2200px) 100vw, (min-width: 784px) 391px, (min-width: 712px) 587px, (min-width: 640px) 712px, \" \/><\/a><\/div><\/div><\/div><div class=\"swiper-slide\"><div class=\"fusion-carousel-item-wrapper\"><div class=\"fusion-image-wrapper hover-type-none\"><a data-rel=\"iLightbox[image_carousel_1]\" data-caption=\"Terrakotta-B\u00fcste bemalt,\n340 x 240 mm\nPrivatbesitz Familien Linder und Marville\" data-title=\"Charakterkopf\" aria-label=\"Charakterkopf\" href=\"https:\/\/schmalz-kuenstler.ch\/wp-content\/uploads\/2018\/03\/Charakterkopf.jpg\" target=\"_self\"><img decoding=\"async\" width=\"800\" height=\"531\" src=\"https:\/\/schmalz-kuenstler.ch\/wp-content\/uploads\/2018\/03\/Charakterkopf.jpg\" class=\"attachment-full size-full\" alt=\"\" srcset=\"https:\/\/schmalz-kuenstler.ch\/wp-content\/uploads\/2018\/03\/Charakterkopf-200x133.jpg 200w, https:\/\/schmalz-kuenstler.ch\/wp-content\/uploads\/2018\/03\/Charakterkopf-400x266.jpg 400w, https:\/\/schmalz-kuenstler.ch\/wp-content\/uploads\/2018\/03\/Charakterkopf-600x398.jpg 600w, https:\/\/schmalz-kuenstler.ch\/wp-content\/uploads\/2018\/03\/Charakterkopf.jpg 800w\" sizes=\"(min-width: 2200px) 100vw, (min-width: 784px) 391px, (min-width: 712px) 587px, (min-width: 640px) 712px, \" \/><\/a><\/div><\/div><\/div><div class=\"swiper-slide\"><div class=\"fusion-carousel-item-wrapper\"><div class=\"fusion-image-wrapper hover-type-none\"><a data-rel=\"iLightbox[image_carousel_1]\" data-caption=\"Terrakotta\nPrivatbesitz Martin Sieber\nZollikon\" data-title=\"Fischer\" aria-label=\"Fischer\" href=\"https:\/\/schmalz-kuenstler.ch\/wp-content\/uploads\/2018\/03\/Fischer.jpg\" target=\"_self\"><img decoding=\"async\" width=\"800\" height=\"531\" src=\"https:\/\/schmalz-kuenstler.ch\/wp-content\/uploads\/2018\/03\/Fischer.jpg\" class=\"attachment-full size-full\" alt=\"\" srcset=\"https:\/\/schmalz-kuenstler.ch\/wp-content\/uploads\/2018\/03\/Fischer-200x133.jpg 200w, https:\/\/schmalz-kuenstler.ch\/wp-content\/uploads\/2018\/03\/Fischer-400x266.jpg 400w, https:\/\/schmalz-kuenstler.ch\/wp-content\/uploads\/2018\/03\/Fischer-600x398.jpg 600w, https:\/\/schmalz-kuenstler.ch\/wp-content\/uploads\/2018\/03\/Fischer.jpg 800w\" sizes=\"(min-width: 2200px) 100vw, (min-width: 784px) 391px, (min-width: 712px) 587px, (min-width: 640px) 712px, \" \/><\/a><\/div><\/div><\/div><div class=\"swiper-slide\"><div class=\"fusion-carousel-item-wrapper\"><div class=\"fusion-image-wrapper hover-type-none\"><a data-rel=\"iLightbox[image_carousel_1]\" data-caption=\"Terrakotta bemalt\n340 x170 mm\nKunstGut AG, Triengen\nWerner Gut\" data-title=\"Fischer mit Hecht\" aria-label=\"Fischer mit Hecht\" href=\"https:\/\/schmalz-kuenstler.ch\/wp-content\/uploads\/2018\/05\/Fischer-mit-Hecht.jpg\" target=\"_self\"><img decoding=\"async\" width=\"800\" height=\"531\" src=\"https:\/\/schmalz-kuenstler.ch\/wp-content\/uploads\/2018\/05\/Fischer-mit-Hecht.jpg\" class=\"attachment-full size-full\" alt=\"\" srcset=\"https:\/\/schmalz-kuenstler.ch\/wp-content\/uploads\/2018\/05\/Fischer-mit-Hecht-200x133.jpg 200w, https:\/\/schmalz-kuenstler.ch\/wp-content\/uploads\/2018\/05\/Fischer-mit-Hecht-400x266.jpg 400w, https:\/\/schmalz-kuenstler.ch\/wp-content\/uploads\/2018\/05\/Fischer-mit-Hecht-600x398.jpg 600w, https:\/\/schmalz-kuenstler.ch\/wp-content\/uploads\/2018\/05\/Fischer-mit-Hecht.jpg 800w\" sizes=\"(min-width: 2200px) 100vw, (min-width: 784px) 391px, (min-width: 712px) 587px, (min-width: 640px) 712px, \" \/><\/a><\/div><\/div><\/div><div class=\"swiper-slide\"><div class=\"fusion-carousel-item-wrapper\"><div class=\"fusion-image-wrapper hover-type-none\"><a data-rel=\"iLightbox[image_carousel_1]\" data-caption=\"Terrakotta, 620 x 400 mm\nPrivatbesitz Familien Linder und Marville\" data-title=\"Der Rattenf\u00e4nger von Hameln\" aria-label=\"Der Rattenf\u00e4nger von Hameln\" href=\"https:\/\/schmalz-kuenstler.ch\/wp-content\/uploads\/2018\/03\/Der-Rattenf\u00e4nger-von-Hameln.jpg\" target=\"_self\"><img decoding=\"async\" width=\"800\" height=\"531\" src=\"https:\/\/schmalz-kuenstler.ch\/wp-content\/uploads\/2018\/03\/Der-Rattenf\u00e4nger-von-Hameln.jpg\" class=\"attachment-full size-full\" alt=\"\" srcset=\"https:\/\/schmalz-kuenstler.ch\/wp-content\/uploads\/2018\/03\/Der-Rattenf\u00e4nger-von-Hameln-200x133.jpg 200w, https:\/\/schmalz-kuenstler.ch\/wp-content\/uploads\/2018\/03\/Der-Rattenf\u00e4nger-von-Hameln-400x266.jpg 400w, https:\/\/schmalz-kuenstler.ch\/wp-content\/uploads\/2018\/03\/Der-Rattenf\u00e4nger-von-Hameln-600x398.jpg 600w, https:\/\/schmalz-kuenstler.ch\/wp-content\/uploads\/2018\/03\/Der-Rattenf\u00e4nger-von-Hameln.jpg 800w\" sizes=\"(min-width: 2200px) 100vw, (min-width: 784px) 391px, (min-width: 712px) 587px, (min-width: 640px) 712px, \" \/><\/a><\/div><\/div><\/div><div class=\"swiper-slide\"><div class=\"fusion-carousel-item-wrapper\"><div class=\"fusion-image-wrapper hover-type-none\"><a data-rel=\"iLightbox[image_carousel_1]\" data-caption=\"Terrakotta, 850 x 570 mm\nPrivatbesitz Familien Linder und Marville\" data-title=\"Ein Ton\" aria-label=\"Ein Ton\" href=\"https:\/\/schmalz-kuenstler.ch\/wp-content\/uploads\/2018\/03\/Ein-Ton.jpg\" target=\"_self\"><img decoding=\"async\" width=\"800\" height=\"531\" src=\"https:\/\/schmalz-kuenstler.ch\/wp-content\/uploads\/2018\/03\/Ein-Ton.jpg\" class=\"attachment-full size-full\" alt=\"\" srcset=\"https:\/\/schmalz-kuenstler.ch\/wp-content\/uploads\/2018\/03\/Ein-Ton-200x133.jpg 200w, https:\/\/schmalz-kuenstler.ch\/wp-content\/uploads\/2018\/03\/Ein-Ton-400x266.jpg 400w, https:\/\/schmalz-kuenstler.ch\/wp-content\/uploads\/2018\/03\/Ein-Ton-600x398.jpg 600w, https:\/\/schmalz-kuenstler.ch\/wp-content\/uploads\/2018\/03\/Ein-Ton.jpg 800w\" sizes=\"(min-width: 2200px) 100vw, (min-width: 784px) 391px, (min-width: 712px) 587px, (min-width: 640px) 712px, \" \/><\/a><\/div><\/div><\/div><div class=\"swiper-slide\"><div class=\"fusion-carousel-item-wrapper\"><div class=\"fusion-image-wrapper hover-type-none\"><a data-rel=\"iLightbox[image_carousel_1]\" data-caption=\"Terrakotta, \n210 x 540 mm\nPrivatbesitz Familien Linder und Marville\" data-title=\"Holzhacker\" aria-label=\"Holzhacker\" href=\"https:\/\/schmalz-kuenstler.ch\/wp-content\/uploads\/2018\/03\/Holzhacker.jpg\" target=\"_self\"><img decoding=\"async\" width=\"800\" height=\"531\" src=\"https:\/\/schmalz-kuenstler.ch\/wp-content\/uploads\/2018\/03\/Holzhacker.jpg\" class=\"attachment-full size-full\" alt=\"\" srcset=\"https:\/\/schmalz-kuenstler.ch\/wp-content\/uploads\/2018\/03\/Holzhacker-200x133.jpg 200w, https:\/\/schmalz-kuenstler.ch\/wp-content\/uploads\/2018\/03\/Holzhacker-400x266.jpg 400w, https:\/\/schmalz-kuenstler.ch\/wp-content\/uploads\/2018\/03\/Holzhacker-600x398.jpg 600w, https:\/\/schmalz-kuenstler.ch\/wp-content\/uploads\/2018\/03\/Holzhacker.jpg 800w\" sizes=\"(min-width: 2200px) 100vw, (min-width: 784px) 391px, (min-width: 712px) 587px, (min-width: 640px) 712px, \" \/><\/a><\/div><\/div><\/div><div class=\"swiper-slide\"><div class=\"fusion-carousel-item-wrapper\"><div class=\"fusion-image-wrapper hover-type-none\"><a data-rel=\"iLightbox[image_carousel_1]\" data-caption=\"Terrakotta, 200 x 390 mm\nPrivatbesitz Familien Linder und Marville\" data-title=\"Frau in Pose\" aria-label=\"Frau in Pose\" href=\"https:\/\/schmalz-kuenstler.ch\/wp-content\/uploads\/2018\/03\/Frau-in-Pose.jpg\" target=\"_self\"><img decoding=\"async\" width=\"800\" height=\"531\" src=\"https:\/\/schmalz-kuenstler.ch\/wp-content\/uploads\/2018\/03\/Frau-in-Pose.jpg\" class=\"attachment-full size-full\" alt=\"\" srcset=\"https:\/\/schmalz-kuenstler.ch\/wp-content\/uploads\/2018\/03\/Frau-in-Pose-200x133.jpg 200w, https:\/\/schmalz-kuenstler.ch\/wp-content\/uploads\/2018\/03\/Frau-in-Pose-400x266.jpg 400w, https:\/\/schmalz-kuenstler.ch\/wp-content\/uploads\/2018\/03\/Frau-in-Pose-600x398.jpg 600w, https:\/\/schmalz-kuenstler.ch\/wp-content\/uploads\/2018\/03\/Frau-in-Pose.jpg 800w\" sizes=\"(min-width: 2200px) 100vw, (min-width: 784px) 391px, (min-width: 712px) 587px, (min-width: 640px) 712px, \" \/><\/a><\/div><\/div><\/div><div class=\"swiper-slide\"><div class=\"fusion-carousel-item-wrapper\"><div class=\"fusion-image-wrapper hover-type-none\"><a data-rel=\"iLightbox[image_carousel_1]\" data-caption=\"Terrakotta-B\u00fcste, bemalt\n400 x 350 mm\nPrivatbesitz Familien Linder und Marville\" data-title=\"K\u00fcnstler mit Frau\" aria-label=\"K\u00fcnstler mit Frau\" href=\"https:\/\/schmalz-kuenstler.ch\/wp-content\/uploads\/2018\/03\/K\u00fcnstler-mit-Frau.jpg\" target=\"_self\"><img decoding=\"async\" width=\"800\" height=\"531\" src=\"https:\/\/schmalz-kuenstler.ch\/wp-content\/uploads\/2018\/03\/K\u00fcnstler-mit-Frau.jpg\" class=\"attachment-full size-full\" alt=\"\" srcset=\"https:\/\/schmalz-kuenstler.ch\/wp-content\/uploads\/2018\/03\/K\u00fcnstler-mit-Frau-200x133.jpg 200w, https:\/\/schmalz-kuenstler.ch\/wp-content\/uploads\/2018\/03\/K\u00fcnstler-mit-Frau-400x266.jpg 400w, https:\/\/schmalz-kuenstler.ch\/wp-content\/uploads\/2018\/03\/K\u00fcnstler-mit-Frau-600x398.jpg 600w, https:\/\/schmalz-kuenstler.ch\/wp-content\/uploads\/2018\/03\/K\u00fcnstler-mit-Frau.jpg 800w\" sizes=\"(min-width: 2200px) 100vw, (min-width: 784px) 391px, (min-width: 712px) 587px, (min-width: 640px) 712px, \" \/><\/a><\/div><\/div><\/div><div class=\"swiper-slide\"><div class=\"fusion-carousel-item-wrapper\"><div class=\"fusion-image-wrapper hover-type-none\"><a data-rel=\"iLightbox[image_carousel_1]\" data-caption=\"Terrakotta, bemalt, 1945\n240 x260 mm\nPrivatbesitz Familien Linder und Marville\" data-title=\"Anbau\" aria-label=\"Anbau\" href=\"https:\/\/schmalz-kuenstler.ch\/wp-content\/uploads\/2018\/02\/Anbau.jpg\" target=\"_self\"><img decoding=\"async\" width=\"800\" height=\"531\" src=\"https:\/\/schmalz-kuenstler.ch\/wp-content\/uploads\/2018\/02\/Anbau.jpg\" class=\"attachment-full size-full\" alt=\"\" srcset=\"https:\/\/schmalz-kuenstler.ch\/wp-content\/uploads\/2018\/02\/Anbau-200x133.jpg 200w, https:\/\/schmalz-kuenstler.ch\/wp-content\/uploads\/2018\/02\/Anbau-400x266.jpg 400w, https:\/\/schmalz-kuenstler.ch\/wp-content\/uploads\/2018\/02\/Anbau-600x398.jpg 600w, https:\/\/schmalz-kuenstler.ch\/wp-content\/uploads\/2018\/02\/Anbau.jpg 800w\" sizes=\"(min-width: 2200px) 100vw, (min-width: 784px) 391px, (min-width: 712px) 587px, (min-width: 640px) 712px, \" \/><\/a><\/div><\/div><\/div><\/div><div class=\"awb-swiper-button awb-swiper-button-prev\"><i class=\"awb-icon-angle-left\" aria-hidden=\"true\"><\/i><\/div><div class=\"awb-swiper-button awb-swiper-button-next\"><i class=\"awb-icon-angle-right\" aria-hidden=\"true\"><\/i><\/div><\/div><\/div><div class=\"fusion-clearfix\"><\/div><\/div><\/div><\/div><\/div>\n","protected":false},"excerpt":{"rendered":"","protected":false},"author":2,"featured_media":0,"parent":0,"menu_order":0,"comment_status":"closed","ping_status":"closed","template":"","meta":{"footnotes":""},"class_list":["post-20","page","type-page","status-publish","hentry"],"_links":{"self":[{"href":"https:\/\/schmalz-kuenstler.ch\/index.php?rest_route=\/wp\/v2\/pages\/20","targetHints":{"allow":["GET"]}}],"collection":[{"href":"https:\/\/schmalz-kuenstler.ch\/index.php?rest_route=\/wp\/v2\/pages"}],"about":[{"href":"https:\/\/schmalz-kuenstler.ch\/index.php?rest_route=\/wp\/v2\/types\/page"}],"author":[{"embeddable":true,"href":"https:\/\/schmalz-kuenstler.ch\/index.php?rest_route=\/wp\/v2\/users\/2"}],"replies":[{"embeddable":true,"href":"https:\/\/schmalz-kuenstler.ch\/index.php?rest_route=%2Fwp%2Fv2%2Fcomments&post=20"}],"version-history":[{"count":71,"href":"https:\/\/schmalz-kuenstler.ch\/index.php?rest_route=\/wp\/v2\/pages\/20\/revisions"}],"predecessor-version":[{"id":733,"href":"https:\/\/schmalz-kuenstler.ch\/index.php?rest_route=\/wp\/v2\/pages\/20\/revisions\/733"}],"wp:attachment":[{"href":"https:\/\/schmalz-kuenstler.ch\/index.php?rest_route=%2Fwp%2Fv2%2Fmedia&parent=20"}],"curies":[{"name":"wp","href":"https:\/\/api.w.org\/{rel}","templated":true}]}}