{"id":1166,"date":"2022-10-09T16:38:40","date_gmt":"2022-10-09T14:38:40","guid":{"rendered":"https:\/\/schmalz-kuenstler.ch\/?page_id=1166"},"modified":"2025-11-18T15:48:08","modified_gmt":"2025-11-18T14:48:08","slug":"nachtraege-zum-buch-v2","status":"publish","type":"page","link":"https:\/\/schmalz-kuenstler.ch\/?page_id=1166","title":{"rendered":"Nachtr\u00e4ge zum Buch V2"},"content":{"rendered":"<p><div class=\"fusion-fullwidth fullwidth-box fusion-builder-row-1 nonhundred-percent-fullwidth non-hundred-percent-height-scrolling\" style=\"--awb-border-radius-top-left:0px;--awb-border-radius-top-right:0px;--awb-border-radius-bottom-right:0px;--awb-border-radius-bottom-left:0px;--awb-flex-wrap:wrap;\" ><div class=\"fusion-builder-row fusion-row\"><div class=\"fusion-layout-column fusion_builder_column fusion-builder-column-0 fusion_builder_column_1_1 1_1 fusion-one-full fusion-column-first fusion-column-last\" style=\"--awb-bg-size:cover;\"><div class=\"fusion-column-wrapper fusion-flex-column-wrapper-legacy\"><div class=\"fusion-title title fusion-title-1 fusion-sep-none fusion-title-text fusion-title-size-one\"><h1 class=\"fusion-title-heading title-heading-left\" style=\"margin:0;\"><h1>Nachtr\u00e4ge zum Buch<\/h1><\/h1><\/div><div class=\"fusion-text fusion-text-1\"><p>Hier informieren wir \u00fcber neue Ergebnisse unserer fortgesetzten Recherchen. Vielleicht besitzen Sie noch unbekannte Werke von CAS oder wissen Erg\u00e4nzendes zu berichten. Wir freuen uns, wenn Sie uns solches wissen lassen.<\/p>\n<\/div><div class=\"fusion-sep-clear\"><\/div><div class=\"fusion-separator fusion-full-width-sep\" style=\"margin-left: auto;margin-right: auto;width:100%;\"><div class=\"fusion-separator-border sep-double sep-solid\" style=\"--awb-height:20px;--awb-amount:20px;border-color:#e2e2e2;border-top-width:1px;border-bottom-width:1px;\"><\/div><\/div><div class=\"fusion-sep-clear\"><\/div><div class=\"fusion-clearfix\"><\/div><\/div><\/div><\/div><\/div><div class=\"fusion-fullwidth fullwidth-box fusion-builder-row-2 nonhundred-percent-fullwidth non-hundred-percent-height-scrolling\" style=\"--awb-border-radius-top-left:0px;--awb-border-radius-top-right:0px;--awb-border-radius-bottom-right:0px;--awb-border-radius-bottom-left:0px;--awb-flex-wrap:wrap;\" ><div class=\"fusion-builder-row fusion-row\"><div class=\"fusion-layout-column fusion_builder_column fusion-builder-column-1 fusion_builder_column_3_5 3_5 fusion-three-fifth fusion-column-first fusion-no-medium-visibility\" style=\"--awb-bg-size:cover;width:60%;width:calc(60% - ( ( 4% ) * 0.6 ) );margin-right: 4%;\"><div class=\"fusion-column-wrapper fusion-column-has-shadow fusion-flex-column-wrapper-legacy\"><div class=\"fusion-text fusion-text-2\"><p><strong>Vogelbad mit Schmetterling<\/strong><\/p>\n<p>von H.Schmaltz 1948<\/p>\n<p>im Museum zur alten T\u00f6pferei Heimberg ausgestellt<\/p>\n<\/div><div class=\"fusion-clearfix\"><\/div><\/div><\/div><div class=\"fusion-layout-column fusion_builder_column fusion-builder-column-2 fusion_builder_column_2_5 2_5 fusion-two-fifth fusion-column-last fusion-no-small-visibility fusion-no-medium-visibility\" style=\"--awb-bg-size:cover;width:40%;width:calc(40% - ( ( 4% ) * 0.4 ) );\"><div class=\"fusion-column-wrapper fusion-column-has-shadow fusion-flex-column-wrapper-legacy\"><div class=\"fusion-image-element in-legacy-container\" style=\"--awb-caption-title-font-family:var(--h2_typography-font-family);--awb-caption-title-font-weight:var(--h2_typography-font-weight);--awb-caption-title-font-style:var(--h2_typography-font-style);--awb-caption-title-size:var(--h2_typography-font-size);--awb-caption-title-transform:var(--h2_typography-text-transform);--awb-caption-title-line-height:var(--h2_typography-line-height);--awb-caption-title-letter-spacing:var(--h2_typography-letter-spacing);\"><span class=\" fusion-imageframe imageframe-none imageframe-1 hover-type-none\"><img decoding=\"async\" width=\"225\" height=\"300\" title=\"IMG_4322\" src=\"https:\/\/schmalz-kuenstler.ch\/wp-content\/uploads\/2025\/09\/IMG_4322-225x300.jpeg\" alt class=\"img-responsive wp-image-1192\" srcset=\"https:\/\/schmalz-kuenstler.ch\/wp-content\/uploads\/2025\/09\/IMG_4322-200x267.jpeg 200w, https:\/\/schmalz-kuenstler.ch\/wp-content\/uploads\/2025\/09\/IMG_4322-400x533.jpeg 400w, https:\/\/schmalz-kuenstler.ch\/wp-content\/uploads\/2025\/09\/IMG_4322-600x800.jpeg 600w, https:\/\/schmalz-kuenstler.ch\/wp-content\/uploads\/2025\/09\/IMG_4322-800x1067.jpeg 800w, https:\/\/schmalz-kuenstler.ch\/wp-content\/uploads\/2025\/09\/IMG_4322-1200x1600.jpeg 1200w, https:\/\/schmalz-kuenstler.ch\/wp-content\/uploads\/2025\/09\/IMG_4322-scaled.jpeg 1920w\" sizes=\"(max-width: 800px) 100vw, 600px\" \/><\/span><\/div><div class=\"fusion-clearfix\"><\/div><\/div><\/div><\/div><\/div><div class=\"fusion-fullwidth fullwidth-box fusion-builder-row-3 nonhundred-percent-fullwidth non-hundred-percent-height-scrolling\" style=\"--awb-border-radius-top-left:0px;--awb-border-radius-top-right:0px;--awb-border-radius-bottom-right:0px;--awb-border-radius-bottom-left:0px;--awb-flex-wrap:wrap;\" ><div class=\"fusion-builder-row fusion-row\"><div class=\"fusion-layout-column fusion_builder_column fusion-builder-column-3 fusion_builder_column_3_5 3_5 fusion-three-fifth fusion-column-first fusion-no-medium-visibility\" style=\"--awb-bg-size:cover;width:60%;width:calc(60% - ( ( 4% ) * 0.6 ) );margin-right: 4%;\"><div class=\"fusion-column-wrapper fusion-column-has-shadow fusion-flex-column-wrapper-legacy\"><div class=\"fusion-text fusion-text-3\"><p><strong>Hand\u00f6rgeler 1917<\/strong><br \/>\naus dem Nachlass von Johanna Keller (*1902) Primarlehrerin und Bildhauerin.<br \/>\nentdeckt von Marlis Jutzi aus Ittigen und geschenkt an Ursula Marville, Grosstochter von C.A.Schmalz.<\/p>\n<p>Ma\/06.03.25<\/p>\n<\/div><div class=\"fusion-clearfix\"><\/div><\/div><\/div><div class=\"fusion-layout-column fusion_builder_column fusion-builder-column-4 fusion_builder_column_2_5 2_5 fusion-two-fifth fusion-column-last fusion-no-small-visibility fusion-no-medium-visibility\" style=\"--awb-bg-size:cover;width:40%;width:calc(40% - ( ( 4% ) * 0.4 ) );\"><div class=\"fusion-column-wrapper fusion-column-has-shadow fusion-flex-column-wrapper-legacy\"><div class=\"fusion-image-element in-legacy-container\" style=\"--awb-caption-title-font-family:var(--h2_typography-font-family);--awb-caption-title-font-weight:var(--h2_typography-font-weight);--awb-caption-title-font-style:var(--h2_typography-font-style);--awb-caption-title-size:var(--h2_typography-font-size);--awb-caption-title-transform:var(--h2_typography-text-transform);--awb-caption-title-line-height:var(--h2_typography-line-height);--awb-caption-title-letter-spacing:var(--h2_typography-letter-spacing);\"><span class=\" fusion-imageframe imageframe-none imageframe-2 hover-type-none\"><img decoding=\"async\" width=\"171\" height=\"300\" title=\"Hand\u00f6rgeler\" src=\"https:\/\/schmalz-kuenstler.ch\/wp-content\/uploads\/2025\/03\/Handoergeler-171x300.jpeg\" alt class=\"img-responsive wp-image-1181\" srcset=\"https:\/\/schmalz-kuenstler.ch\/wp-content\/uploads\/2025\/03\/Handoergeler-200x352.jpeg 200w, https:\/\/schmalz-kuenstler.ch\/wp-content\/uploads\/2025\/03\/Handoergeler-400x704.jpeg 400w, https:\/\/schmalz-kuenstler.ch\/wp-content\/uploads\/2025\/03\/Handoergeler-600x1056.jpeg 600w, https:\/\/schmalz-kuenstler.ch\/wp-content\/uploads\/2025\/03\/Handoergeler-800x1407.jpeg 800w, https:\/\/schmalz-kuenstler.ch\/wp-content\/uploads\/2025\/03\/Handoergeler-1200x2111.jpeg 1200w, https:\/\/schmalz-kuenstler.ch\/wp-content\/uploads\/2025\/03\/Handoergeler-scaled.jpeg 1455w\" sizes=\"(max-width: 800px) 100vw, 600px\" \/><\/span><\/div><div class=\"fusion-clearfix\"><\/div><\/div><\/div><\/div><\/div><div class=\"fusion-fullwidth fullwidth-box fusion-builder-row-4 nonhundred-percent-fullwidth non-hundred-percent-height-scrolling\" style=\"--awb-border-radius-top-left:0px;--awb-border-radius-top-right:0px;--awb-border-radius-bottom-right:0px;--awb-border-radius-bottom-left:0px;--awb-flex-wrap:wrap;\" ><div class=\"fusion-builder-row fusion-row\"><div class=\"fusion-layout-column fusion_builder_column fusion-builder-column-5 fusion_builder_column_3_5 3_5 fusion-three-fifth fusion-column-first fusion-no-medium-visibility\" style=\"--awb-bg-size:cover;width:60%;width:calc(60% - ( ( 4% ) * 0.6 ) );margin-right: 4%;\"><div class=\"fusion-column-wrapper fusion-column-has-shadow fusion-flex-column-wrapper-legacy\"><div class=\"fusion-text fusion-text-4\"><p><b>Schmalzecke im Museum <\/b><strong>&#171;Zur alten T\u00f6pferei&#187;<\/strong> in Heimberg<\/p>\n<p>Das Museum ist ge\u00f6ffnet:<\/p>\n<p>Mittwoch, 14.00 &#8211; 20.00 und Samstag, 09.00 &#8211; 12.00<\/p>\n<p>Besuche ausserhalb der \u00d6ffnungszeiten auch f\u00fcr Gruppen auf Anfrage<\/p>\n<p>Kontakt: museum-heimberg .ch<\/p>\n<p><span style=\"background-color: rgba(255, 255, 255, 0); color: var(--body_typography-color); font-family: var(--body_typography-font-family); font-size: var(--body_typography-font-size); font-style: var(--body_typography-font-style,normal); font-weight: var(--body_typography-font-weight); letter-spacing: var(--body_typography-letter-spacing);\">Ma.17.10.23<\/span><\/p>\n<\/div><div class=\"fusion-clearfix\"><\/div><\/div><\/div><div class=\"fusion-layout-column fusion_builder_column fusion-builder-column-6 fusion_builder_column_2_5 2_5 fusion-two-fifth fusion-column-last fusion-no-small-visibility fusion-no-medium-visibility\" style=\"--awb-bg-size:cover;width:40%;width:calc(40% - ( ( 4% ) * 0.4 ) );\"><div class=\"fusion-column-wrapper fusion-column-has-shadow fusion-flex-column-wrapper-legacy\"><div class=\"fusion-image-element in-legacy-container\" style=\"--awb-caption-title-font-family:var(--h2_typography-font-family);--awb-caption-title-font-weight:var(--h2_typography-font-weight);--awb-caption-title-font-style:var(--h2_typography-font-style);--awb-caption-title-size:var(--h2_typography-font-size);--awb-caption-title-transform:var(--h2_typography-text-transform);--awb-caption-title-line-height:var(--h2_typography-line-height);--awb-caption-title-letter-spacing:var(--h2_typography-letter-spacing);\"><span class=\" fusion-imageframe imageframe-none imageframe-3 hover-type-none\"><img decoding=\"async\" width=\"300\" height=\"200\" title=\"Museum : Schmalz Uebersicht\" src=\"https:\/\/schmalz-kuenstler.ch\/wp-content\/uploads\/2023\/10\/Museum-Schmalz-Uebersicht-scaled-e1696409639235-300x200.jpeg\" alt class=\"img-responsive wp-image-1176\" srcset=\"https:\/\/schmalz-kuenstler.ch\/wp-content\/uploads\/2023\/10\/Museum-Schmalz-Uebersicht-scaled-e1696409639235-200x133.jpeg 200w, https:\/\/schmalz-kuenstler.ch\/wp-content\/uploads\/2023\/10\/Museum-Schmalz-Uebersicht-scaled-e1696409639235-400x266.jpeg 400w, https:\/\/schmalz-kuenstler.ch\/wp-content\/uploads\/2023\/10\/Museum-Schmalz-Uebersicht-scaled-e1696409639235-600x399.jpeg 600w, https:\/\/schmalz-kuenstler.ch\/wp-content\/uploads\/2023\/10\/Museum-Schmalz-Uebersicht-scaled-e1696409639235-800x532.jpeg 800w, https:\/\/schmalz-kuenstler.ch\/wp-content\/uploads\/2023\/10\/Museum-Schmalz-Uebersicht-scaled-e1696409639235-1200x799.jpeg 1200w, https:\/\/schmalz-kuenstler.ch\/wp-content\/uploads\/2023\/10\/Museum-Schmalz-Uebersicht-scaled-e1696409639235.jpeg 1890w\" sizes=\"(max-width: 800px) 100vw, 600px\" \/><\/span><\/div><div class=\"fusion-clearfix\"><\/div><\/div><\/div><\/div><\/div><div class=\"fusion-fullwidth fullwidth-box fusion-builder-row-5 nonhundred-percent-fullwidth non-hundred-percent-height-scrolling\" style=\"--awb-border-radius-top-left:0px;--awb-border-radius-top-right:0px;--awb-border-radius-bottom-right:0px;--awb-border-radius-bottom-left:0px;--awb-flex-wrap:wrap;\" ><div class=\"fusion-builder-row fusion-row\"><div class=\"fusion-layout-column fusion_builder_column fusion-builder-column-7 fusion_builder_column_3_5 3_5 fusion-three-fifth fusion-column-first fusion-no-medium-visibility\" style=\"--awb-bg-size:cover;width:60%;width:calc(60% - ( ( 4% ) * 0.6 ) );margin-right: 4%;\"><div class=\"fusion-column-wrapper fusion-column-has-shadow fusion-flex-column-wrapper-legacy\"><div class=\"fusion-text fusion-text-5\"><p><b>Trommler<\/b><\/p>\n<p>aus dem Nachlass von Ernst H\u00e4nni, Heimberg als Leihgabe im Museum<\/p>\n<p>&#171;Zur alten T\u00f6pferei&#187; Heimberg<\/p>\n<p>Es k\u00f6nnte sich um ein Fr\u00fchwerk von C.A.Schmalz aus der Zeit vor dem<\/p>\n<p>Umzug ins Rebli handeln.<\/p>\n<p>Hergestellt in einer Steffisburgert\u00f6pferei<\/p>\n<p><span style=\"background-color: rgba(255, 255, 255, 0); color: var(--body_typography-color); font-family: var(--body_typography-font-family); font-size: var(--body_typography-font-size); font-style: var(--body_typography-font-style,normal); font-weight: var(--body_typography-font-weight); letter-spacing: var(--body_typography-letter-spacing);\">Ma.12.06.23\u00a0<\/span><\/p>\n<\/div><div class=\"fusion-clearfix\"><\/div><\/div><\/div><div class=\"fusion-layout-column fusion_builder_column fusion-builder-column-8 fusion_builder_column_2_5 2_5 fusion-two-fifth fusion-column-last fusion-no-small-visibility fusion-no-medium-visibility\" style=\"--awb-bg-size:cover;width:40%;width:calc(40% - ( ( 4% ) * 0.4 ) );\"><div class=\"fusion-column-wrapper fusion-column-has-shadow fusion-flex-column-wrapper-legacy\"><div class=\"fusion-image-element in-legacy-container\" style=\"--awb-caption-title-font-family:var(--h2_typography-font-family);--awb-caption-title-font-weight:var(--h2_typography-font-weight);--awb-caption-title-font-style:var(--h2_typography-font-style);--awb-caption-title-size:var(--h2_typography-font-size);--awb-caption-title-transform:var(--h2_typography-text-transform);--awb-caption-title-line-height:var(--h2_typography-line-height);--awb-caption-title-letter-spacing:var(--h2_typography-letter-spacing);\"><span class=\" fusion-imageframe imageframe-none imageframe-4 hover-type-none\"><img decoding=\"async\" width=\"225\" height=\"300\" title=\"Schmalz:Trommler\" src=\"https:\/\/schmalz-kuenstler.ch\/wp-content\/uploads\/2023\/06\/SchmalzTrommler-225x300.jpeg\" alt class=\"img-responsive wp-image-1173\" srcset=\"https:\/\/schmalz-kuenstler.ch\/wp-content\/uploads\/2023\/06\/SchmalzTrommler-200x267.jpeg 200w, https:\/\/schmalz-kuenstler.ch\/wp-content\/uploads\/2023\/06\/SchmalzTrommler-400x533.jpeg 400w, https:\/\/schmalz-kuenstler.ch\/wp-content\/uploads\/2023\/06\/SchmalzTrommler-600x800.jpeg 600w, https:\/\/schmalz-kuenstler.ch\/wp-content\/uploads\/2023\/06\/SchmalzTrommler-800x1067.jpeg 800w, https:\/\/schmalz-kuenstler.ch\/wp-content\/uploads\/2023\/06\/SchmalzTrommler-1200x1600.jpeg 1200w, https:\/\/schmalz-kuenstler.ch\/wp-content\/uploads\/2023\/06\/SchmalzTrommler-scaled.jpeg 1920w\" sizes=\"(max-width: 800px) 100vw, 600px\" \/><\/span><\/div><div class=\"fusion-clearfix\"><\/div><\/div><\/div><\/div><\/div><div class=\"fusion-fullwidth fullwidth-box fusion-builder-row-6 nonhundred-percent-fullwidth non-hundred-percent-height-scrolling\" style=\"--awb-border-radius-top-left:0px;--awb-border-radius-top-right:0px;--awb-border-radius-bottom-right:0px;--awb-border-radius-bottom-left:0px;--awb-flex-wrap:wrap;\" ><div class=\"fusion-builder-row fusion-row\"><div class=\"fusion-layout-column fusion_builder_column fusion-builder-column-9 fusion_builder_column_3_5 3_5 fusion-three-fifth fusion-column-first fusion-no-medium-visibility\" style=\"--awb-bg-size:cover;width:60%;width:calc(60% - ( ( 4% ) * 0.6 ) );margin-right: 4%;\"><div class=\"fusion-column-wrapper fusion-column-has-shadow fusion-flex-column-wrapper-legacy\"><div class=\"fusion-text fusion-text-6\"><p><b>Fl\u00f6tenspieler mit Eichh\u00f6rnchen<\/b><\/p>\n<p>Gekauft bei Werner Keller, Heimberg<br \/>\n<span style=\"background-color: rgba(255, 255, 255, 0); color: var(--body_typography-color); font-family: var(--body_typography-font-family); font-size: var(--body_typography-font-size); font-style: var(--body_typography-font-style,normal); font-weight: var(--body_typography-font-weight); letter-spacing: var(--body_typography-letter-spacing);\">C.A. oder H.Schmalz ? (nicht signiert)<\/span><\/p>\n<p><span style=\"background-color: rgba(255, 255, 255, 0); color: var(--body_typography-color); font-family: var(--body_typography-font-family); font-size: var(--body_typography-font-size); font-style: var(--body_typography-font-style,normal); font-weight: var(--body_typography-font-weight); letter-spacing: var(--body_typography-letter-spacing);\">Ma.01.10.22\u00a0<\/span><\/p>\n<\/div><div class=\"fusion-clearfix\"><\/div><\/div><\/div><div class=\"fusion-layout-column fusion_builder_column fusion-builder-column-10 fusion_builder_column_2_5 2_5 fusion-two-fifth fusion-column-last fusion-no-small-visibility fusion-no-medium-visibility\" style=\"--awb-bg-size:cover;width:40%;width:calc(40% - ( ( 4% ) * 0.4 ) );\"><div class=\"fusion-column-wrapper fusion-column-has-shadow fusion-flex-column-wrapper-legacy\"><div class=\"fusion-image-element in-legacy-container\" style=\"--awb-caption-title-font-family:var(--h2_typography-font-family);--awb-caption-title-font-weight:var(--h2_typography-font-weight);--awb-caption-title-font-style:var(--h2_typography-font-style);--awb-caption-title-size:var(--h2_typography-font-size);--awb-caption-title-transform:var(--h2_typography-text-transform);--awb-caption-title-line-height:var(--h2_typography-line-height);--awb-caption-title-letter-spacing:var(--h2_typography-letter-spacing);\"><span class=\" fusion-imageframe imageframe-none imageframe-5 hover-type-none\"><img decoding=\"async\" width=\"1417\" height=\"1890\" title=\"Schmalz Fl\u00f6tenspieler m.Eichh\u00f6rnchen Kopie\" src=\"https:\/\/schmalz-kuenstler.ch\/wp-content\/uploads\/2022\/10\/Schmalz-Floetenspieler-m.Eichhoernchen-Kopie.jpg\" alt class=\"img-responsive wp-image-1164\" srcset=\"https:\/\/schmalz-kuenstler.ch\/wp-content\/uploads\/2022\/10\/Schmalz-Floetenspieler-m.Eichhoernchen-Kopie-200x267.jpg 200w, https:\/\/schmalz-kuenstler.ch\/wp-content\/uploads\/2022\/10\/Schmalz-Floetenspieler-m.Eichhoernchen-Kopie-400x534.jpg 400w, https:\/\/schmalz-kuenstler.ch\/wp-content\/uploads\/2022\/10\/Schmalz-Floetenspieler-m.Eichhoernchen-Kopie-600x800.jpg 600w, https:\/\/schmalz-kuenstler.ch\/wp-content\/uploads\/2022\/10\/Schmalz-Floetenspieler-m.Eichhoernchen-Kopie-800x1067.jpg 800w, https:\/\/schmalz-kuenstler.ch\/wp-content\/uploads\/2022\/10\/Schmalz-Floetenspieler-m.Eichhoernchen-Kopie-1200x1601.jpg 1200w, https:\/\/schmalz-kuenstler.ch\/wp-content\/uploads\/2022\/10\/Schmalz-Floetenspieler-m.Eichhoernchen-Kopie.jpg 1417w\" sizes=\"(max-width: 800px) 100vw, 600px\" \/><\/span><\/div><div class=\"fusion-clearfix\"><\/div><\/div><\/div><\/div><\/div><div class=\"fusion-fullwidth fullwidth-box fusion-builder-row-7 nonhundred-percent-fullwidth non-hundred-percent-height-scrolling\" style=\"--awb-border-radius-top-left:0px;--awb-border-radius-top-right:0px;--awb-border-radius-bottom-right:0px;--awb-border-radius-bottom-left:0px;--awb-flex-wrap:wrap;\" ><div class=\"fusion-builder-row fusion-row\"><div class=\"fusion-layout-column fusion_builder_column fusion-builder-column-11 fusion_builder_column_3_5 3_5 fusion-three-fifth fusion-column-first fusion-no-medium-visibility\" style=\"--awb-bg-size:cover;width:60%;width:calc(60% - ( ( 4% ) * 0.6 ) );margin-right: 4%;\"><div class=\"fusion-column-wrapper fusion-column-has-shadow fusion-flex-column-wrapper-legacy\"><div class=\"fusion-text fusion-text-7\"><p><strong>Platte Sektionschef<\/strong><\/p>\n<p>gekauft bei Flums Antik\/Durchmesser 30 cm<\/p>\n<p>signiert auf Vorderseite (wie Hochzeitsplatte und 3 Teller)<\/p>\n<p>R\u00fcckseite Stempelmarke rechteckig &#171;SCHMALZ HEIMBERG&#187;<\/p>\n<p>Interessant sind die gleichen Signaturen auf der Vorderseite und dann aber die Stempelmarke in Grossschrift. K\u00f6nnte es sich vielleicht um einen ersten Auftrag nach dem Umzug ins Rebli &#8211; der sp\u00e4teren Wirkungsst\u00e4tte- handeln.<\/p>\n<p>Zu beachten ist auch die dreidimensionale Darstellung Raumdarstellung.<\/p>\n<h6><\/h6>\n<h6><\/h6>\n<h6><\/h6>\n<h6><\/h6>\n<h6><\/h6>\n<h6><\/h6>\n<h6>ma. 09.03.2022<\/h6>\n<\/div><div class=\"fusion-clearfix\"><\/div><\/div><\/div><div class=\"fusion-layout-column fusion_builder_column fusion-builder-column-12 fusion_builder_column_2_5 2_5 fusion-two-fifth fusion-column-last fusion-no-small-visibility fusion-no-medium-visibility\" style=\"--awb-bg-size:cover;width:40%;width:calc(40% - ( ( 4% ) * 0.4 ) );\"><div class=\"fusion-column-wrapper fusion-column-has-shadow fusion-flex-column-wrapper-legacy\"><div class=\"fusion-image-element in-legacy-container\" style=\"--awb-caption-title-font-family:var(--h2_typography-font-family);--awb-caption-title-font-weight:var(--h2_typography-font-weight);--awb-caption-title-font-style:var(--h2_typography-font-style);--awb-caption-title-size:var(--h2_typography-font-size);--awb-caption-title-transform:var(--h2_typography-text-transform);--awb-caption-title-line-height:var(--h2_typography-line-height);--awb-caption-title-letter-spacing:var(--h2_typography-letter-spacing);\"><span class=\" fusion-imageframe imageframe-none imageframe-6 hover-type-none\"><img decoding=\"async\" width=\"1920\" height=\"2560\" title=\"IMG_2268\" src=\"https:\/\/schmalz-kuenstler.ch\/wp-content\/uploads\/2022\/04\/IMG_2268-scaled.jpeg\" alt class=\"img-responsive wp-image-1152\" srcset=\"https:\/\/schmalz-kuenstler.ch\/wp-content\/uploads\/2022\/04\/IMG_2268-200x267.jpeg 200w, https:\/\/schmalz-kuenstler.ch\/wp-content\/uploads\/2022\/04\/IMG_2268-400x533.jpeg 400w, https:\/\/schmalz-kuenstler.ch\/wp-content\/uploads\/2022\/04\/IMG_2268-600x800.jpeg 600w, https:\/\/schmalz-kuenstler.ch\/wp-content\/uploads\/2022\/04\/IMG_2268-800x1067.jpeg 800w, https:\/\/schmalz-kuenstler.ch\/wp-content\/uploads\/2022\/04\/IMG_2268-1200x1600.jpeg 1200w, https:\/\/schmalz-kuenstler.ch\/wp-content\/uploads\/2022\/04\/IMG_2268-scaled.jpeg 1920w\" sizes=\"(max-width: 800px) 100vw, 600px\" \/><\/span><\/div><div class=\"fusion-clearfix\"><\/div><\/div><\/div><\/div><\/div><div class=\"fusion-fullwidth fullwidth-box fusion-builder-row-8 nonhundred-percent-fullwidth non-hundred-percent-height-scrolling\" style=\"--awb-border-radius-top-left:0px;--awb-border-radius-top-right:0px;--awb-border-radius-bottom-right:0px;--awb-border-radius-bottom-left:0px;--awb-flex-wrap:wrap;\" ><div class=\"fusion-builder-row fusion-row\"><div class=\"fusion-layout-column fusion_builder_column fusion-builder-column-13 fusion_builder_column_3_5 3_5 fusion-three-fifth fusion-column-first fusion-no-medium-visibility\" style=\"--awb-bg-size:cover;width:60%;width:calc(60% - ( ( 4% ) * 0.6 ) );margin-right: 4%;\" data-motion-effects=\"[{&quot;type&quot;:&quot;&quot;,&quot;scroll_type&quot;:&quot;transition&quot;,&quot;scroll_direction&quot;:&quot;up&quot;,&quot;transition_speed&quot;:&quot;1&quot;,&quot;fade_type&quot;:&quot;in&quot;,&quot;scale_type&quot;:&quot;up&quot;,&quot;initial_scale&quot;:&quot;1&quot;,&quot;max_scale&quot;:&quot;1.5&quot;,&quot;min_scale&quot;:&quot;0.5&quot;,&quot;initial_rotate&quot;:&quot;0&quot;,&quot;end_rotate&quot;:&quot;30&quot;,&quot;initial_blur&quot;:&quot;0&quot;,&quot;end_blur&quot;:&quot;3&quot;,&quot;start_element&quot;:&quot;top&quot;,&quot;start_viewport&quot;:&quot;bottom&quot;,&quot;end_element&quot;:&quot;bottom&quot;,&quot;end_viewport&quot;:&quot;top&quot;,&quot;mouse_effect&quot;:&quot;track&quot;,&quot;mouse_effect_direction&quot;:&quot;opposite&quot;,&quot;mouse_effect_speed&quot;:&quot;2&quot;,&quot;infinite_animation&quot;:&quot;float&quot;,&quot;infinite_animation_speed&quot;:&quot;2&quot;}]\" data-scroll-devices=\"small-visibility,medium-visibility,large-visibility\"><div class=\"fusion-column-wrapper fusion-column-has-shadow fusion-flex-column-wrapper-legacy\"><div class=\"fusion-text fusion-text-8 25\"><p><strong>Drei Teller<\/strong><\/p>\n<p>gekauft bei P.Sch\u00f6pfer Basel \/ je ca. 40 cm Durchmesser<\/p>\n<p>signiert auf Vorderseite (wie Hochzeitsplatte \/ siehe unten)<\/p>\n<p>R\u00fcckseite &#171;K.H.Steffisburg&#187;\/ vermutlich Hodel Karl (1879-1936) alte Bernstrasse Steffisburg<\/p>\n<p>Die drei Teller stammen wahrscheinlich aus der gleichen Zeit wie die Hochzeitsplatte, als C.A.Schmalz in verschiedenen T\u00f6fereien im Raum Steffisburg\/Heimberg arbeitete.<\/p>\n<p>Kann jemand das dargestellt Haus erkennen? K\u00f6nnte im Raum Konolfingen &#8211; Oberdiessbach zu finden sein.<\/p>\n<h6><\/h6>\n<h6><\/h6>\n<h6><\/h6>\n<h6><\/h6>\n<h6><\/h6>\n<h6><\/h6>\n<h6>ma.18.11.<\/h6>\n<\/div><div class=\"fusion-clearfix\"><\/div><\/div><\/div><div class=\"fusion-layout-column fusion_builder_column fusion-builder-column-14 fusion_builder_column_2_5 2_5 fusion-two-fifth fusion-column-last fusion-no-small-visibility fusion-no-medium-visibility\" style=\"--awb-bg-size:cover;width:40%;width:calc(40% - ( ( 4% ) * 0.4 ) );\"><div class=\"fusion-column-wrapper fusion-column-has-shadow fusion-flex-column-wrapper-legacy\"><div class=\"fusion-image-element in-legacy-container\" style=\"--awb-caption-title-font-family:var(--h2_typography-font-family);--awb-caption-title-font-weight:var(--h2_typography-font-weight);--awb-caption-title-font-style:var(--h2_typography-font-style);--awb-caption-title-size:var(--h2_typography-font-size);--awb-caption-title-transform:var(--h2_typography-text-transform);--awb-caption-title-line-height:var(--h2_typography-line-height);--awb-caption-title-letter-spacing:var(--h2_typography-letter-spacing);\"><span class=\" fusion-imageframe imageframe-none imageframe-7 hover-type-none\"><img decoding=\"async\" width=\"1058\" height=\"1050\" title=\"Schmalz 3 Teller\" src=\"https:\/\/schmalz-kuenstler.ch\/wp-content\/uploads\/2022\/01\/Schmalz-3-Teller-.jpg\" alt class=\"img-responsive wp-image-1143\" srcset=\"https:\/\/schmalz-kuenstler.ch\/wp-content\/uploads\/2022\/01\/Schmalz-3-Teller--200x198.jpg 200w, https:\/\/schmalz-kuenstler.ch\/wp-content\/uploads\/2022\/01\/Schmalz-3-Teller--400x397.jpg 400w, https:\/\/schmalz-kuenstler.ch\/wp-content\/uploads\/2022\/01\/Schmalz-3-Teller--600x595.jpg 600w, https:\/\/schmalz-kuenstler.ch\/wp-content\/uploads\/2022\/01\/Schmalz-3-Teller--800x794.jpg 800w, https:\/\/schmalz-kuenstler.ch\/wp-content\/uploads\/2022\/01\/Schmalz-3-Teller-.jpg 1058w\" sizes=\"(max-width: 800px) 100vw, 600px\" \/><\/span><\/div><div class=\"fusion-clearfix\"><\/div><\/div><\/div><\/div><\/div><div class=\"fusion-fullwidth fullwidth-box fusion-builder-row-9 nonhundred-percent-fullwidth non-hundred-percent-height-scrolling\" style=\"--awb-border-radius-top-left:0px;--awb-border-radius-top-right:0px;--awb-border-radius-bottom-right:0px;--awb-border-radius-bottom-left:0px;--awb-flex-wrap:wrap;\" ><div class=\"fusion-builder-row fusion-row\"><div class=\"fusion-layout-column fusion_builder_column fusion-builder-column-15 fusion_builder_column_3_5 3_5 fusion-three-fifth fusion-column-first fusion-no-medium-visibility\" style=\"--awb-bg-size:cover;width:60%;width:calc(60% - ( ( 4% ) * 0.6 ) );margin-right: 4%;\"><div class=\"fusion-column-wrapper fusion-column-has-shadow fusion-flex-column-wrapper-legacy\"><div class=\"fusion-text fusion-text-9\"><h3>J\u00e4ger mit drei Hunden<\/h3>\n<h6>Plastik (H\u00f6he 55 cm) nach Hinweis von Christoph Messerli gekauft aus tutti.ch durch E.Marti.<\/h6>\n<h6><\/h6>\n<h6><\/h6>\n<h6><\/h6>\n<h6><\/h6>\n<h6><\/h6>\n<h6><\/h6>\n<h6><\/h6>\n<h6>ma. 30.11.21<\/h6>\n<\/div><div class=\"fusion-clearfix\"><\/div><\/div><\/div><div class=\"fusion-layout-column fusion_builder_column fusion-builder-column-16 fusion_builder_column_2_5 2_5 fusion-two-fifth fusion-column-last fusion-no-small-visibility fusion-no-medium-visibility\" style=\"--awb-bg-size:cover;width:40%;width:calc(40% - ( ( 4% ) * 0.4 ) );\"><div class=\"fusion-column-wrapper fusion-column-has-shadow fusion-flex-column-wrapper-legacy\"><div class=\"fusion-image-element in-legacy-container\" style=\"--awb-caption-title-font-family:var(--h2_typography-font-family);--awb-caption-title-font-weight:var(--h2_typography-font-weight);--awb-caption-title-font-style:var(--h2_typography-font-style);--awb-caption-title-size:var(--h2_typography-font-size);--awb-caption-title-transform:var(--h2_typography-text-transform);--awb-caption-title-line-height:var(--h2_typography-line-height);--awb-caption-title-letter-spacing:var(--h2_typography-letter-spacing);\"><span class=\" fusion-imageframe imageframe-none imageframe-8 hover-type-none\"><img decoding=\"async\" width=\"200\" height=\"408\" title=\"Schmalz J\u00e4ger mit drei Hunden\" src=\"https:\/\/schmalz-kuenstler.ch\/wp-content\/uploads\/2021\/11\/Schmalz-Jaeger-mit-drei-Hunden-1-scaled-e1638289186177.jpg\" alt class=\"img-responsive wp-image-1124\"\/><\/span><\/div><div class=\"fusion-clearfix\"><\/div><\/div><\/div><\/div><\/div><div class=\"fusion-fullwidth fullwidth-box fusion-builder-row-10 nonhundred-percent-fullwidth non-hundred-percent-height-scrolling\" style=\"--awb-border-radius-top-left:0px;--awb-border-radius-top-right:0px;--awb-border-radius-bottom-right:0px;--awb-border-radius-bottom-left:0px;--awb-flex-wrap:wrap;\" ><div class=\"fusion-builder-row fusion-row\"><div class=\"fusion-layout-column fusion_builder_column fusion-builder-column-17 fusion_builder_column_3_5 3_5 fusion-three-fifth fusion-column-first fusion-no-medium-visibility\" style=\"--awb-bg-size:cover;width:60%;width:calc(60% - ( ( 4% ) * 0.6 ) );margin-right: 4%;\"><div class=\"fusion-column-wrapper fusion-column-has-shadow fusion-flex-column-wrapper-legacy\"><div class=\"fusion-text fusion-text-10\"><h3>Entwurf zum Gemeindewappen von Stalden 1919 \/ Schmalz als Heraldiker<\/h3>\n<p>Dorfmuseum Alter B\u00e4ren Konolfingen<\/p>\n<p>Die Zeichnung zeigt das Amtswappen von Konolfingen mit 3 Muscheln, rechts ist ein K\u00e4sekessel symbolisiert, was auf die &#171;Siederei&#187; hinweist. Die Aehre links d\u00fcrfte auf die vorwiegend b\u00e4uerliche Bev\u00f6lkerung hinweisen. Die Biene mit den Pollenh\u00f6schen \u00fcber dem Wappen weist auf den Bienenfleiss von Land und Leuten hin.<\/p>\n<p>Der Entwurf fand keine Gnade bei der Gemeinde. \u00a0Das Wappen hatte nie offizielle G\u00fcltigkeit. Stalden hatte somit nie ein g\u00fcltiges Wappen.<\/p>\n<p>ma. 20.09.21<img class=\"\" \/><\/p>\n<h6><\/h6>\n<h6><\/h6>\n<h6><\/h6>\n<h6><\/h6>\n<h6><\/h6>\n<h6><\/h6>\n<h6><\/h6>\n<h6><\/h6>\n<\/div><div class=\"fusion-clearfix\"><\/div><\/div><\/div><div class=\"fusion-layout-column fusion_builder_column fusion-builder-column-18 fusion_builder_column_2_5 2_5 fusion-two-fifth fusion-column-last fusion-no-small-visibility fusion-no-medium-visibility\" style=\"--awb-bg-size:cover;width:40%;width:calc(40% - ( ( 4% ) * 0.4 ) );\"><div class=\"fusion-column-wrapper fusion-column-has-shadow fusion-flex-column-wrapper-legacy\"><div class=\"fusion-image-element in-legacy-container\" style=\"--awb-caption-title-font-family:var(--h2_typography-font-family);--awb-caption-title-font-weight:var(--h2_typography-font-weight);--awb-caption-title-font-style:var(--h2_typography-font-style);--awb-caption-title-size:var(--h2_typography-font-size);--awb-caption-title-transform:var(--h2_typography-text-transform);--awb-caption-title-line-height:var(--h2_typography-line-height);--awb-caption-title-letter-spacing:var(--h2_typography-letter-spacing);\"><span class=\" fusion-imageframe imageframe-none imageframe-9 hover-type-none\"><img decoding=\"async\" width=\"2560\" height=\"2532\" title=\"Schmalz Wappenteller Stalden\" src=\"https:\/\/schmalz-kuenstler.ch\/wp-content\/uploads\/2021\/09\/Schmalz-Wappenteller-Stalden.jpg\" alt class=\"img-responsive wp-image-1111\" srcset=\"https:\/\/schmalz-kuenstler.ch\/wp-content\/uploads\/2021\/09\/Schmalz-Wappenteller-Stalden-200x198.jpg 200w, https:\/\/schmalz-kuenstler.ch\/wp-content\/uploads\/2021\/09\/Schmalz-Wappenteller-Stalden-400x396.jpg 400w, https:\/\/schmalz-kuenstler.ch\/wp-content\/uploads\/2021\/09\/Schmalz-Wappenteller-Stalden-600x593.jpg 600w, https:\/\/schmalz-kuenstler.ch\/wp-content\/uploads\/2021\/09\/Schmalz-Wappenteller-Stalden-800x791.jpg 800w, https:\/\/schmalz-kuenstler.ch\/wp-content\/uploads\/2021\/09\/Schmalz-Wappenteller-Stalden-1200x1187.jpg 1200w, https:\/\/schmalz-kuenstler.ch\/wp-content\/uploads\/2021\/09\/Schmalz-Wappenteller-Stalden.jpg 2560w\" sizes=\"(max-width: 800px) 100vw, 600px\" \/><\/span><\/div><div class=\"fusion-clearfix\"><\/div><\/div><\/div><\/div><\/div><div class=\"fusion-fullwidth fullwidth-box fusion-builder-row-11 nonhundred-percent-fullwidth non-hundred-percent-height-scrolling\" style=\"--awb-border-radius-top-left:0px;--awb-border-radius-top-right:0px;--awb-border-radius-bottom-right:0px;--awb-border-radius-bottom-left:0px;--awb-flex-wrap:wrap;\" ><div class=\"fusion-builder-row fusion-row\"><div class=\"fusion-layout-column fusion_builder_column fusion-builder-column-19 fusion_builder_column_3_5 3_5 fusion-three-fifth fusion-column-first fusion-no-medium-visibility\" style=\"--awb-bg-size:cover;width:60%;width:calc(60% - ( ( 4% ) * 0.6 ) );margin-right: 4%;\"><div class=\"fusion-column-wrapper fusion-column-has-shadow fusion-flex-column-wrapper-legacy\"><div class=\"fusion-text fusion-text-11\"><h3>Besondere Signatur<\/h3>\n<p>auf der R\u00fcckseite der Familienplatte Schneiter( siehe unten)<\/p>\n<p>alte Pressmarke mit spiegelverkehrtem grossem &#171;S&#187; und eingeritztem &#171;Heimberg&#187;<\/p>\n<p><img class=\"\" \/><\/p>\n<h6><\/h6>\n<h6><\/h6>\n<h6><\/h6>\n<h6><\/h6>\n<h6><\/h6>\n<h6><\/h6>\n<h6><\/h6>\n<h6>ma. 16.09.21<\/h6>\n<\/div><div class=\"fusion-clearfix\"><\/div><\/div><\/div><div class=\"fusion-layout-column fusion_builder_column fusion-builder-column-20 fusion_builder_column_2_5 2_5 fusion-two-fifth fusion-column-last fusion-no-small-visibility fusion-no-medium-visibility\" style=\"--awb-bg-size:cover;width:40%;width:calc(40% - ( ( 4% ) * 0.4 ) );\"><div class=\"fusion-column-wrapper fusion-column-has-shadow fusion-flex-column-wrapper-legacy\"><div class=\"fusion-image-element in-legacy-container\" style=\"--awb-caption-title-font-family:var(--h2_typography-font-family);--awb-caption-title-font-weight:var(--h2_typography-font-weight);--awb-caption-title-font-style:var(--h2_typography-font-style);--awb-caption-title-size:var(--h2_typography-font-size);--awb-caption-title-transform:var(--h2_typography-text-transform);--awb-caption-title-line-height:var(--h2_typography-line-height);--awb-caption-title-letter-spacing:var(--h2_typography-letter-spacing);\"><span class=\" fusion-imageframe imageframe-none imageframe-10 hover-type-none\"><img decoding=\"async\" width=\"2560\" height=\"1981\" title=\"Schmalz Signatur Teller Schneiter\" src=\"https:\/\/schmalz-kuenstler.ch\/wp-content\/uploads\/2021\/09\/Schmalz-Signatur-Teller-Schneiter-scaled.jpg\" alt class=\"img-responsive wp-image-1106\" srcset=\"https:\/\/schmalz-kuenstler.ch\/wp-content\/uploads\/2021\/09\/Schmalz-Signatur-Teller-Schneiter-200x155.jpg 200w, https:\/\/schmalz-kuenstler.ch\/wp-content\/uploads\/2021\/09\/Schmalz-Signatur-Teller-Schneiter-400x309.jpg 400w, https:\/\/schmalz-kuenstler.ch\/wp-content\/uploads\/2021\/09\/Schmalz-Signatur-Teller-Schneiter-600x464.jpg 600w, https:\/\/schmalz-kuenstler.ch\/wp-content\/uploads\/2021\/09\/Schmalz-Signatur-Teller-Schneiter-800x619.jpg 800w, https:\/\/schmalz-kuenstler.ch\/wp-content\/uploads\/2021\/09\/Schmalz-Signatur-Teller-Schneiter-1200x928.jpg 1200w, https:\/\/schmalz-kuenstler.ch\/wp-content\/uploads\/2021\/09\/Schmalz-Signatur-Teller-Schneiter-scaled.jpg 2560w\" sizes=\"(max-width: 800px) 100vw, 600px\" \/><\/span><\/div><div class=\"fusion-clearfix\"><\/div><\/div><\/div><\/div><\/div><div class=\"fusion-fullwidth fullwidth-box fusion-builder-row-12 nonhundred-percent-fullwidth non-hundred-percent-height-scrolling\" style=\"--awb-border-radius-top-left:0px;--awb-border-radius-top-right:0px;--awb-border-radius-bottom-right:0px;--awb-border-radius-bottom-left:0px;--awb-flex-wrap:wrap;\" ><div class=\"fusion-builder-row fusion-row\"><div class=\"fusion-layout-column fusion_builder_column fusion-builder-column-21 fusion_builder_column_3_5 3_5 fusion-three-fifth fusion-column-first fusion-no-medium-visibility\" style=\"--awb-bg-size:cover;width:60%;width:calc(60% - ( ( 4% ) * 0.6 ) );margin-right: 4%;\"><div class=\"fusion-column-wrapper fusion-column-has-shadow fusion-flex-column-wrapper-legacy\"><div class=\"fusion-text fusion-text-12\"><h3><strong>Familienplatte Schneiter<\/strong><\/h3>\n<p>Besitzer Urs-Peter Schneiter, Oberdiessbach<\/p>\n<p>Speziell: \u00a0Signiert in schwarz im Dekor unten links<\/p>\n<p><img class=\"\" \/><\/p>\n<h6>ma. 16.09.21<\/h6>\n<\/div><div class=\"fusion-clearfix\"><\/div><\/div><\/div><div class=\"fusion-layout-column fusion_builder_column fusion-builder-column-22 fusion_builder_column_2_5 2_5 fusion-two-fifth fusion-column-last fusion-no-small-visibility fusion-no-medium-visibility\" style=\"--awb-bg-size:cover;width:40%;width:calc(40% - ( ( 4% ) * 0.4 ) );\"><div class=\"fusion-column-wrapper fusion-column-has-shadow fusion-flex-column-wrapper-legacy\"><div class=\"fusion-image-element in-legacy-container\" style=\"--awb-caption-title-font-family:var(--h2_typography-font-family);--awb-caption-title-font-weight:var(--h2_typography-font-weight);--awb-caption-title-font-style:var(--h2_typography-font-style);--awb-caption-title-size:var(--h2_typography-font-size);--awb-caption-title-transform:var(--h2_typography-text-transform);--awb-caption-title-line-height:var(--h2_typography-line-height);--awb-caption-title-letter-spacing:var(--h2_typography-letter-spacing);\"><span class=\" fusion-imageframe imageframe-none imageframe-11 hover-type-none\"><img decoding=\"async\" width=\"2560\" height=\"2551\" title=\"Schmalz : Schneiter f\u00fcr Web\" src=\"https:\/\/schmalz-kuenstler.ch\/wp-content\/uploads\/2021\/09\/Schmalz-Schneiter-fuer-Web.jpg\" alt class=\"img-responsive wp-image-1097\" srcset=\"https:\/\/schmalz-kuenstler.ch\/wp-content\/uploads\/2021\/09\/Schmalz-Schneiter-fuer-Web-200x199.jpg 200w, https:\/\/schmalz-kuenstler.ch\/wp-content\/uploads\/2021\/09\/Schmalz-Schneiter-fuer-Web-400x399.jpg 400w, https:\/\/schmalz-kuenstler.ch\/wp-content\/uploads\/2021\/09\/Schmalz-Schneiter-fuer-Web-600x598.jpg 600w, https:\/\/schmalz-kuenstler.ch\/wp-content\/uploads\/2021\/09\/Schmalz-Schneiter-fuer-Web-800x797.jpg 800w, https:\/\/schmalz-kuenstler.ch\/wp-content\/uploads\/2021\/09\/Schmalz-Schneiter-fuer-Web-1200x1196.jpg 1200w, https:\/\/schmalz-kuenstler.ch\/wp-content\/uploads\/2021\/09\/Schmalz-Schneiter-fuer-Web.jpg 2560w\" sizes=\"(max-width: 800px) 100vw, 600px\" \/><\/span><\/div><div class=\"fusion-clearfix\"><\/div><\/div><\/div><\/div><\/div><div class=\"fusion-fullwidth fullwidth-box fusion-builder-row-13 nonhundred-percent-fullwidth non-hundred-percent-height-scrolling\" style=\"--awb-border-radius-top-left:0px;--awb-border-radius-top-right:0px;--awb-border-radius-bottom-right:0px;--awb-border-radius-bottom-left:0px;--awb-flex-wrap:wrap;\" ><div class=\"fusion-builder-row fusion-row\"><div class=\"fusion-layout-column fusion_builder_column fusion-builder-column-23 fusion_builder_column_3_5 3_5 fusion-three-fifth fusion-column-first fusion-no-medium-visibility\" style=\"--awb-bg-size:cover;width:60%;width:calc(60% - ( ( 4% ) * 0.6 ) );margin-right: 4%;\"><div class=\"fusion-column-wrapper fusion-column-has-shadow fusion-flex-column-wrapper-legacy\"><div class=\"fusion-text fusion-text-13\"><h3><strong>Familienplatte Engemann<\/strong><\/h3>\n<p>Entwurf dazu siehe Buch S.159<\/p>\n<p>im Familienbesitz bei Margrit und Walter Engemann in Wichtrach.<\/p>\n<p>Inschrift: \u00a0&#171;Den Engemannen so dies sehen, sey Gottes Gnad bescheret&#187;<\/p>\n<p>Text auf Pergament: &#171;Daniel Engemann \/Aman\/dess hoch oberk. Venner Gerichts\/ober Wichtrach 1755<\/p>\n<p>Jahrzahl auf dem Kr\u00fcglein: 1932 (Fertigungsjahr ?)<\/p>\n<p>Familienwappen Engemann auf derPlatte ist wohl Vorl\u00e4ufer der heutigen Form, wo der Sterntr\u00e4ger ein behuteter Mann in blauer Kleidung auf gelben Grund \u00a0ist.<\/p>\n<p>ma.18.05.21<\/p>\n<\/div><div class=\"fusion-clearfix\"><\/div><\/div><\/div><div class=\"fusion-layout-column fusion_builder_column fusion-builder-column-24 fusion_builder_column_2_5 2_5 fusion-two-fifth fusion-column-last fusion-no-small-visibility fusion-no-medium-visibility\" style=\"--awb-bg-size:cover;width:40%;width:calc(40% - ( ( 4% ) * 0.4 ) );\"><div class=\"fusion-column-wrapper fusion-column-has-shadow fusion-flex-column-wrapper-legacy\"><div class=\"fusion-image-element in-legacy-container\" style=\"--awb-caption-title-font-family:var(--h2_typography-font-family);--awb-caption-title-font-weight:var(--h2_typography-font-weight);--awb-caption-title-font-style:var(--h2_typography-font-style);--awb-caption-title-size:var(--h2_typography-font-size);--awb-caption-title-transform:var(--h2_typography-text-transform);--awb-caption-title-line-height:var(--h2_typography-line-height);--awb-caption-title-letter-spacing:var(--h2_typography-letter-spacing);\"><span class=\" fusion-imageframe imageframe-none imageframe-12 hover-type-none\"><img decoding=\"async\" width=\"2500\" height=\"2500\" title=\"Schmalz Engemann f\u00fcr Web\" src=\"https:\/\/schmalz-kuenstler.ch\/wp-content\/uploads\/2021\/05\/Schmalz-Engemann-fuer-Web.jpg\" alt class=\"img-responsive wp-image-1083\" srcset=\"https:\/\/schmalz-kuenstler.ch\/wp-content\/uploads\/2021\/05\/Schmalz-Engemann-fuer-Web-200x200.jpg 200w, https:\/\/schmalz-kuenstler.ch\/wp-content\/uploads\/2021\/05\/Schmalz-Engemann-fuer-Web-400x400.jpg 400w, https:\/\/schmalz-kuenstler.ch\/wp-content\/uploads\/2021\/05\/Schmalz-Engemann-fuer-Web-600x600.jpg 600w, https:\/\/schmalz-kuenstler.ch\/wp-content\/uploads\/2021\/05\/Schmalz-Engemann-fuer-Web-800x800.jpg 800w, https:\/\/schmalz-kuenstler.ch\/wp-content\/uploads\/2021\/05\/Schmalz-Engemann-fuer-Web-1200x1200.jpg 1200w, https:\/\/schmalz-kuenstler.ch\/wp-content\/uploads\/2021\/05\/Schmalz-Engemann-fuer-Web.jpg 2500w\" sizes=\"(max-width: 800px) 100vw, 600px\" \/><\/span><\/div><div class=\"fusion-clearfix\"><\/div><\/div><\/div><\/div><\/div><div class=\"fusion-fullwidth fullwidth-box fusion-builder-row-14 nonhundred-percent-fullwidth non-hundred-percent-height-scrolling\" style=\"--awb-border-radius-top-left:0px;--awb-border-radius-top-right:0px;--awb-border-radius-bottom-right:0px;--awb-border-radius-bottom-left:0px;--awb-flex-wrap:wrap;\" ><div class=\"fusion-builder-row fusion-row\"><div class=\"fusion-layout-column fusion_builder_column fusion-builder-column-25 fusion_builder_column_3_5 3_5 fusion-three-fifth fusion-column-first fusion-no-medium-visibility\" style=\"--awb-bg-size:cover;width:60%;width:calc(60% - ( ( 4% ) * 0.6 ) );margin-right: 4%;\"><div class=\"fusion-column-wrapper fusion-column-has-shadow fusion-flex-column-wrapper-legacy\"><div class=\"fusion-text fusion-text-14\"><h3><strong>Oberl\u00e4ndisches Sch\u00fctzenfest Thun 1933<\/strong><\/h3>\n<h3><strong>400 Jahres Sch\u00fctzengesellschaft Thun<\/strong><\/h3>\n<p>aufgetaucht bei Christen Ursula, Bern \/ \u00fcber Ricardo<\/p>\n<p>speziell in praktischer Form und Farbe \/ Glasur (Bezug Langenthal?)<\/p>\n<p>gekauft von E.Marti \u00a0M\u00e4rz 21<\/p>\n<p>ma.\/06.04.21<\/p>\n<\/div><div class=\"fusion-clearfix\"><\/div><\/div><\/div><div class=\"fusion-layout-column fusion_builder_column fusion-builder-column-26 fusion_builder_column_2_5 2_5 fusion-two-fifth fusion-column-last fusion-no-small-visibility fusion-no-medium-visibility\" style=\"--awb-bg-size:cover;width:40%;width:calc(40% - ( ( 4% ) * 0.4 ) );\"><div class=\"fusion-column-wrapper fusion-column-has-shadow fusion-flex-column-wrapper-legacy\"><div class=\"fusion-image-element in-legacy-container\" style=\"--awb-caption-title-font-family:var(--h2_typography-font-family);--awb-caption-title-font-weight:var(--h2_typography-font-weight);--awb-caption-title-font-style:var(--h2_typography-font-style);--awb-caption-title-size:var(--h2_typography-font-size);--awb-caption-title-transform:var(--h2_typography-text-transform);--awb-caption-title-line-height:var(--h2_typography-line-height);--awb-caption-title-letter-spacing:var(--h2_typography-letter-spacing);\"><span class=\" fusion-imageframe imageframe-none imageframe-13 hover-type-none\"><img decoding=\"async\" width=\"1260\" height=\"800\" title=\"Schmalz 2Ansichten Krug\" src=\"https:\/\/schmalz-kuenstler.ch\/wp-content\/uploads\/2021\/03\/Schmalz-2Ansichten-Krug-scaled-e1617295836680.jpg\" alt class=\"img-responsive wp-image-1064\"\/><\/span><\/div><div class=\"fusion-clearfix\"><\/div><\/div><\/div><\/div><\/div><div class=\"fusion-fullwidth fullwidth-box fusion-builder-row-15 nonhundred-percent-fullwidth non-hundred-percent-height-scrolling\" style=\"--awb-border-radius-top-left:0px;--awb-border-radius-top-right:0px;--awb-border-radius-bottom-right:0px;--awb-border-radius-bottom-left:0px;--awb-flex-wrap:wrap;\" ><div class=\"fusion-builder-row fusion-row\"><div class=\"fusion-layout-column fusion_builder_column fusion-builder-column-27 fusion_builder_column_3_5 3_5 fusion-three-fifth fusion-column-first fusion-no-medium-visibility\" style=\"--awb-bg-size:cover;width:60%;width:calc(60% - ( ( 4% ) * 0.6 ) );margin-right: 4%;\"><div class=\"fusion-column-wrapper fusion-column-has-shadow fusion-flex-column-wrapper-legacy\"><div class=\"fusion-text fusion-text-15\"><h3><strong>Wappentasse<\/strong><\/h3>\n<p>aufgetaucht in Ricardo<\/p>\n<p>gekauft von E.Marti \u00a008.02.21<\/p>\n<p>Sch\u00f6ne Tasse mit dem Wappen der Familie Schmalz<\/p>\n<p>ma.\/10.02.21<\/p>\n<\/div><div class=\"fusion-clearfix\"><\/div><\/div><\/div><div class=\"fusion-layout-column fusion_builder_column fusion-builder-column-28 fusion_builder_column_2_5 2_5 fusion-two-fifth fusion-column-last fusion-no-small-visibility fusion-no-medium-visibility\" style=\"--awb-bg-size:cover;width:40%;width:calc(40% - ( ( 4% ) * 0.4 ) );\"><div class=\"fusion-column-wrapper fusion-column-has-shadow fusion-flex-column-wrapper-legacy\"><div class=\"fusion-image-element in-legacy-container\" style=\"--awb-caption-title-font-family:var(--h2_typography-font-family);--awb-caption-title-font-weight:var(--h2_typography-font-weight);--awb-caption-title-font-style:var(--h2_typography-font-style);--awb-caption-title-size:var(--h2_typography-font-size);--awb-caption-title-transform:var(--h2_typography-text-transform);--awb-caption-title-line-height:var(--h2_typography-line-height);--awb-caption-title-letter-spacing:var(--h2_typography-letter-spacing);\"><span class=\" fusion-imageframe imageframe-none imageframe-14 hover-type-none\"><img decoding=\"async\" width=\"1107\" height=\"1350\" title=\"1 2\" src=\"https:\/\/schmalz-kuenstler.ch\/wp-content\/uploads\/2021\/01\/1-2.jpeg\" alt class=\"img-responsive wp-image-1051\" srcset=\"https:\/\/schmalz-kuenstler.ch\/wp-content\/uploads\/2021\/01\/1-2-200x244.jpeg 200w, https:\/\/schmalz-kuenstler.ch\/wp-content\/uploads\/2021\/01\/1-2-400x488.jpeg 400w, https:\/\/schmalz-kuenstler.ch\/wp-content\/uploads\/2021\/01\/1-2-600x732.jpeg 600w, https:\/\/schmalz-kuenstler.ch\/wp-content\/uploads\/2021\/01\/1-2-800x976.jpeg 800w, https:\/\/schmalz-kuenstler.ch\/wp-content\/uploads\/2021\/01\/1-2.jpeg 1107w\" sizes=\"(max-width: 800px) 100vw, 600px\" \/><\/span><\/div><div class=\"fusion-clearfix\"><\/div><\/div><\/div><\/div><\/div><div class=\"fusion-fullwidth fullwidth-box fusion-builder-row-16 nonhundred-percent-fullwidth non-hundred-percent-height-scrolling\" style=\"--awb-border-radius-top-left:0px;--awb-border-radius-top-right:0px;--awb-border-radius-bottom-right:0px;--awb-border-radius-bottom-left:0px;--awb-flex-wrap:wrap;\" ><div class=\"fusion-builder-row fusion-row\"><div class=\"fusion-layout-column fusion_builder_column fusion-builder-column-29 fusion_builder_column_3_5 3_5 fusion-three-fifth fusion-column-first fusion-no-medium-visibility\" style=\"--awb-bg-size:cover;width:60%;width:calc(60% - ( ( 4% ) * 0.6 ) );margin-right: 4%;\"><div class=\"fusion-column-wrapper fusion-column-has-shadow fusion-flex-column-wrapper-legacy\"><div class=\"fusion-text fusion-text-16\"><h3><strong>Hochzeitsplatte<\/strong><\/h3>\n<p>zugeschickt von Elisabeth S\u00e4gesser, ehemals Spittexfrau in Steffisburg.<\/p>\n<p>Die Platte k\u00f6nnte aus der Zeit stammen als C.A.Schmalz in verschiedenen<br \/>\nT\u00f6pfereien in Steffisburg arbeitete; es handelt sich also um ein &#171;Fr\u00fchwerk&#187;.<\/p>\n<p>ma.18.11.20<\/p>\n<\/div><div class=\"fusion-clearfix\"><\/div><\/div><\/div><div class=\"fusion-layout-column fusion_builder_column fusion-builder-column-30 fusion_builder_column_2_5 2_5 fusion-two-fifth fusion-column-last fusion-no-small-visibility fusion-no-medium-visibility\" style=\"--awb-bg-size:cover;width:40%;width:calc(40% - ( ( 4% ) * 0.4 ) );\"><div class=\"fusion-column-wrapper fusion-column-has-shadow fusion-flex-column-wrapper-legacy\"><div class=\"fusion-image-element in-legacy-container\" style=\"--awb-caption-title-font-family:var(--h2_typography-font-family);--awb-caption-title-font-weight:var(--h2_typography-font-weight);--awb-caption-title-font-style:var(--h2_typography-font-style);--awb-caption-title-size:var(--h2_typography-font-size);--awb-caption-title-transform:var(--h2_typography-text-transform);--awb-caption-title-line-height:var(--h2_typography-line-height);--awb-caption-title-letter-spacing:var(--h2_typography-letter-spacing);\"><span class=\" fusion-imageframe imageframe-none imageframe-15 hover-type-none\"><img decoding=\"async\" width=\"2560\" height=\"2532\" title=\"Unbenannt\" src=\"https:\/\/schmalz-kuenstler.ch\/wp-content\/uploads\/2020\/11\/Unbenannt-scaled.jpg\" alt class=\"img-responsive wp-image-1042\" srcset=\"https:\/\/schmalz-kuenstler.ch\/wp-content\/uploads\/2020\/11\/Unbenannt-200x198.jpg 200w, https:\/\/schmalz-kuenstler.ch\/wp-content\/uploads\/2020\/11\/Unbenannt-400x396.jpg 400w, https:\/\/schmalz-kuenstler.ch\/wp-content\/uploads\/2020\/11\/Unbenannt-600x593.jpg 600w, https:\/\/schmalz-kuenstler.ch\/wp-content\/uploads\/2020\/11\/Unbenannt-800x791.jpg 800w, https:\/\/schmalz-kuenstler.ch\/wp-content\/uploads\/2020\/11\/Unbenannt-1200x1187.jpg 1200w, https:\/\/schmalz-kuenstler.ch\/wp-content\/uploads\/2020\/11\/Unbenannt-scaled.jpg 2560w\" sizes=\"(max-width: 800px) 100vw, 600px\" \/><\/span><\/div><div class=\"fusion-clearfix\"><\/div><\/div><\/div><\/div><\/div><div class=\"fusion-fullwidth fullwidth-box fusion-builder-row-17 nonhundred-percent-fullwidth non-hundred-percent-height-scrolling\" style=\"--awb-border-radius-top-left:0px;--awb-border-radius-top-right:0px;--awb-border-radius-bottom-right:0px;--awb-border-radius-bottom-left:0px;--awb-flex-wrap:wrap;\" ><div class=\"fusion-builder-row fusion-row\"><div class=\"fusion-layout-column fusion_builder_column fusion-builder-column-31 fusion_builder_column_3_5 3_5 fusion-three-fifth fusion-column-first fusion-no-medium-visibility\" style=\"--awb-bg-size:cover;width:60%;width:calc(60% - ( ( 4% ) * 0.6 ) );margin-right: 4%;\"><div class=\"fusion-column-wrapper fusion-column-has-shadow fusion-flex-column-wrapper-legacy\"><div class=\"fusion-text fusion-text-17\"><h3><strong>Geschwister Schmalz\u00a0<\/strong><\/h3>\n<p>Entdeckt auf dem Estrich \u00fcber dem Atelier von C.A.Schmalz<\/p>\n<p>von Hanspeter Linder Fr\u00fchling 2020<\/p>\n<p>Weitere B\u00fcsten und Bilder aus diesem Fund sind unter der Rubrik Ausstellungen zu sehen.<\/p>\n<p>Erkennt jemand die namenlosen St\u00fccke?<\/p>\n<p>Danke f\u00fcr eine Kontaktaufnahme mit<\/p>\n<p>Erich Marti, 033 437 12 37<\/p>\n<p>ma. 25.10.20<\/p>\n<\/div><div class=\"fusion-clearfix\"><\/div><\/div><\/div><div class=\"fusion-layout-column fusion_builder_column fusion-builder-column-32 fusion_builder_column_2_5 2_5 fusion-two-fifth fusion-column-last fusion-no-small-visibility fusion-no-medium-visibility\" style=\"--awb-bg-size:cover;width:40%;width:calc(40% - ( ( 4% ) * 0.4 ) );\"><div class=\"fusion-column-wrapper fusion-column-has-shadow fusion-flex-column-wrapper-legacy\"><div class=\"fusion-image-element in-legacy-container\" style=\"--awb-caption-title-font-family:var(--h2_typography-font-family);--awb-caption-title-font-weight:var(--h2_typography-font-weight);--awb-caption-title-font-style:var(--h2_typography-font-style);--awb-caption-title-size:var(--h2_typography-font-size);--awb-caption-title-transform:var(--h2_typography-text-transform);--awb-caption-title-line-height:var(--h2_typography-line-height);--awb-caption-title-letter-spacing:var(--h2_typography-letter-spacing);\"><span class=\" fusion-imageframe imageframe-none imageframe-16 hover-type-none\"><img decoding=\"async\" width=\"2048\" height=\"1536\" title=\"SchmalzGeschwister\" src=\"https:\/\/schmalz-kuenstler.ch\/wp-content\/uploads\/2020\/10\/SchmalzGeschwister.jpg\" alt class=\"img-responsive wp-image-963\"\/><\/span><\/div><div class=\"fusion-clearfix\"><\/div><\/div><\/div><\/div><\/div><div class=\"fusion-fullwidth fullwidth-box fusion-builder-row-18 nonhundred-percent-fullwidth non-hundred-percent-height-scrolling\" style=\"--awb-border-radius-top-left:0px;--awb-border-radius-top-right:0px;--awb-border-radius-bottom-right:0px;--awb-border-radius-bottom-left:0px;--awb-flex-wrap:wrap;\" ><div class=\"fusion-builder-row fusion-row\"><div class=\"fusion-layout-column fusion_builder_column fusion-builder-column-33 fusion_builder_column_3_5 3_5 fusion-three-fifth fusion-column-first\" style=\"--awb-bg-size:cover;width:60%;width:calc(60% - ( ( 4% ) * 0.6 ) );margin-right: 4%;\"><div class=\"fusion-column-wrapper fusion-flex-column-wrapper-legacy\"><div class=\"fusion-text fusion-text-18\"><h3>Was wurde 1938 beim Kirchenbau in Heimberg den Kunstschaffenden \u00a0bezahlt?<\/h3>\n<p>Auszug aus der Abrechnung Kirchenbau:<\/p>\n<p>Tschabold Kunstmaler St.bg \u00a0 \u00a0 \u00a0 \u00a0 \u00a0 \u00a0 \u00a0Entwurf der Glasfenster \u00a0 \u00a0 \u00a0 \u00a0 \u00a0 \u00a0 \u00a0 \u00a0 \u00a0 \u00a01 000<\/p>\n<p>Boss Glasmaler Bern \u00a0 \u00a0 \u00a0 \u00a0 \u00a0 \u00a0 \u00a0 \u00a0 \u00a0 \u00a0 \u00a0 \u00a0 \u00a0 Ausf\u00fchrung der Glasfenster \u00a0 \u00a0 \u00a0 \u00a0 \u00a0 \u00a0 \u00a03 000<\/p>\n<p><strong>A.Schmalz Heimberg \u00a0 \u00a0 \u00a0 \u00a0 \u00a0 \u00a0 \u00a0 \u00a0 \u00a0 \u00a0 \u00a0 \u00a0 Wandmosaik \u00a0 \u00a0 \u00a0 \u00a0 \u00a0 \u00a0 \u00a0 \u00a0 \u00a0 \u00a0 \u00a0 \u00a0 \u00a0 \u00a0 \u00a0 \u00a0 \u00a0 \u00a0 \u00a0 \u00a0 \u00a0 900 \u00a0 \u00a0 \u00a0 \u00a0 \u00a0 \u00a0 \u00a0 \u00a0 \u00a0 \u00a0 \u00a0 \u00a0 \u00a0 \u00a0 \u00a0 \u00a0 \u00a0 \u00a0 \u00a0<\/strong><\/p>\n<p><strong>A.Schmalz Heimberg \u00a0 \u00a0 \u00a0 \u00a0 \u00a0 \u00a0 \u00a0 \u00a0 \u00a0 \u00a0 \u00a0 \u00a0 Taufstein \u00a0 \u00a0 \u00a0 \u00a0 \u00a0 \u00a0 \u00a0 \u00a0 \u00a0 \u00a0 \u00a0 \u00a0 \u00a0 \u00a0 \u00a0 \u00a0 \u00a0 \u00a0 \u00a0 \u00a0 \u00a0 \u00a0 \u00a0 \u00a0 \u00a0800<\/strong><\/p>\n<h5>Stundenlohn eines Bauarbeiters 1938: Fr. 1.50<\/h5>\n<h6>ma. 10.10.19<\/h6>\n<h6><\/h6>\n<h6><\/h6>\n<h6><\/h6>\n<h6><\/h6>\n<\/div><div class=\"fusion-clearfix\"><\/div><\/div><\/div><div class=\"fusion-layout-column fusion_builder_column fusion-builder-column-34 fusion_builder_column_2_5 2_5 fusion-two-fifth fusion-column-last\" style=\"--awb-bg-size:cover;width:40%;width:calc(40% - ( ( 4% ) * 0.4 ) );\"><div class=\"fusion-column-wrapper fusion-flex-column-wrapper-legacy\"><div class=\"fusion-image-element in-legacy-container\" style=\"--awb-caption-title-font-family:var(--h2_typography-font-family);--awb-caption-title-font-weight:var(--h2_typography-font-weight);--awb-caption-title-font-style:var(--h2_typography-font-style);--awb-caption-title-size:var(--h2_typography-font-size);--awb-caption-title-transform:var(--h2_typography-text-transform);--awb-caption-title-line-height:var(--h2_typography-line-height);--awb-caption-title-letter-spacing:var(--h2_typography-letter-spacing);\"><span class=\" fusion-imageframe imageframe-none imageframe-17 hover-type-none\"><img decoding=\"async\" width=\"800\" height=\"531\" title=\"Schmalz Abrechnung Kirche Heimberg\" src=\"https:\/\/schmalz-kuenstler.ch\/wp-content\/uploads\/2019\/10\/Schmalz-Abrechnung-Kirche-Heimberg.jpg\" alt class=\"img-responsive wp-image-928\" srcset=\"https:\/\/schmalz-kuenstler.ch\/wp-content\/uploads\/2019\/10\/Schmalz-Abrechnung-Kirche-Heimberg-200x133.jpg 200w, https:\/\/schmalz-kuenstler.ch\/wp-content\/uploads\/2019\/10\/Schmalz-Abrechnung-Kirche-Heimberg-400x266.jpg 400w, https:\/\/schmalz-kuenstler.ch\/wp-content\/uploads\/2019\/10\/Schmalz-Abrechnung-Kirche-Heimberg-600x398.jpg 600w, https:\/\/schmalz-kuenstler.ch\/wp-content\/uploads\/2019\/10\/Schmalz-Abrechnung-Kirche-Heimberg.jpg 800w\" sizes=\"(max-width: 800px) 100vw, 600px\" \/><\/span><\/div><div class=\"fusion-clearfix\"><\/div><\/div><\/div><\/div><\/div><div class=\"fusion-fullwidth fullwidth-box fusion-builder-row-19 nonhundred-percent-fullwidth non-hundred-percent-height-scrolling\" style=\"--awb-border-radius-top-left:0px;--awb-border-radius-top-right:0px;--awb-border-radius-bottom-right:0px;--awb-border-radius-bottom-left:0px;--awb-flex-wrap:wrap;\" ><div class=\"fusion-builder-row fusion-row\"><div class=\"fusion-layout-column fusion_builder_column fusion-builder-column-35 fusion_builder_column_3_5 3_5 fusion-three-fifth fusion-column-first\" style=\"--awb-bg-size:cover;width:60%;width:calc(60% - ( ( 4% ) * 0.6 ) );margin-right: 4%;\"><div class=\"fusion-column-wrapper fusion-flex-column-wrapper-legacy\"><div class=\"fusion-text fusion-text-19\"><h3>Friedrich von Steiger<\/h3>\n<p>Aufgetaucht bei Signer Uhwiesen.<\/p>\n<p>Sehr sch\u00f6nes Exemplar.<\/p>\n<p>Im Besitz von E.Marti, Heimberg<\/p>\n<h6><\/h6>\n<h6><\/h6>\n<h6>ma. 14.08.19<\/h6>\n<h6><\/h6>\n<h6><\/h6>\n<h6><\/h6>\n<h6><\/h6>\n<h6><\/h6>\n<h6><\/h6>\n<\/div><div class=\"fusion-clearfix\"><\/div><\/div><\/div><div class=\"fusion-layout-column fusion_builder_column fusion-builder-column-36 fusion_builder_column_2_5 2_5 fusion-two-fifth fusion-column-last\" style=\"--awb-bg-size:cover;width:40%;width:calc(40% - ( ( 4% ) * 0.4 ) );\"><div class=\"fusion-column-wrapper fusion-flex-column-wrapper-legacy\"><div class=\"fusion-image-element in-legacy-container\" style=\"--awb-caption-title-font-family:var(--h2_typography-font-family);--awb-caption-title-font-weight:var(--h2_typography-font-weight);--awb-caption-title-font-style:var(--h2_typography-font-style);--awb-caption-title-size:var(--h2_typography-font-size);--awb-caption-title-transform:var(--h2_typography-text-transform);--awb-caption-title-line-height:var(--h2_typography-line-height);--awb-caption-title-letter-spacing:var(--h2_typography-letter-spacing);\"><span class=\" fusion-imageframe imageframe-none imageframe-18 hover-type-none\"><img decoding=\"async\" width=\"800\" height=\"531\" title=\"Schmalz Uhwiesen\" src=\"https:\/\/schmalz-kuenstler.ch\/wp-content\/uploads\/2019\/07\/Schmalz-Uhwiesen.jpg\" alt class=\"img-responsive wp-image-914\" srcset=\"https:\/\/schmalz-kuenstler.ch\/wp-content\/uploads\/2019\/07\/Schmalz-Uhwiesen-200x133.jpg 200w, https:\/\/schmalz-kuenstler.ch\/wp-content\/uploads\/2019\/07\/Schmalz-Uhwiesen-400x266.jpg 400w, https:\/\/schmalz-kuenstler.ch\/wp-content\/uploads\/2019\/07\/Schmalz-Uhwiesen-600x398.jpg 600w, https:\/\/schmalz-kuenstler.ch\/wp-content\/uploads\/2019\/07\/Schmalz-Uhwiesen.jpg 800w\" sizes=\"(max-width: 800px) 100vw, 600px\" \/><\/span><\/div><div class=\"fusion-clearfix\"><\/div><\/div><\/div><\/div><\/div><div class=\"fusion-fullwidth fullwidth-box fusion-builder-row-20 nonhundred-percent-fullwidth non-hundred-percent-height-scrolling\" style=\"--awb-border-radius-top-left:0px;--awb-border-radius-top-right:0px;--awb-border-radius-bottom-right:0px;--awb-border-radius-bottom-left:0px;--awb-flex-wrap:wrap;\" ><div class=\"fusion-builder-row fusion-row\"><div class=\"fusion-layout-column fusion_builder_column fusion-builder-column-37 fusion_builder_column_3_5 3_5 fusion-three-fifth fusion-column-first\" style=\"--awb-bg-size:cover;width:60%;width:calc(60% - ( ( 4% ) * 0.6 ) );margin-right: 4%;\"><div class=\"fusion-column-wrapper fusion-flex-column-wrapper-legacy\"><div class=\"fusion-text fusion-text-20\"><h3><strong>Ein Werk von Tschabold in der Arbeitsmappe von CAS<\/strong><\/h3>\n<p>Wie ist das kleine Bild wohl in die Arbeitsmappe von CAS gelangt ?<\/p>\n<p>Text und Signatur:<\/p>\n<p>&#171;Scilly Inseln Tresco \u00a0 \u00a0 \u00a0 \u00a0 \u00a0Roman Tschabold 1932&#187;<\/p>\n<h5><\/h5>\n<h6><\/h6>\n<h6><\/h6>\n<h6><\/h6>\n<h6><\/h6>\n<h6><\/h6>\n<h6><\/h6>\n<h6><\/h6>\n<h6><\/h6>\n<h6>ma, 11.03.19<\/h6>\n<\/div><div class=\"fusion-clearfix\"><\/div><\/div><\/div><div class=\"fusion-layout-column fusion_builder_column fusion-builder-column-38 fusion_builder_column_2_5 2_5 fusion-two-fifth fusion-column-last\" style=\"--awb-bg-size:cover;width:40%;width:calc(40% - ( ( 4% ) * 0.4 ) );\"><div class=\"fusion-column-wrapper fusion-flex-column-wrapper-legacy\"><div class=\"fusion-image-element in-legacy-container\" style=\"--awb-caption-title-font-family:var(--h2_typography-font-family);--awb-caption-title-font-weight:var(--h2_typography-font-weight);--awb-caption-title-font-style:var(--h2_typography-font-style);--awb-caption-title-size:var(--h2_typography-font-size);--awb-caption-title-transform:var(--h2_typography-text-transform);--awb-caption-title-line-height:var(--h2_typography-line-height);--awb-caption-title-letter-spacing:var(--h2_typography-letter-spacing);\"><span class=\" fusion-imageframe imageframe-none imageframe-19 hover-type-none\"><img decoding=\"async\" width=\"684\" height=\"479\" title=\"Roman Tschabold Kopie\" src=\"https:\/\/schmalz-kuenstler.ch\/wp-content\/uploads\/2019\/01\/Roman-Tschabold-Kopie.jpeg\" alt class=\"img-responsive wp-image-799\" srcset=\"https:\/\/schmalz-kuenstler.ch\/wp-content\/uploads\/2019\/01\/Roman-Tschabold-Kopie-200x140.jpeg 200w, https:\/\/schmalz-kuenstler.ch\/wp-content\/uploads\/2019\/01\/Roman-Tschabold-Kopie-400x280.jpeg 400w, https:\/\/schmalz-kuenstler.ch\/wp-content\/uploads\/2019\/01\/Roman-Tschabold-Kopie-600x420.jpeg 600w, https:\/\/schmalz-kuenstler.ch\/wp-content\/uploads\/2019\/01\/Roman-Tschabold-Kopie.jpeg 684w\" sizes=\"(max-width: 800px) 100vw, 600px\" \/><\/span><\/div><div class=\"fusion-clearfix\"><\/div><\/div><\/div><\/div><\/div><div class=\"fusion-fullwidth fullwidth-box fusion-builder-row-21 nonhundred-percent-fullwidth non-hundred-percent-height-scrolling\" style=\"--awb-border-radius-top-left:0px;--awb-border-radius-top-right:0px;--awb-border-radius-bottom-right:0px;--awb-border-radius-bottom-left:0px;--awb-flex-wrap:wrap;\" ><div class=\"fusion-builder-row fusion-row\"><div class=\"fusion-layout-column fusion_builder_column fusion-builder-column-39 fusion_builder_column_3_5 3_5 fusion-three-fifth fusion-column-first\" style=\"--awb-bg-size:cover;width:60%;width:calc(60% - ( ( 4% ) * 0.6 ) );margin-right: 4%;\"><div class=\"fusion-column-wrapper fusion-flex-column-wrapper-legacy\"><div class=\"fusion-text fusion-text-21\"><h3><strong>Zwei Tschabolds aus dem Zettelkasten von CAS<\/strong><\/h3>\n<p>Aus dem Buch \u201cRoman Tschabold\u201c von Stefan Biffiger: \u201c.. jedenfalls hat er f\u00fcr deren Jahresessen Karikaturen und Schnitzelb\u00e4nke gezeichnet, &#8230; .\u201c<\/p>\n<p>Die Wege der beiden je v\u00f6llig unterschiedlichen K\u00fcnstler haben sich wohl \u00f6fter gekreuzt; etwa bei der Arbeit an den Fenstern durch Tschabold und am Taufstein der Kirche Heimberg durch Schmalz oder als Mitglieder der \u201eFreie Gruppe\u201c &#8211; einem Zusammenschluss von acht K\u00fcnstlern, die sich vermehrte Ausstellungsm\u00f6glichkeiten erstritten.<\/p>\n<p>Weiteres zu den beiden K\u00fcnstlern nachzulesen in den beiden Biografien.<\/p>\n<h6><\/h6>\n<h6><\/h6>\n<h6><\/h6>\n<h6><\/h6>\n<h6><\/h6>\n<h6><\/h6>\n<h6><\/h6>\n<h6>ma, 14.11.18<\/h6>\n<\/div><div class=\"fusion-clearfix\"><\/div><\/div><\/div><div class=\"fusion-layout-column fusion_builder_column fusion-builder-column-40 fusion_builder_column_2_5 2_5 fusion-two-fifth fusion-column-last\" style=\"--awb-bg-size:cover;width:40%;width:calc(40% - ( ( 4% ) * 0.4 ) );\"><div class=\"fusion-column-wrapper fusion-flex-column-wrapper-legacy\"><div class=\"fusion-image-element in-legacy-container\" style=\"--awb-caption-title-font-family:var(--h2_typography-font-family);--awb-caption-title-font-weight:var(--h2_typography-font-weight);--awb-caption-title-font-style:var(--h2_typography-font-style);--awb-caption-title-size:var(--h2_typography-font-size);--awb-caption-title-transform:var(--h2_typography-text-transform);--awb-caption-title-line-height:var(--h2_typography-line-height);--awb-caption-title-letter-spacing:var(--h2_typography-letter-spacing);\"><span class=\" fusion-imageframe imageframe-none imageframe-20 hover-type-none\"><img decoding=\"async\" width=\"800\" height=\"531\" title=\"Schmalz -Tschabold Zettelkasten\" src=\"https:\/\/schmalz-kuenstler.ch\/wp-content\/uploads\/2018\/11\/Schmalz-Tschabold-Zettelkasten.jpg\" alt class=\"img-responsive wp-image-788\" srcset=\"https:\/\/schmalz-kuenstler.ch\/wp-content\/uploads\/2018\/11\/Schmalz-Tschabold-Zettelkasten-200x133.jpg 200w, https:\/\/schmalz-kuenstler.ch\/wp-content\/uploads\/2018\/11\/Schmalz-Tschabold-Zettelkasten-400x266.jpg 400w, https:\/\/schmalz-kuenstler.ch\/wp-content\/uploads\/2018\/11\/Schmalz-Tschabold-Zettelkasten-600x398.jpg 600w, https:\/\/schmalz-kuenstler.ch\/wp-content\/uploads\/2018\/11\/Schmalz-Tschabold-Zettelkasten.jpg 800w\" sizes=\"(max-width: 800px) 100vw, 600px\" \/><\/span><\/div><div class=\"fusion-clearfix\"><\/div><\/div><\/div><\/div><\/div><div class=\"fusion-fullwidth fullwidth-box fusion-builder-row-22 nonhundred-percent-fullwidth non-hundred-percent-height-scrolling\" style=\"--awb-border-radius-top-left:0px;--awb-border-radius-top-right:0px;--awb-border-radius-bottom-right:0px;--awb-border-radius-bottom-left:0px;--awb-flex-wrap:wrap;\" ><div class=\"fusion-builder-row fusion-row\"><div class=\"fusion-layout-column fusion_builder_column fusion-builder-column-41 fusion_builder_column_3_5 3_5 fusion-three-fifth fusion-column-first\" style=\"--awb-bg-size:cover;width:60%;width:calc(60% - ( ( 4% ) * 0.6 ) );margin-right: 4%;\"><div class=\"fusion-column-wrapper fusion-flex-column-wrapper-legacy\"><div class=\"fusion-text fusion-text-22\"><h3>Begegnung R.Tschabold und C.A.Schmalz<\/h3>\n<p>Ihre Werke in der Kirche Heimberg 1938<\/p>\n<h4><\/h4>\n<h6><\/h6>\n<h6><\/h6>\n<h6><\/h6>\n<h6><\/h6>\n<h6><\/h6>\n<h6><\/h6>\n<h6><\/h6>\n<h6><\/h6>\n<h6>ma, 14.11.18<\/h6>\n<\/div><div class=\"fusion-clearfix\"><\/div><\/div><\/div><div class=\"fusion-layout-column fusion_builder_column fusion-builder-column-42 fusion_builder_column_2_5 2_5 fusion-two-fifth fusion-column-last\" style=\"--awb-bg-size:cover;width:40%;width:calc(40% - ( ( 4% ) * 0.4 ) );\"><div class=\"fusion-column-wrapper fusion-flex-column-wrapper-legacy\"><div class=\"fusion-image-element in-legacy-container\" style=\"--awb-caption-title-font-family:var(--h2_typography-font-family);--awb-caption-title-font-weight:var(--h2_typography-font-weight);--awb-caption-title-font-style:var(--h2_typography-font-style);--awb-caption-title-size:var(--h2_typography-font-size);--awb-caption-title-transform:var(--h2_typography-text-transform);--awb-caption-title-line-height:var(--h2_typography-line-height);--awb-caption-title-letter-spacing:var(--h2_typography-letter-spacing);\"><span class=\" fusion-imageframe imageframe-none imageframe-21 hover-type-none\"><img decoding=\"async\" width=\"800\" height=\"531\" title=\"Taufstein Fenster Kirche Heimb\" src=\"https:\/\/schmalz-kuenstler.ch\/wp-content\/uploads\/2018\/11\/Taufstein-Fenster-Kirche-Heimb.jpg\" alt class=\"img-responsive wp-image-790\" srcset=\"https:\/\/schmalz-kuenstler.ch\/wp-content\/uploads\/2018\/11\/Taufstein-Fenster-Kirche-Heimb-200x133.jpg 200w, https:\/\/schmalz-kuenstler.ch\/wp-content\/uploads\/2018\/11\/Taufstein-Fenster-Kirche-Heimb-400x266.jpg 400w, https:\/\/schmalz-kuenstler.ch\/wp-content\/uploads\/2018\/11\/Taufstein-Fenster-Kirche-Heimb-600x398.jpg 600w, https:\/\/schmalz-kuenstler.ch\/wp-content\/uploads\/2018\/11\/Taufstein-Fenster-Kirche-Heimb.jpg 800w\" sizes=\"(max-width: 800px) 100vw, 600px\" \/><\/span><\/div><div class=\"fusion-clearfix\"><\/div><\/div><\/div><\/div><\/div><div class=\"fusion-fullwidth fullwidth-box fusion-builder-row-23 nonhundred-percent-fullwidth non-hundred-percent-height-scrolling\" style=\"--awb-border-radius-top-left:0px;--awb-border-radius-top-right:0px;--awb-border-radius-bottom-right:0px;--awb-border-radius-bottom-left:0px;--awb-flex-wrap:wrap;\" ><div class=\"fusion-builder-row fusion-row\"><div class=\"fusion-layout-column fusion_builder_column fusion-builder-column-43 fusion_builder_column_3_5 3_5 fusion-three-fifth fusion-column-first\" style=\"--awb-bg-size:cover;width:60%;width:calc(60% - ( ( 4% ) * 0.6 ) );margin-right: 4%;\"><div class=\"fusion-column-wrapper fusion-flex-column-wrapper-legacy\"><div class=\"fusion-text fusion-text-23\"><h3>Achtung FAS ist nicht CAS.<\/h3>\n<p>Bei der Recherche zu C\u00e4sar Adolf Schmalz sind mehrere Bilder mit der Signatur FAS aufgetaucht.<\/p>\n<p>FAS ist der \u00e4lteste Bruder von CAS: Franz Adolf Schmalz (1877 -1943)<\/p>\n<p>Die Darstellung des Geometers erinnert an eine lange Reihe von Geometern in den Generationen vor und nach C\u00e4sar Adolf Schmalz.<\/p>\n<p>Franz Adolf Schmalz hat seine Frau Julia Gabriel w\u00e4hrend der Arbeit als Geometer beim Bau der Albulabahn kennen gelernt.<\/p>\n<h4><\/h4>\n<h6>ma, 27.10.18<\/h6>\n<\/div><div class=\"fusion-clearfix\"><\/div><\/div><\/div><div class=\"fusion-layout-column fusion_builder_column fusion-builder-column-44 fusion_builder_column_2_5 2_5 fusion-two-fifth fusion-column-last\" style=\"--awb-bg-size:cover;width:40%;width:calc(40% - ( ( 4% ) * 0.4 ) );\"><div class=\"fusion-column-wrapper fusion-flex-column-wrapper-legacy\"><div class=\"fusion-image-element in-legacy-container\" style=\"--awb-caption-title-font-family:var(--h2_typography-font-family);--awb-caption-title-font-weight:var(--h2_typography-font-weight);--awb-caption-title-font-style:var(--h2_typography-font-style);--awb-caption-title-size:var(--h2_typography-font-size);--awb-caption-title-transform:var(--h2_typography-text-transform);--awb-caption-title-line-height:var(--h2_typography-line-height);--awb-caption-title-letter-spacing:var(--h2_typography-letter-spacing);\"><span class=\" fusion-imageframe imageframe-none imageframe-22 hover-type-none\"><img decoding=\"async\" width=\"347\" height=\"531\" title=\"FAS Geometer\" src=\"https:\/\/schmalz-kuenstler.ch\/wp-content\/uploads\/2018\/10\/DSC5318-Kopie-e1542201669332.jpg\" alt class=\"img-responsive wp-image-783\"\/><\/span><\/div><div class=\"fusion-clearfix\"><\/div><\/div><\/div><\/div><\/div><div class=\"fusion-fullwidth fullwidth-box fusion-builder-row-24 nonhundred-percent-fullwidth non-hundred-percent-height-scrolling\" style=\"--awb-border-radius-top-left:0px;--awb-border-radius-top-right:0px;--awb-border-radius-bottom-right:0px;--awb-border-radius-bottom-left:0px;--awb-flex-wrap:wrap;\" ><div class=\"fusion-builder-row fusion-row\"><div class=\"fusion-layout-column fusion_builder_column fusion-builder-column-45 fusion_builder_column_3_5 3_5 fusion-three-fifth fusion-column-first\" style=\"--awb-bg-size:cover;width:60%;width:calc(60% - ( ( 4% ) * 0.6 ) );margin-right: 4%;\"><div class=\"fusion-column-wrapper fusion-flex-column-wrapper-legacy\"><div class=\"fusion-text fusion-text-24\"><h3>Groteskkrug<\/h3>\n<p>Gefunden im Auktionshaus Zofingen.<\/p>\n<p>Ein besonderes Werk mit spezieller Signatur, das einerseits die schalkhafte Seite von CAS spiegelt und andererseits R\u00e4tsel aufgibt.<\/p>\n<p>F\u00fcr wen wurde der Krug angefertigt? Was steckt hinter diesem Sujet? K\u00f6nnte eine Verbindung zu einer Studentschaft bestehen?<\/p>\n<p>Wie hat CAS wohl dieses Werk benannt? Gibt es weitere St\u00fccke in dieser Art? &#8230;..<\/p>\n<p>Kann jemand weiterhelfen? Besten Dank.<\/p>\n<h4><\/h4>\n<h6>ma, 25.08.18<\/h6>\n<\/div><div class=\"fusion-clearfix\"><\/div><\/div><\/div><div class=\"fusion-layout-column fusion_builder_column fusion-builder-column-46 fusion_builder_column_2_5 2_5 fusion-two-fifth fusion-column-last\" style=\"--awb-bg-size:cover;width:40%;width:calc(40% - ( ( 4% ) * 0.4 ) );\"><div class=\"fusion-column-wrapper fusion-flex-column-wrapper-legacy\"><div class=\"fusion-image-element in-legacy-container\" style=\"--awb-caption-title-font-family:var(--h2_typography-font-family);--awb-caption-title-font-weight:var(--h2_typography-font-weight);--awb-caption-title-font-style:var(--h2_typography-font-style);--awb-caption-title-size:var(--h2_typography-font-size);--awb-caption-title-transform:var(--h2_typography-text-transform);--awb-caption-title-line-height:var(--h2_typography-line-height);--awb-caption-title-letter-spacing:var(--h2_typography-letter-spacing);\"><span class=\" fusion-imageframe imageframe-none imageframe-23 hover-type-none\"><img decoding=\"async\" width=\"800\" height=\"531\" title=\"Groteskkrug mit Signatur\" src=\"https:\/\/schmalz-kuenstler.ch\/wp-content\/uploads\/2018\/08\/Groteskkrug-mit-Signatur.jpg\" alt class=\"img-responsive wp-image-774\" srcset=\"https:\/\/schmalz-kuenstler.ch\/wp-content\/uploads\/2018\/08\/Groteskkrug-mit-Signatur-200x133.jpg 200w, https:\/\/schmalz-kuenstler.ch\/wp-content\/uploads\/2018\/08\/Groteskkrug-mit-Signatur-400x266.jpg 400w, https:\/\/schmalz-kuenstler.ch\/wp-content\/uploads\/2018\/08\/Groteskkrug-mit-Signatur-600x398.jpg 600w, https:\/\/schmalz-kuenstler.ch\/wp-content\/uploads\/2018\/08\/Groteskkrug-mit-Signatur.jpg 800w\" sizes=\"(max-width: 800px) 100vw, 600px\" \/><\/span><\/div><div class=\"fusion-clearfix\"><\/div><\/div><\/div><\/div><\/div><div class=\"fusion-fullwidth fullwidth-box fusion-builder-row-25 nonhundred-percent-fullwidth non-hundred-percent-height-scrolling\" style=\"--awb-border-radius-top-left:0px;--awb-border-radius-top-right:0px;--awb-border-radius-bottom-right:0px;--awb-border-radius-bottom-left:0px;--awb-flex-wrap:wrap;\" ><div class=\"fusion-builder-row fusion-row\"><div class=\"fusion-layout-column fusion_builder_column fusion-builder-column-47 fusion_builder_column_3_5 3_5 fusion-three-fifth fusion-column-first\" style=\"--awb-bg-size:cover;width:60%;width:calc(60% - ( ( 4% ) * 0.6 ) );margin-right: 4%;\"><div class=\"fusion-column-wrapper fusion-flex-column-wrapper-legacy\"><div class=\"fusion-text fusion-text-25\"><h3>Weiterer Micheli aufgetaucht<\/h3>\n<p>Er befindet sich beim Medizinmuseum der Uni Z\u00fcrich.<\/p>\n<p>Zur Zeit ist er ausgestellt im Schloss Jegenstorf im Rahmen der Ausstellung &#171;Unsere Frauen&#187; (bis 14.Oktober 2018)<\/p>\n<p>Zur Kleinplastik ist ein Brief aufgetaucht in dem die Medizinhistorikerin Frau Dr. Martha Meyer-Salzmann am 10.05.1975 ihre Vermutungen zum K\u00fcnstler und zum \u00dcberbringer der Figur festh\u00e4lt. Aus dem Schreiben<\/p>\n<blockquote>\n<p>&#171;&#8230; dass sie von einem Hobby-T\u00f6pfer hergestellt wurde und sie in Langnau oder Heimberg zum Brennen gab. &#8230;. Der Name Schmalz lasse an den Architekten oder an den Dichter Schmalz in Konolfingen denken.&#187;<\/p>\n<\/blockquote>\n<p>Weiter glaubt sie, dass die Figur mit andern Gegenst\u00e4nden von einem Arzt in Oberdiessbach ans Institut gelangt w\u00e4re.<\/p>\n<blockquote>\n<p>&#187; Wenn dies Figur von diesem geschenkt wurde, liesse sich auch an ein humoristisches Geschenk von Schmalz an diesen Arzt denken.&#187;<\/p>\n<\/blockquote>\n<h4><\/h4>\n<h6>ma, 16.08.18<\/h6>\n<\/div><div class=\"fusion-clearfix\"><\/div><\/div><\/div><div class=\"fusion-layout-column fusion_builder_column fusion-builder-column-48 fusion_builder_column_2_5 2_5 fusion-two-fifth fusion-column-last\" style=\"--awb-bg-size:cover;width:40%;width:calc(40% - ( ( 4% ) * 0.4 ) );\"><div class=\"fusion-column-wrapper fusion-flex-column-wrapper-legacy\"><div class=\"fusion-image-element in-legacy-container\" style=\"--awb-caption-title-font-family:var(--h2_typography-font-family);--awb-caption-title-font-weight:var(--h2_typography-font-weight);--awb-caption-title-font-style:var(--h2_typography-font-style);--awb-caption-title-size:var(--h2_typography-font-size);--awb-caption-title-transform:var(--h2_typography-text-transform);--awb-caption-title-line-height:var(--h2_typography-line-height);--awb-caption-title-letter-spacing:var(--h2_typography-letter-spacing);\"><span class=\" fusion-imageframe imageframe-none imageframe-24 hover-type-none\"><img decoding=\"async\" width=\"800\" height=\"531\" title=\"Micheli &#8211; Medizin Museum Z\u00fcrich\" src=\"https:\/\/schmalz-kuenstler.ch\/wp-content\/uploads\/2018\/08\/Micheli-Medizin-Museum-Z\u00fcrich.jpg\" alt class=\"img-responsive wp-image-766\" srcset=\"https:\/\/schmalz-kuenstler.ch\/wp-content\/uploads\/2018\/08\/Micheli-Medizin-Museum-Z\u00fcrich-200x133.jpg 200w, https:\/\/schmalz-kuenstler.ch\/wp-content\/uploads\/2018\/08\/Micheli-Medizin-Museum-Z\u00fcrich-400x266.jpg 400w, https:\/\/schmalz-kuenstler.ch\/wp-content\/uploads\/2018\/08\/Micheli-Medizin-Museum-Z\u00fcrich-600x398.jpg 600w, https:\/\/schmalz-kuenstler.ch\/wp-content\/uploads\/2018\/08\/Micheli-Medizin-Museum-Z\u00fcrich.jpg 800w\" sizes=\"(max-width: 800px) 100vw, 600px\" \/><\/span><\/div><div class=\"fusion-clearfix\"><\/div><\/div><\/div><\/div><\/div><div class=\"fusion-fullwidth fullwidth-box fusion-builder-row-26 nonhundred-percent-fullwidth non-hundred-percent-height-scrolling\" style=\"--awb-border-radius-top-left:0px;--awb-border-radius-top-right:0px;--awb-border-radius-bottom-right:0px;--awb-border-radius-bottom-left:0px;--awb-flex-wrap:wrap;\" ><div class=\"fusion-builder-row fusion-row\"><div class=\"fusion-layout-column fusion_builder_column fusion-builder-column-49 fusion_builder_column_3_5 3_5 fusion-three-fifth fusion-column-first\" style=\"--awb-bg-size:cover;width:60%;width:calc(60% - ( ( 4% ) * 0.6 ) );margin-right: 4%;\"><div class=\"fusion-column-wrapper fusion-flex-column-wrapper-legacy\"><div class=\"fusion-text fusion-text-26\"><h3>Der alte Fritz \/ Kaiser Willhelm II<\/h3>\n<p>Bisher unbekannte Kleinplastik gefunden in Riccardo (Angebot beendet 29.04.18)<\/p>\n<p>Wo befindet sich die Figur ? Gibt es wohl weitere ?<\/p>\n<p>Wir freuen uns \u00fcber Meldungen zu weiteren bisher unbekannten Werken von CAS.<\/p>\n<h6><\/h6>\n<h6>ma. 08.06.18<\/h6>\n<\/div><div class=\"fusion-clearfix\"><\/div><\/div><\/div><div class=\"fusion-layout-column fusion_builder_column fusion-builder-column-50 fusion_builder_column_2_5 2_5 fusion-two-fifth fusion-column-last\" style=\"--awb-bg-size:cover;width:40%;width:calc(40% - ( ( 4% ) * 0.4 ) );\"><div class=\"fusion-column-wrapper fusion-flex-column-wrapper-legacy\"><div class=\"fusion-image-element in-legacy-container\" style=\"--awb-caption-title-font-family:var(--h2_typography-font-family);--awb-caption-title-font-weight:var(--h2_typography-font-weight);--awb-caption-title-font-style:var(--h2_typography-font-style);--awb-caption-title-size:var(--h2_typography-font-size);--awb-caption-title-transform:var(--h2_typography-text-transform);--awb-caption-title-line-height:var(--h2_typography-line-height);--awb-caption-title-letter-spacing:var(--h2_typography-letter-spacing);\"><span class=\" fusion-imageframe imageframe-none imageframe-25 hover-type-none\"><img decoding=\"async\" width=\"800\" height=\"531\" title=\"Der alte Fritz\" src=\"https:\/\/schmalz-kuenstler.ch\/wp-content\/uploads\/2018\/06\/Der-alte-Fritz.jpg\" alt class=\"img-responsive wp-image-760\" srcset=\"https:\/\/schmalz-kuenstler.ch\/wp-content\/uploads\/2018\/06\/Der-alte-Fritz-200x133.jpg 200w, https:\/\/schmalz-kuenstler.ch\/wp-content\/uploads\/2018\/06\/Der-alte-Fritz-400x266.jpg 400w, https:\/\/schmalz-kuenstler.ch\/wp-content\/uploads\/2018\/06\/Der-alte-Fritz-600x398.jpg 600w, https:\/\/schmalz-kuenstler.ch\/wp-content\/uploads\/2018\/06\/Der-alte-Fritz.jpg 800w\" sizes=\"(max-width: 800px) 100vw, 600px\" \/><\/span><\/div><div class=\"fusion-clearfix\"><\/div><\/div><\/div><\/div><\/div><div class=\"fusion-fullwidth fullwidth-box fusion-builder-row-27 nonhundred-percent-fullwidth non-hundred-percent-height-scrolling\" style=\"--awb-border-radius-top-left:0px;--awb-border-radius-top-right:0px;--awb-border-radius-bottom-right:0px;--awb-border-radius-bottom-left:0px;--awb-flex-wrap:wrap;\" ><div class=\"fusion-builder-row fusion-row\"><div class=\"fusion-layout-column fusion_builder_column fusion-builder-column-51 fusion_builder_column_3_5 3_5 fusion-three-fifth fusion-column-first\" style=\"--awb-bg-size:cover;width:60%;width:calc(60% - ( ( 4% ) * 0.6 ) );margin-right: 4%;\"><div class=\"fusion-column-wrapper fusion-flex-column-wrapper-legacy\"><div class=\"fusion-text fusion-text-27\"><h3>\u00dcber die Landesgrenzen hinaus !<\/h3>\n<p>&#171;C. A. Schmalz1887 &#8211; 1966 \/ Leben und Werk mit Pinsel Stift und Lehm&#187; hat es offensichtlich bis in die Best\u00e4nde der Deutschen Nationalbibliothek geschafft.<\/p>\n<p>Wer sich f\u00fcr das Buch interessiert, meldet sich wohl aber einfacher mit einer Bestellung \u00fcber diese Webseite.<\/p>\n<h6><\/h6>\n<h6><\/h6>\n<h6>ma.02.06.18<\/h6>\n<\/div><div class=\"fusion-clearfix\"><\/div><\/div><\/div><div class=\"fusion-layout-column fusion_builder_column fusion-builder-column-52 fusion_builder_column_2_5 2_5 fusion-two-fifth fusion-column-last\" style=\"--awb-bg-size:cover;width:40%;width:calc(40% - ( ( 4% ) * 0.4 ) );\"><div class=\"fusion-column-wrapper fusion-flex-column-wrapper-legacy\"><div class=\"fusion-image-element in-legacy-container\" style=\"--awb-caption-title-font-family:var(--h2_typography-font-family);--awb-caption-title-font-weight:var(--h2_typography-font-weight);--awb-caption-title-font-style:var(--h2_typography-font-style);--awb-caption-title-size:var(--h2_typography-font-size);--awb-caption-title-transform:var(--h2_typography-text-transform);--awb-caption-title-line-height:var(--h2_typography-line-height);--awb-caption-title-letter-spacing:var(--h2_typography-letter-spacing);\"><span class=\" fusion-imageframe imageframe-none imageframe-26 hover-type-none\"><img decoding=\"async\" width=\"800\" height=\"531\" title=\"Schmalz DNB\" src=\"https:\/\/schmalz-kuenstler.ch\/wp-content\/uploads\/2018\/06\/Schmalz-DNB-.jpg\" alt class=\"img-responsive wp-image-753\" srcset=\"https:\/\/schmalz-kuenstler.ch\/wp-content\/uploads\/2018\/06\/Schmalz-DNB--200x133.jpg 200w, https:\/\/schmalz-kuenstler.ch\/wp-content\/uploads\/2018\/06\/Schmalz-DNB--400x266.jpg 400w, https:\/\/schmalz-kuenstler.ch\/wp-content\/uploads\/2018\/06\/Schmalz-DNB--600x398.jpg 600w, https:\/\/schmalz-kuenstler.ch\/wp-content\/uploads\/2018\/06\/Schmalz-DNB-.jpg 800w\" sizes=\"(max-width: 800px) 100vw, 600px\" \/><\/span><\/div><div class=\"fusion-clearfix\"><\/div><\/div><\/div><\/div><\/div><div class=\"fusion-fullwidth fullwidth-box fusion-builder-row-28 nonhundred-percent-fullwidth non-hundred-percent-height-scrolling\" style=\"--awb-border-radius-top-left:0px;--awb-border-radius-top-right:0px;--awb-border-radius-bottom-right:0px;--awb-border-radius-bottom-left:0px;--awb-flex-wrap:wrap;\" ><div class=\"fusion-builder-row fusion-row\"><div class=\"fusion-layout-column fusion_builder_column fusion-builder-column-53 fusion_builder_column_3_5 3_5 fusion-three-fifth fusion-column-first\" style=\"--awb-bg-size:cover;width:60%;width:calc(60% - ( ( 4% ) * 0.6 ) );margin-right: 4%;\"><div class=\"fusion-column-wrapper fusion-flex-column-wrapper-legacy\"><div class=\"fusion-text fusion-text-28\"><h3><strong>Zum 100. Todestag von Ferdinad Hodler<\/strong><\/h3>\n<p>Aus dem 1965 von CAS geschriebenen Lebensbericht unter dem Titel:<\/p>\n<p>\u201eWas dem D\u00f6lfi passiert ist 1887 \u2013 1966\u201c berichtet er \u00fcber seinen Aufenthalt in Madrid 1908.<\/p>\n<blockquote>\n<p>Ich fand in der N\u00e4he des Prado Unterkunft und Essen. Als ich den Namen und alle Angaben eingetragen hatte, \u00a0 sagte mir der Chef des B\u00fcros, Senhor es hat f\u00fcnf M\u00e4nner aus ihrem Land hier, ich will Sie denen vorstellen. Im Caffee waren f\u00fcnfe und tranken Limonade oder Bier\u00a0 &#8230;&#8230;. .. Der erste Mann hiess Ferdinand Hodler, der blonde\u00a0 lange nannte sich Blom und war von Bern. &#8230; .<\/p>\n<p>Ferdinand Hodler\u00a0 und auch die andern hatten viel Verst\u00e4ndnis f\u00fcr den jungen Weltenbummler. &#8230;. .<\/p>\n<p>Am Nachmittag habe ich im Prado meinen Heisshunger befriedigt.\u00a0 &#8230; . Hodler Ferdinand arbeitete an einer Kopie von Velasques Kreuzabnahme.<\/p>\n<\/blockquote>\n<p>Weiss jemand N\u00e4heres \u00fcber Hodlers Aufenthalt in Madrid ?<\/p>\n<p>Gab es noch weitere Kontakte zwischen Hodler und CAS ?<\/p>\n<h6><\/h6>\n<h6><\/h6>\n<h6>ma.15.05.18<\/h6>\n<\/div><div class=\"fusion-clearfix\"><\/div><\/div><\/div><div class=\"fusion-layout-column fusion_builder_column fusion-builder-column-54 fusion_builder_column_2_5 2_5 fusion-two-fifth fusion-column-last\" style=\"--awb-bg-size:cover;width:40%;width:calc(40% - ( ( 4% ) * 0.4 ) );\"><div class=\"fusion-column-wrapper fusion-flex-column-wrapper-legacy\"><div class=\"fusion-image-element in-legacy-container\" style=\"--awb-caption-title-font-family:var(--h2_typography-font-family);--awb-caption-title-font-weight:var(--h2_typography-font-weight);--awb-caption-title-font-style:var(--h2_typography-font-style);--awb-caption-title-size:var(--h2_typography-font-size);--awb-caption-title-transform:var(--h2_typography-text-transform);--awb-caption-title-line-height:var(--h2_typography-line-height);--awb-caption-title-letter-spacing:var(--h2_typography-letter-spacing);\"><span class=\" fusion-imageframe imageframe-none imageframe-27 hover-type-none\"><img decoding=\"async\" width=\"800\" height=\"531\" title=\"Was dem D\u00f6lfi.. Titelblatt\" src=\"https:\/\/schmalz-kuenstler.ch\/wp-content\/uploads\/2018\/05\/Was-dem-D\u00f6lfi..-Titelblatt.jpg\" alt class=\"img-responsive wp-image-745\" srcset=\"https:\/\/schmalz-kuenstler.ch\/wp-content\/uploads\/2018\/05\/Was-dem-D\u00f6lfi..-Titelblatt-200x133.jpg 200w, https:\/\/schmalz-kuenstler.ch\/wp-content\/uploads\/2018\/05\/Was-dem-D\u00f6lfi..-Titelblatt-400x266.jpg 400w, https:\/\/schmalz-kuenstler.ch\/wp-content\/uploads\/2018\/05\/Was-dem-D\u00f6lfi..-Titelblatt-600x398.jpg 600w, https:\/\/schmalz-kuenstler.ch\/wp-content\/uploads\/2018\/05\/Was-dem-D\u00f6lfi..-Titelblatt.jpg 800w\" sizes=\"(max-width: 800px) 100vw, 600px\" \/><\/span><\/div><div class=\"fusion-clearfix\"><\/div><\/div><\/div><\/div><\/div><div class=\"fusion-fullwidth fullwidth-box fusion-builder-row-29 nonhundred-percent-fullwidth non-hundred-percent-height-scrolling\" style=\"--awb-border-radius-top-left:0px;--awb-border-radius-top-right:0px;--awb-border-radius-bottom-right:0px;--awb-border-radius-bottom-left:0px;--awb-flex-wrap:wrap;\" ><div class=\"fusion-builder-row fusion-row\"><div class=\"fusion-layout-column fusion_builder_column fusion-builder-column-55 fusion_builder_column_3_5 3_5 fusion-three-fifth fusion-column-first\" style=\"--awb-bg-size:cover;width:60%;width:calc(60% - ( ( 4% ) * 0.6 ) );margin-right: 4%;\"><div class=\"fusion-column-wrapper fusion-flex-column-wrapper-legacy\"><div class=\"fusion-text fusion-text-29\"><h3><strong>Auftragsarbeiten aus dem Hause Schmalz<\/strong><\/h3>\n<h3>Die Arbeiten stehen f\u00fcr die Zusammenarbeit von Vater C\u00e4sar Adolf Schmalz mit seinem Sohn Hans Schmalz im Rebli in Heimberg.<\/h3>\n<h3>Wer weiss mehr \u00fcber die abgebildeten St\u00fccke ?<\/h3>\n<h3>Was war das Heimberger Ehr u. Frei-Schiessen ?<\/h3>\n<h3><\/h3>\n<h6><\/h6>\n<h6><\/h6>\n<h6>ma.15.05.18<\/h6>\n<\/div><div class=\"fusion-clearfix\"><\/div><\/div><\/div><div class=\"fusion-layout-column fusion_builder_column fusion-builder-column-56 fusion_builder_column_2_5 2_5 fusion-two-fifth fusion-column-last\" style=\"--awb-bg-size:cover;width:40%;width:calc(40% - ( ( 4% ) * 0.4 ) );\"><div class=\"fusion-column-wrapper fusion-flex-column-wrapper-legacy\"><div class=\"fusion-image-element in-legacy-container\" style=\"--awb-caption-title-font-family:var(--h2_typography-font-family);--awb-caption-title-font-weight:var(--h2_typography-font-weight);--awb-caption-title-font-style:var(--h2_typography-font-style);--awb-caption-title-size:var(--h2_typography-font-size);--awb-caption-title-transform:var(--h2_typography-text-transform);--awb-caption-title-line-height:var(--h2_typography-line-height);--awb-caption-title-letter-spacing:var(--h2_typography-letter-spacing);\"><span class=\" fusion-imageframe imageframe-none imageframe-28 hover-type-none\"><img decoding=\"async\" width=\"800\" height=\"531\" title=\"Auftragsarbeiten aus dem Hause Schmalz\" src=\"https:\/\/schmalz-kuenstler.ch\/wp-content\/uploads\/2018\/05\/Auftragsarbeiten-aus-dem-Hause-Schmalz.jpg\" alt class=\"img-responsive wp-image-740\" srcset=\"https:\/\/schmalz-kuenstler.ch\/wp-content\/uploads\/2018\/05\/Auftragsarbeiten-aus-dem-Hause-Schmalz-200x133.jpg 200w, https:\/\/schmalz-kuenstler.ch\/wp-content\/uploads\/2018\/05\/Auftragsarbeiten-aus-dem-Hause-Schmalz-400x266.jpg 400w, https:\/\/schmalz-kuenstler.ch\/wp-content\/uploads\/2018\/05\/Auftragsarbeiten-aus-dem-Hause-Schmalz-600x398.jpg 600w, https:\/\/schmalz-kuenstler.ch\/wp-content\/uploads\/2018\/05\/Auftragsarbeiten-aus-dem-Hause-Schmalz.jpg 800w\" sizes=\"(max-width: 800px) 100vw, 600px\" \/><\/span><\/div><div class=\"fusion-clearfix\"><\/div><\/div><\/div><\/div><\/div><div class=\"fusion-fullwidth fullwidth-box fusion-builder-row-30 nonhundred-percent-fullwidth non-hundred-percent-height-scrolling\" style=\"--awb-border-radius-top-left:0px;--awb-border-radius-top-right:0px;--awb-border-radius-bottom-right:0px;--awb-border-radius-bottom-left:0px;--awb-flex-wrap:wrap;\" ><div class=\"fusion-builder-row fusion-row\"><div class=\"fusion-layout-column fusion_builder_column fusion-builder-column-57 fusion_builder_column_3_5 3_5 fusion-three-fifth fusion-column-first\" style=\"--awb-bg-size:cover;width:60%;width:calc(60% - ( ( 4% ) * 0.6 ) );margin-right: 4%;\"><div class=\"fusion-column-wrapper fusion-flex-column-wrapper-legacy\"><div class=\"fusion-text fusion-text-30\"><h3><strong>Wo ist &#171;General Wille&#187; entstanden ?<\/strong><\/h3>\n<p>Beim genaueren Betrachten der beiden in Triengen gefundenen Figuren f\u00e4llt auf, dass zwar die Gesichter fotografisch genau gearbeitet sind, die \u00fcbrige Bemalung aber viel gr\u00f6ber und unsorgf\u00e4ltiger ist\u00a0als bei sp\u00e4teren Kleinplastiken von CAS. Man beachte das Datum der Dankeskarte (9.4.16) also w\u00e4hrend dem Krieg, wo CAS lange Zei als Soldat an der Grenze im Jura Dienst leistete.<\/p>\n<p>War wohl eine der gefundenen Statuetten wirklich einmal bei General Wille oder ist diese noch unterwegs ?<\/p>\n<p>Die beiden Plastiken sind sicher nicht im Rebli entstanden, weil CAS damals noch am Kilchstutz in Heimberg wohnte. Sind es vielleicht Arbeiten w\u00e4hrend des Urlaubs oder w\u00e4hrend l\u00e4ngeren Unterbr\u00fcchen der Aktivdienstzeit am damaligen Arbeitsort in einer T\u00f6pferei in Steffisburg oder in Heimberg ? K\u00f6nnte man sich vielleicht auch vorstellen, dass CAS w\u00e4hrend des Grenzdienstes \u00a0bei einem T\u00f6pfer im Jura daran arbeiten konnte ? Viele Bilder zeugen davon, dass CAS auch w\u00e4hrend seiner Milit\u00e4rdienstzeit k\u00fcnstlerisch t\u00e4tig war.<\/p>\n<h6><\/h6>\n<h6><\/h6>\n<h6><\/h6>\n<h6><\/h6>\n<h6>ma.,03.05.18<\/h6>\n<\/div><div class=\"fusion-clearfix\"><\/div><\/div><\/div><div class=\"fusion-layout-column fusion_builder_column fusion-builder-column-58 fusion_builder_column_2_5 2_5 fusion-two-fifth fusion-column-last\" style=\"--awb-bg-size:cover;width:40%;width:calc(40% - ( ( 4% ) * 0.4 ) );\"><div class=\"fusion-column-wrapper fusion-flex-column-wrapper-legacy\"><div class=\"fusion-image-element in-legacy-container\" style=\"--awb-caption-title-font-family:var(--h2_typography-font-family);--awb-caption-title-font-weight:var(--h2_typography-font-weight);--awb-caption-title-font-style:var(--h2_typography-font-style);--awb-caption-title-size:var(--h2_typography-font-size);--awb-caption-title-transform:var(--h2_typography-text-transform);--awb-caption-title-line-height:var(--h2_typography-line-height);--awb-caption-title-letter-spacing:var(--h2_typography-letter-spacing);\"><span class=\" fusion-imageframe imageframe-none imageframe-29 hover-type-none\"><img decoding=\"async\" width=\"800\" height=\"531\" title=\"General Wille\" src=\"https:\/\/schmalz-kuenstler.ch\/wp-content\/uploads\/2018\/05\/General-Wille.jpg\" alt class=\"img-responsive wp-image-726\" srcset=\"https:\/\/schmalz-kuenstler.ch\/wp-content\/uploads\/2018\/05\/General-Wille-200x133.jpg 200w, https:\/\/schmalz-kuenstler.ch\/wp-content\/uploads\/2018\/05\/General-Wille-400x266.jpg 400w, https:\/\/schmalz-kuenstler.ch\/wp-content\/uploads\/2018\/05\/General-Wille-600x398.jpg 600w, https:\/\/schmalz-kuenstler.ch\/wp-content\/uploads\/2018\/05\/General-Wille.jpg 800w\" sizes=\"(max-width: 800px) 100vw, 600px\" \/><\/span><\/div><div class=\"fusion-clearfix\"><\/div><\/div><\/div><\/div><\/div><div class=\"fusion-fullwidth fullwidth-box fusion-builder-row-31 nonhundred-percent-fullwidth non-hundred-percent-height-scrolling\" style=\"--awb-border-radius-top-left:0px;--awb-border-radius-top-right:0px;--awb-border-radius-bottom-right:0px;--awb-border-radius-bottom-left:0px;--awb-flex-wrap:wrap;\" ><div class=\"fusion-builder-row fusion-row\"><div class=\"fusion-layout-column fusion_builder_column fusion-builder-column-59 fusion_builder_column_3_5 3_5 fusion-three-fifth fusion-column-first\" style=\"--awb-bg-size:cover;width:60%;width:calc(60% - ( ( 4% ) * 0.6 ) );margin-right: 4%;\"><div class=\"fusion-column-wrapper fusion-flex-column-wrapper-legacy\"><div class=\"fusion-text fusion-text-31\"><h3><strong>Trilogie Tod<\/strong><\/h3>\n<blockquote>\n<p>Drei Keramikteller in spezieller Bemalung zum Thema Tod.<\/p>\n<p>entdeckt bei Werner Gut, Triengen.<\/p>\n<p>Weitere Funde aus der Sammlung von Werner Gut finden Sie unter den Rubriken &#171;T\u00f6pfer&#187; und &#171;Plastiker&#187;<\/p>\n<\/blockquote>\n<h6><\/h6>\n<h6><\/h6>\n<h6><\/h6>\n<h6><\/h6>\n<h6><\/h6>\n<h6>ma.,01.05.18<\/h6>\n<\/div><div class=\"fusion-clearfix\"><\/div><\/div><\/div><div class=\"fusion-layout-column fusion_builder_column fusion-builder-column-60 fusion_builder_column_2_5 2_5 fusion-two-fifth fusion-column-last\" style=\"--awb-bg-size:cover;width:40%;width:calc(40% - ( ( 4% ) * 0.4 ) );\"><div class=\"fusion-column-wrapper fusion-flex-column-wrapper-legacy\"><div class=\"fusion-image-element in-legacy-container\" style=\"--awb-caption-title-font-family:var(--h2_typography-font-family);--awb-caption-title-font-weight:var(--h2_typography-font-weight);--awb-caption-title-font-style:var(--h2_typography-font-style);--awb-caption-title-size:var(--h2_typography-font-size);--awb-caption-title-transform:var(--h2_typography-text-transform);--awb-caption-title-line-height:var(--h2_typography-line-height);--awb-caption-title-letter-spacing:var(--h2_typography-letter-spacing);\"><span class=\" fusion-imageframe imageframe-none imageframe-30 hover-type-none\"><img decoding=\"async\" width=\"800\" height=\"531\" title=\"Tod Trilogie\" src=\"https:\/\/schmalz-kuenstler.ch\/wp-content\/uploads\/2018\/05\/Tod-Trilogie.jpg\" alt class=\"img-responsive wp-image-710\" srcset=\"https:\/\/schmalz-kuenstler.ch\/wp-content\/uploads\/2018\/05\/Tod-Trilogie-200x133.jpg 200w, https:\/\/schmalz-kuenstler.ch\/wp-content\/uploads\/2018\/05\/Tod-Trilogie-400x266.jpg 400w, https:\/\/schmalz-kuenstler.ch\/wp-content\/uploads\/2018\/05\/Tod-Trilogie-600x398.jpg 600w, https:\/\/schmalz-kuenstler.ch\/wp-content\/uploads\/2018\/05\/Tod-Trilogie.jpg 800w\" sizes=\"(max-width: 800px) 100vw, 600px\" \/><\/span><\/div><div class=\"fusion-clearfix\"><\/div><\/div><\/div><\/div><\/div><div class=\"fusion-fullwidth fullwidth-box fusion-builder-row-32 nonhundred-percent-fullwidth non-hundred-percent-height-scrolling\" style=\"--awb-border-radius-top-left:0px;--awb-border-radius-top-right:0px;--awb-border-radius-bottom-right:0px;--awb-border-radius-bottom-left:0px;--awb-flex-wrap:wrap;\" ><div class=\"fusion-builder-row fusion-row\"><div class=\"fusion-layout-column fusion_builder_column fusion-builder-column-61 fusion_builder_column_3_5 3_5 fusion-three-fifth fusion-column-first\" style=\"--awb-bg-size:cover;width:60%;width:calc(60% - ( ( 4% ) * 0.6 ) );margin-right: 4%;\"><div class=\"fusion-column-wrapper fusion-flex-column-wrapper-legacy\"><div class=\"fusion-text fusion-text-32\"><h3><strong>Quid juris in rot<\/strong><\/h3>\n<p>Die Figur hergestellt aus Anlass des schweizerischen Juristentages im September 1922 in Thun gibt es offenbar auch rot bemalt. Die abgebildete Kleinplastik tr\u00e4gt den gleichen handgeschriebenen Vermerk wie die im historischen Museum Bern gefundene.<\/p>\n<blockquote>\n<p><strong>\u00abSchweiz. Jur. Tag Thun Sept. 1922\u00bb<\/strong><\/p>\n<\/blockquote>\n<h6><\/h6>\n<h6><\/h6>\n<h6><\/h6>\n<h6><\/h6>\n<h6><\/h6>\n<h6>ma., 15.04.18<\/h6>\n<\/div><div class=\"fusion-clearfix\"><\/div><\/div><\/div><div class=\"fusion-layout-column fusion_builder_column fusion-builder-column-62 fusion_builder_column_2_5 2_5 fusion-two-fifth fusion-column-last\" style=\"--awb-bg-size:cover;width:40%;width:calc(40% - ( ( 4% ) * 0.4 ) );\"><div class=\"fusion-column-wrapper fusion-flex-column-wrapper-legacy\"><div class=\"fusion-image-element in-legacy-container\" style=\"--awb-caption-title-font-family:var(--h2_typography-font-family);--awb-caption-title-font-weight:var(--h2_typography-font-weight);--awb-caption-title-font-style:var(--h2_typography-font-style);--awb-caption-title-size:var(--h2_typography-font-size);--awb-caption-title-transform:var(--h2_typography-text-transform);--awb-caption-title-line-height:var(--h2_typography-line-height);--awb-caption-title-letter-spacing:var(--h2_typography-letter-spacing);\"><span class=\" fusion-imageframe imageframe-none imageframe-31 hover-type-none\"><img decoding=\"async\" width=\"800\" height=\"531\" title=\"Quid juris rot 2\" src=\"https:\/\/schmalz-kuenstler.ch\/wp-content\/uploads\/2018\/04\/Quid-juris-rot-2.jpg\" alt class=\"img-responsive wp-image-696\" srcset=\"https:\/\/schmalz-kuenstler.ch\/wp-content\/uploads\/2018\/04\/Quid-juris-rot-2-200x133.jpg 200w, https:\/\/schmalz-kuenstler.ch\/wp-content\/uploads\/2018\/04\/Quid-juris-rot-2-400x266.jpg 400w, https:\/\/schmalz-kuenstler.ch\/wp-content\/uploads\/2018\/04\/Quid-juris-rot-2-600x398.jpg 600w, https:\/\/schmalz-kuenstler.ch\/wp-content\/uploads\/2018\/04\/Quid-juris-rot-2.jpg 800w\" sizes=\"(max-width: 800px) 100vw, 600px\" \/><\/span><\/div><div class=\"fusion-clearfix\"><\/div><\/div><\/div><\/div><\/div><div class=\"fusion-fullwidth fullwidth-box fusion-builder-row-33 nonhundred-percent-fullwidth non-hundred-percent-height-scrolling\" style=\"--awb-border-radius-top-left:0px;--awb-border-radius-top-right:0px;--awb-border-radius-bottom-right:0px;--awb-border-radius-bottom-left:0px;--awb-flex-wrap:wrap;\" ><div class=\"fusion-builder-row fusion-row\"><div class=\"fusion-layout-column fusion_builder_column fusion-builder-column-63 fusion_builder_column_3_5 3_5 fusion-three-fifth fusion-column-first\" style=\"--awb-bg-size:cover;width:60%;width:calc(60% - ( ( 4% ) * 0.6 ) );margin-right: 4%;\"><div class=\"fusion-column-wrapper fusion-flex-column-wrapper-legacy\"><div class=\"fusion-text fusion-text-33\"><p><strong>General Wille: \u00a0Kleine Statuette gefunden !<\/strong><\/p>\n<p>Werner Gut meldet:<\/p>\n<blockquote>\n<p>Bei den beiden am 10.04.18 fotografierten Figuren (siehe Bild) muss es sich auf Grund des Vergleichs mit der Fotografie ganz sicher um General Wille und die auf der Karte erw\u00e4hnte \u00a0&#171;kleine Statuette von mir&#187; handeln.<\/p>\n<\/blockquote>\n<p>Besten Dank. Die Suche ist erfolgreich abgeschlossen.<\/p>\n<h6>ma., 11.04.18<\/h6>\n<\/div><div class=\"fusion-clearfix\"><\/div><\/div><\/div><div class=\"fusion-layout-column fusion_builder_column fusion-builder-column-64 fusion_builder_column_2_5 2_5 fusion-two-fifth fusion-column-last\" style=\"--awb-bg-size:cover;width:40%;width:calc(40% - ( ( 4% ) * 0.4 ) );\"><div class=\"fusion-column-wrapper fusion-flex-column-wrapper-legacy\"><div class=\"fusion-image-element in-legacy-container\" style=\"--awb-caption-title-font-family:var(--h2_typography-font-family);--awb-caption-title-font-weight:var(--h2_typography-font-weight);--awb-caption-title-font-style:var(--h2_typography-font-style);--awb-caption-title-size:var(--h2_typography-font-size);--awb-caption-title-transform:var(--h2_typography-text-transform);--awb-caption-title-line-height:var(--h2_typography-line-height);--awb-caption-title-letter-spacing:var(--h2_typography-letter-spacing);\"><span class=\" fusion-imageframe imageframe-none imageframe-32 hover-type-none\"><img decoding=\"async\" width=\"800\" height=\"531\" title=\"Kleine Statuette von mir 2x Wille\" src=\"https:\/\/schmalz-kuenstler.ch\/wp-content\/uploads\/2018\/04\/22Kleine-Statuette-von-mir22-2x-Wille.jpg\" alt class=\"img-responsive wp-image-692\" srcset=\"https:\/\/schmalz-kuenstler.ch\/wp-content\/uploads\/2018\/04\/22Kleine-Statuette-von-mir22-2x-Wille-200x133.jpg 200w, https:\/\/schmalz-kuenstler.ch\/wp-content\/uploads\/2018\/04\/22Kleine-Statuette-von-mir22-2x-Wille-400x266.jpg 400w, https:\/\/schmalz-kuenstler.ch\/wp-content\/uploads\/2018\/04\/22Kleine-Statuette-von-mir22-2x-Wille-600x398.jpg 600w, https:\/\/schmalz-kuenstler.ch\/wp-content\/uploads\/2018\/04\/22Kleine-Statuette-von-mir22-2x-Wille.jpg 800w\" sizes=\"(max-width: 800px) 100vw, 600px\" \/><\/span><\/div><div class=\"fusion-clearfix\"><\/div><\/div><\/div><\/div><\/div><div class=\"fusion-fullwidth fullwidth-box fusion-builder-row-34 nonhundred-percent-fullwidth non-hundred-percent-height-scrolling\" style=\"--awb-border-radius-top-left:0px;--awb-border-radius-top-right:0px;--awb-border-radius-bottom-right:0px;--awb-border-radius-bottom-left:0px;--awb-flex-wrap:wrap;\" ><div class=\"fusion-builder-row fusion-row\"><div class=\"fusion-layout-column fusion_builder_column fusion-builder-column-65 fusion_builder_column_3_5 3_5 fusion-three-fifth fusion-column-first\" style=\"--awb-bg-size:cover;width:60%;width:calc(60% - ( ( 4% ) * 0.6 ) );margin-right: 4%;\"><div class=\"fusion-column-wrapper fusion-flex-column-wrapper-legacy\"><div class=\"fusion-text fusion-text-34\"><p><strong>Grosse Sammlung mit Thunerkeramik entdeckt<\/strong><\/p>\n<p>\u00dcber die Ver\u00f6ffentlichung des Buches zu C. A. Schmalz sind wir auf Werner Gut , KunstGut AG in 6234 Triengen gestossen.<\/p>\n<p>In seiner umfangreichen Sammlung befinden sich neben bereits bekannten Arbeiten von CAS auch bisher noch nicht bekannte.<\/p>\n<p>Wir werden die Bilder in n\u00e4chster Zeit \u00a0in den entsprechenden Rubriken aufschalten.<\/p>\n<p>Auch neue St\u00fccke von Sohn Hans Schmalz (wie nebenstehend abgebildet) sind aufgetaucht.<\/p>\n<h6><\/h6>\n<h6><\/h6>\n<h6><\/h6>\n<h6><\/h6>\n<h6><\/h6>\n<h6><\/h6>\n<h6><\/h6>\n<h6><\/h6>\n<h6><\/h6>\n<h6><\/h6>\n<h6><\/h6>\n<h6>11.04.18 \/ ma<\/h6>\n<\/div><div class=\"fusion-clearfix\"><\/div><\/div><\/div><div class=\"fusion-layout-column fusion_builder_column fusion-builder-column-66 fusion_builder_column_2_5 2_5 fusion-two-fifth fusion-column-last\" style=\"--awb-bg-size:cover;width:40%;width:calc(40% - ( ( 4% ) * 0.4 ) );\"><div class=\"fusion-column-wrapper fusion-flex-column-wrapper-legacy\"><div class=\"fusion-image-element fusion-image-align-center in-legacy-container\" style=\"text-align:center;--awb-caption-title-font-family:var(--h2_typography-font-family);--awb-caption-title-font-weight:var(--h2_typography-font-weight);--awb-caption-title-font-style:var(--h2_typography-font-style);--awb-caption-title-size:var(--h2_typography-font-size);--awb-caption-title-transform:var(--h2_typography-text-transform);--awb-caption-title-line-height:var(--h2_typography-line-height);--awb-caption-title-letter-spacing:var(--h2_typography-letter-spacing);\"><div class=\"imageframe-align-center\"><span class=\" fusion-imageframe imageframe-none imageframe-33 hover-type-none\"><img decoding=\"async\" width=\"800\" height=\"531\" title=\"Zwei Werke Hans Schmalz\" src=\"https:\/\/schmalz-kuenstler.ch\/wp-content\/uploads\/2018\/04\/Zwei-Werke-Hans-Schmalz-.jpg\" alt class=\"img-responsive wp-image-694\" srcset=\"https:\/\/schmalz-kuenstler.ch\/wp-content\/uploads\/2018\/04\/Zwei-Werke-Hans-Schmalz--200x133.jpg 200w, https:\/\/schmalz-kuenstler.ch\/wp-content\/uploads\/2018\/04\/Zwei-Werke-Hans-Schmalz--400x266.jpg 400w, https:\/\/schmalz-kuenstler.ch\/wp-content\/uploads\/2018\/04\/Zwei-Werke-Hans-Schmalz--600x398.jpg 600w, https:\/\/schmalz-kuenstler.ch\/wp-content\/uploads\/2018\/04\/Zwei-Werke-Hans-Schmalz-.jpg 800w\" sizes=\"(max-width: 800px) 100vw, 600px\" \/><\/span><\/div><\/div><div class=\"fusion-clearfix\"><\/div><\/div><\/div><\/div><\/div><div class=\"fusion-fullwidth fullwidth-box fusion-builder-row-35 nonhundred-percent-fullwidth non-hundred-percent-height-scrolling\" style=\"--awb-border-radius-top-left:0px;--awb-border-radius-top-right:0px;--awb-border-radius-bottom-right:0px;--awb-border-radius-bottom-left:0px;--awb-flex-wrap:wrap;\" ><div class=\"fusion-builder-row fusion-row\"><div class=\"fusion-layout-column fusion_builder_column fusion-builder-column-67 fusion_builder_column_3_5 3_5 fusion-three-fifth fusion-column-first\" style=\"--awb-bg-size:cover;width:60%;width:calc(60% - ( ( 4% ) * 0.6 ) );margin-right: 4%;\"><div class=\"fusion-column-wrapper fusion-flex-column-wrapper-legacy\"><div class=\"fusion-text fusion-text-35\"><p><strong>CAS als Lehrer\u00a0<\/strong><\/p>\n<p>1931 -1933 wirkte C. A. Schmalz als Lehrer an der \u00c9cole suisse de C\u00e9ramique. Ein Ausschnitt aus &#171;Was dem D\u00f6lfi geschah&#187;<\/p>\n<blockquote>\n<p>Sch\u00fcler sind aus vielen L\u00e4ndern da bis 30-j\u00e4hrige. Peruaner, Lateinamerikaner, Welschschweizer u. einige aus der deutschen Schweiz. Nur zu bald entdecke ich die Schwierigkeiten. Viele B\u00fcrschchen haben zu viel Geld und verbringen die Abende in Dancings ect oder spielen schon den grossen K\u00fcnstler. Weisen Klassendiplom von verschiedenen Schulen vor und wollen hier ihr Diplom erschlafen\u00a0oder kaufen.<\/p>\n<\/blockquote>\n<p>Erinnerungsst\u00fccke aus dieser Zeit haben wir bisher nur wenige gefunden. Rechts ein St\u00fcck aus der Fotokiste.Beschriftung:\u00a0\u00e9cole c\u00e9ram. Chavannes<\/p>\n<h6>ma. , 31.03.18<\/h6>\n<\/div><div class=\"fusion-clearfix\"><\/div><\/div><\/div><div class=\"fusion-layout-column fusion_builder_column fusion-builder-column-68 fusion_builder_column_2_5 2_5 fusion-two-fifth fusion-column-last\" style=\"--awb-bg-size:cover;width:40%;width:calc(40% - ( ( 4% ) * 0.4 ) );\"><div class=\"fusion-column-wrapper fusion-flex-column-wrapper-legacy\"><div class=\"fusion-image-element fusion-image-align-center in-legacy-container\" style=\"text-align:center;--awb-caption-title-font-family:var(--h2_typography-font-family);--awb-caption-title-font-weight:var(--h2_typography-font-weight);--awb-caption-title-font-style:var(--h2_typography-font-style);--awb-caption-title-size:var(--h2_typography-font-size);--awb-caption-title-transform:var(--h2_typography-text-transform);--awb-caption-title-line-height:var(--h2_typography-line-height);--awb-caption-title-letter-spacing:var(--h2_typography-letter-spacing);\"><div class=\"imageframe-align-center\"><span class=\" fusion-imageframe imageframe-none imageframe-34 hover-type-none\"><img decoding=\"async\" width=\"800\" height=\"531\" title=\"\u00e9cole de ceramique\" src=\"https:\/\/schmalz-kuenstler.ch\/wp-content\/uploads\/2018\/03\/\u00e9cole-de-ceramique.jpg\" alt class=\"img-responsive wp-image-615\" srcset=\"https:\/\/schmalz-kuenstler.ch\/wp-content\/uploads\/2018\/03\/\u00e9cole-de-ceramique-200x133.jpg 200w, https:\/\/schmalz-kuenstler.ch\/wp-content\/uploads\/2018\/03\/\u00e9cole-de-ceramique-400x266.jpg 400w, https:\/\/schmalz-kuenstler.ch\/wp-content\/uploads\/2018\/03\/\u00e9cole-de-ceramique-600x398.jpg 600w, https:\/\/schmalz-kuenstler.ch\/wp-content\/uploads\/2018\/03\/\u00e9cole-de-ceramique.jpg 800w\" sizes=\"(max-width: 800px) 100vw, 600px\" \/><\/span><\/div><\/div><div class=\"fusion-clearfix\"><\/div><\/div><\/div><\/div><\/div><div class=\"fusion-fullwidth fullwidth-box fusion-builder-row-36 nonhundred-percent-fullwidth non-hundred-percent-height-scrolling\" style=\"--awb-border-radius-top-left:0px;--awb-border-radius-top-right:0px;--awb-border-radius-bottom-right:0px;--awb-border-radius-bottom-left:0px;--awb-flex-wrap:wrap;\" ><div class=\"fusion-builder-row fusion-row\"><div class=\"fusion-layout-column fusion_builder_column fusion-builder-column-69 fusion_builder_column_3_5 3_5 fusion-three-fifth fusion-column-first\" style=\"--awb-bg-size:cover;width:60%;width:calc(60% - ( ( 4% ) * 0.6 ) );margin-right: 4%;\"><div class=\"fusion-column-wrapper fusion-flex-column-wrapper-legacy\"><div class=\"fusion-text fusion-text-36\"><p><strong>Wann trat CAS seine Norwegenreise an ?<\/strong><\/p>\n<p>CAS berichtet:<\/p>\n<blockquote>\n<p>In jungen Jahren fehlt das Geld, im Alter die Kraft, um ferne L\u00e4nder erleben zu k\u00f6nnen. Vor der letzten grossen Reise m\u00f6chte man gerne den Jugendtraum noch erf\u00fcllen. Trotz 78 bis 82 Jahren fehlt es nicht an Mut. Viele m\u00f6chten so gerne einmal einen Lachs fangen, den K\u00f6nig des Nordens. Ein alter englischer Arzt hat mir gesagt, er bitte den lieben Gott um einen guten Fisch \u00fcber ein Pfund schwer, damit er nicht bis zum Tod l\u00fcgen m\u00fcsse.<br \/>\n<img \/><\/p>\n<\/blockquote>\n<p>Das Reisedatum war aus dem umfangreichen Reisebericht nicht ersichtlich. Eine Postkarte (siehe Bild) und eine Zeichnung der Grosstochter mit aufgeklebtem F\u00fcfrappenst\u00fcck lieferten nun das richtige Reisedatum.<\/p>\n<h6>ma. \/ 28.03.18<\/h6>\n<\/div><div class=\"fusion-clearfix\"><\/div><\/div><\/div><div class=\"fusion-layout-column fusion_builder_column fusion-builder-column-70 fusion_builder_column_2_5 2_5 fusion-two-fifth fusion-column-last\" style=\"--awb-bg-size:cover;width:40%;width:calc(40% - ( ( 4% ) * 0.4 ) );\"><div class=\"fusion-column-wrapper fusion-flex-column-wrapper-legacy\"><div class=\"fusion-image-element fusion-image-align-center in-legacy-container\" style=\"text-align:center;--awb-caption-title-font-family:var(--h2_typography-font-family);--awb-caption-title-font-weight:var(--h2_typography-font-weight);--awb-caption-title-font-style:var(--h2_typography-font-style);--awb-caption-title-size:var(--h2_typography-font-size);--awb-caption-title-transform:var(--h2_typography-text-transform);--awb-caption-title-line-height:var(--h2_typography-line-height);--awb-caption-title-letter-spacing:var(--h2_typography-letter-spacing);\"><div class=\"imageframe-align-center\"><span class=\" fusion-imageframe imageframe-none imageframe-35 hover-type-none\"><img decoding=\"async\" width=\"800\" height=\"531\" title=\"Gruss aus Hammerfest 11. 09.1963\" src=\"https:\/\/schmalz-kuenstler.ch\/wp-content\/uploads\/2018\/03\/Gruss-ausHammerfest.jpg\" alt class=\"img-responsive wp-image-630\" srcset=\"https:\/\/schmalz-kuenstler.ch\/wp-content\/uploads\/2018\/03\/Gruss-ausHammerfest-200x133.jpg 200w, https:\/\/schmalz-kuenstler.ch\/wp-content\/uploads\/2018\/03\/Gruss-ausHammerfest-400x266.jpg 400w, https:\/\/schmalz-kuenstler.ch\/wp-content\/uploads\/2018\/03\/Gruss-ausHammerfest-600x398.jpg 600w, https:\/\/schmalz-kuenstler.ch\/wp-content\/uploads\/2018\/03\/Gruss-ausHammerfest.jpg 800w\" sizes=\"(max-width: 800px) 100vw, 600px\" \/><\/span><\/div><\/div><div class=\"fusion-clearfix\"><\/div><\/div><\/div><\/div><\/div><div class=\"fusion-fullwidth fullwidth-box fusion-builder-row-37 nonhundred-percent-fullwidth non-hundred-percent-height-scrolling\" style=\"--awb-border-radius-top-left:0px;--awb-border-radius-top-right:0px;--awb-border-radius-bottom-right:0px;--awb-border-radius-bottom-left:0px;--awb-flex-wrap:wrap;\" ><div class=\"fusion-builder-row fusion-row\"><div class=\"fusion-layout-column fusion_builder_column fusion-builder-column-71 fusion_builder_column_3_5 3_5 fusion-three-fifth fusion-column-first\" style=\"--awb-bg-size:cover;width:60%;width:calc(60% - ( ( 4% ) * 0.6 ) );margin-right: 4%;\"><div class=\"fusion-column-wrapper fusion-flex-column-wrapper-legacy\"><div class=\"fusion-text fusion-text-37\"><p><strong>zu Quid juris<\/strong><\/p>\n<p>Das Bild rechts zeigt den nach Recht suchenden Juristen im Historischen Museum Bern.<\/p>\n<p>Bei dieser Plastik ist das Tintenfass &#8211; \u00a0wie wohl urspr\u00fcnglich vorgesehen &#8211; mit einer kleinen Kugel verschlossen. Bei andern fehlt sie meist.<\/p>\n<p>Dazu die Auskunft von\u00a0Annette.Kniep, wissenschaftliche Mitarbeiterin, Bernisches Historisches Museum<\/p>\n<blockquote>\n<p>Bei unserem Juristen scheint es sich im \u00dcbrigen um eine Auftragsarbeit zu handeln. Die gesamte Inschrift lautet gem\u00e4ss Inventarkarte: \u00abSchweiz. Jur. Tag Thun Sept. 1922\u00bb, im selben Jahr wurde es bereits ins Museum aufgenommen, als Geschenk des Bernischen Juristenvereins. Unsere Sammlung hat sich zu dieser Zeit noch verst\u00e4rkt auf damals als historisch geltende Sachen konzentriert (d.h. Objekte aus der Zeit vor ca. 1850), es spricht daher f\u00fcr das Objekt, dass es als zeitgen\u00f6ssisches Kunstwerk in die Sammlung aufgenommen wurde.<\/p>\n<\/blockquote>\n<p>Der Auftrag d\u00fcrfte wohl durch einen Juristen aus der Familie Schmalz \u00a0vermittelt worden sein.<\/p>\n<h6>ma. \/27.03.18<\/h6>\n<\/div><div class=\"fusion-clearfix\"><\/div><\/div><\/div><div class=\"fusion-layout-column fusion_builder_column fusion-builder-column-72 fusion_builder_column_2_5 2_5 fusion-two-fifth fusion-column-last\" style=\"--awb-bg-size:cover;width:40%;width:calc(40% - ( ( 4% ) * 0.4 ) );\"><div class=\"fusion-column-wrapper fusion-flex-column-wrapper-legacy\"><div class=\"fusion-image-element fusion-image-align-center in-legacy-container\" style=\"text-align:center;--awb-caption-title-font-family:var(--h2_typography-font-family);--awb-caption-title-font-weight:var(--h2_typography-font-weight);--awb-caption-title-font-style:var(--h2_typography-font-style);--awb-caption-title-size:var(--h2_typography-font-size);--awb-caption-title-transform:var(--h2_typography-text-transform);--awb-caption-title-line-height:var(--h2_typography-line-height);--awb-caption-title-letter-spacing:var(--h2_typography-letter-spacing);\"><div class=\"imageframe-align-center\"><span class=\" fusion-imageframe imageframe-none imageframe-36 hover-type-none\"><img decoding=\"async\" width=\"800\" height=\"531\" title=\"Quid juris ohne und mit Deckel\" src=\"https:\/\/schmalz-kuenstler.ch\/wp-content\/uploads\/2018\/03\/Quid-juris-ohne-und-mit-Deckel.jpg\" alt class=\"img-responsive wp-image-620\" srcset=\"https:\/\/schmalz-kuenstler.ch\/wp-content\/uploads\/2018\/03\/Quid-juris-ohne-und-mit-Deckel-200x133.jpg 200w, https:\/\/schmalz-kuenstler.ch\/wp-content\/uploads\/2018\/03\/Quid-juris-ohne-und-mit-Deckel-400x266.jpg 400w, https:\/\/schmalz-kuenstler.ch\/wp-content\/uploads\/2018\/03\/Quid-juris-ohne-und-mit-Deckel-600x398.jpg 600w, https:\/\/schmalz-kuenstler.ch\/wp-content\/uploads\/2018\/03\/Quid-juris-ohne-und-mit-Deckel.jpg 800w\" sizes=\"(max-width: 800px) 100vw, 600px\" \/><\/span><\/div><\/div><div class=\"fusion-clearfix\"><\/div><\/div><\/div><\/div><\/div><div class=\"fusion-fullwidth fullwidth-box fusion-builder-row-38 nonhundred-percent-fullwidth non-hundred-percent-height-scrolling\" style=\"--awb-border-radius-top-left:0px;--awb-border-radius-top-right:0px;--awb-border-radius-bottom-right:0px;--awb-border-radius-bottom-left:0px;--awb-flex-wrap:wrap;\" ><div class=\"fusion-builder-row fusion-row\"><div class=\"fusion-layout-column fusion_builder_column fusion-builder-column-73 fusion_builder_column_3_5 3_5 fusion-three-fifth fusion-column-first\" style=\"--awb-bg-size:cover;width:60%;width:calc(60% - ( ( 4% ) * 0.6 ) );margin-right: 4%;\"><div class=\"fusion-column-wrapper fusion-flex-column-wrapper-legacy\"><div class=\"fusion-text fusion-text-38\"><p><strong>Der Bund, 8.12. 57<\/strong><\/p>\n<blockquote>\n<p>Eine Statistik von 1952 verzeichnet in Heimberg und Steffisburg nur noch ein Dutzend T\u00f6pfereien, die neben den traditionellen Produkten auch Geschirr in neuzeitlichen, kunstgewerblichen Formen und Farben herstellen. Aber noch immer sind in Sch\u00fctzen-, Turner-, Fischer- und Familienstuben die Keramiken aus Heimberg wertgesch\u00e4tzt. <strong>Besonders auch die Mosaikplatten, wie sie u. a. C. A. Schmalz neben Tier- und historischen Figuren schafft<\/strong>, haben Eingang in neuzeitlich-heimelige Wohnungen gefunden.<\/p>\n<\/blockquote>\n<p>Quelle: www.e-periodica.ch\/cntmng?pid=kkf-002:1958:-::293<\/p>\n<h6>ma. \/ 17.03.18<\/h6>\n<\/div><div class=\"fusion-clearfix\"><\/div><\/div><\/div><div class=\"fusion-layout-column fusion_builder_column fusion-builder-column-74 fusion_builder_column_2_5 2_5 fusion-two-fifth fusion-column-last\" style=\"--awb-bg-size:cover;width:40%;width:calc(40% - ( ( 4% ) * 0.4 ) );\"><div class=\"fusion-column-wrapper fusion-flex-column-wrapper-legacy\"><div class=\"fusion-image-element fusion-image-align-center in-legacy-container\" style=\"text-align:center;--awb-caption-title-font-family:var(--h2_typography-font-family);--awb-caption-title-font-weight:var(--h2_typography-font-weight);--awb-caption-title-font-style:var(--h2_typography-font-style);--awb-caption-title-size:var(--h2_typography-font-size);--awb-caption-title-transform:var(--h2_typography-text-transform);--awb-caption-title-line-height:var(--h2_typography-line-height);--awb-caption-title-letter-spacing:var(--h2_typography-letter-spacing);\"><div class=\"imageframe-align-center\"><span class=\" fusion-imageframe imageframe-none imageframe-37 hover-type-none\"><img decoding=\"async\" width=\"400\" height=\"266\" title=\"Mann mit Hut\" src=\"https:\/\/schmalz-kuenstler.ch\/wp-content\/uploads\/2018\/02\/Mann-mit-Hut-400x266.jpg\" alt class=\"img-responsive wp-image-225\" srcset=\"https:\/\/schmalz-kuenstler.ch\/wp-content\/uploads\/2018\/02\/Mann-mit-Hut-200x133.jpg 200w, https:\/\/schmalz-kuenstler.ch\/wp-content\/uploads\/2018\/02\/Mann-mit-Hut-400x266.jpg 400w, https:\/\/schmalz-kuenstler.ch\/wp-content\/uploads\/2018\/02\/Mann-mit-Hut-600x398.jpg 600w, https:\/\/schmalz-kuenstler.ch\/wp-content\/uploads\/2018\/02\/Mann-mit-Hut.jpg 800w\" sizes=\"(max-width: 800px) 100vw, 600px\" \/><\/span><\/div><\/div><div class=\"fusion-clearfix\"><\/div><\/div><\/div><\/div><\/div><div class=\"fusion-fullwidth fullwidth-box fusion-builder-row-39 nonhundred-percent-fullwidth non-hundred-percent-height-scrolling\" style=\"--awb-border-radius-top-left:0px;--awb-border-radius-top-right:0px;--awb-border-radius-bottom-right:0px;--awb-border-radius-bottom-left:0px;--awb-flex-wrap:wrap;\" ><div class=\"fusion-builder-row fusion-row\"><div class=\"fusion-layout-column fusion_builder_column fusion-builder-column-75 fusion_builder_column_3_5 3_5 fusion-three-fifth fusion-column-first\" style=\"--awb-bg-size:cover;width:60%;width:calc(60% - ( ( 4% ) * 0.6 ) );margin-right: 4%;\"><div class=\"fusion-column-wrapper fusion-flex-column-wrapper-legacy\"><div class=\"fusion-text fusion-text-39\"><h3><strong>\u00a0C. A. Schmalz und General Wille<\/strong><\/h3>\n<p>Ansichtskarte von General Wille<\/p>\n<p>Text auf der R\u00fcckseite:<\/p>\n<blockquote>\n<p>Ich danke recht herzlich f\u00fcr die Zusendung der h\u00fcbschen kleinen Statuette von mir.<\/p>\n<p>gez. UWille, General \/ 9.4.16<\/p>\n<\/blockquote>\n<p><em>Wer weiss mehr \u00fcber die &#171;kleine Statuette von mir&#187; oder die Beziehung Schmalz &#8211; Wille ?<\/em><\/p>\n<p>CAS beim Betrachten der B\u00fcste des Generals \u00a0\/ \u00a0<em>Wann, wo ?<\/em><\/p>\n<h6>ma .\/ 13.03.18<\/h6>\n<h4><em>\u00a0<\/em><\/h4>\n<\/div><div class=\"fusion-clearfix\"><\/div><\/div><\/div><div class=\"fusion-layout-column fusion_builder_column fusion-builder-column-76 fusion_builder_column_2_5 2_5 fusion-two-fifth fusion-column-last\" style=\"--awb-bg-size:cover;width:40%;width:calc(40% - ( ( 4% ) * 0.4 ) );\"><div class=\"fusion-column-wrapper fusion-flex-column-wrapper-legacy\"><div class=\"fusion-image-element fusion-image-align-center in-legacy-container\" style=\"text-align:center;--awb-caption-title-font-family:var(--h2_typography-font-family);--awb-caption-title-font-weight:var(--h2_typography-font-weight);--awb-caption-title-font-style:var(--h2_typography-font-style);--awb-caption-title-size:var(--h2_typography-font-size);--awb-caption-title-transform:var(--h2_typography-text-transform);--awb-caption-title-line-height:var(--h2_typography-line-height);--awb-caption-title-letter-spacing:var(--h2_typography-letter-spacing);\"><div class=\"imageframe-align-center\"><span class=\" fusion-imageframe imageframe-none imageframe-38 hover-type-none\"><img decoding=\"async\" width=\"400\" height=\"266\" title=\"Schmalz Wille Ansichtskarte Kopie\" src=\"https:\/\/schmalz-kuenstler.ch\/wp-content\/uploads\/2018\/03\/Schmalz-Wille-Ansichtskarte-Kopie-400x266.jpg\" alt class=\"img-responsive wp-image-585\" srcset=\"https:\/\/schmalz-kuenstler.ch\/wp-content\/uploads\/2018\/03\/Schmalz-Wille-Ansichtskarte-Kopie-200x133.jpg 200w, https:\/\/schmalz-kuenstler.ch\/wp-content\/uploads\/2018\/03\/Schmalz-Wille-Ansichtskarte-Kopie-400x266.jpg 400w, https:\/\/schmalz-kuenstler.ch\/wp-content\/uploads\/2018\/03\/Schmalz-Wille-Ansichtskarte-Kopie-600x398.jpg 600w, https:\/\/schmalz-kuenstler.ch\/wp-content\/uploads\/2018\/03\/Schmalz-Wille-Ansichtskarte-Kopie.jpg 800w\" sizes=\"(max-width: 800px) 100vw, 600px\" \/><\/span><\/div><\/div><div class=\"fusion-clearfix\"><\/div><\/div><\/div><\/div><\/div><\/p>\n","protected":false},"excerpt":{"rendered":"","protected":false},"author":4,"featured_media":0,"parent":0,"menu_order":0,"comment_status":"closed","ping_status":"closed","template":"","meta":{"footnotes":""},"class_list":["post-1166","page","type-page","status-publish","hentry"],"_links":{"self":[{"href":"https:\/\/schmalz-kuenstler.ch\/index.php?rest_route=\/wp\/v2\/pages\/1166","targetHints":{"allow":["GET"]}}],"collection":[{"href":"https:\/\/schmalz-kuenstler.ch\/index.php?rest_route=\/wp\/v2\/pages"}],"about":[{"href":"https:\/\/schmalz-kuenstler.ch\/index.php?rest_route=\/wp\/v2\/types\/page"}],"author":[{"embeddable":true,"href":"https:\/\/schmalz-kuenstler.ch\/index.php?rest_route=\/wp\/v2\/users\/4"}],"replies":[{"embeddable":true,"href":"https:\/\/schmalz-kuenstler.ch\/index.php?rest_route=%2Fwp%2Fv2%2Fcomments&post=1166"}],"version-history":[{"count":20,"href":"https:\/\/schmalz-kuenstler.ch\/index.php?rest_route=\/wp\/v2\/pages\/1166\/revisions"}],"predecessor-version":[{"id":1204,"href":"https:\/\/schmalz-kuenstler.ch\/index.php?rest_route=\/wp\/v2\/pages\/1166\/revisions\/1204"}],"wp:attachment":[{"href":"https:\/\/schmalz-kuenstler.ch\/index.php?rest_route=%2Fwp%2Fv2%2Fmedia&parent=1166"}],"curies":[{"name":"wp","href":"https:\/\/api.w.org\/{rel}","templated":true}]}}