{"id":10,"date":"2017-11-05T12:33:33","date_gmt":"2017-11-05T11:33:33","guid":{"rendered":"http:\/\/schmalz-kuenstler.ch\/?page_id=10"},"modified":"2018-06-04T09:01:44","modified_gmt":"2018-06-04T07:01:44","slug":"als-toepfer","status":"publish","type":"page","link":"https:\/\/schmalz-kuenstler.ch\/?page_id=10","title":{"rendered":"der T\u00f6pfer"},"content":{"rendered":"<div class=\"fusion-fullwidth fullwidth-box fusion-builder-row-1 nonhundred-percent-fullwidth non-hundred-percent-height-scrolling\" style=\"--awb-border-radius-top-left:0px;--awb-border-radius-top-right:0px;--awb-border-radius-bottom-right:0px;--awb-border-radius-bottom-left:0px;--awb-flex-wrap:wrap;\" ><div class=\"fusion-builder-row fusion-row\"><div class=\"fusion-layout-column fusion_builder_column fusion-builder-column-0 fusion_builder_column_1_1 1_1 fusion-one-full fusion-column-first fusion-column-last\" style=\"--awb-bg-size:cover;\"><div class=\"fusion-column-wrapper fusion-flex-column-wrapper-legacy\"><div class=\"fusion-title title fusion-title-1 fusion-sep-none fusion-title-text fusion-title-size-one\"><h1 class=\"fusion-title-heading title-heading-left\" style=\"margin:0;\"><h1>der T\u00f6pfer<\/h1><\/h1><\/div><div class=\"fusion-text fusion-text-1\"><p>A. Schmalz kam bereits w\u00e4hrend seiner Lehrzeit als gewerblicher Zeichner am Kantonalen Gewerbemuseum in Bern mit der T\u00f6pferei in Kontakt. Paul Wyss vermochte ihn f\u00fcr die Heimberger T\u00f6pferei, die \u00a0um 1900 in grosser Bl\u00fcte stand, \u00a0zu begeistern.<\/p>\n<p>In verschiedenen T\u00f6pfereien lernte er die Grundlagen des T\u00f6pferhandwerks.<\/p>\n<p>Die Erfahrungen w\u00e4hrend seiner zweij\u00e4hrigen Zeit als Wandergesell in Spanien und Frankreich, unter anderem bei Lachenal in Paris, pr\u00e4gten seine weitere Entwicklung nachhaltig.<\/p>\n<p>In der Abgeschiedenheit des Rebli in Heimberg entwickelte er seine eigene Arbeitsweise, bei der er alle Arbeitsschritte von der Gewinnung und Aufbereitung des Tons aus dem eigenen Boden bis zum kunstvoll bemalten gebrannten Werkst\u00fcck selber ausf\u00fchrte.\u00a0 In sp\u00e4teren Jahren haben ihn sein Sohn Hans und die T\u00f6chter dabei unterst\u00fctzt.<\/p>\n<p>Charakteristisch sind die individuellen Bemalungen, keramische Bilder mit Sujets nach Wunsch des Bestellers, erg\u00e4nzt mit perfekter stilsicherer Beschriftung. Vasen, Becher, Pokale gefertigt nach den W\u00fcnschen der Auftraggeber, festgehalten in detailreichen Entw\u00fcrfen.<\/p>\n<p>In jedem St\u00fcck aus der \u201eT\u00f6pferei Schmalz\u201c steckt k\u00fcnstlerisches Bem\u00fchen, das den<strong> hohen<\/strong> Anspr\u00fcchen des K\u00fcnstlers gen\u00fcgen musste.<\/p>\n<\/div><div class=\"fusion-image-carousel fusion-image-carousel-auto fusion-image-carousel-1 lightbox-enabled fusion-carousel-border\"><div class=\"awb-carousel awb-swiper awb-swiper-carousel\" data-autoplay=\"no\" data-columns=\"3\" data-itemmargin=\"13\" data-itemwidth=\"180\" data-touchscroll=\"no\" data-imagesize=\"auto\" style=\"--awb-columns:3;\"><div class=\"swiper-wrapper awb-image-carousel-wrapper fusion-flex-align-items-center\"><div class=\"swiper-slide\"><div class=\"fusion-carousel-item-wrapper\"><div class=\"fusion-image-wrapper hover-type-none\"><a data-rel=\"iLightbox[image_carousel_1]\" data-caption=\"Keramik, 1929, Kannen 320 mm, Becher 100 mm, Privatbesitz\" data-title=\"Jubilaeumskannen und -becher\" aria-label=\"Jubilaeumskannen und -becher\" href=\"https:\/\/schmalz-kuenstler.ch\/wp-content\/uploads\/2017\/12\/Jubilaeumskannen-und-becher-800x531.jpg\" target=\"_self\"><img decoding=\"async\" width=\"800\" height=\"531\" src=\"https:\/\/schmalz-kuenstler.ch\/wp-content\/uploads\/2017\/12\/Jubilaeumskannen-und-becher.jpg\" class=\"attachment-full size-full\" alt=\"\" srcset=\"https:\/\/schmalz-kuenstler.ch\/wp-content\/uploads\/2017\/12\/Jubilaeumskannen-und-becher-200x133.jpg 200w, https:\/\/schmalz-kuenstler.ch\/wp-content\/uploads\/2017\/12\/Jubilaeumskannen-und-becher-400x266.jpg 400w, https:\/\/schmalz-kuenstler.ch\/wp-content\/uploads\/2017\/12\/Jubilaeumskannen-und-becher-600x398.jpg 600w, https:\/\/schmalz-kuenstler.ch\/wp-content\/uploads\/2017\/12\/Jubilaeumskannen-und-becher.jpg 800w\" sizes=\"(min-width: 2200px) 100vw, (min-width: 784px) 391px, (min-width: 712px) 587px, (min-width: 640px) 712px, \" \/><\/a><\/div><\/div><\/div><div class=\"swiper-slide\"><div class=\"fusion-carousel-item-wrapper\"><div class=\"fusion-image-wrapper hover-type-none\"><a data-rel=\"iLightbox[image_carousel_1]\" data-caption=\"Keramik, 570 x 350 mm, Privatbesitz \" data-title=\"Fischplatte Hedi und C. Schweizer\" aria-label=\"Fischplatte Hedi und C. Schweizer\" href=\"https:\/\/schmalz-kuenstler.ch\/wp-content\/uploads\/2017\/12\/Fischplatte.jpg\" target=\"_self\"><img decoding=\"async\" width=\"800\" height=\"531\" src=\"https:\/\/schmalz-kuenstler.ch\/wp-content\/uploads\/2017\/12\/Fischplatte.jpg\" class=\"attachment-full size-full\" alt=\"\" srcset=\"https:\/\/schmalz-kuenstler.ch\/wp-content\/uploads\/2017\/12\/Fischplatte-200x133.jpg 200w, https:\/\/schmalz-kuenstler.ch\/wp-content\/uploads\/2017\/12\/Fischplatte-400x266.jpg 400w, https:\/\/schmalz-kuenstler.ch\/wp-content\/uploads\/2017\/12\/Fischplatte-600x398.jpg 600w, https:\/\/schmalz-kuenstler.ch\/wp-content\/uploads\/2017\/12\/Fischplatte.jpg 800w\" sizes=\"(min-width: 2200px) 100vw, (min-width: 784px) 391px, (min-width: 712px) 587px, (min-width: 640px) 712px, \" \/><\/a><\/div><\/div><\/div><div class=\"swiper-slide\"><div class=\"fusion-carousel-item-wrapper\"><div class=\"fusion-image-wrapper hover-type-none\"><a data-rel=\"iLightbox[image_carousel_1]\" data-caption=\"Keramik, 1927, 240 x 450 mm, Zunft zu Zimmerleuten, Bern\" data-title=\"Tabaktopf\" aria-label=\"Tabaktopf\" href=\"https:\/\/schmalz-kuenstler.ch\/wp-content\/uploads\/2017\/12\/Tabaktopf-800x531.jpg\" target=\"_self\"><img decoding=\"async\" width=\"800\" height=\"531\" src=\"https:\/\/schmalz-kuenstler.ch\/wp-content\/uploads\/2017\/12\/Tabaktopf.jpg\" class=\"attachment-full size-full\" alt=\"\" srcset=\"https:\/\/schmalz-kuenstler.ch\/wp-content\/uploads\/2017\/12\/Tabaktopf-200x133.jpg 200w, https:\/\/schmalz-kuenstler.ch\/wp-content\/uploads\/2017\/12\/Tabaktopf-400x266.jpg 400w, https:\/\/schmalz-kuenstler.ch\/wp-content\/uploads\/2017\/12\/Tabaktopf-600x398.jpg 600w, https:\/\/schmalz-kuenstler.ch\/wp-content\/uploads\/2017\/12\/Tabaktopf.jpg 800w\" sizes=\"(min-width: 2200px) 100vw, (min-width: 784px) 391px, (min-width: 712px) 587px, (min-width: 640px) 712px, \" \/><\/a><\/div><\/div><\/div><div class=\"swiper-slide\"><div class=\"fusion-carousel-item-wrapper\"><div class=\"fusion-image-wrapper hover-type-none\"><a data-rel=\"iLightbox[image_carousel_1]\" data-caption=\"Keramik\nKrug330 mm \/ \nBecher 125 mm\nKunstGut AG, Triengen\nWerner Gut\" data-title=\"Krug mit sechs Bechern\" aria-label=\"Krug mit sechs Bechern\" href=\"https:\/\/schmalz-kuenstler.ch\/wp-content\/uploads\/2018\/05\/Krug-mit-sechs-Bechern.jpg\" target=\"_self\"><img decoding=\"async\" width=\"800\" height=\"531\" src=\"https:\/\/schmalz-kuenstler.ch\/wp-content\/uploads\/2018\/05\/Krug-mit-sechs-Bechern.jpg\" class=\"attachment-full size-full\" alt=\"\" srcset=\"https:\/\/schmalz-kuenstler.ch\/wp-content\/uploads\/2018\/05\/Krug-mit-sechs-Bechern-200x133.jpg 200w, https:\/\/schmalz-kuenstler.ch\/wp-content\/uploads\/2018\/05\/Krug-mit-sechs-Bechern-400x266.jpg 400w, https:\/\/schmalz-kuenstler.ch\/wp-content\/uploads\/2018\/05\/Krug-mit-sechs-Bechern-600x398.jpg 600w, https:\/\/schmalz-kuenstler.ch\/wp-content\/uploads\/2018\/05\/Krug-mit-sechs-Bechern.jpg 800w\" sizes=\"(min-width: 2200px) 100vw, (min-width: 784px) 391px, (min-width: 712px) 587px, (min-width: 640px) 712px, \" \/><\/a><\/div><\/div><\/div><div class=\"swiper-slide\"><div class=\"fusion-carousel-item-wrapper\"><div class=\"fusion-image-wrapper hover-type-none\"><a data-rel=\"iLightbox[image_carousel_1]\" data-caption=\"Keramik bemalt\nBesitzer \nChristoph Messerli Bern\" data-title=\"Bauernpaar\" aria-label=\"Bauernpaar\" href=\"https:\/\/schmalz-kuenstler.ch\/wp-content\/uploads\/2018\/02\/Bauernpaar.jpg\" target=\"_self\"><img decoding=\"async\" width=\"800\" height=\"531\" src=\"https:\/\/schmalz-kuenstler.ch\/wp-content\/uploads\/2018\/02\/Bauernpaar.jpg\" class=\"attachment-full size-full\" alt=\"\" srcset=\"https:\/\/schmalz-kuenstler.ch\/wp-content\/uploads\/2018\/02\/Bauernpaar-200x133.jpg 200w, https:\/\/schmalz-kuenstler.ch\/wp-content\/uploads\/2018\/02\/Bauernpaar-400x266.jpg 400w, https:\/\/schmalz-kuenstler.ch\/wp-content\/uploads\/2018\/02\/Bauernpaar-600x398.jpg 600w, https:\/\/schmalz-kuenstler.ch\/wp-content\/uploads\/2018\/02\/Bauernpaar.jpg 800w\" sizes=\"(min-width: 2200px) 100vw, (min-width: 784px) 391px, (min-width: 712px) 587px, (min-width: 640px) 712px, \" \/><\/a><\/div><\/div><\/div><div class=\"swiper-slide\"><div class=\"fusion-carousel-item-wrapper\"><div class=\"fusion-image-wrapper hover-type-none\"><a data-rel=\"iLightbox[image_carousel_1]\" data-caption=\"Porzellan\nHistorisches Museum Olten \/ aus Ceramica 2, Solothurn\nFoto R.Blaettler\" data-title=\"Trachtenpaar\" aria-label=\"Trachtenpaar\" href=\"https:\/\/schmalz-kuenstler.ch\/wp-content\/uploads\/2018\/02\/Trachtenpaar.jpg\" target=\"_self\"><img decoding=\"async\" width=\"800\" height=\"531\" src=\"https:\/\/schmalz-kuenstler.ch\/wp-content\/uploads\/2018\/02\/Trachtenpaar.jpg\" class=\"attachment-full size-full\" alt=\"\" srcset=\"https:\/\/schmalz-kuenstler.ch\/wp-content\/uploads\/2018\/02\/Trachtenpaar-200x133.jpg 200w, https:\/\/schmalz-kuenstler.ch\/wp-content\/uploads\/2018\/02\/Trachtenpaar-400x266.jpg 400w, https:\/\/schmalz-kuenstler.ch\/wp-content\/uploads\/2018\/02\/Trachtenpaar-600x398.jpg 600w, https:\/\/schmalz-kuenstler.ch\/wp-content\/uploads\/2018\/02\/Trachtenpaar.jpg 800w\" sizes=\"(min-width: 2200px) 100vw, (min-width: 784px) 391px, (min-width: 712px) 587px, (min-width: 640px) 712px, \" \/><\/a><\/div><\/div><\/div><div class=\"swiper-slide\"><div class=\"fusion-carousel-item-wrapper\"><div class=\"fusion-image-wrapper hover-type-none\"><a data-rel=\"iLightbox[image_carousel_1]\" data-caption=\"Keramik-Teller\n25 mm\nPrivatbesitz Linder und Marville\" data-title=\"Gesellschaft zum Distelzwang\" aria-label=\"Gesellschaft zum Distelzwang\" href=\"https:\/\/schmalz-kuenstler.ch\/wp-content\/uploads\/2018\/02\/Gesellschaft-zum-Distelzwang.jpg\" target=\"_self\"><img decoding=\"async\" width=\"800\" height=\"531\" src=\"https:\/\/schmalz-kuenstler.ch\/wp-content\/uploads\/2018\/02\/Gesellschaft-zum-Distelzwang.jpg\" class=\"attachment-full size-full\" alt=\"\" srcset=\"https:\/\/schmalz-kuenstler.ch\/wp-content\/uploads\/2018\/02\/Gesellschaft-zum-Distelzwang-200x133.jpg 200w, https:\/\/schmalz-kuenstler.ch\/wp-content\/uploads\/2018\/02\/Gesellschaft-zum-Distelzwang-400x266.jpg 400w, https:\/\/schmalz-kuenstler.ch\/wp-content\/uploads\/2018\/02\/Gesellschaft-zum-Distelzwang-600x398.jpg 600w, https:\/\/schmalz-kuenstler.ch\/wp-content\/uploads\/2018\/02\/Gesellschaft-zum-Distelzwang.jpg 800w\" sizes=\"(min-width: 2200px) 100vw, (min-width: 784px) 391px, (min-width: 712px) 587px, (min-width: 640px) 712px, \" \/><\/a><\/div><\/div><\/div><div class=\"swiper-slide\"><div class=\"fusion-carousel-item-wrapper\"><div class=\"fusion-image-wrapper hover-type-none\"><a data-rel=\"iLightbox[image_carousel_1]\" data-caption=\"Keramik-Teller, 330 mm\nPrivatbesitz FamilienLinder und Marville\" data-title=\"Zunft zu Zimmerleuten\" aria-label=\"Zunft zu Zimmerleuten\" href=\"https:\/\/schmalz-kuenstler.ch\/wp-content\/uploads\/2018\/03\/Zunft-zu-Zimmerleuten.jpg\" target=\"_self\"><img decoding=\"async\" width=\"800\" height=\"531\" src=\"https:\/\/schmalz-kuenstler.ch\/wp-content\/uploads\/2018\/03\/Zunft-zu-Zimmerleuten.jpg\" class=\"attachment-full size-full\" alt=\"\" srcset=\"https:\/\/schmalz-kuenstler.ch\/wp-content\/uploads\/2018\/03\/Zunft-zu-Zimmerleuten-200x133.jpg 200w, https:\/\/schmalz-kuenstler.ch\/wp-content\/uploads\/2018\/03\/Zunft-zu-Zimmerleuten-400x266.jpg 400w, https:\/\/schmalz-kuenstler.ch\/wp-content\/uploads\/2018\/03\/Zunft-zu-Zimmerleuten-600x398.jpg 600w, https:\/\/schmalz-kuenstler.ch\/wp-content\/uploads\/2018\/03\/Zunft-zu-Zimmerleuten.jpg 800w\" sizes=\"(min-width: 2200px) 100vw, (min-width: 784px) 391px, (min-width: 712px) 587px, (min-width: 640px) 712px, \" \/><\/a><\/div><\/div><\/div><div class=\"swiper-slide\"><div class=\"fusion-carousel-item-wrapper\"><div class=\"fusion-image-wrapper hover-type-none\"><a data-rel=\"iLightbox[image_carousel_1]\" data-caption=\"Keramik 560 x 360 mm\nPrivatbesitz Linder und Marville\" data-title=\"Fischplatte mit Wappen Schmalz und Maurer\" aria-label=\"Fischplatte mit Wappen Schmalz und Maurer\" href=\"https:\/\/schmalz-kuenstler.ch\/wp-content\/uploads\/2018\/02\/Fischplatte-mit-Wappen-Schmalz-und-Maurer.jpg\" target=\"_self\"><img decoding=\"async\" width=\"858\" height=\"570\" src=\"https:\/\/schmalz-kuenstler.ch\/wp-content\/uploads\/2018\/02\/Fischplatte-mit-Wappen-Schmalz-und-Maurer.jpg\" class=\"attachment-full size-full\" alt=\"\" srcset=\"https:\/\/schmalz-kuenstler.ch\/wp-content\/uploads\/2018\/02\/Fischplatte-mit-Wappen-Schmalz-und-Maurer-200x133.jpg 200w, https:\/\/schmalz-kuenstler.ch\/wp-content\/uploads\/2018\/02\/Fischplatte-mit-Wappen-Schmalz-und-Maurer-400x266.jpg 400w, https:\/\/schmalz-kuenstler.ch\/wp-content\/uploads\/2018\/02\/Fischplatte-mit-Wappen-Schmalz-und-Maurer-600x399.jpg 600w, https:\/\/schmalz-kuenstler.ch\/wp-content\/uploads\/2018\/02\/Fischplatte-mit-Wappen-Schmalz-und-Maurer-800x531.jpg 800w, https:\/\/schmalz-kuenstler.ch\/wp-content\/uploads\/2018\/02\/Fischplatte-mit-Wappen-Schmalz-und-Maurer.jpg 858w\" sizes=\"(min-width: 2200px) 100vw, (min-width: 784px) 391px, (min-width: 712px) 587px, (min-width: 640px) 712px, \" \/><\/a><\/div><\/div><\/div><div class=\"swiper-slide\"><div class=\"fusion-carousel-item-wrapper\"><div class=\"fusion-image-wrapper hover-type-none\"><a data-rel=\"iLightbox[image_carousel_1]\" data-caption=\"Keramik-Teller,285 mm\nT\u00f6fermuseum Heimberg\" data-title=\"Jodler\" aria-label=\"Jodler\" href=\"https:\/\/schmalz-kuenstler.ch\/wp-content\/uploads\/2018\/03\/Jodler.jpg\" target=\"_self\"><img decoding=\"async\" width=\"800\" height=\"531\" src=\"https:\/\/schmalz-kuenstler.ch\/wp-content\/uploads\/2018\/03\/Jodler.jpg\" class=\"attachment-full size-full\" alt=\"\" srcset=\"https:\/\/schmalz-kuenstler.ch\/wp-content\/uploads\/2018\/03\/Jodler-200x133.jpg 200w, https:\/\/schmalz-kuenstler.ch\/wp-content\/uploads\/2018\/03\/Jodler-400x266.jpg 400w, https:\/\/schmalz-kuenstler.ch\/wp-content\/uploads\/2018\/03\/Jodler-600x398.jpg 600w, https:\/\/schmalz-kuenstler.ch\/wp-content\/uploads\/2018\/03\/Jodler.jpg 800w\" sizes=\"(min-width: 2200px) 100vw, (min-width: 784px) 391px, (min-width: 712px) 587px, (min-width: 640px) 712px, \" \/><\/a><\/div><\/div><\/div><div class=\"swiper-slide\"><div class=\"fusion-carousel-item-wrapper\"><div class=\"fusion-image-wrapper hover-type-none\"><a data-rel=\"iLightbox[image_carousel_1]\" data-caption=\"Keramik, 240 x 240 mm\nPrivatbesitz Familien Linder und Marville\" data-title=\"Jodlerklub Berna\" aria-label=\"Jodlerklub Berna\" href=\"https:\/\/schmalz-kuenstler.ch\/wp-content\/uploads\/2018\/03\/Jodlerklub-Berna.jpg\" target=\"_self\"><img decoding=\"async\" width=\"800\" height=\"531\" src=\"https:\/\/schmalz-kuenstler.ch\/wp-content\/uploads\/2018\/03\/Jodlerklub-Berna.jpg\" class=\"attachment-full size-full\" alt=\"\" srcset=\"https:\/\/schmalz-kuenstler.ch\/wp-content\/uploads\/2018\/03\/Jodlerklub-Berna-200x133.jpg 200w, https:\/\/schmalz-kuenstler.ch\/wp-content\/uploads\/2018\/03\/Jodlerklub-Berna-400x266.jpg 400w, https:\/\/schmalz-kuenstler.ch\/wp-content\/uploads\/2018\/03\/Jodlerklub-Berna-600x398.jpg 600w, https:\/\/schmalz-kuenstler.ch\/wp-content\/uploads\/2018\/03\/Jodlerklub-Berna.jpg 800w\" sizes=\"(min-width: 2200px) 100vw, (min-width: 784px) 391px, (min-width: 712px) 587px, (min-width: 640px) 712px, \" \/><\/a><\/div><\/div><\/div><div class=\"swiper-slide\"><div class=\"fusion-carousel-item-wrapper\"><div class=\"fusion-image-wrapper hover-type-none\"><a data-rel=\"iLightbox[image_carousel_1]\" data-caption=\"Keramik-Teller,345 mm\nT\u00f6pfermuseum Heimberg\" data-title=\"Kirche Trub\" aria-label=\"Kirche Trub\" href=\"https:\/\/schmalz-kuenstler.ch\/wp-content\/uploads\/2018\/03\/Kirche-Trub.jpg\" target=\"_self\"><img decoding=\"async\" width=\"800\" height=\"531\" src=\"https:\/\/schmalz-kuenstler.ch\/wp-content\/uploads\/2018\/03\/Kirche-Trub.jpg\" class=\"attachment-full size-full\" alt=\"\" srcset=\"https:\/\/schmalz-kuenstler.ch\/wp-content\/uploads\/2018\/03\/Kirche-Trub-200x133.jpg 200w, https:\/\/schmalz-kuenstler.ch\/wp-content\/uploads\/2018\/03\/Kirche-Trub-400x266.jpg 400w, https:\/\/schmalz-kuenstler.ch\/wp-content\/uploads\/2018\/03\/Kirche-Trub-600x398.jpg 600w, https:\/\/schmalz-kuenstler.ch\/wp-content\/uploads\/2018\/03\/Kirche-Trub.jpg 800w\" sizes=\"(min-width: 2200px) 100vw, (min-width: 784px) 391px, (min-width: 712px) 587px, (min-width: 640px) 712px, \" \/><\/a><\/div><\/div><\/div><div class=\"swiper-slide\"><div class=\"fusion-carousel-item-wrapper\"><div class=\"fusion-image-wrapper hover-type-none\"><a data-rel=\"iLightbox[image_carousel_1]\" data-caption=\"Keramik-Teller, 300 mm Erbengemeinschaft Oskar Friedrich und Hedi Schmalz -Maurer\" data-title=\"Zur Hochzeit\" aria-label=\"Zur Hochzeit\" href=\"https:\/\/schmalz-kuenstler.ch\/wp-content\/uploads\/2018\/03\/Zur-Hochzeit.jpg\" target=\"_self\"><img decoding=\"async\" width=\"800\" height=\"531\" src=\"https:\/\/schmalz-kuenstler.ch\/wp-content\/uploads\/2018\/03\/Zur-Hochzeit.jpg\" class=\"attachment-full size-full\" alt=\"\" srcset=\"https:\/\/schmalz-kuenstler.ch\/wp-content\/uploads\/2018\/03\/Zur-Hochzeit-200x133.jpg 200w, https:\/\/schmalz-kuenstler.ch\/wp-content\/uploads\/2018\/03\/Zur-Hochzeit-400x266.jpg 400w, https:\/\/schmalz-kuenstler.ch\/wp-content\/uploads\/2018\/03\/Zur-Hochzeit-600x398.jpg 600w, https:\/\/schmalz-kuenstler.ch\/wp-content\/uploads\/2018\/03\/Zur-Hochzeit.jpg 800w\" sizes=\"(min-width: 2200px) 100vw, (min-width: 784px) 391px, (min-width: 712px) 587px, (min-width: 640px) 712px, \" \/><\/a><\/div><\/div><\/div><div class=\"swiper-slide\"><div class=\"fusion-carousel-item-wrapper\"><div class=\"fusion-image-wrapper hover-type-none\"><a data-rel=\"iLightbox[image_carousel_1]\" data-caption=\"Keramik-Teller300 mm\nErbengemeinschaft Oskar Friedrich und Hedi Schmalz -Maurer\" data-title=\"zur Geburt\" aria-label=\"zur Geburt\" href=\"https:\/\/schmalz-kuenstler.ch\/wp-content\/uploads\/2018\/03\/zur-Geburt.jpg\" target=\"_self\"><img decoding=\"async\" width=\"800\" height=\"531\" src=\"https:\/\/schmalz-kuenstler.ch\/wp-content\/uploads\/2018\/03\/zur-Geburt.jpg\" class=\"attachment-full size-full\" alt=\"\" srcset=\"https:\/\/schmalz-kuenstler.ch\/wp-content\/uploads\/2018\/03\/zur-Geburt-200x133.jpg 200w, https:\/\/schmalz-kuenstler.ch\/wp-content\/uploads\/2018\/03\/zur-Geburt-400x266.jpg 400w, https:\/\/schmalz-kuenstler.ch\/wp-content\/uploads\/2018\/03\/zur-Geburt-600x398.jpg 600w, https:\/\/schmalz-kuenstler.ch\/wp-content\/uploads\/2018\/03\/zur-Geburt.jpg 800w\" sizes=\"(min-width: 2200px) 100vw, (min-width: 784px) 391px, (min-width: 712px) 587px, (min-width: 640px) 712px, \" \/><\/a><\/div><\/div><\/div><div class=\"swiper-slide\"><div class=\"fusion-carousel-item-wrapper\"><div class=\"fusion-image-wrapper hover-type-none\"><a data-rel=\"iLightbox[image_carousel_1]\" data-caption=\"Keramik bemalt\nKunstGut AG\nWerner Gut, Triengen\" data-title=\"T\u00f6pfer und Tod\" aria-label=\"T\u00f6pfer und Tod\" href=\"https:\/\/schmalz-kuenstler.ch\/wp-content\/uploads\/2018\/05\/T\u00f6pfer-und-Tod.jpg\" target=\"_self\"><img decoding=\"async\" width=\"800\" height=\"531\" src=\"https:\/\/schmalz-kuenstler.ch\/wp-content\/uploads\/2018\/05\/T\u00f6pfer-und-Tod.jpg\" class=\"attachment-full size-full\" alt=\"\" srcset=\"https:\/\/schmalz-kuenstler.ch\/wp-content\/uploads\/2018\/05\/T\u00f6pfer-und-Tod-200x133.jpg 200w, https:\/\/schmalz-kuenstler.ch\/wp-content\/uploads\/2018\/05\/T\u00f6pfer-und-Tod-400x266.jpg 400w, https:\/\/schmalz-kuenstler.ch\/wp-content\/uploads\/2018\/05\/T\u00f6pfer-und-Tod-600x398.jpg 600w, https:\/\/schmalz-kuenstler.ch\/wp-content\/uploads\/2018\/05\/T\u00f6pfer-und-Tod.jpg 800w\" sizes=\"(min-width: 2200px) 100vw, (min-width: 784px) 391px, (min-width: 712px) 587px, (min-width: 640px) 712px, \" \/><\/a><\/div><\/div><\/div><div class=\"swiper-slide\"><div class=\"fusion-carousel-item-wrapper\"><div class=\"fusion-image-wrapper hover-type-none\"><a data-rel=\"iLightbox[image_carousel_1]\" data-caption=\"Keramik bemalt\nKunstGut AG\nWerner Gut, Triengen\" data-title=\"Arzt und Tod\" aria-label=\"Arzt und Tod\" href=\"https:\/\/schmalz-kuenstler.ch\/wp-content\/uploads\/2018\/05\/Arzt-und-Tod.jpg\" target=\"_self\"><img decoding=\"async\" width=\"800\" height=\"531\" src=\"https:\/\/schmalz-kuenstler.ch\/wp-content\/uploads\/2018\/05\/Arzt-und-Tod.jpg\" class=\"attachment-full size-full\" alt=\"\" srcset=\"https:\/\/schmalz-kuenstler.ch\/wp-content\/uploads\/2018\/05\/Arzt-und-Tod-200x133.jpg 200w, https:\/\/schmalz-kuenstler.ch\/wp-content\/uploads\/2018\/05\/Arzt-und-Tod-400x266.jpg 400w, https:\/\/schmalz-kuenstler.ch\/wp-content\/uploads\/2018\/05\/Arzt-und-Tod-600x398.jpg 600w, https:\/\/schmalz-kuenstler.ch\/wp-content\/uploads\/2018\/05\/Arzt-und-Tod.jpg 800w\" sizes=\"(min-width: 2200px) 100vw, (min-width: 784px) 391px, (min-width: 712px) 587px, (min-width: 640px) 712px, \" \/><\/a><\/div><\/div><\/div><div class=\"swiper-slide\"><div class=\"fusion-carousel-item-wrapper\"><div class=\"fusion-image-wrapper hover-type-none\"><a data-rel=\"iLightbox[image_carousel_1]\" data-caption=\"Keramik bemalt\nKunstGut AG\nWerner Gut, Trengen\" data-title=\"T\u00e4nzerin u. Tod. jpg.\" aria-label=\"T\u00e4nzerin u. Tod. jpg.\" href=\"https:\/\/schmalz-kuenstler.ch\/wp-content\/uploads\/2018\/05\/T\u00e4nzerin-u.-Tod.-jpg..jpg\" target=\"_self\"><img decoding=\"async\" width=\"800\" height=\"531\" src=\"https:\/\/schmalz-kuenstler.ch\/wp-content\/uploads\/2018\/05\/T\u00e4nzerin-u.-Tod.-jpg..jpg\" class=\"attachment-full size-full\" alt=\"\" srcset=\"https:\/\/schmalz-kuenstler.ch\/wp-content\/uploads\/2018\/05\/T\u00e4nzerin-u.-Tod.-jpg.-200x133.jpg 200w, https:\/\/schmalz-kuenstler.ch\/wp-content\/uploads\/2018\/05\/T\u00e4nzerin-u.-Tod.-jpg.-400x266.jpg 400w, https:\/\/schmalz-kuenstler.ch\/wp-content\/uploads\/2018\/05\/T\u00e4nzerin-u.-Tod.-jpg.-600x398.jpg 600w, https:\/\/schmalz-kuenstler.ch\/wp-content\/uploads\/2018\/05\/T\u00e4nzerin-u.-Tod.-jpg..jpg 800w\" sizes=\"(min-width: 2200px) 100vw, (min-width: 784px) 391px, (min-width: 712px) 587px, (min-width: 640px) 712px, \" \/><\/a><\/div><\/div><\/div><div class=\"swiper-slide\"><div class=\"fusion-carousel-item-wrapper\"><div class=\"fusion-image-wrapper hover-type-none\"><a data-rel=\"iLightbox[image_carousel_1]\" data-caption=\"Keramik-Teller, 300 mm\nErbengemeinschaft Oskar Friedrich und Hedi Schmalz -Maurer\" data-title=\"Maurer von Beitenwyl\" aria-label=\"Maurer von Beitenwyl\" href=\"https:\/\/schmalz-kuenstler.ch\/wp-content\/uploads\/2018\/03\/Maurer-von-Beitenwyl-Kopie.jpg\" target=\"_self\"><img decoding=\"async\" width=\"800\" height=\"531\" src=\"https:\/\/schmalz-kuenstler.ch\/wp-content\/uploads\/2018\/03\/Maurer-von-Beitenwyl-Kopie.jpg\" class=\"attachment-full size-full\" alt=\"\" srcset=\"https:\/\/schmalz-kuenstler.ch\/wp-content\/uploads\/2018\/03\/Maurer-von-Beitenwyl-Kopie-200x133.jpg 200w, https:\/\/schmalz-kuenstler.ch\/wp-content\/uploads\/2018\/03\/Maurer-von-Beitenwyl-Kopie-400x266.jpg 400w, https:\/\/schmalz-kuenstler.ch\/wp-content\/uploads\/2018\/03\/Maurer-von-Beitenwyl-Kopie-600x398.jpg 600w, https:\/\/schmalz-kuenstler.ch\/wp-content\/uploads\/2018\/03\/Maurer-von-Beitenwyl-Kopie.jpg 800w\" sizes=\"(min-width: 2200px) 100vw, (min-width: 784px) 391px, (min-width: 712px) 587px, (min-width: 640px) 712px, \" \/><\/a><\/div><\/div><\/div><div class=\"swiper-slide\"><div class=\"fusion-carousel-item-wrapper\"><div class=\"fusion-image-wrapper hover-type-none\"><a data-rel=\"iLightbox[image_carousel_1]\" data-caption=\"Keramik-Platte\nHochzeit von Wattenwil\" data-title=\"Hochzeitsplatte\" aria-label=\"Hochzeitsplatte\" href=\"https:\/\/schmalz-kuenstler.ch\/wp-content\/uploads\/2018\/03\/DSCN1121_1048.jpg\" target=\"_self\"><img decoding=\"async\" width=\"800\" height=\"531\" src=\"https:\/\/schmalz-kuenstler.ch\/wp-content\/uploads\/2018\/03\/DSCN1121_1048.jpg\" class=\"attachment-full size-full\" alt=\"\" srcset=\"https:\/\/schmalz-kuenstler.ch\/wp-content\/uploads\/2018\/03\/DSCN1121_1048-200x133.jpg 200w, https:\/\/schmalz-kuenstler.ch\/wp-content\/uploads\/2018\/03\/DSCN1121_1048-400x266.jpg 400w, https:\/\/schmalz-kuenstler.ch\/wp-content\/uploads\/2018\/03\/DSCN1121_1048-600x398.jpg 600w, https:\/\/schmalz-kuenstler.ch\/wp-content\/uploads\/2018\/03\/DSCN1121_1048.jpg 800w\" sizes=\"(min-width: 2200px) 100vw, (min-width: 784px) 391px, (min-width: 712px) 587px, (min-width: 640px) 712px, \" \/><\/a><\/div><\/div><\/div><div class=\"swiper-slide\"><div class=\"fusion-carousel-item-wrapper\"><div class=\"fusion-image-wrapper hover-type-none\"><a data-rel=\"iLightbox[image_carousel_1]\" data-caption=\"4 Keramikteller, je 185 mm\nErbengemeinschaft Oskar Friedrich und Hedi Schmalz -Maurer\" data-title=\"Schattenbilder\" aria-label=\"Schattenbilder\" href=\"https:\/\/schmalz-kuenstler.ch\/wp-content\/uploads\/2018\/03\/Schattenbilder.jpg\" target=\"_self\"><img decoding=\"async\" width=\"800\" height=\"531\" src=\"https:\/\/schmalz-kuenstler.ch\/wp-content\/uploads\/2018\/03\/Schattenbilder.jpg\" class=\"attachment-full size-full\" alt=\"\" srcset=\"https:\/\/schmalz-kuenstler.ch\/wp-content\/uploads\/2018\/03\/Schattenbilder-200x133.jpg 200w, https:\/\/schmalz-kuenstler.ch\/wp-content\/uploads\/2018\/03\/Schattenbilder-400x266.jpg 400w, https:\/\/schmalz-kuenstler.ch\/wp-content\/uploads\/2018\/03\/Schattenbilder-600x398.jpg 600w, https:\/\/schmalz-kuenstler.ch\/wp-content\/uploads\/2018\/03\/Schattenbilder.jpg 800w\" sizes=\"(min-width: 2200px) 100vw, (min-width: 784px) 391px, (min-width: 712px) 587px, (min-width: 640px) 712px, \" \/><\/a><\/div><\/div><\/div><div class=\"swiper-slide\"><div class=\"fusion-carousel-item-wrapper\"><div class=\"fusion-image-wrapper hover-type-none\"><a data-rel=\"iLightbox[image_carousel_1]\" data-caption=\"Keramik-Teller 1941\n290 mm\nPrivatbesitz Linder und Marville\" data-title=\"Gemeindeschiessen Konolfingen\" aria-label=\"Gemeindeschiessen Konolfingen\" href=\"https:\/\/schmalz-kuenstler.ch\/wp-content\/uploads\/2018\/02\/Gemeindeschiessen-Konolfingen.jpg\" target=\"_self\"><img decoding=\"async\" width=\"800\" height=\"531\" src=\"https:\/\/schmalz-kuenstler.ch\/wp-content\/uploads\/2018\/02\/Gemeindeschiessen-Konolfingen.jpg\" class=\"attachment-full size-full\" alt=\"\" srcset=\"https:\/\/schmalz-kuenstler.ch\/wp-content\/uploads\/2018\/02\/Gemeindeschiessen-Konolfingen-200x133.jpg 200w, https:\/\/schmalz-kuenstler.ch\/wp-content\/uploads\/2018\/02\/Gemeindeschiessen-Konolfingen-400x266.jpg 400w, https:\/\/schmalz-kuenstler.ch\/wp-content\/uploads\/2018\/02\/Gemeindeschiessen-Konolfingen-600x398.jpg 600w, https:\/\/schmalz-kuenstler.ch\/wp-content\/uploads\/2018\/02\/Gemeindeschiessen-Konolfingen.jpg 800w\" sizes=\"(min-width: 2200px) 100vw, (min-width: 784px) 391px, (min-width: 712px) 587px, (min-width: 640px) 712px, \" \/><\/a><\/div><\/div><\/div><div class=\"swiper-slide\"><div class=\"fusion-carousel-item-wrapper\"><div class=\"fusion-image-wrapper hover-type-none\"><a data-rel=\"iLightbox[image_carousel_1]\" data-caption=\"Keramik-Teller, 1942\n300 mm\nPrivatbesitz Erika Gugger\" data-title=\"Zehn Jahre Sch\u00fctzengesellschaft Heimberg\" aria-label=\"Zehn Jahre Sch\u00fctzengesellschaft Heimberg\" href=\"https:\/\/schmalz-kuenstler.ch\/wp-content\/uploads\/2018\/03\/Zehn-Jahre-Sch\u00fctzengesellschaft-Heimberg.jpg\" target=\"_self\"><img decoding=\"async\" width=\"800\" height=\"531\" src=\"https:\/\/schmalz-kuenstler.ch\/wp-content\/uploads\/2018\/03\/Zehn-Jahre-Sch\u00fctzengesellschaft-Heimberg.jpg\" class=\"attachment-full size-full\" alt=\"\" srcset=\"https:\/\/schmalz-kuenstler.ch\/wp-content\/uploads\/2018\/03\/Zehn-Jahre-Sch\u00fctzengesellschaft-Heimberg-200x133.jpg 200w, https:\/\/schmalz-kuenstler.ch\/wp-content\/uploads\/2018\/03\/Zehn-Jahre-Sch\u00fctzengesellschaft-Heimberg-400x266.jpg 400w, https:\/\/schmalz-kuenstler.ch\/wp-content\/uploads\/2018\/03\/Zehn-Jahre-Sch\u00fctzengesellschaft-Heimberg-600x398.jpg 600w, https:\/\/schmalz-kuenstler.ch\/wp-content\/uploads\/2018\/03\/Zehn-Jahre-Sch\u00fctzengesellschaft-Heimberg.jpg 800w\" sizes=\"(min-width: 2200px) 100vw, (min-width: 784px) 391px, (min-width: 712px) 587px, (min-width: 640px) 712px, \" \/><\/a><\/div><\/div><\/div><div class=\"swiper-slide\"><div class=\"fusion-carousel-item-wrapper\"><div class=\"fusion-image-wrapper hover-type-none\"><a data-rel=\"iLightbox[image_carousel_1]\" data-caption=\"Keramik-Teller, 290 mm\nPrivatbesitz Familien Linder und Marville\" data-title=\"Burgschiessen Str\u00e4ttligen\" aria-label=\"Burgschiessen Str\u00e4ttligen\" href=\"https:\/\/schmalz-kuenstler.ch\/wp-content\/uploads\/2018\/03\/Burgschiessen-Str\u00e4ttligen.jpg\" target=\"_self\"><img decoding=\"async\" width=\"800\" height=\"531\" src=\"https:\/\/schmalz-kuenstler.ch\/wp-content\/uploads\/2018\/03\/Burgschiessen-Str\u00e4ttligen.jpg\" class=\"attachment-full size-full\" alt=\"\" srcset=\"https:\/\/schmalz-kuenstler.ch\/wp-content\/uploads\/2018\/03\/Burgschiessen-Str\u00e4ttligen-200x133.jpg 200w, https:\/\/schmalz-kuenstler.ch\/wp-content\/uploads\/2018\/03\/Burgschiessen-Str\u00e4ttligen-400x266.jpg 400w, https:\/\/schmalz-kuenstler.ch\/wp-content\/uploads\/2018\/03\/Burgschiessen-Str\u00e4ttligen-600x398.jpg 600w, https:\/\/schmalz-kuenstler.ch\/wp-content\/uploads\/2018\/03\/Burgschiessen-Str\u00e4ttligen.jpg 800w\" sizes=\"(min-width: 2200px) 100vw, (min-width: 784px) 391px, (min-width: 712px) 587px, (min-width: 640px) 712px, \" \/><\/a><\/div><\/div><\/div><div class=\"swiper-slide\"><div class=\"fusion-carousel-item-wrapper\"><div class=\"fusion-image-wrapper hover-type-none\"><a data-rel=\"iLightbox[image_carousel_1]\" data-caption=\"Keramik-Teller, 1926,\n285 mm\nPrivarbesitz Erika Gugger\" data-title=\"Ryffli-Sch\u00fctzen-Bund\" aria-label=\"Ryffli-Sch\u00fctzen-Bund\" href=\"https:\/\/schmalz-kuenstler.ch\/wp-content\/uploads\/2018\/03\/Ryffli-Sch\u00fctzen-Bund.jpg\" target=\"_self\"><img decoding=\"async\" width=\"800\" height=\"531\" src=\"https:\/\/schmalz-kuenstler.ch\/wp-content\/uploads\/2018\/03\/Ryffli-Sch\u00fctzen-Bund.jpg\" class=\"attachment-full size-full\" alt=\"\" srcset=\"https:\/\/schmalz-kuenstler.ch\/wp-content\/uploads\/2018\/03\/Ryffli-Sch\u00fctzen-Bund-200x133.jpg 200w, https:\/\/schmalz-kuenstler.ch\/wp-content\/uploads\/2018\/03\/Ryffli-Sch\u00fctzen-Bund-400x266.jpg 400w, https:\/\/schmalz-kuenstler.ch\/wp-content\/uploads\/2018\/03\/Ryffli-Sch\u00fctzen-Bund-600x398.jpg 600w, https:\/\/schmalz-kuenstler.ch\/wp-content\/uploads\/2018\/03\/Ryffli-Sch\u00fctzen-Bund.jpg 800w\" sizes=\"(min-width: 2200px) 100vw, (min-width: 784px) 391px, (min-width: 712px) 587px, (min-width: 640px) 712px, \" \/><\/a><\/div><\/div><\/div><div class=\"swiper-slide\"><div class=\"fusion-carousel-item-wrapper\"><div class=\"fusion-image-wrapper hover-type-none\"><a data-rel=\"iLightbox[image_carousel_1]\" data-caption=\"Terrakotta, 1937\n225 x280 mm\nPrivatbesitz Familien Linder und Marville\" data-title=\"Ryfflischiessen\" aria-label=\"Ryfflischiessen\" href=\"https:\/\/schmalz-kuenstler.ch\/wp-content\/uploads\/2018\/03\/Ryfflischiessen.jpg\" target=\"_self\"><img decoding=\"async\" width=\"800\" height=\"531\" src=\"https:\/\/schmalz-kuenstler.ch\/wp-content\/uploads\/2018\/03\/Ryfflischiessen.jpg\" class=\"attachment-full size-full\" alt=\"\" srcset=\"https:\/\/schmalz-kuenstler.ch\/wp-content\/uploads\/2018\/03\/Ryfflischiessen-200x133.jpg 200w, https:\/\/schmalz-kuenstler.ch\/wp-content\/uploads\/2018\/03\/Ryfflischiessen-400x266.jpg 400w, https:\/\/schmalz-kuenstler.ch\/wp-content\/uploads\/2018\/03\/Ryfflischiessen-600x398.jpg 600w, https:\/\/schmalz-kuenstler.ch\/wp-content\/uploads\/2018\/03\/Ryfflischiessen.jpg 800w\" sizes=\"(min-width: 2200px) 100vw, (min-width: 784px) 391px, (min-width: 712px) 587px, (min-width: 640px) 712px, \" \/><\/a><\/div><\/div><\/div><div class=\"swiper-slide\"><div class=\"fusion-carousel-item-wrapper\"><div class=\"fusion-image-wrapper hover-type-none\"><a data-rel=\"iLightbox[image_carousel_1]\" data-caption=\"Keramik-Teller, 1933\n270 mm\nPrivatbesitz Erich Marti\" data-title=\"Oberl.Kav.Schiessen\" aria-label=\"Oberl.Kav.Schiessen\" href=\"https:\/\/schmalz-kuenstler.ch\/wp-content\/uploads\/2018\/03\/Oberl.Kav_.Schiessen.jpg\" target=\"_self\"><img decoding=\"async\" width=\"800\" height=\"531\" src=\"https:\/\/schmalz-kuenstler.ch\/wp-content\/uploads\/2018\/03\/Oberl.Kav_.Schiessen.jpg\" class=\"attachment-full size-full\" alt=\"\" srcset=\"https:\/\/schmalz-kuenstler.ch\/wp-content\/uploads\/2018\/03\/Oberl.Kav_.Schiessen-200x133.jpg 200w, https:\/\/schmalz-kuenstler.ch\/wp-content\/uploads\/2018\/03\/Oberl.Kav_.Schiessen-400x266.jpg 400w, https:\/\/schmalz-kuenstler.ch\/wp-content\/uploads\/2018\/03\/Oberl.Kav_.Schiessen-600x398.jpg 600w, https:\/\/schmalz-kuenstler.ch\/wp-content\/uploads\/2018\/03\/Oberl.Kav_.Schiessen.jpg 800w\" sizes=\"(min-width: 2200px) 100vw, (min-width: 784px) 391px, (min-width: 712px) 587px, (min-width: 640px) 712px, \" \/><\/a><\/div><\/div><\/div><div class=\"swiper-slide\"><div class=\"fusion-carousel-item-wrapper\"><div class=\"fusion-image-wrapper hover-type-none\"><a data-rel=\"iLightbox[image_carousel_1]\" data-caption=\"Keramik-Kanne, 1933\n260 mm\nPrivatbesitz \nWalter Wiedmer\nHeimberg\" data-title=\"Sch\u00fctzenfest Heimberg\" aria-label=\"Sch\u00fctzenfest Heimberg\" href=\"https:\/\/schmalz-kuenstler.ch\/wp-content\/uploads\/2018\/03\/Sch\u00fctzenfest-Heimberg.jpg\" target=\"_self\"><img decoding=\"async\" width=\"800\" height=\"531\" src=\"https:\/\/schmalz-kuenstler.ch\/wp-content\/uploads\/2018\/03\/Sch\u00fctzenfest-Heimberg.jpg\" class=\"attachment-full size-full\" alt=\"\" srcset=\"https:\/\/schmalz-kuenstler.ch\/wp-content\/uploads\/2018\/03\/Sch\u00fctzenfest-Heimberg-200x133.jpg 200w, https:\/\/schmalz-kuenstler.ch\/wp-content\/uploads\/2018\/03\/Sch\u00fctzenfest-Heimberg-400x266.jpg 400w, https:\/\/schmalz-kuenstler.ch\/wp-content\/uploads\/2018\/03\/Sch\u00fctzenfest-Heimberg-600x398.jpg 600w, https:\/\/schmalz-kuenstler.ch\/wp-content\/uploads\/2018\/03\/Sch\u00fctzenfest-Heimberg.jpg 800w\" sizes=\"(min-width: 2200px) 100vw, (min-width: 784px) 391px, (min-width: 712px) 587px, (min-width: 640px) 712px, \" \/><\/a><\/div><\/div><\/div><div class=\"swiper-slide\"><div class=\"fusion-carousel-item-wrapper\"><div class=\"fusion-image-wrapper hover-type-none\"><a data-rel=\"iLightbox[image_carousel_1]\" data-caption=\"Terrakotta, bemalt, \n300 x 250 mm\nPrivatbesitz \nFamilie Marville\" data-title=\"Kerzenst\u00e4nder\" aria-label=\"Kerzenst\u00e4nder\" href=\"https:\/\/schmalz-kuenstler.ch\/wp-content\/uploads\/2018\/03\/Kerzenst\u00e4nder.jpg\" target=\"_self\"><img decoding=\"async\" width=\"800\" height=\"531\" src=\"https:\/\/schmalz-kuenstler.ch\/wp-content\/uploads\/2018\/03\/Kerzenst\u00e4nder.jpg\" class=\"attachment-full size-full\" alt=\"\" srcset=\"https:\/\/schmalz-kuenstler.ch\/wp-content\/uploads\/2018\/03\/Kerzenst\u00e4nder-200x133.jpg 200w, https:\/\/schmalz-kuenstler.ch\/wp-content\/uploads\/2018\/03\/Kerzenst\u00e4nder-400x266.jpg 400w, https:\/\/schmalz-kuenstler.ch\/wp-content\/uploads\/2018\/03\/Kerzenst\u00e4nder-600x398.jpg 600w, https:\/\/schmalz-kuenstler.ch\/wp-content\/uploads\/2018\/03\/Kerzenst\u00e4nder.jpg 800w\" sizes=\"(min-width: 2200px) 100vw, (min-width: 784px) 391px, (min-width: 712px) 587px, (min-width: 640px) 712px, \" \/><\/a><\/div><\/div><\/div><div class=\"swiper-slide\"><div class=\"fusion-carousel-item-wrapper\"><div class=\"fusion-image-wrapper hover-type-none\"><a data-rel=\"iLightbox[image_carousel_1]\" data-caption=\"Keramik, 180 mm\nPrivatbesitz Erika Gugger,\nHeimberg\" data-title=\"Krug mit Deckel\" aria-label=\"Krug mit Deckel\" href=\"https:\/\/schmalz-kuenstler.ch\/wp-content\/uploads\/2018\/03\/Krug-mit-Deckel.jpg\" target=\"_self\"><img decoding=\"async\" width=\"800\" height=\"531\" src=\"https:\/\/schmalz-kuenstler.ch\/wp-content\/uploads\/2018\/03\/Krug-mit-Deckel.jpg\" class=\"attachment-full size-full\" alt=\"\" srcset=\"https:\/\/schmalz-kuenstler.ch\/wp-content\/uploads\/2018\/03\/Krug-mit-Deckel-200x133.jpg 200w, https:\/\/schmalz-kuenstler.ch\/wp-content\/uploads\/2018\/03\/Krug-mit-Deckel-400x266.jpg 400w, https:\/\/schmalz-kuenstler.ch\/wp-content\/uploads\/2018\/03\/Krug-mit-Deckel-600x398.jpg 600w, https:\/\/schmalz-kuenstler.ch\/wp-content\/uploads\/2018\/03\/Krug-mit-Deckel.jpg 800w\" sizes=\"(min-width: 2200px) 100vw, (min-width: 784px) 391px, (min-width: 712px) 587px, (min-width: 640px) 712px, \" \/><\/a><\/div><\/div><\/div><div class=\"swiper-slide\"><div class=\"fusion-carousel-item-wrapper\"><div class=\"fusion-image-wrapper hover-type-none\"><a data-rel=\"iLightbox[image_carousel_1]\" data-caption=\"Ton, versilbert, \n340 x 640 mm\nPrivatbesitz \nFamilien Linder und Marville\" data-title=\"Vase mit biblischen Motiven\" aria-label=\"Vase mit biblischen Motiven\" href=\"https:\/\/schmalz-kuenstler.ch\/wp-content\/uploads\/2018\/03\/Vase-mit-biblischen-Motiven.jpg\" target=\"_self\"><img decoding=\"async\" width=\"800\" height=\"531\" src=\"https:\/\/schmalz-kuenstler.ch\/wp-content\/uploads\/2018\/03\/Vase-mit-biblischen-Motiven.jpg\" class=\"attachment-full size-full\" alt=\"\" srcset=\"https:\/\/schmalz-kuenstler.ch\/wp-content\/uploads\/2018\/03\/Vase-mit-biblischen-Motiven-200x133.jpg 200w, https:\/\/schmalz-kuenstler.ch\/wp-content\/uploads\/2018\/03\/Vase-mit-biblischen-Motiven-400x266.jpg 400w, https:\/\/schmalz-kuenstler.ch\/wp-content\/uploads\/2018\/03\/Vase-mit-biblischen-Motiven-600x398.jpg 600w, https:\/\/schmalz-kuenstler.ch\/wp-content\/uploads\/2018\/03\/Vase-mit-biblischen-Motiven.jpg 800w\" sizes=\"(min-width: 2200px) 100vw, (min-width: 784px) 391px, (min-width: 712px) 587px, (min-width: 640px) 712px, \" \/><\/a><\/div><\/div><\/div><\/div><div class=\"awb-swiper-button awb-swiper-button-prev\"><i class=\"awb-icon-angle-left\" aria-hidden=\"true\"><\/i><\/div><div class=\"awb-swiper-button awb-swiper-button-next\"><i class=\"awb-icon-angle-right\" aria-hidden=\"true\"><\/i><\/div><\/div><\/div><div class=\"fusion-clearfix\"><\/div><\/div><\/div><\/div><\/div>\n","protected":false},"excerpt":{"rendered":"","protected":false},"author":2,"featured_media":0,"parent":0,"menu_order":0,"comment_status":"closed","ping_status":"closed","template":"","meta":{"footnotes":""},"class_list":["post-10","page","type-page","status-publish","hentry"],"_links":{"self":[{"href":"https:\/\/schmalz-kuenstler.ch\/index.php?rest_route=\/wp\/v2\/pages\/10","targetHints":{"allow":["GET"]}}],"collection":[{"href":"https:\/\/schmalz-kuenstler.ch\/index.php?rest_route=\/wp\/v2\/pages"}],"about":[{"href":"https:\/\/schmalz-kuenstler.ch\/index.php?rest_route=\/wp\/v2\/types\/page"}],"author":[{"embeddable":true,"href":"https:\/\/schmalz-kuenstler.ch\/index.php?rest_route=\/wp\/v2\/users\/2"}],"replies":[{"embeddable":true,"href":"https:\/\/schmalz-kuenstler.ch\/index.php?rest_route=%2Fwp%2Fv2%2Fcomments&post=10"}],"version-history":[{"count":48,"href":"https:\/\/schmalz-kuenstler.ch\/index.php?rest_route=\/wp\/v2\/pages\/10\/revisions"}],"predecessor-version":[{"id":1067,"href":"https:\/\/schmalz-kuenstler.ch\/index.php?rest_route=\/wp\/v2\/pages\/10\/revisions\/1067"}],"wp:attachment":[{"href":"https:\/\/schmalz-kuenstler.ch\/index.php?rest_route=%2Fwp%2Fv2%2Fmedia&parent=10"}],"curies":[{"name":"wp","href":"https:\/\/api.w.org\/{rel}","templated":true}]}}